{"id":22830,"date":"2025-02-27T14:22:12","date_gmt":"2025-02-27T13:22:12","guid":{"rendered":"https:\/\/select-agency.world\/?page_id=22830"},"modified":"2026-03-31T12:29:48","modified_gmt":"2026-03-31T11:29:48","slug":"helicopter-flights","status":"publish","type":"page","link":"https:\/\/select-agency.world\/es\/experiences\/private-travel-services\/helicopter-flights\/","title":{"rendered":"Helicopter Flights"},"content":{"rendered":"<div data-elementor-type=\"wp-page\" data-elementor-id=\"22830\" class=\"elementor elementor-22830\">\n\t\t\t\t<div class=\"elementor-element elementor-element-6395f2e animated-slow e-flex e-con-boxed elementor-invisible e-con e-parent\" data-id=\"6395f2e\" data-element_type=\"container\" data-e-type=\"container\" data-settings=\"{&quot;background_background&quot;:&quot;classic&quot;,&quot;animation&quot;:&quot;fadeIn&quot;}\">\n\t\t\t\t\t<div class=\"e-con-inner\">\n\t\t<div class=\"elementor-element elementor-element-98e4146 e-con-full e-flex e-con e-child\" data-id=\"98e4146\" data-element_type=\"container\" data-e-type=\"container\">\n\t\t\t\t<div class=\"elementor-element elementor-element-03c051f elementor-invisible elementor-widget elementor-widget-heading\" data-id=\"03c051f\" data-element_type=\"widget\" data-e-type=\"widget\" data-settings=\"{&quot;_animation&quot;:&quot;fadeInDown&quot;}\" data-widget_type=\"heading.default\">\n\t\t\t\t<div class=\"elementor-widget-container\">\n\t\t\t\t\t<h1 class=\"elementor-heading-title elementor-size-default\">ch\u00e1rter de helic\u00f3ptero<\/h1>\t\t\t\t<\/div>\n\t\t\t\t<\/div>\n\t\t\t\t<\/div>\n\t\t\t\t\t<\/div>\n\t\t\t\t<\/div>\n\t\t<div class=\"elementor-element elementor-element-0b01e4b e-flex e-con-boxed e-con e-parent\" data-id=\"0b01e4b\" data-element_type=\"container\" data-e-type=\"container\" data-settings=\"{&quot;background_background&quot;:&quot;classic&quot;}\">\n\t\t\t\t\t<div class=\"e-con-inner\">\n\t\t\t\t<div class=\"elementor-element elementor-element-66ecd76 elementor-widget elementor-widget-spacer\" data-id=\"66ecd76\" data-element_type=\"widget\" data-e-type=\"widget\" data-widget_type=\"spacer.default\">\n\t\t\t\t<div class=\"elementor-widget-container\">\n\t\t\t\t\t\t\t<div class=\"elementor-spacer\">\n\t\t\t<div class=\"elementor-spacer-inner\"><\/div>\n\t\t<\/div>\n\t\t\t\t\t\t<\/div>\n\t\t\t\t<\/div>\n\t\t\t\t\t<\/div>\n\t\t\t\t<\/div>\n\t\t<div class=\"elementor-element elementor-element-63e58f0 e-flex e-con-boxed e-con e-parent\" data-id=\"63e58f0\" data-element_type=\"container\" data-e-type=\"container\" data-settings=\"{&quot;background_background&quot;:&quot;classic&quot;}\">\n\t\t\t\t\t<div class=\"e-con-inner\">\n\t\t<div class=\"elementor-element elementor-element-9809921 e-con-full e-flex e-con e-child\" data-id=\"9809921\" data-element_type=\"container\" data-e-type=\"container\">\n\t\t\t\t<div class=\"elementor-element elementor-element-77748ce elementor-invisible elementor-widget elementor-widget-heading\" data-id=\"77748ce\" data-element_type=\"widget\" data-e-type=\"widget\" data-settings=\"{&quot;_animation&quot;:&quot;fadeInLeft&quot;}\" data-widget_type=\"heading.default\">\n\t\t\t\t<div class=\"elementor-widget-container\">\n\t\t\t\t\t<h2 class=\"elementor-heading-title elementor-size-default\">vuelos privados en helic\u00f3ptero<\/h2>\t\t\t\t<\/div>\n\t\t\t\t<\/div>\n\t\t\t\t<div class=\"elementor-element elementor-element-6ae15fb6 elementor-invisible elementor-widget elementor-widget-text-editor\" data-id=\"6ae15fb6\" data-element_type=\"widget\" data-e-type=\"widget\" data-settings=\"{&quot;_animation&quot;:&quot;fadeInLeft&quot;}\" data-widget_type=\"text-editor.default\">\n\t\t\t\t<div class=\"elementor-widget-container\">\n\t\t\t\t\t\t\t\t\t<p>Eleve su experiencia en <strong><a href=\"https:\/\/select-agency.world\/es\/yachting\/balearic-islands\/mallorca\/\" target=\"_blank\" rel=\"noopener\">Mallorca<\/a><\/strong> con un ch\u00e1rter privado en helic\u00f3ptero, disfrutando de vistas impresionantes y momentos inolvidables.\n\nYa sea que desee contemplar la costa desde una perspectiva panor\u00e1mica, admirar la belleza salvaje de la Sierra de Tramuntana o descubrir los encantadores pueblos de la isla desde el aire, los vuelos personalizados le permiten explorar <strong><a href=\"https:\/\/select-agency.world\/es\/yachting\/balearic-islands\/mallorca\/\" target=\"_blank\" rel=\"noopener\">Mallorca<\/a><\/strong> como nunca antes.<\/p>\t\t\t\t\t\t\t\t<\/div>\n\t\t\t\t<\/div>\n\t\t\t\t<div class=\"elementor-element elementor-element-58cec9e elementor-mobile-align-center elementor-invisible elementor-widget elementor-widget-button\" data-id=\"58cec9e\" data-element_type=\"widget\" data-e-type=\"widget\" data-settings=\"{&quot;_animation&quot;:&quot;fadeIn&quot;}\" data-widget_type=\"button.default\">\n\t\t\t\t<div class=\"elementor-widget-container\">\n\t\t\t\t\t\t\t\t\t<div class=\"elementor-button-wrapper\">\n\t\t\t\t\t<a class=\"elementor-button elementor-button-link elementor-size-sm elementor-animation-grow\" href=\"#popmake-27596\">\n\t\t\t\t\t\t<span class=\"elementor-button-content-wrapper\">\n\t\t\t\t\t\t\t\t\t<span class=\"elementor-button-text\">DESCUBRA MALLORCA DESDE LAS ALTURAS<\/span>\n\t\t\t\t\t<\/span>\n\t\t\t\t\t<\/a>\n\t\t\t\t<\/div>\n\t\t\t\t\t\t\t\t<\/div>\n\t\t\t\t<\/div>\n\t\t\t\t<\/div>\n\t\t<div class=\"elementor-element elementor-element-cd9ba8f e-con-full e-flex e-con e-child\" data-id=\"cd9ba8f\" data-element_type=\"container\" data-e-type=\"container\">\n\t\t\t\t<div class=\"elementor-element elementor-element-449c7107 elementor-invisible elementor-widget elementor-widget-image\" data-id=\"449c7107\" data-element_type=\"widget\" data-e-type=\"widget\" data-settings=\"{&quot;_animation&quot;:&quot;fadeInRight&quot;}\" data-widget_type=\"image.default\">\n\t\t\t\t<div class=\"elementor-widget-container\">\n\t\t\t\t\t\t\t\t\t\t\t\t\t\t\t<img loading=\"lazy\" decoding=\"async\" width=\"1920\" height=\"1280\" src=\"https:\/\/select-agency.world\/wp-content\/uploads\/2025\/03\/helicopter-balearics.webp\" class=\"attachment-full size-full wp-image-22885\" alt=\"Helicopter over the Balearic Islands.\" srcset=\"https:\/\/select-agency.world\/wp-content\/uploads\/2025\/03\/helicopter-balearics.webp 1920w, https:\/\/select-agency.world\/wp-content\/uploads\/2025\/03\/helicopter-balearics-300x200.webp 300w, https:\/\/select-agency.world\/wp-content\/uploads\/2025\/03\/helicopter-balearics-1024x683.webp 1024w, https:\/\/select-agency.world\/wp-content\/uploads\/2025\/03\/helicopter-balearics-768x512.webp 768w, https:\/\/select-agency.world\/wp-content\/uploads\/2025\/03\/helicopter-balearics-1536x1024.webp 1536w, https:\/\/select-agency.world\/wp-content\/uploads\/2025\/03\/helicopter-balearics-18x12.webp 18w, https:\/\/select-agency.world\/wp-content\/uploads\/2025\/03\/helicopter-balearics-900x600.webp 900w, https:\/\/select-agency.world\/wp-content\/uploads\/2025\/03\/helicopter-balearics-496x331.webp 496w\" sizes=\"auto, (max-width: 1920px) 100vw, 1920px\" \/>\t\t\t\t\t\t\t\t\t\t\t\t\t\t\t<\/div>\n\t\t\t\t<\/div>\n\t\t\t\t<\/div>\n\t\t\t\t\t<\/div>\n\t\t\t\t<\/div>\n\t\t<div class=\"elementor-element elementor-element-452b3d83 e-flex e-con-boxed elementor-invisible e-con e-parent\" data-id=\"452b3d83\" data-element_type=\"container\" data-e-type=\"container\" data-settings=\"{&quot;background_background&quot;:&quot;classic&quot;,&quot;animation&quot;:&quot;fadeIn&quot;}\">\n\t\t\t\t\t<div class=\"e-con-inner\">\n\t\t<div class=\"elementor-element elementor-element-3175a77d e-flex e-con-boxed e-con e-child\" data-id=\"3175a77d\" data-element_type=\"container\" data-e-type=\"container\">\n\t\t\t\t\t<div class=\"e-con-inner\">\n\t\t\t\t<div class=\"elementor-element elementor-element-28e224a3 elementor-widget elementor-widget-image\" data-id=\"28e224a3\" data-element_type=\"widget\" data-e-type=\"widget\" data-widget_type=\"image.default\">\n\t\t\t\t<div class=\"elementor-widget-container\">\n\t\t\t\t\t\t\t\t\t\t\t\t\t\t\t<img loading=\"lazy\" decoding=\"async\" width=\"1920\" height=\"1280\" src=\"https:\/\/select-agency.world\/wp-content\/uploads\/2025\/03\/helicopter-mallorca.webp\" class=\"attachment-full size-full wp-image-22884\" alt=\"View from helicopter over Mallorca.\" srcset=\"https:\/\/select-agency.world\/wp-content\/uploads\/2025\/03\/helicopter-mallorca.webp 1920w, https:\/\/select-agency.world\/wp-content\/uploads\/2025\/03\/helicopter-mallorca-300x200.webp 300w, https:\/\/select-agency.world\/wp-content\/uploads\/2025\/03\/helicopter-mallorca-1024x683.webp 1024w, https:\/\/select-agency.world\/wp-content\/uploads\/2025\/03\/helicopter-mallorca-768x512.webp 768w, https:\/\/select-agency.world\/wp-content\/uploads\/2025\/03\/helicopter-mallorca-1536x1024.webp 1536w, https:\/\/select-agency.world\/wp-content\/uploads\/2025\/03\/helicopter-mallorca-18x12.webp 18w, https:\/\/select-agency.world\/wp-content\/uploads\/2025\/03\/helicopter-mallorca-900x600.webp 900w, https:\/\/select-agency.world\/wp-content\/uploads\/2025\/03\/helicopter-mallorca-496x331.webp 496w\" sizes=\"auto, (max-width: 1920px) 100vw, 1920px\" \/>\t\t\t\t\t\t\t\t\t\t\t\t\t\t\t<\/div>\n\t\t\t\t<\/div>\n\t\t\t\t<div class=\"elementor-element elementor-element-e01a89e animated-fast elementor-invisible elementor-widget elementor-widget-heading\" data-id=\"e01a89e\" data-element_type=\"widget\" data-e-type=\"widget\" data-settings=\"{&quot;_animation&quot;:&quot;fadeInUp&quot;}\" data-widget_type=\"heading.default\">\n\t\t\t\t<div class=\"elementor-widget-container\">\n\t\t\t\t\t<h2 class=\"elementor-heading-title elementor-size-default\">TOURS EN HELIC\u00d3PTERO<\/h2>\t\t\t\t<\/div>\n\t\t\t\t<\/div>\n\t\t\t\t<div class=\"elementor-element elementor-element-72cd002 elementor-widget__width-initial elementor-widget elementor-widget-text-editor\" data-id=\"72cd002\" data-element_type=\"widget\" data-e-type=\"widget\" data-widget_type=\"text-editor.default\">\n\t\t\t\t<div class=\"elementor-widget-container\">\n\t\t\t\t\t\t\t\t\t<p>Descubra Mallorca desde una perspectiva completamente nueva con un tour privado en helic\u00f3ptero sobrevolando los paisajes m\u00e1s espectaculares de la isla. Elija entre vuelos de 30, 42 o 60 minutos y contemple monta\u00f1as escarpadas, costas de aguas cristalinas y pueblos pintorescos. Desde la Sierra de Tramuntana hasta el perfil hist\u00f3rico de Palma, cada ruta ofrece una experiencia \u00fanica e inolvidable. Nuestros pilotos experimentados le acompa\u00f1ar\u00e1n en un recorrido esc\u00e9nico dise\u00f1ado para mostrar la belleza de Mallorca en todo su esplendor.<\/p>\t\t\t\t\t\t\t\t<\/div>\n\t\t\t\t<\/div>\n\t\t\t\t\t<\/div>\n\t\t\t\t<\/div>\n\t\t<div class=\"elementor-element elementor-element-2a8a2ec0 e-flex e-con-boxed e-con e-child\" data-id=\"2a8a2ec0\" data-element_type=\"container\" data-e-type=\"container\">\n\t\t\t\t\t<div class=\"e-con-inner\">\n\t\t\t\t<div class=\"elementor-element elementor-element-2c83fc1 elementor-widget elementor-widget-image\" data-id=\"2c83fc1\" data-element_type=\"widget\" data-e-type=\"widget\" data-widget_type=\"image.default\">\n\t\t\t\t<div class=\"elementor-widget-container\">\n\t\t\t\t\t\t\t\t\t\t\t\t\t\t\t<img loading=\"lazy\" decoding=\"async\" width=\"1920\" height=\"1280\" src=\"https:\/\/select-agency.world\/wp-content\/uploads\/2025\/02\/winery.webp\" class=\"attachment-full size-full wp-image-22847\" alt=\"Wineyard in Mallorca.\" srcset=\"https:\/\/select-agency.world\/wp-content\/uploads\/2025\/02\/winery.webp 1920w, https:\/\/select-agency.world\/wp-content\/uploads\/2025\/02\/winery-300x200.webp 300w, https:\/\/select-agency.world\/wp-content\/uploads\/2025\/02\/winery-1024x683.webp 1024w, https:\/\/select-agency.world\/wp-content\/uploads\/2025\/02\/winery-768x512.webp 768w, https:\/\/select-agency.world\/wp-content\/uploads\/2025\/02\/winery-1536x1024.webp 1536w, https:\/\/select-agency.world\/wp-content\/uploads\/2025\/02\/winery-18x12.webp 18w, https:\/\/select-agency.world\/wp-content\/uploads\/2025\/02\/winery-900x600.webp 900w, https:\/\/select-agency.world\/wp-content\/uploads\/2025\/02\/winery-496x331.webp 496w\" sizes=\"auto, (max-width: 1920px) 100vw, 1920px\" \/>\t\t\t\t\t\t\t\t\t\t\t\t\t\t\t<\/div>\n\t\t\t\t<\/div>\n\t\t\t\t<div class=\"elementor-element elementor-element-a4fc6d4 animated-fast elementor-invisible elementor-widget elementor-widget-heading\" data-id=\"a4fc6d4\" data-element_type=\"widget\" data-e-type=\"widget\" data-settings=\"{&quot;_animation&quot;:&quot;fadeInUp&quot;}\" data-widget_type=\"heading.default\">\n\t\t\t\t<div class=\"elementor-widget-container\">\n\t\t\t\t\t<h2 class=\"elementor-heading-title elementor-size-default\">EXPERIENCIAS GASTRON\u00d3MICAS Y ENOTURISMO EN HELIC\u00d3PTERO<\/h2>\t\t\t\t<\/div>\n\t\t\t\t<\/div>\n\t\t\t\t<div class=\"elementor-element elementor-element-e2d1516 elementor-widget__width-initial elementor-widget elementor-widget-text-editor\" data-id=\"e2d1516\" data-element_type=\"widget\" data-e-type=\"widget\" data-widget_type=\"text-editor.default\">\n\t\t\t\t<div class=\"elementor-widget-container\">\n\t\t\t\t\t\t\t\t\t<p>Combine lujo y aventura con una experiencia privada en helic\u00f3ptero que va m\u00e1s all\u00e1 del vuelo. Sobrevuele los paisajes m\u00e1s impresionantes de Mallorca antes de aterrizar en una bodega exclusiva para una cata guiada o en un hotel boutique para disfrutar de una experiencia gastron\u00f3mica de alto nivel. Ya sea degustando vinos selectos, disfrutando de un men\u00fa elaborado por un chef o simplemente viviendo la emoci\u00f3n del vuelo, cada detalle est\u00e1 pensado para crear recuerdos inolvidables.<\/p>\t\t\t\t\t\t\t\t<\/div>\n\t\t\t\t<\/div>\n\t\t\t\t\t<\/div>\n\t\t\t\t<\/div>\n\t\t<div class=\"elementor-element elementor-element-62094ee6 e-con-full e-flex e-con e-child\" data-id=\"62094ee6\" data-element_type=\"container\" data-e-type=\"container\">\n\t\t\t\t<div class=\"elementor-element elementor-element-d00f617 elementor-widget elementor-widget-image\" data-id=\"d00f617\" data-element_type=\"widget\" data-e-type=\"widget\" data-widget_type=\"image.default\">\n\t\t\t\t<div class=\"elementor-widget-container\">\n\t\t\t\t\t\t\t\t\t\t\t\t\t\t\t<img loading=\"lazy\" decoding=\"async\" width=\"1920\" height=\"1280\" src=\"https:\/\/select-agency.world\/wp-content\/uploads\/2025\/03\/helicopter-finca.webp\" class=\"attachment-full size-full wp-image-22883\" alt=\"Helicopter landing at private finca in Mallorca.\" srcset=\"https:\/\/select-agency.world\/wp-content\/uploads\/2025\/03\/helicopter-finca.webp 1920w, https:\/\/select-agency.world\/wp-content\/uploads\/2025\/03\/helicopter-finca-300x200.webp 300w, https:\/\/select-agency.world\/wp-content\/uploads\/2025\/03\/helicopter-finca-1024x683.webp 1024w, https:\/\/select-agency.world\/wp-content\/uploads\/2025\/03\/helicopter-finca-768x512.webp 768w, https:\/\/select-agency.world\/wp-content\/uploads\/2025\/03\/helicopter-finca-1536x1024.webp 1536w, https:\/\/select-agency.world\/wp-content\/uploads\/2025\/03\/helicopter-finca-18x12.webp 18w, https:\/\/select-agency.world\/wp-content\/uploads\/2025\/03\/helicopter-finca-900x600.webp 900w, https:\/\/select-agency.world\/wp-content\/uploads\/2025\/03\/helicopter-finca-496x331.webp 496w\" sizes=\"auto, (max-width: 1920px) 100vw, 1920px\" \/>\t\t\t\t\t\t\t\t\t\t\t\t\t\t\t<\/div>\n\t\t\t\t<\/div>\n\t\t\t\t<div class=\"elementor-element elementor-element-d49ce18 animated-fast elementor-invisible elementor-widget elementor-widget-heading\" data-id=\"d49ce18\" data-element_type=\"widget\" data-e-type=\"widget\" data-settings=\"{&quot;_animation&quot;:&quot;fadeInUp&quot;}\" data-widget_type=\"heading.default\">\n\t\t\t\t<div class=\"elementor-widget-container\">\n\t\t\t\t\t<h2 class=\"elementor-heading-title elementor-size-default\">TRASLADOS EN HELIC\u00d3PTERO<\/h2>\t\t\t\t<\/div>\n\t\t\t\t<\/div>\n\t\t\t\t<div class=\"elementor-element elementor-element-1281fa7 elementor-widget__width-initial elementor-widget elementor-widget-text-editor\" data-id=\"1281fa7\" data-element_type=\"widget\" data-e-type=\"widget\" data-widget_type=\"text-editor.default\">\n\t\t\t\t<div class=\"elementor-widget-container\">\n\t\t\t\t\t\t\t\t\t<p>Evite el ferry y tome el cielo con un traslado privado en helic\u00f3ptero entre las Islas Baleares o hacia la costa sur de Espa\u00f1a. Viaje de forma r\u00e1pida y confortable entre Mallorca, Ibiza, Menorca y Formentera, o llegue con total comodidad a destinos exclusivos como Marbella. Disfrute de vistas a\u00e9reas espectaculares mientras sobrevuela aguas turquesas y costas escarpadas, llegando a su destino con discreci\u00f3n y elegancia. R\u00e1pido, fluido e inolvidable \u2014 su viaje comienza en el momento del despegue.<\/p>\t\t\t\t\t\t\t\t<\/div>\n\t\t\t\t<\/div>\n\t\t\t\t<\/div>\n\t\t\t\t\t<\/div>\n\t\t\t\t<\/div>\n\t\t\t\t<\/div>","protected":false},"excerpt":{"rendered":"<p>Helicopter Charter Private helicopter flights Take your Mallorca experience to new heights with a private helicopter charter, offering breathtaking views and unforgettable moments. Whether you crave panoramic coastal landscapes, the rugged beauty of the Tramuntana mountains, or a bird\u2019s-eye view of the island\u2019s charming villages, tailored helicopter flights let you explore Mallorca like never before. [&hellip;]<\/p>\n","protected":false},"author":1,"featured_media":22884,"parent":22312,"menu_order":0,"comment_status":"closed","ping_status":"closed","template":"template\/template-homepage.php","meta":{"footnotes":""},"class_list":["post-22830","page","type-page","status-publish","has-post-thumbnail","hentry"],"aioseo_notices":[],"_links":{"self":[{"href":"https:\/\/select-agency.world\/es\/wp-json\/wp\/v2\/pages\/22830","targetHints":{"allow":["GET"]}}],"collection":[{"href":"https:\/\/select-agency.world\/es\/wp-json\/wp\/v2\/pages"}],"about":[{"href":"https:\/\/select-agency.world\/es\/wp-json\/wp\/v2\/types\/page"}],"author":[{"embeddable":true,"href":"https:\/\/select-agency.world\/es\/wp-json\/wp\/v2\/users\/1"}],"replies":[{"embeddable":true,"href":"https:\/\/select-agency.world\/es\/wp-json\/wp\/v2\/comments?post=22830"}],"version-history":[{"count":0,"href":"https:\/\/select-agency.world\/es\/wp-json\/wp\/v2\/pages\/22830\/revisions"}],"up":[{"embeddable":true,"href":"https:\/\/select-agency.world\/es\/wp-json\/wp\/v2\/pages\/22312"}],"wp:featuredmedia":[{"embeddable":true,"href":"https:\/\/select-agency.world\/es\/wp-json\/wp\/v2\/media\/22884"}],"wp:attachment":[{"href":"https:\/\/select-agency.world\/es\/wp-json\/wp\/v2\/media?parent=22830"}],"curies":[{"name":"wp","href":"https:\/\/api.w.org\/{rel}","templated":true}]}}