{"id":23167,"date":"2025-03-18T12:32:32","date_gmt":"2025-03-18T11:32:32","guid":{"rendered":"https:\/\/select-agency.world\/?page_id=23167"},"modified":"2026-03-31T12:29:20","modified_gmt":"2026-03-31T11:29:20","slug":"balearic-islands","status":"publish","type":"page","link":"https:\/\/select-agency.world\/es\/yachting\/balearic-islands\/","title":{"rendered":"Yacht Charter Balearic Islands"},"content":{"rendered":"<div data-elementor-type=\"wp-page\" data-elementor-id=\"23167\" class=\"elementor elementor-23167\">\n\t\t\t\t<div class=\"elementor-element elementor-element-6395f2e animated-slow e-flex e-con-boxed elementor-invisible e-con e-parent\" data-id=\"6395f2e\" data-element_type=\"container\" data-e-type=\"container\" data-settings=\"{&quot;background_background&quot;:&quot;classic&quot;,&quot;animation&quot;:&quot;fadeIn&quot;}\">\n\t\t\t\t\t<div class=\"e-con-inner\">\n\t\t<div class=\"elementor-element elementor-element-98e4146 e-con-full e-flex e-con e-child\" data-id=\"98e4146\" data-element_type=\"container\" data-e-type=\"container\">\n\t\t\t\t<div class=\"elementor-element elementor-element-03c051f elementor-invisible elementor-widget elementor-widget-heading\" data-id=\"03c051f\" data-element_type=\"widget\" data-e-type=\"widget\" data-settings=\"{&quot;_animation&quot;:&quot;fadeInDown&quot;}\" data-widget_type=\"heading.default\">\n\t\t\t\t<div class=\"elementor-widget-container\">\n\t\t\t\t\t<h1 class=\"elementor-heading-title elementor-size-default\">NAVEGAR EN LAS ISLAS BALEARES<\/h1>\t\t\t\t<\/div>\n\t\t\t\t<\/div>\n\t\t\t\t<\/div>\n\t\t\t\t\t<\/div>\n\t\t\t\t<\/div>\n\t\t<div class=\"elementor-element elementor-element-7754263 e-flex e-con-boxed elementor-invisible e-con e-parent\" data-id=\"7754263\" data-element_type=\"container\" data-e-type=\"container\" data-settings=\"{&quot;background_background&quot;:&quot;gradient&quot;,&quot;animation&quot;:&quot;fadeIn&quot;}\">\n\t\t\t\t\t<div class=\"e-con-inner\">\n\t\t<div class=\"elementor-element elementor-element-65f5ce4 e-con-full e-flex e-con e-child\" data-id=\"65f5ce4\" data-element_type=\"container\" data-e-type=\"container\">\n\t\t<div class=\"elementor-element elementor-element-3845309 e-con-full e-flex e-con e-child\" data-id=\"3845309\" data-element_type=\"container\" data-e-type=\"container\">\n\t\t<div class=\"elementor-element elementor-element-ed84c98 e-con-full e-flex e-con e-child\" data-id=\"ed84c98\" data-element_type=\"container\" data-e-type=\"container\">\n\t\t\t\t<div class=\"elementor-element elementor-element-68d6936 elementor-widget elementor-widget-image\" data-id=\"68d6936\" data-element_type=\"widget\" data-e-type=\"widget\" data-widget_type=\"image.default\">\n\t\t\t\t<div class=\"elementor-widget-container\">\n\t\t\t\t\t\t\t\t\t\t\t\t\t\t\t<img loading=\"lazy\" decoding=\"async\" width=\"1024\" height=\"683\" src=\"https:\/\/select-agency.world\/wp-content\/uploads\/2025\/01\/friends-sailing-yacht-1024x683.jpg\" class=\"attachment-large size-large wp-image-21559\" alt=\"Friends on a charter sailing yacht.\" srcset=\"https:\/\/select-agency.world\/wp-content\/uploads\/2025\/01\/friends-sailing-yacht-1024x683.jpg 1024w, https:\/\/select-agency.world\/wp-content\/uploads\/2025\/01\/friends-sailing-yacht-300x200.jpg 300w, https:\/\/select-agency.world\/wp-content\/uploads\/2025\/01\/friends-sailing-yacht-768x512.jpg 768w, https:\/\/select-agency.world\/wp-content\/uploads\/2025\/01\/friends-sailing-yacht-1536x1024.jpg 1536w, https:\/\/select-agency.world\/wp-content\/uploads\/2025\/01\/friends-sailing-yacht-18x12.jpg 18w, https:\/\/select-agency.world\/wp-content\/uploads\/2025\/01\/friends-sailing-yacht-900x600.jpg 900w, https:\/\/select-agency.world\/wp-content\/uploads\/2025\/01\/friends-sailing-yacht-496x331.jpg 496w, https:\/\/select-agency.world\/wp-content\/uploads\/2025\/01\/friends-sailing-yacht.jpg 1920w\" sizes=\"auto, (max-width: 1024px) 100vw, 1024px\" \/>\t\t\t\t\t\t\t\t\t\t\t\t\t\t\t<\/div>\n\t\t\t\t<\/div>\n\t\t\t\t<\/div>\n\t\t<div class=\"elementor-element elementor-element-c0554bd e-con-full e-flex e-con e-child\" data-id=\"c0554bd\" data-element_type=\"container\" data-e-type=\"container\">\n\t\t\t\t<div class=\"elementor-element elementor-element-098cf7a elementor-widget elementor-widget-heading\" data-id=\"098cf7a\" data-element_type=\"widget\" data-e-type=\"widget\" data-settings=\"{&quot;_animation&quot;:&quot;none&quot;}\" data-widget_type=\"heading.default\">\n\t\t\t\t<div class=\"elementor-widget-container\">\n\t\t\t\t\t<h2 class=\"elementor-heading-title elementor-size-default\">DESCUBRA EL CH\u00c1RTER DE YATES EN LAS ISLAS BALEARES<\/h2>\t\t\t\t<\/div>\n\t\t\t\t<\/div>\n\t\t\t\t<div class=\"elementor-element elementor-element-bfe800b elementor-invisible elementor-widget elementor-widget-text-editor\" data-id=\"bfe800b\" data-element_type=\"widget\" data-e-type=\"widget\" data-settings=\"{&quot;_animation&quot;:&quot;fadeInRight&quot;}\" data-widget_type=\"text-editor.default\">\n\t\t\t\t<div class=\"elementor-widget-container\">\n\t\t\t\t\t\t\t\t\t<p>Las Islas Baleares se encuentran entre los destinos de ch\u00e1rter n\u00e1utico m\u00e1s deseados del mundo. Con aguas cristalinas, calas escondidas y una vibrante cultura costera, ofrecen el entorno ideal para una experiencia exclusiva en el mar. Ya sea que busque relajaci\u00f3n, aventura o una combinaci\u00f3n de ambas, un <strong><a href=\"https:\/\/select-agency.world\/es\/yachting\/charter-yachts\/\" target=\"_blank\" rel=\"noopener\">ch\u00e1rter de yate privado<\/a><\/strong> le permite explorar las Baleares a su propio ritmo y con total comodidad.<\/p>\t\t\t\t\t\t\t\t<\/div>\n\t\t\t\t<\/div>\n\t\t\t\t<div class=\"elementor-element elementor-element-0a0f119 elementor-mobile-align-center elementor-invisible elementor-widget elementor-widget-button\" data-id=\"0a0f119\" data-element_type=\"widget\" data-e-type=\"widget\" data-settings=\"{&quot;_animation&quot;:&quot;fadeIn&quot;}\" data-widget_type=\"button.default\">\n\t\t\t\t<div class=\"elementor-widget-container\">\n\t\t\t\t\t\t\t\t\t<div class=\"elementor-button-wrapper\">\n\t\t\t\t\t<a class=\"elementor-button elementor-button-link elementor-size-sm elementor-animation-grow\" href=\"#popmake-27596\">\n\t\t\t\t\t\t<span class=\"elementor-button-content-wrapper\">\n\t\t\t\t\t\t\t\t\t<span class=\"elementor-button-text\">ENVIAR SOLICITUD<\/span>\n\t\t\t\t\t<\/span>\n\t\t\t\t\t<\/a>\n\t\t\t\t<\/div>\n\t\t\t\t\t\t\t\t<\/div>\n\t\t\t\t<\/div>\n\t\t\t\t<\/div>\n\t\t\t\t<\/div>\n\t\t\t\t<\/div>\n\t\t\t\t\t<\/div>\n\t\t\t\t<\/div>\n\t\t<div class=\"elementor-element elementor-element-5dfd660 e-flex e-con-boxed e-con e-parent\" data-id=\"5dfd660\" data-element_type=\"container\" data-e-type=\"container\" data-settings=\"{&quot;background_background&quot;:&quot;classic&quot;}\">\n\t\t\t\t\t<div class=\"e-con-inner\">\n\t\t\t\t<div class=\"elementor-element elementor-element-3a3d981 elementor-widget__width-initial elementor-invisible elementor-widget elementor-widget-heading\" data-id=\"3a3d981\" data-element_type=\"widget\" data-e-type=\"widget\" data-settings=\"{&quot;_animation&quot;:&quot;fadeInDown&quot;}\" data-widget_type=\"heading.default\">\n\t\t\t\t<div class=\"elementor-widget-container\">\n\t\t\t\t\t<h2 class=\"elementor-heading-title elementor-size-default\">\u00bfPOR QU\u00c9 ELEGIR UN CH\u00c1RTER DE YATE EN LAS BALEARES?<\/h2>\t\t\t\t<\/div>\n\t\t\t\t<\/div>\n\t\t\t\t<div class=\"elementor-element elementor-element-f74155b elementor-widget__width-initial elementor-invisible elementor-widget elementor-widget-text-editor\" data-id=\"f74155b\" data-element_type=\"widget\" data-e-type=\"widget\" data-settings=\"{&quot;_animation&quot;:&quot;fadeInDown&quot;}\" data-widget_type=\"text-editor.default\">\n\t\t\t\t<div class=\"elementor-widget-container\">\n\t\t\t\t\t\t\t\t\t<p data-pm-slice=\"1 1 []\">Un ch\u00e1rter de yate de lujo en las Islas Baleares es la forma ideal de descubrir este destino excepcional, combinando libertad, privacidad y un servicio de primer nivel. A bordo de un <strong><a href=\"https:\/\/select-agency.world\/es\/yachting\/charter-yachts\/\" target=\"_blank\" rel=\"noopener\">yate privado<\/a><\/strong>podr\u00e1 dise\u00f1ar su traves\u00eda seg\u00fan sus preferencias, desde din\u00e1micos <strong><a href=\"https:\/\/select-agency.world\/es\/water-toys\/\" target=\"_blank\" rel=\"noopener\">water sports<\/a><\/strong> y animada vida nocturna hasta tranquilos fondeaderos y <strong><a href=\"https:\/\/select-agency.world\/es\/experiences\/gourmet-experiences\/\" target=\"_blank\" rel=\"noopener\">experiencias gastron\u00f3micas<\/a><\/strong>cuidadosamente seleccionadas. Las islas destacan por sus excelentes condiciones de navegaci\u00f3n, modernas marinas y espectaculares paisajes costeros, garantizando que cada momento a bordo sea memorable. Ya sea que viaje en familia, con amigos o para celebrar una ocasi\u00f3n especial, un ch\u00e1rter en Baleares ofrece una escapada exclusiva y sin complicaciones en el coraz\u00f3n del Mediterr\u00e1neo.<\/p>\t\t\t\t\t\t\t\t<\/div>\n\t\t\t\t<\/div>\n\t\t\t\t\t<\/div>\n\t\t\t\t<\/div>\n\t\t<div class=\"elementor-element elementor-element-1c23a0d e-flex e-con-boxed e-con e-parent\" data-id=\"1c23a0d\" data-element_type=\"container\" data-e-type=\"container\" data-settings=\"{&quot;background_background&quot;:&quot;classic&quot;}\">\n\t\t\t\t\t<div class=\"e-con-inner\">\n\t\t<div class=\"elementor-element elementor-element-1dd2b18 e-con-full e-flex e-con e-child\" data-id=\"1dd2b18\" data-element_type=\"container\" data-e-type=\"container\">\n\t\t\t\t<div class=\"elementor-element elementor-element-449c7107 elementor-widget elementor-widget-image\" data-id=\"449c7107\" data-element_type=\"widget\" data-e-type=\"widget\" data-widget_type=\"image.default\">\n\t\t\t\t<div class=\"elementor-widget-container\">\n\t\t\t\t\t\t\t\t\t\t\t\t\t\t\t<img loading=\"lazy\" decoding=\"async\" width=\"2560\" height=\"1707\" src=\"https:\/\/select-agency.world\/wp-content\/uploads\/2024\/12\/mallorca-port-soller-scaled.jpg\" class=\"attachment-full size-full wp-image-19454\" alt=\"Port de Soller in Mallorca.\" srcset=\"https:\/\/select-agency.world\/wp-content\/uploads\/2024\/12\/mallorca-port-soller-scaled.jpg 2560w, https:\/\/select-agency.world\/wp-content\/uploads\/2024\/12\/mallorca-port-soller-300x200.jpg 300w, https:\/\/select-agency.world\/wp-content\/uploads\/2024\/12\/mallorca-port-soller-1024x683.jpg 1024w, https:\/\/select-agency.world\/wp-content\/uploads\/2024\/12\/mallorca-port-soller-768x512.jpg 768w, https:\/\/select-agency.world\/wp-content\/uploads\/2024\/12\/mallorca-port-soller-1536x1024.jpg 1536w, https:\/\/select-agency.world\/wp-content\/uploads\/2024\/12\/mallorca-port-soller-2048x1365.jpg 2048w, https:\/\/select-agency.world\/wp-content\/uploads\/2024\/12\/mallorca-port-soller-900x600.jpg 900w, https:\/\/select-agency.world\/wp-content\/uploads\/2024\/12\/mallorca-port-soller-496x331.jpg 496w\" sizes=\"auto, (max-width: 2560px) 100vw, 2560px\" \/>\t\t\t\t\t\t\t\t\t\t\t\t\t\t\t<\/div>\n\t\t\t\t<\/div>\n\t\t\t\t<div class=\"elementor-element elementor-element-378393a animated-fast elementor-widget__width-initial elementor-invisible elementor-widget elementor-widget-heading\" data-id=\"378393a\" data-element_type=\"widget\" data-e-type=\"widget\" data-settings=\"{&quot;_animation&quot;:&quot;fadeInUp&quot;}\" data-widget_type=\"heading.default\">\n\t\t\t\t<div class=\"elementor-widget-container\">\n\t\t\t\t\t<h3 class=\"elementor-heading-title elementor-size-default\">MALLORCA \u2013 EL CORAZ\u00d3N DE LAS BALEARES<\/h3>\t\t\t\t<\/div>\n\t\t\t\t<\/div>\n\t\t\t\t<div class=\"elementor-element elementor-element-378d7c7 elementor-widget__width-initial elementor-widget elementor-widget-text-editor\" data-id=\"378d7c7\" data-element_type=\"widget\" data-e-type=\"widget\" data-widget_type=\"text-editor.default\">\n\t\t\t\t<div class=\"elementor-widget-container\">\n\t\t\t\t\t\t\t\t\t<p data-pm-slice=\"1 1 []\">Mallorca, la isla m\u00e1s grande y diversa del archipi\u00e9lago, es un aut\u00e9ntico para\u00edso para los amantes del ch\u00e1rter n\u00e1utico. Su costa combina playas doradas, acantilados impresionantes y calas apartadas que ofrecen un refugio perfecto lejos de las multitudes. Desde animados puertos con restaurantes de renombre internacional y boutiques exclusivas hasta fondeaderos v\u00edrgenes rodeados de naturaleza, Mallorca ofrece un equilibrio exquisito entre lujo y aventura. Ya sea que desee disfrutar de alta gastronom\u00eda, explorar pueblos costeros hist\u00f3ricos, practicar deportes acu\u00e1ticos o simplemente relajarse en una cala tranquila, la isla ofrece propuestas para cada estilo de viajero. Su infraestructura n\u00e1utica, con marinas de primer nivel y beach clubs exclusivos, garantiza una experiencia fluida y sofisticada.<\/p>\t\t\t\t\t\t\t\t<\/div>\n\t\t\t\t<\/div>\n\t\t\t\t<div class=\"elementor-element elementor-element-58cec9e elementor-mobile-align-center elementor-invisible elementor-widget elementor-widget-button\" data-id=\"58cec9e\" data-element_type=\"widget\" data-e-type=\"widget\" data-settings=\"{&quot;_animation&quot;:&quot;fadeIn&quot;}\" data-widget_type=\"button.default\">\n\t\t\t\t<div class=\"elementor-widget-container\">\n\t\t\t\t\t\t\t\t\t<div class=\"elementor-button-wrapper\">\n\t\t\t\t\t<a class=\"elementor-button elementor-button-link elementor-size-sm elementor-animation-grow\" href=\"https:\/\/select-agency.world\/es\/yachting\/balearic-islands\/mallorca\/\">\n\t\t\t\t\t\t<span class=\"elementor-button-content-wrapper\">\n\t\t\t\t\t\t\t\t\t<span class=\"elementor-button-text\">LOS MEJORES FONDEADEROS DE MALLORCA<\/span>\n\t\t\t\t\t<\/span>\n\t\t\t\t\t<\/a>\n\t\t\t\t<\/div>\n\t\t\t\t\t\t\t\t<\/div>\n\t\t\t\t<\/div>\n\t\t\t\t<\/div>\n\t\t<div class=\"elementor-element elementor-element-7325cf1 e-con-full e-flex e-con e-child\" data-id=\"7325cf1\" data-element_type=\"container\" data-e-type=\"container\">\n\t\t\t\t<div class=\"elementor-element elementor-element-03ddb39 elementor-widget elementor-widget-image\" data-id=\"03ddb39\" data-element_type=\"widget\" data-e-type=\"widget\" data-widget_type=\"image.default\">\n\t\t\t\t<div class=\"elementor-widget-container\">\n\t\t\t\t\t\t\t\t\t\t\t\t\t\t\t<img loading=\"lazy\" decoding=\"async\" width=\"2560\" height=\"1707\" src=\"https:\/\/select-agency.world\/wp-content\/uploads\/2024\/12\/ibiza-old-town-scaled.jpg\" class=\"attachment-full size-full wp-image-19449\" alt=\"Ibiza old town.\" srcset=\"https:\/\/select-agency.world\/wp-content\/uploads\/2024\/12\/ibiza-old-town-scaled.jpg 2560w, https:\/\/select-agency.world\/wp-content\/uploads\/2024\/12\/ibiza-old-town-300x200.jpg 300w, https:\/\/select-agency.world\/wp-content\/uploads\/2024\/12\/ibiza-old-town-1024x683.jpg 1024w, https:\/\/select-agency.world\/wp-content\/uploads\/2024\/12\/ibiza-old-town-768x512.jpg 768w, https:\/\/select-agency.world\/wp-content\/uploads\/2024\/12\/ibiza-old-town-1536x1024.jpg 1536w, https:\/\/select-agency.world\/wp-content\/uploads\/2024\/12\/ibiza-old-town-2048x1365.jpg 2048w, https:\/\/select-agency.world\/wp-content\/uploads\/2024\/12\/ibiza-old-town-900x600.jpg 900w, https:\/\/select-agency.world\/wp-content\/uploads\/2024\/12\/ibiza-old-town-496x331.jpg 496w\" sizes=\"auto, (max-width: 2560px) 100vw, 2560px\" \/>\t\t\t\t\t\t\t\t\t\t\t\t\t\t\t<\/div>\n\t\t\t\t<\/div>\n\t\t\t\t<div class=\"elementor-element elementor-element-654acdc elementor-widget__width-initial animated-fast elementor-invisible elementor-widget elementor-widget-heading\" data-id=\"654acdc\" data-element_type=\"widget\" data-e-type=\"widget\" data-settings=\"{&quot;_animation&quot;:&quot;fadeInUp&quot;}\" data-widget_type=\"heading.default\">\n\t\t\t\t<div class=\"elementor-widget-container\">\n\t\t\t\t\t<h3 class=\"elementor-heading-title elementor-size-default\">IBIZA \u2013 ENTRE ENERG\u00cdA Y TRANQUILIDAD<\/h3>\t\t\t\t<\/div>\n\t\t\t\t<\/div>\n\t\t\t\t<div class=\"elementor-element elementor-element-05cef67 elementor-widget__width-initial elementor-widget elementor-widget-text-editor\" data-id=\"05cef67\" data-element_type=\"widget\" data-e-type=\"widget\" data-widget_type=\"text-editor.default\">\n\t\t\t\t<div class=\"elementor-widget-container\">\n\t\t\t\t\t\t\t\t\t<p data-pm-slice=\"1 1 []\">Ibiza es sin\u00f3nimo de un estilo de vida vibrante, donde la animada vida nocturna se combina con una belleza natural espectacular. Aunque es conocida por sus beach clubs y celebraciones de fama internacional, la isla tambi\u00e9n ofrece refugios tranquilos, aguas cristalinas y paisajes costeros que se disfrutan especialmente desde el mar. Alquilar un yate en Ibiza permite experimentar el equilibrio perfecto entre emoci\u00f3n y relajaci\u00f3n, con la libertad de visitar los puntos m\u00e1s animados o retirarse a bah\u00edas serenas lejos de las multitudes. Con impresionantes fondeaderos, propuestas gastron\u00f3micas de alto nivel y la cercan\u00eda a las playas v\u00edrgenes de Formentera, Ibiza es un destino privilegiado para quienes buscan tanto dinamismo como calma.<\/p>\t\t\t\t\t\t\t\t<\/div>\n\t\t\t\t<\/div>\n\t\t\t\t<div class=\"elementor-element elementor-element-c2000f6 elementor-mobile-align-center elementor-invisible elementor-widget elementor-widget-button\" data-id=\"c2000f6\" data-element_type=\"widget\" data-e-type=\"widget\" data-settings=\"{&quot;_animation&quot;:&quot;fadeIn&quot;}\" data-widget_type=\"button.default\">\n\t\t\t\t<div class=\"elementor-widget-container\">\n\t\t\t\t\t\t\t\t\t<div class=\"elementor-button-wrapper\">\n\t\t\t\t\t<a class=\"elementor-button elementor-button-link elementor-size-sm elementor-animation-grow\" href=\"https:\/\/select-agency.world\/es\/yachting\/balearic-islands\/ibiza\/\">\n\t\t\t\t\t\t<span class=\"elementor-button-content-wrapper\">\n\t\t\t\t\t\t\t\t\t<span class=\"elementor-button-text\">LOS MEJORES FONDEADEROS DE IBIZA<\/span>\n\t\t\t\t\t<\/span>\n\t\t\t\t\t<\/a>\n\t\t\t\t<\/div>\n\t\t\t\t\t\t\t\t<\/div>\n\t\t\t\t<\/div>\n\t\t\t\t<\/div>\n\t\t\t\t\t<\/div>\n\t\t\t\t<\/div>\n\t\t<div class=\"elementor-element elementor-element-82daf95 e-flex e-con-boxed e-con e-parent\" data-id=\"82daf95\" data-element_type=\"container\" data-e-type=\"container\" data-settings=\"{&quot;background_background&quot;:&quot;classic&quot;}\">\n\t\t\t\t\t<div class=\"e-con-inner\">\n\t\t<div class=\"elementor-element elementor-element-91f1a6c e-con-full e-flex e-con e-child\" data-id=\"91f1a6c\" data-element_type=\"container\" data-e-type=\"container\">\n\t\t\t\t<div class=\"elementor-element elementor-element-55a110c elementor-widget elementor-widget-image\" data-id=\"55a110c\" data-element_type=\"widget\" data-e-type=\"widget\" data-widget_type=\"image.default\">\n\t\t\t\t<div class=\"elementor-widget-container\">\n\t\t\t\t\t\t\t\t\t\t\t\t\t\t\t<img loading=\"lazy\" decoding=\"async\" width=\"2560\" height=\"1707\" src=\"https:\/\/select-agency.world\/wp-content\/uploads\/2024\/12\/formentera-beach-scaled.jpg\" class=\"attachment-full size-full wp-image-19441\" alt=\"Pristine beach in Formentera.\" srcset=\"https:\/\/select-agency.world\/wp-content\/uploads\/2024\/12\/formentera-beach-scaled.jpg 2560w, https:\/\/select-agency.world\/wp-content\/uploads\/2024\/12\/formentera-beach-300x200.jpg 300w, https:\/\/select-agency.world\/wp-content\/uploads\/2024\/12\/formentera-beach-1024x683.jpg 1024w, https:\/\/select-agency.world\/wp-content\/uploads\/2024\/12\/formentera-beach-768x512.jpg 768w, https:\/\/select-agency.world\/wp-content\/uploads\/2024\/12\/formentera-beach-1536x1024.jpg 1536w, https:\/\/select-agency.world\/wp-content\/uploads\/2024\/12\/formentera-beach-2048x1365.jpg 2048w, https:\/\/select-agency.world\/wp-content\/uploads\/2024\/12\/formentera-beach-900x600.jpg 900w, https:\/\/select-agency.world\/wp-content\/uploads\/2024\/12\/formentera-beach-496x331.jpg 496w\" sizes=\"auto, (max-width: 2560px) 100vw, 2560px\" \/>\t\t\t\t\t\t\t\t\t\t\t\t\t\t\t<\/div>\n\t\t\t\t<\/div>\n\t\t\t\t<div class=\"elementor-element elementor-element-8aef121 elementor-widget__width-initial animated-fast elementor-invisible elementor-widget elementor-widget-heading\" data-id=\"8aef121\" data-element_type=\"widget\" data-e-type=\"widget\" data-settings=\"{&quot;_animation&quot;:&quot;fadeInUp&quot;}\" data-widget_type=\"heading.default\">\n\t\t\t\t<div class=\"elementor-widget-container\">\n\t\t\t\t\t<h3 class=\"elementor-heading-title elementor-size-default\">FORMENTERA \u2013 EL CARIBE DEL MEDITERR\u00c1NEO<\/h3>\t\t\t\t<\/div>\n\t\t\t\t<\/div>\n\t\t\t\t<div class=\"elementor-element elementor-element-484a967 elementor-widget__width-initial elementor-widget elementor-widget-text-editor\" data-id=\"484a967\" data-element_type=\"widget\" data-e-type=\"widget\" data-widget_type=\"text-editor.default\">\n\t\t\t\t<div class=\"elementor-widget-container\">\n\t\t\t\t\t\t\t\t\t<p data-pm-slice=\"1 1 []\">Formentera representa la esencia de la belleza intacta, conocida por sus playas de arena blanca y aguas turquesas de claridad excepcional. Su ambiente relajado la convierte en el destino ideal para quienes buscan un ritmo m\u00e1s pausado, disfrutando del mar, restaurantes frente a la playa y calas escondidas accesibles \u00fanicamente por barco. Un ch\u00e1rter en Formentera ofrece una sensaci\u00f3n incomparable de serenidad, permiti\u00e9ndole fondear en aguas cristalinas, degustar cocina mediterr\u00e1nea fresca y contemplar atardeceres espectaculares lejos del bullicio de destinos m\u00e1s concurridos. Es una parada imprescindible en cualquier itinerario por las Baleares.<\/p>\t\t\t\t\t\t\t\t<\/div>\n\t\t\t\t<\/div>\n\t\t\t\t<div class=\"elementor-element elementor-element-8ef199d elementor-mobile-align-center elementor-invisible elementor-widget elementor-widget-button\" data-id=\"8ef199d\" data-element_type=\"widget\" data-e-type=\"widget\" data-settings=\"{&quot;_animation&quot;:&quot;fadeIn&quot;}\" data-widget_type=\"button.default\">\n\t\t\t\t<div class=\"elementor-widget-container\">\n\t\t\t\t\t\t\t\t\t<div class=\"elementor-button-wrapper\">\n\t\t\t\t\t<a class=\"elementor-button elementor-button-link elementor-size-sm elementor-animation-grow\" href=\"https:\/\/select-agency.world\/es\/yachting\/balearic-islands\/formentera\/\">\n\t\t\t\t\t\t<span class=\"elementor-button-content-wrapper\">\n\t\t\t\t\t\t\t\t\t<span class=\"elementor-button-text\">LOS MEJORES FONDEADEROS DE FORMENTERA<\/span>\n\t\t\t\t\t<\/span>\n\t\t\t\t\t<\/a>\n\t\t\t\t<\/div>\n\t\t\t\t\t\t\t\t<\/div>\n\t\t\t\t<\/div>\n\t\t\t\t<\/div>\n\t\t<div class=\"elementor-element elementor-element-9eb2cc2 e-con-full e-flex e-con e-child\" data-id=\"9eb2cc2\" data-element_type=\"container\" data-e-type=\"container\">\n\t\t\t\t<div class=\"elementor-element elementor-element-f1d5471 elementor-widget elementor-widget-image\" data-id=\"f1d5471\" data-element_type=\"widget\" data-e-type=\"widget\" data-widget_type=\"image.default\">\n\t\t\t\t<div class=\"elementor-widget-container\">\n\t\t\t\t\t\t\t\t\t\t\t\t\t\t\t<img loading=\"lazy\" decoding=\"async\" width=\"2560\" height=\"1707\" src=\"https:\/\/select-agency.world\/wp-content\/uploads\/2024\/12\/menorca-fornells-scaled.jpg\" class=\"attachment-full size-full wp-image-19445\" alt=\"Village of Fornells in Menorca.\" srcset=\"https:\/\/select-agency.world\/wp-content\/uploads\/2024\/12\/menorca-fornells-scaled.jpg 2560w, https:\/\/select-agency.world\/wp-content\/uploads\/2024\/12\/menorca-fornells-300x200.jpg 300w, https:\/\/select-agency.world\/wp-content\/uploads\/2024\/12\/menorca-fornells-1024x683.jpg 1024w, https:\/\/select-agency.world\/wp-content\/uploads\/2024\/12\/menorca-fornells-768x512.jpg 768w, https:\/\/select-agency.world\/wp-content\/uploads\/2024\/12\/menorca-fornells-1536x1024.jpg 1536w, https:\/\/select-agency.world\/wp-content\/uploads\/2024\/12\/menorca-fornells-2048x1365.jpg 2048w, https:\/\/select-agency.world\/wp-content\/uploads\/2024\/12\/menorca-fornells-900x600.jpg 900w, https:\/\/select-agency.world\/wp-content\/uploads\/2024\/12\/menorca-fornells-496x331.jpg 496w\" sizes=\"auto, (max-width: 2560px) 100vw, 2560px\" \/>\t\t\t\t\t\t\t\t\t\t\t\t\t\t\t<\/div>\n\t\t\t\t<\/div>\n\t\t\t\t<div class=\"elementor-element elementor-element-9d3f9c7 elementor-widget__width-initial animated-fast elementor-invisible elementor-widget elementor-widget-heading\" data-id=\"9d3f9c7\" data-element_type=\"widget\" data-e-type=\"widget\" data-settings=\"{&quot;_animation&quot;:&quot;fadeInUp&quot;}\" data-widget_type=\"heading.default\">\n\t\t\t\t<div class=\"elementor-widget-container\">\n\t\t\t\t\t<h3 class=\"elementor-heading-title elementor-size-default\">MENORCA \u2013 UNA JOYA ESCONDIDA<\/h3>\t\t\t\t<\/div>\n\t\t\t\t<\/div>\n\t\t\t\t<div class=\"elementor-element elementor-element-54cad1b elementor-widget__width-initial elementor-widget elementor-widget-text-editor\" data-id=\"54cad1b\" data-element_type=\"widget\" data-e-type=\"widget\" data-widget_type=\"text-editor.default\">\n\t\t\t\t<div class=\"elementor-widget-container\">\n\t\t\t\t\t\t\t\t\t<p data-pm-slice=\"1 1 []\">Menorca es un santuario para quienes valoran la naturaleza, la autenticidad y la tranquilidad. Como Reserva de la Biosfera declarada por la UNESCO, la isla conserva algunos de los paisajes m\u00e1s v\u00edrgenes de las Baleares, con playas apartadas, aguas turquesas y puertos pintorescos llenos de encanto hist\u00f3rico. Sus bah\u00edas tranquilas y protegidas ofrecen puntos de fondeo ideales para una experiencia exclusiva en yate, donde podr\u00e1 disfrutar de ba\u00f1os relajados, snorkel en reservas marinas y paseos por encantadores pueblos antiguos. A diferencia de sus vecinas m\u00e1s animadas, Menorca brinda una atm\u00f3sfera \u00edntima y relajada, perfecta para familias, parejas o quienes desean desconectar en plena naturaleza sin renunciar al confort.<\/p>\t\t\t\t\t\t\t\t<\/div>\n\t\t\t\t<\/div>\n\t\t\t\t<div class=\"elementor-element elementor-element-2fc5d3a elementor-mobile-align-center elementor-invisible elementor-widget elementor-widget-button\" data-id=\"2fc5d3a\" data-element_type=\"widget\" data-e-type=\"widget\" data-settings=\"{&quot;_animation&quot;:&quot;fadeIn&quot;}\" data-widget_type=\"button.default\">\n\t\t\t\t<div class=\"elementor-widget-container\">\n\t\t\t\t\t\t\t\t\t<div class=\"elementor-button-wrapper\">\n\t\t\t\t\t<a class=\"elementor-button elementor-button-link elementor-size-sm elementor-animation-grow\" href=\"https:\/\/select-agency.world\/es\/yachting\/balearic-islands\/menorca\/\">\n\t\t\t\t\t\t<span class=\"elementor-button-content-wrapper\">\n\t\t\t\t\t\t\t\t\t<span class=\"elementor-button-text\">LOS MEJORES FONDEADEROS DE MENORCA<\/span>\n\t\t\t\t\t<\/span>\n\t\t\t\t\t<\/a>\n\t\t\t\t<\/div>\n\t\t\t\t\t\t\t\t<\/div>\n\t\t\t\t<\/div>\n\t\t\t\t<\/div>\n\t\t\t\t\t<\/div>\n\t\t\t\t<\/div>\n\t\t<div class=\"elementor-element elementor-element-646779f e-flex e-con-boxed e-con e-parent\" data-id=\"646779f\" data-element_type=\"container\" data-e-type=\"container\" data-settings=\"{&quot;background_background&quot;:&quot;classic&quot;}\">\n\t\t\t\t\t<div class=\"e-con-inner\">\n\t\t\t\t<div class=\"elementor-element elementor-element-6a1237b elementor-widget elementor-widget-spacer\" data-id=\"6a1237b\" data-element_type=\"widget\" data-e-type=\"widget\" data-widget_type=\"spacer.default\">\n\t\t\t\t<div class=\"elementor-widget-container\">\n\t\t\t\t\t\t\t<div class=\"elementor-spacer\">\n\t\t\t<div class=\"elementor-spacer-inner\"><\/div>\n\t\t<\/div>\n\t\t\t\t\t\t<\/div>\n\t\t\t\t<\/div>\n\t\t\t\t\t<\/div>\n\t\t\t\t<\/div>\n\t\t<div class=\"elementor-element elementor-element-bba7d1a animated-slow e-flex e-con-boxed elementor-invisible e-con e-parent\" data-id=\"bba7d1a\" data-element_type=\"container\" data-e-type=\"container\" data-settings=\"{&quot;background_background&quot;:&quot;classic&quot;,&quot;animation&quot;:&quot;fadeIn&quot;}\">\n\t\t\t\t\t<div class=\"e-con-inner\">\n\t\t<div class=\"elementor-element elementor-element-42e54ac e-con-full e-flex e-con e-child\" data-id=\"42e54ac\" data-element_type=\"container\" data-e-type=\"container\">\n\t\t\t\t<div class=\"elementor-element elementor-element-10d267ee elementor-widget elementor-widget-heading\" data-id=\"10d267ee\" data-element_type=\"widget\" data-e-type=\"widget\" data-widget_type=\"heading.default\">\n\t\t\t\t<div class=\"elementor-widget-container\">\n\t\t\t\t\t<h4 class=\"elementor-heading-title elementor-size-default\">RESERVE SU CH\u00c1RTER DE YATE EXCLUSIVO<\/h4>\t\t\t\t<\/div>\n\t\t\t\t<\/div>\n\t\t\t\t<div class=\"elementor-element elementor-element-a8961dc elementor-widget elementor-widget-text-editor\" data-id=\"a8961dc\" data-element_type=\"widget\" data-e-type=\"widget\" data-widget_type=\"text-editor.default\">\n\t\t\t\t<div class=\"elementor-widget-container\">\n\t\t\t\t\t\t\t\t\t<p data-pm-slice=\"1 1 []\">Para planificar su ch\u00e1rter perfecto en las Islas Baleares, cont\u00e1ctenos hoy mismo. <br \/><a href=\"https:\/\/select-agency.world\/es\/contact\/\">Env\u00edenos un mensaje<\/a> o <a href=\"tel:0034621218994\">ll\u00e1menos<\/a>\u2014 estaremos encantados de dise\u00f1ar una experiencia a su medida y hacer realidad su proyecto en el mar.<\/p>\t\t\t\t\t\t\t\t<\/div>\n\t\t\t\t<\/div>\n\t\t\t\t<div class=\"elementor-element elementor-element-baa3def elementor-align-justify elementor-mobile-align-center elementor-invisible elementor-widget elementor-widget-button\" data-id=\"baa3def\" data-element_type=\"widget\" data-e-type=\"widget\" data-settings=\"{&quot;_animation&quot;:&quot;fadeIn&quot;}\" data-widget_type=\"button.default\">\n\t\t\t\t<div class=\"elementor-widget-container\">\n\t\t\t\t\t\t\t\t\t<div class=\"elementor-button-wrapper\">\n\t\t\t\t\t<a class=\"elementor-button elementor-button-link elementor-size-sm elementor-animation-grow\" href=\"#popmake-27596\">\n\t\t\t\t\t\t<span class=\"elementor-button-content-wrapper\">\n\t\t\t\t\t\t\t\t\t<span class=\"elementor-button-text\">CONT\u00c1CTENOS<\/span>\n\t\t\t\t\t<\/span>\n\t\t\t\t\t<\/a>\n\t\t\t\t<\/div>\n\t\t\t\t\t\t\t\t<\/div>\n\t\t\t\t<\/div>\n\t\t\t\t<\/div>\n\t\t\t\t\t<\/div>\n\t\t\t\t<\/div>\n\t\t\t\t<\/div>","protected":false},"excerpt":{"rendered":"<p>Yachting in the Balearics Discover Yacht Charter in the Balearic Islands The Balearic Islands are among the most sought-after yacht charter destinations in the world. With their crystal-clear waters, hidden coves, and vibrant coastal culture, these islands offer an unparalleled setting for an exclusive yachting experience. Whether you&#8217;re seeking relaxation, adventure, or a mix of [&hellip;]<\/p>\n","protected":false},"author":1,"featured_media":23043,"parent":21130,"menu_order":0,"comment_status":"closed","ping_status":"closed","template":"template\/template-homepage.php","meta":{"footnotes":""},"class_list":["post-23167","page","type-page","status-publish","has-post-thumbnail","hentry"],"aioseo_notices":[],"_links":{"self":[{"href":"https:\/\/select-agency.world\/es\/wp-json\/wp\/v2\/pages\/23167","targetHints":{"allow":["GET"]}}],"collection":[{"href":"https:\/\/select-agency.world\/es\/wp-json\/wp\/v2\/pages"}],"about":[{"href":"https:\/\/select-agency.world\/es\/wp-json\/wp\/v2\/types\/page"}],"author":[{"embeddable":true,"href":"https:\/\/select-agency.world\/es\/wp-json\/wp\/v2\/users\/1"}],"replies":[{"embeddable":true,"href":"https:\/\/select-agency.world\/es\/wp-json\/wp\/v2\/comments?post=23167"}],"version-history":[{"count":0,"href":"https:\/\/select-agency.world\/es\/wp-json\/wp\/v2\/pages\/23167\/revisions"}],"up":[{"embeddable":true,"href":"https:\/\/select-agency.world\/es\/wp-json\/wp\/v2\/pages\/21130"}],"wp:featuredmedia":[{"embeddable":true,"href":"https:\/\/select-agency.world\/es\/wp-json\/wp\/v2\/media\/23043"}],"wp:attachment":[{"href":"https:\/\/select-agency.world\/es\/wp-json\/wp\/v2\/media?parent=23167"}],"curies":[{"name":"wp","href":"https:\/\/api.w.org\/{rel}","templated":true}]}}