{"id":23216,"date":"2025-03-18T13:52:33","date_gmt":"2025-03-18T12:52:33","guid":{"rendered":"https:\/\/select-agency.world\/?page_id=23216"},"modified":"2026-03-31T10:45:55","modified_gmt":"2026-03-31T09:45:55","slug":"mallorca","status":"publish","type":"page","link":"https:\/\/select-agency.world\/es\/yachting\/balearic-islands\/mallorca\/","title":{"rendered":"Mallorca"},"content":{"rendered":"<div data-elementor-type=\"wp-page\" data-elementor-id=\"23216\" class=\"elementor elementor-23216\">\n\t\t\t\t<div class=\"elementor-element elementor-element-6395f2e animated-slow e-flex e-con-boxed elementor-invisible e-con e-parent\" data-id=\"6395f2e\" data-element_type=\"container\" data-e-type=\"container\" data-settings=\"{&quot;background_background&quot;:&quot;classic&quot;,&quot;animation&quot;:&quot;fadeIn&quot;}\">\n\t\t\t\t\t<div class=\"e-con-inner\">\n\t\t<div class=\"elementor-element elementor-element-98e4146 e-con-full e-flex e-con e-child\" data-id=\"98e4146\" data-element_type=\"container\" data-e-type=\"container\">\n\t\t\t\t<div class=\"elementor-element elementor-element-03c051f elementor-invisible elementor-widget elementor-widget-heading\" data-id=\"03c051f\" data-element_type=\"widget\" data-e-type=\"widget\" data-settings=\"{&quot;_animation&quot;:&quot;fadeInDown&quot;}\" data-widget_type=\"heading.default\">\n\t\t\t\t<div class=\"elementor-widget-container\">\n\t\t\t\t\t<h1 class=\"elementor-heading-title elementor-size-default\">Mallorca<\/h1>\t\t\t\t<\/div>\n\t\t\t\t<\/div>\n\t\t\t\t<\/div>\n\t\t\t\t\t<\/div>\n\t\t\t\t<\/div>\n\t\t<div class=\"elementor-element elementor-element-0b01e4b e-flex e-con-boxed e-con e-parent\" data-id=\"0b01e4b\" data-element_type=\"container\" data-e-type=\"container\" data-settings=\"{&quot;background_background&quot;:&quot;classic&quot;}\">\n\t\t\t\t\t<div class=\"e-con-inner\">\n\t\t\t\t<div class=\"elementor-element elementor-element-66ecd76 elementor-widget elementor-widget-spacer\" data-id=\"66ecd76\" data-element_type=\"widget\" data-e-type=\"widget\" data-widget_type=\"spacer.default\">\n\t\t\t\t<div class=\"elementor-widget-container\">\n\t\t\t\t\t\t\t<div class=\"elementor-spacer\">\n\t\t\t<div class=\"elementor-spacer-inner\"><\/div>\n\t\t<\/div>\n\t\t\t\t\t\t<\/div>\n\t\t\t\t<\/div>\n\t\t\t\t\t<\/div>\n\t\t\t\t<\/div>\n\t\t<div class=\"elementor-element elementor-element-63e58f0 e-flex e-con-boxed e-con e-parent\" data-id=\"63e58f0\" data-element_type=\"container\" data-e-type=\"container\" data-settings=\"{&quot;background_background&quot;:&quot;classic&quot;}\">\n\t\t\t\t\t<div class=\"e-con-inner\">\n\t\t<div class=\"elementor-element elementor-element-9809921 e-con-full e-flex e-con e-child\" data-id=\"9809921\" data-element_type=\"container\" data-e-type=\"container\">\n\t\t\t\t<div class=\"elementor-element elementor-element-77748ce elementor-invisible elementor-widget elementor-widget-heading\" data-id=\"77748ce\" data-element_type=\"widget\" data-e-type=\"widget\" data-settings=\"{&quot;_animation&quot;:&quot;fadeInLeft&quot;}\" data-widget_type=\"heading.default\">\n\t\t\t\t<div class=\"elementor-widget-container\">\n\t\t\t\t\t<h2 class=\"elementor-heading-title elementor-size-default\">Ch\u00e1rter de Yate en Mallorca \u2013 Descubra los destinos m\u00e1s impresionantes de la isla<\/h2>\t\t\t\t<\/div>\n\t\t\t\t<\/div>\n\t\t\t\t<div class=\"elementor-element elementor-element-6ae15fb6 elementor-invisible elementor-widget elementor-widget-text-editor\" data-id=\"6ae15fb6\" data-element_type=\"widget\" data-e-type=\"widget\" data-settings=\"{&quot;_animation&quot;:&quot;fadeInLeft&quot;}\" data-widget_type=\"text-editor.default\">\n\t\t\t\t<div class=\"elementor-widget-container\">\n\t\t\t\t\t\t\t\t\t<p data-pm-slice=\"1 1 []\">Mallorca, la isla m\u00e1s grande de las <strong><a href=\"https:\/\/select-agency.world\/es\/yachting\/balearic-islands\/\" target=\"_blank\" rel=\"noopener\">Islas Baleares<\/a><\/strong>, es un destino de primer nivel para el alquiler de yates de lujo. Con su variada costa, aguas cristalinas e instalaciones n\u00e1uticas de categor\u00eda mundial, Mallorca ofrece una experiencia de navegaci\u00f3n incomparable. Desde calas escondidas y playas v\u00edrgenes hasta animados puertos y exclusivos beach clubs, la isla satisface todo tipo de viajeros. Ya sea que busque aventura, relax o alta gastronom\u00eda junto al mar, un <strong><a href=\"https:\/\/select-agency.world\/es\/yachting\/charter-yachts\/\" target=\"_blank\" rel=\"noopener\">ch\u00e1rter de yate privado<\/a><\/strong> en Mallorca le permite descubrir los tesoros costeros m\u00e1s espectaculares con el m\u00e1ximo confort y estilo.<\/p>\t\t\t\t\t\t\t\t<\/div>\n\t\t\t\t<\/div>\n\t\t\t\t<div class=\"elementor-element elementor-element-58cec9e elementor-mobile-align-center elementor-invisible elementor-widget elementor-widget-button\" data-id=\"58cec9e\" data-element_type=\"widget\" data-e-type=\"widget\" data-settings=\"{&quot;_animation&quot;:&quot;fadeIn&quot;}\" data-widget_type=\"button.default\">\n\t\t\t\t<div class=\"elementor-widget-container\">\n\t\t\t\t\t\t\t\t\t<div class=\"elementor-button-wrapper\">\n\t\t\t\t\t<a class=\"elementor-button elementor-button-link elementor-size-sm elementor-animation-grow\" href=\"https:\/\/select-agency.world\/es\/contact\/\">\n\t\t\t\t\t\t<span class=\"elementor-button-content-wrapper\">\n\t\t\t\t\t\t\t\t\t<span class=\"elementor-button-text\">Zarpe en Mallorca<\/span>\n\t\t\t\t\t<\/span>\n\t\t\t\t\t<\/a>\n\t\t\t\t<\/div>\n\t\t\t\t\t\t\t\t<\/div>\n\t\t\t\t<\/div>\n\t\t\t\t<\/div>\n\t\t<div class=\"elementor-element elementor-element-cd9ba8f e-con-full e-flex e-con e-child\" data-id=\"cd9ba8f\" data-element_type=\"container\" data-e-type=\"container\">\n\t\t\t\t<div class=\"elementor-element elementor-element-449c7107 elementor-invisible elementor-widget elementor-widget-image\" data-id=\"449c7107\" data-element_type=\"widget\" data-e-type=\"widget\" data-settings=\"{&quot;_animation&quot;:&quot;fadeInRight&quot;}\" data-widget_type=\"image.default\">\n\t\t\t\t<div class=\"elementor-widget-container\">\n\t\t\t\t\t\t\t\t\t\t\t\t\t\t\t<img loading=\"lazy\" decoding=\"async\" width=\"1920\" height=\"1280\" src=\"https:\/\/select-agency.world\/wp-content\/uploads\/2025\/03\/cala-des-moro-beach-mallorca.webp\" class=\"attachment-full size-full wp-image-23235\" alt=\"Cala des Moro beach in Mallorca.\" srcset=\"https:\/\/select-agency.world\/wp-content\/uploads\/2025\/03\/cala-des-moro-beach-mallorca.webp 1920w, https:\/\/select-agency.world\/wp-content\/uploads\/2025\/03\/cala-des-moro-beach-mallorca-300x200.webp 300w, https:\/\/select-agency.world\/wp-content\/uploads\/2025\/03\/cala-des-moro-beach-mallorca-1024x683.webp 1024w, https:\/\/select-agency.world\/wp-content\/uploads\/2025\/03\/cala-des-moro-beach-mallorca-768x512.webp 768w, https:\/\/select-agency.world\/wp-content\/uploads\/2025\/03\/cala-des-moro-beach-mallorca-1536x1024.webp 1536w, https:\/\/select-agency.world\/wp-content\/uploads\/2025\/03\/cala-des-moro-beach-mallorca-18x12.webp 18w, https:\/\/select-agency.world\/wp-content\/uploads\/2025\/03\/cala-des-moro-beach-mallorca-900x600.webp 900w, https:\/\/select-agency.world\/wp-content\/uploads\/2025\/03\/cala-des-moro-beach-mallorca-496x331.webp 496w\" sizes=\"auto, (max-width: 1920px) 100vw, 1920px\" \/>\t\t\t\t\t\t\t\t\t\t\t\t\t\t\t<\/div>\n\t\t\t\t<\/div>\n\t\t\t\t<\/div>\n\t\t\t\t\t<\/div>\n\t\t\t\t<\/div>\n\t\t<div class=\"elementor-element elementor-element-452b3d83 e-flex e-con-boxed elementor-invisible e-con e-parent\" data-id=\"452b3d83\" data-element_type=\"container\" data-e-type=\"container\" data-settings=\"{&quot;background_background&quot;:&quot;classic&quot;,&quot;animation&quot;:&quot;fadeIn&quot;}\">\n\t\t\t\t\t<div class=\"e-con-inner\">\n\t\t<div class=\"elementor-element elementor-element-3175a77d e-flex e-con-boxed e-con e-child\" data-id=\"3175a77d\" data-element_type=\"container\" data-e-type=\"container\">\n\t\t\t\t\t<div class=\"e-con-inner\">\n\t\t\t\t<div class=\"elementor-element elementor-element-28e224a3 elementor-widget elementor-widget-image\" data-id=\"28e224a3\" data-element_type=\"widget\" data-e-type=\"widget\" data-widget_type=\"image.default\">\n\t\t\t\t<div class=\"elementor-widget-container\">\n\t\t\t\t\t\t\t\t\t\t\t\t\t\t\t<img loading=\"lazy\" decoding=\"async\" width=\"1920\" height=\"1280\" src=\"https:\/\/select-agency.world\/wp-content\/uploads\/2025\/03\/sant-elm-mallorca.webp\" class=\"attachment-full size-full wp-image-23229\" alt=\"Fishing village of Sant Elm in Mallorca.\" srcset=\"https:\/\/select-agency.world\/wp-content\/uploads\/2025\/03\/sant-elm-mallorca.webp 1920w, https:\/\/select-agency.world\/wp-content\/uploads\/2025\/03\/sant-elm-mallorca-300x200.webp 300w, https:\/\/select-agency.world\/wp-content\/uploads\/2025\/03\/sant-elm-mallorca-1024x683.webp 1024w, https:\/\/select-agency.world\/wp-content\/uploads\/2025\/03\/sant-elm-mallorca-768x512.webp 768w, https:\/\/select-agency.world\/wp-content\/uploads\/2025\/03\/sant-elm-mallorca-1536x1024.webp 1536w, https:\/\/select-agency.world\/wp-content\/uploads\/2025\/03\/sant-elm-mallorca-18x12.webp 18w, https:\/\/select-agency.world\/wp-content\/uploads\/2025\/03\/sant-elm-mallorca-900x600.webp 900w, https:\/\/select-agency.world\/wp-content\/uploads\/2025\/03\/sant-elm-mallorca-496x331.webp 496w\" sizes=\"auto, (max-width: 1920px) 100vw, 1920px\" \/>\t\t\t\t\t\t\t\t\t\t\t\t\t\t\t<\/div>\n\t\t\t\t<\/div>\n\t\t\t\t<div class=\"elementor-element elementor-element-e01a89e animated-fast elementor-invisible elementor-widget elementor-widget-heading\" data-id=\"e01a89e\" data-element_type=\"widget\" data-e-type=\"widget\" data-settings=\"{&quot;_animation&quot;:&quot;fadeInUp&quot;}\" data-widget_type=\"heading.default\">\n\t\t\t\t<div class=\"elementor-widget-container\">\n\t\t\t\t\t<h3 class=\"elementor-heading-title elementor-size-default\">Sant Elm \u2013 Una escapada tranquila con encanto local<\/h3>\t\t\t\t<\/div>\n\t\t\t\t<\/div>\n\t\t\t\t<div class=\"elementor-element elementor-element-72cd002 elementor-widget__width-initial elementor-widget elementor-widget-text-editor\" data-id=\"72cd002\" data-element_type=\"widget\" data-e-type=\"widget\" data-widget_type=\"text-editor.default\">\n\t\t\t\t<div class=\"elementor-widget-container\">\n\t\t\t\t\t\t\t\t\t<p data-pm-slice=\"1 1 []\">Sant Elm es un pintoresco pueblo costero que ofrece un refugio sereno lejos de las multitudes. Situado en el extremo suroeste de Mallorca, presume de aguas cristalinas, encantadores restaurantes frente al mar y vistas impresionantes a la cercana isla Dragonera.\n\nEste fondeo es ideal para un d\u00eda relajado en el agua, disfrutando de marisco fresco y explorando la belleza natural de los alrededores.<\/p>\t\t\t\t\t\t\t\t<\/div>\n\t\t\t\t<\/div>\n\t\t\t\t\t<\/div>\n\t\t\t\t<\/div>\n\t\t<div class=\"elementor-element elementor-element-2a8a2ec0 e-flex e-con-boxed e-con e-child\" data-id=\"2a8a2ec0\" data-element_type=\"container\" data-e-type=\"container\">\n\t\t\t\t\t<div class=\"e-con-inner\">\n\t\t\t\t<div class=\"elementor-element elementor-element-2c83fc1 elementor-widget elementor-widget-image\" data-id=\"2c83fc1\" data-element_type=\"widget\" data-e-type=\"widget\" data-widget_type=\"image.default\">\n\t\t\t\t<div class=\"elementor-widget-container\">\n\t\t\t\t\t\t\t\t\t\t\t\t\t\t\t<img loading=\"lazy\" decoding=\"async\" width=\"2560\" height=\"1707\" src=\"https:\/\/select-agency.world\/wp-content\/uploads\/2024\/12\/mallorca-port-soller-scaled.jpg\" class=\"attachment-full size-full wp-image-19454\" alt=\"Port de Soller in Mallorca.\" srcset=\"https:\/\/select-agency.world\/wp-content\/uploads\/2024\/12\/mallorca-port-soller-scaled.jpg 2560w, https:\/\/select-agency.world\/wp-content\/uploads\/2024\/12\/mallorca-port-soller-300x200.jpg 300w, https:\/\/select-agency.world\/wp-content\/uploads\/2024\/12\/mallorca-port-soller-1024x683.jpg 1024w, https:\/\/select-agency.world\/wp-content\/uploads\/2024\/12\/mallorca-port-soller-768x512.jpg 768w, https:\/\/select-agency.world\/wp-content\/uploads\/2024\/12\/mallorca-port-soller-1536x1024.jpg 1536w, https:\/\/select-agency.world\/wp-content\/uploads\/2024\/12\/mallorca-port-soller-2048x1365.jpg 2048w, https:\/\/select-agency.world\/wp-content\/uploads\/2024\/12\/mallorca-port-soller-900x600.jpg 900w, https:\/\/select-agency.world\/wp-content\/uploads\/2024\/12\/mallorca-port-soller-496x331.jpg 496w\" sizes=\"auto, (max-width: 2560px) 100vw, 2560px\" \/>\t\t\t\t\t\t\t\t\t\t\t\t\t\t\t<\/div>\n\t\t\t\t<\/div>\n\t\t\t\t<div class=\"elementor-element elementor-element-a4fc6d4 animated-fast elementor-invisible elementor-widget elementor-widget-heading\" data-id=\"a4fc6d4\" data-element_type=\"widget\" data-e-type=\"widget\" data-settings=\"{&quot;_animation&quot;:&quot;fadeInUp&quot;}\" data-widget_type=\"heading.default\">\n\t\t\t\t<div class=\"elementor-widget-container\">\n\t\t\t\t\t<h3 class=\"elementor-heading-title elementor-size-default\">Port de S\u00f3ller \u2013 Un puerto espectacular en la costa noroeste<\/h3>\t\t\t\t<\/div>\n\t\t\t\t<\/div>\n\t\t\t\t<div class=\"elementor-element elementor-element-e2d1516 elementor-widget__width-initial elementor-widget elementor-widget-text-editor\" data-id=\"e2d1516\" data-element_type=\"widget\" data-e-type=\"widget\" data-widget_type=\"text-editor.default\">\n\t\t\t\t<div class=\"elementor-widget-container\">\n\t\t\t\t\t\t\t\t\t<p data-pm-slice=\"1 1 []\">Rodeado por la Sierra de Tramuntana, Port de S\u00f3ller es uno de los puertos m\u00e1s pintorescos de Mallorca. Su bah\u00eda protegida ofrece un entorno id\u00edlico para los yates, con un hermoso paseo mar\u00edtimo lleno de restaurantes y boutiques.\n\nDesde aqu\u00ed podr\u00e1 tomar el hist\u00f3rico tranv\u00eda hasta el pueblo de S\u00f3ller o adentrarse en la monta\u00f1a para disfrutar de vistas panor\u00e1micas y rutas naturales inolvidables.<\/p>\t\t\t\t\t\t\t\t<\/div>\n\t\t\t\t<\/div>\n\t\t\t\t\t<\/div>\n\t\t\t\t<\/div>\n\t\t<div class=\"elementor-element elementor-element-62094ee6 e-con-full e-flex e-con e-child\" data-id=\"62094ee6\" data-element_type=\"container\" data-e-type=\"container\">\n\t\t\t\t<div class=\"elementor-element elementor-element-d00f617 elementor-widget elementor-widget-image\" data-id=\"d00f617\" data-element_type=\"widget\" data-e-type=\"widget\" data-widget_type=\"image.default\">\n\t\t\t\t<div class=\"elementor-widget-container\">\n\t\t\t\t\t\t\t\t\t\t\t\t\t\t\t<img loading=\"lazy\" decoding=\"async\" width=\"1920\" height=\"1280\" src=\"https:\/\/select-agency.world\/wp-content\/uploads\/2025\/03\/es-trenc-mallorca.webp\" class=\"attachment-full size-full wp-image-23231\" alt=\"Beach of Es Trenc in Mallorca.\" srcset=\"https:\/\/select-agency.world\/wp-content\/uploads\/2025\/03\/es-trenc-mallorca.webp 1920w, https:\/\/select-agency.world\/wp-content\/uploads\/2025\/03\/es-trenc-mallorca-300x200.webp 300w, https:\/\/select-agency.world\/wp-content\/uploads\/2025\/03\/es-trenc-mallorca-1024x683.webp 1024w, https:\/\/select-agency.world\/wp-content\/uploads\/2025\/03\/es-trenc-mallorca-768x512.webp 768w, https:\/\/select-agency.world\/wp-content\/uploads\/2025\/03\/es-trenc-mallorca-1536x1024.webp 1536w, https:\/\/select-agency.world\/wp-content\/uploads\/2025\/03\/es-trenc-mallorca-18x12.webp 18w, https:\/\/select-agency.world\/wp-content\/uploads\/2025\/03\/es-trenc-mallorca-900x600.webp 900w, https:\/\/select-agency.world\/wp-content\/uploads\/2025\/03\/es-trenc-mallorca-496x331.webp 496w\" sizes=\"auto, (max-width: 1920px) 100vw, 1920px\" \/>\t\t\t\t\t\t\t\t\t\t\t\t\t\t\t<\/div>\n\t\t\t\t<\/div>\n\t\t\t\t<div class=\"elementor-element elementor-element-d49ce18 animated-fast elementor-invisible elementor-widget elementor-widget-heading\" data-id=\"d49ce18\" data-element_type=\"widget\" data-e-type=\"widget\" data-settings=\"{&quot;_animation&quot;:&quot;fadeInUp&quot;}\" data-widget_type=\"heading.default\">\n\t\t\t\t<div class=\"elementor-widget-container\">\n\t\t\t\t\t<h3 class=\"elementor-heading-title elementor-size-default\">Es Trenc \u2013 Un para\u00edso natural para los deportes acu\u00e1ticos<\/h3>\t\t\t\t<\/div>\n\t\t\t\t<\/div>\n\t\t\t\t<div class=\"elementor-element elementor-element-1281fa7 elementor-widget__width-initial elementor-widget elementor-widget-text-editor\" data-id=\"1281fa7\" data-element_type=\"widget\" data-e-type=\"widget\" data-widget_type=\"text-editor.default\">\n\t\t\t\t<div class=\"elementor-widget-container\">\n\t\t\t\t\t\t\t\t\t<p data-pm-slice=\"1 1 []\">Famosa por su extensa franja de arena blanca y sus aguas turquesas poco profundas, Es Trenc es frecuentemente comparada con el Caribe. Esta playa virgen es perfecta para practicar deportes acu\u00e1ticos como paddle surf, snorkel y eFoil.\n\nSus aguas cristalinas y su ambiente tranquilo la convierten en uno de los mejores lugares para fondear y disfrutar de un d\u00eda de diversi\u00f3n y descanso.<\/p>\t\t\t\t\t\t\t\t<\/div>\n\t\t\t\t<\/div>\n\t\t\t\t<\/div>\n\t\t\t\t\t<\/div>\n\t\t\t\t<\/div>\n\t\t<div class=\"elementor-element elementor-element-39be3f9 e-flex e-con-boxed elementor-invisible e-con e-parent\" data-id=\"39be3f9\" data-element_type=\"container\" data-e-type=\"container\" data-settings=\"{&quot;background_background&quot;:&quot;classic&quot;,&quot;animation&quot;:&quot;fadeIn&quot;}\">\n\t\t\t\t\t<div class=\"e-con-inner\">\n\t\t<div class=\"elementor-element elementor-element-4e3105c e-flex e-con-boxed e-con e-child\" data-id=\"4e3105c\" data-element_type=\"container\" data-e-type=\"container\">\n\t\t\t\t\t<div class=\"e-con-inner\">\n\t\t\t\t<div class=\"elementor-element elementor-element-2d10948 elementor-widget elementor-widget-image\" data-id=\"2d10948\" data-element_type=\"widget\" data-e-type=\"widget\" data-widget_type=\"image.default\">\n\t\t\t\t<div class=\"elementor-widget-container\">\n\t\t\t\t\t\t\t\t\t\t\t\t\t\t\t<img loading=\"lazy\" decoding=\"async\" width=\"1920\" height=\"1280\" src=\"https:\/\/select-agency.world\/wp-content\/uploads\/2025\/03\/cabrera-island.webp\" class=\"attachment-full size-full wp-image-23232\" alt=\"Cabrera national park.\" srcset=\"https:\/\/select-agency.world\/wp-content\/uploads\/2025\/03\/cabrera-island.webp 1920w, https:\/\/select-agency.world\/wp-content\/uploads\/2025\/03\/cabrera-island-300x200.webp 300w, https:\/\/select-agency.world\/wp-content\/uploads\/2025\/03\/cabrera-island-1024x683.webp 1024w, https:\/\/select-agency.world\/wp-content\/uploads\/2025\/03\/cabrera-island-768x512.webp 768w, https:\/\/select-agency.world\/wp-content\/uploads\/2025\/03\/cabrera-island-1536x1024.webp 1536w, https:\/\/select-agency.world\/wp-content\/uploads\/2025\/03\/cabrera-island-18x12.webp 18w, https:\/\/select-agency.world\/wp-content\/uploads\/2025\/03\/cabrera-island-900x600.webp 900w, https:\/\/select-agency.world\/wp-content\/uploads\/2025\/03\/cabrera-island-496x331.webp 496w\" sizes=\"auto, (max-width: 1920px) 100vw, 1920px\" \/>\t\t\t\t\t\t\t\t\t\t\t\t\t\t\t<\/div>\n\t\t\t\t<\/div>\n\t\t\t\t<div class=\"elementor-element elementor-element-aa44e36 animated-fast elementor-invisible elementor-widget elementor-widget-heading\" data-id=\"aa44e36\" data-element_type=\"widget\" data-e-type=\"widget\" data-settings=\"{&quot;_animation&quot;:&quot;fadeInUp&quot;}\" data-widget_type=\"heading.default\">\n\t\t\t\t<div class=\"elementor-widget-container\">\n\t\t\t\t\t<h3 class=\"elementor-heading-title elementor-size-default\">Cabrera \u2013 Un parque nacional aislado para la m\u00e1xima desconexi\u00f3n<\/h3>\t\t\t\t<\/div>\n\t\t\t\t<\/div>\n\t\t\t\t<div class=\"elementor-element elementor-element-304a81f elementor-widget__width-initial elementor-widget elementor-widget-text-editor\" data-id=\"304a81f\" data-element_type=\"widget\" data-e-type=\"widget\" data-widget_type=\"text-editor.default\">\n\t\t\t\t<div class=\"elementor-widget-container\">\n\t\t\t\t\t\t\t\t\t<p data-pm-slice=\"1 1 []\">El Archipi\u00e9lago de Cabrera, parque nacional protegido, es uno de los destinos n\u00e1uticos m\u00e1s exclusivos y serenos de Mallorca. Sin establecimientos comerciales, ofrece un refugio verdaderamente tranquilo donde podr\u00e1 disfrutar de la naturaleza y explorar sitios hist\u00f3ricos como su castillo del siglo XIV.\n\nDado que no est\u00e1 permitido fondear libremente, los yates deben reservar una boya con antelaci\u00f3n para permanecer dentro del parque. Al estar tambi\u00e9n prohibidos los deportes acu\u00e1ticos, es una parada ideal para disfrutar de una experiencia gastron\u00f3mica a bordo en un entorno de absoluta calma.<\/p>\t\t\t\t\t\t\t\t<\/div>\n\t\t\t\t<\/div>\n\t\t\t\t\t<\/div>\n\t\t\t\t<\/div>\n\t\t<div class=\"elementor-element elementor-element-169d16d e-flex e-con-boxed e-con e-child\" data-id=\"169d16d\" data-element_type=\"container\" data-e-type=\"container\">\n\t\t\t\t\t<div class=\"e-con-inner\">\n\t\t\t\t<div class=\"elementor-element elementor-element-6e2da14 elementor-widget elementor-widget-image\" data-id=\"6e2da14\" data-element_type=\"widget\" data-e-type=\"widget\" data-widget_type=\"image.default\">\n\t\t\t\t<div class=\"elementor-widget-container\">\n\t\t\t\t\t\t\t\t\t\t\t\t\t\t\t<img loading=\"lazy\" decoding=\"async\" width=\"1920\" height=\"1280\" src=\"https:\/\/select-agency.world\/wp-content\/uploads\/2025\/03\/cala-dor-mallorca.webp\" class=\"attachment-full size-full wp-image-23233\" alt=\"Cala d&#039;Or in Mallorca.\" srcset=\"https:\/\/select-agency.world\/wp-content\/uploads\/2025\/03\/cala-dor-mallorca.webp 1920w, https:\/\/select-agency.world\/wp-content\/uploads\/2025\/03\/cala-dor-mallorca-300x200.webp 300w, https:\/\/select-agency.world\/wp-content\/uploads\/2025\/03\/cala-dor-mallorca-1024x683.webp 1024w, https:\/\/select-agency.world\/wp-content\/uploads\/2025\/03\/cala-dor-mallorca-768x512.webp 768w, https:\/\/select-agency.world\/wp-content\/uploads\/2025\/03\/cala-dor-mallorca-1536x1024.webp 1536w, https:\/\/select-agency.world\/wp-content\/uploads\/2025\/03\/cala-dor-mallorca-18x12.webp 18w, https:\/\/select-agency.world\/wp-content\/uploads\/2025\/03\/cala-dor-mallorca-900x600.webp 900w, https:\/\/select-agency.world\/wp-content\/uploads\/2025\/03\/cala-dor-mallorca-496x331.webp 496w\" sizes=\"auto, (max-width: 1920px) 100vw, 1920px\" \/>\t\t\t\t\t\t\t\t\t\t\t\t\t\t\t<\/div>\n\t\t\t\t<\/div>\n\t\t\t\t<div class=\"elementor-element elementor-element-a81198a animated-fast elementor-invisible elementor-widget elementor-widget-heading\" data-id=\"a81198a\" data-element_type=\"widget\" data-e-type=\"widget\" data-settings=\"{&quot;_animation&quot;:&quot;fadeInUp&quot;}\" data-widget_type=\"heading.default\">\n\t\t\t\t<div class=\"elementor-widget-container\">\n\t\t\t\t\t<h3 class=\"elementor-heading-title elementor-size-default\">Cala d\u2019Or \u2013 Elegantes marinas y calas escondidas<\/h3>\t\t\t\t<\/div>\n\t\t\t\t<\/div>\n\t\t\t\t<div class=\"elementor-element elementor-element-d066c05 elementor-widget__width-initial elementor-widget elementor-widget-text-editor\" data-id=\"d066c05\" data-element_type=\"widget\" data-e-type=\"widget\" data-widget_type=\"text-editor.default\">\n\t\t\t\t<div class=\"elementor-widget-container\">\n\t\t\t\t\t\t\t\t\t<p data-pm-slice=\"1 1 []\">Situada en la costa este de Mallorca, Cala d\u2019Or es conocida por su elegante marina, restaurantes exclusivos y hermosas calas de aguas turquesas. La zona cuenta con m\u00faltiples peque\u00f1as bah\u00edas que ofrecen fondeos protegidos con paisajes impresionantes.\n\nCon su combinaci\u00f3n de lujo y belleza natural, Cala d\u2019Or es una parada imprescindible para quienes buscan un ambiente exclusivo pero animado.<\/p>\t\t\t\t\t\t\t\t<\/div>\n\t\t\t\t<\/div>\n\t\t\t\t\t<\/div>\n\t\t\t\t<\/div>\n\t\t<div class=\"elementor-element elementor-element-1525fd7 e-con-full e-flex e-con e-child\" data-id=\"1525fd7\" data-element_type=\"container\" data-e-type=\"container\">\n\t\t\t\t<div class=\"elementor-element elementor-element-f2cee76 elementor-widget elementor-widget-image\" data-id=\"f2cee76\" data-element_type=\"widget\" data-e-type=\"widget\" data-widget_type=\"image.default\">\n\t\t\t\t<div class=\"elementor-widget-container\">\n\t\t\t\t\t\t\t\t\t\t\t\t\t\t\t<img loading=\"lazy\" decoding=\"async\" width=\"1920\" height=\"1280\" src=\"https:\/\/select-agency.world\/wp-content\/uploads\/2025\/03\/sa-calobra-mallorca.webp\" class=\"attachment-full size-full wp-image-23230\" alt=\"Sa Calobra in Mallorca.\" srcset=\"https:\/\/select-agency.world\/wp-content\/uploads\/2025\/03\/sa-calobra-mallorca.webp 1920w, https:\/\/select-agency.world\/wp-content\/uploads\/2025\/03\/sa-calobra-mallorca-300x200.webp 300w, https:\/\/select-agency.world\/wp-content\/uploads\/2025\/03\/sa-calobra-mallorca-1024x683.webp 1024w, https:\/\/select-agency.world\/wp-content\/uploads\/2025\/03\/sa-calobra-mallorca-768x512.webp 768w, https:\/\/select-agency.world\/wp-content\/uploads\/2025\/03\/sa-calobra-mallorca-1536x1024.webp 1536w, https:\/\/select-agency.world\/wp-content\/uploads\/2025\/03\/sa-calobra-mallorca-18x12.webp 18w, https:\/\/select-agency.world\/wp-content\/uploads\/2025\/03\/sa-calobra-mallorca-900x600.webp 900w, https:\/\/select-agency.world\/wp-content\/uploads\/2025\/03\/sa-calobra-mallorca-496x331.webp 496w\" sizes=\"auto, (max-width: 1920px) 100vw, 1920px\" \/>\t\t\t\t\t\t\t\t\t\t\t\t\t\t\t<\/div>\n\t\t\t\t<\/div>\n\t\t\t\t<div class=\"elementor-element elementor-element-227800e animated-fast elementor-invisible elementor-widget elementor-widget-heading\" data-id=\"227800e\" data-element_type=\"widget\" data-e-type=\"widget\" data-settings=\"{&quot;_animation&quot;:&quot;fadeInUp&quot;}\" data-widget_type=\"heading.default\">\n\t\t\t\t<div class=\"elementor-widget-container\">\n\t\t\t\t\t<h3 class=\"elementor-heading-title elementor-size-default\">Sa Calobra &amp; Torrent de Pareis \u2013 Un espectacular paraje costero<\/h3>\t\t\t\t<\/div>\n\t\t\t\t<\/div>\n\t\t\t\t<div class=\"elementor-element elementor-element-f96c08c elementor-widget__width-initial elementor-widget elementor-widget-text-editor\" data-id=\"f96c08c\" data-element_type=\"widget\" data-e-type=\"widget\" data-widget_type=\"text-editor.default\">\n\t\t\t\t<div class=\"elementor-widget-container\">\n\t\t\t\t\t\t\t\t\t<p data-pm-slice=\"1 1 []\">Uno de los tesoros naturales m\u00e1s ic\u00f3nicos de Mallorca, Sa Calobra y el Torrent de Pareis ofrecen un fondeo espectacular rodeado de imponentes acantilados.\n\nEl impresionante contraste entre las aguas azul profundo y las formaciones rocosas escarpadas convierte este lugar en una visita obligada en cualquier itinerario de ch\u00e1rter. Es perfecto para nadar, explorar cuevas y admirar uno de los paisajes m\u00e1s impresionantes del Mediterr\u00e1neo.<\/p>\t\t\t\t\t\t\t\t<\/div>\n\t\t\t\t<\/div>\n\t\t\t\t<\/div>\n\t\t\t\t\t<\/div>\n\t\t\t\t<\/div>\n\t\t<div class=\"elementor-element elementor-element-3b831002 e-flex e-con-boxed e-con e-parent\" data-id=\"3b831002\" data-element_type=\"container\" data-e-type=\"container\" data-settings=\"{&quot;background_background&quot;:&quot;classic&quot;}\">\n\t\t\t\t\t<div class=\"e-con-inner\">\n\t\t<div class=\"elementor-element elementor-element-17444cd4 e-con-full e-flex e-con e-child\" data-id=\"17444cd4\" data-element_type=\"container\" data-e-type=\"container\" data-settings=\"{&quot;background_background&quot;:&quot;classic&quot;}\">\n\t\t\t\t<div class=\"elementor-element elementor-element-7c5b7f51 elementor-widget elementor-widget-image\" data-id=\"7c5b7f51\" data-element_type=\"widget\" data-e-type=\"widget\" data-widget_type=\"image.default\">\n\t\t\t\t<div class=\"elementor-widget-container\">\n\t\t\t\t\t\t\t\t\t\t\t\t\t\t\t<img loading=\"lazy\" decoding=\"async\" width=\"1920\" height=\"1280\" src=\"https:\/\/select-agency.world\/wp-content\/uploads\/2025\/03\/tesoro-t50-speciale-goldfinger-cruising.webp\" class=\"attachment-full size-full wp-image-22953\" alt=\"Charter yacht Tesoro T50 Speciale Goldfinger.\" srcset=\"https:\/\/select-agency.world\/wp-content\/uploads\/2025\/03\/tesoro-t50-speciale-goldfinger-cruising.webp 1920w, https:\/\/select-agency.world\/wp-content\/uploads\/2025\/03\/tesoro-t50-speciale-goldfinger-cruising-300x200.webp 300w, https:\/\/select-agency.world\/wp-content\/uploads\/2025\/03\/tesoro-t50-speciale-goldfinger-cruising-1024x683.webp 1024w, https:\/\/select-agency.world\/wp-content\/uploads\/2025\/03\/tesoro-t50-speciale-goldfinger-cruising-768x512.webp 768w, https:\/\/select-agency.world\/wp-content\/uploads\/2025\/03\/tesoro-t50-speciale-goldfinger-cruising-1536x1024.webp 1536w, https:\/\/select-agency.world\/wp-content\/uploads\/2025\/03\/tesoro-t50-speciale-goldfinger-cruising-18x12.webp 18w, https:\/\/select-agency.world\/wp-content\/uploads\/2025\/03\/tesoro-t50-speciale-goldfinger-cruising-900x600.webp 900w, https:\/\/select-agency.world\/wp-content\/uploads\/2025\/03\/tesoro-t50-speciale-goldfinger-cruising-496x331.webp 496w\" sizes=\"auto, (max-width: 1920px) 100vw, 1920px\" \/>\t\t\t\t\t\t\t\t\t\t\t\t\t\t\t<\/div>\n\t\t\t\t<\/div>\n\t\t\t\t<\/div>\n\t\t<div class=\"elementor-element elementor-element-592193d9 e-con-full e-flex e-con e-child\" data-id=\"592193d9\" data-element_type=\"container\" data-e-type=\"container\">\n\t\t\t\t<div class=\"elementor-element elementor-element-72241279 elementor-widget elementor-widget-heading\" data-id=\"72241279\" data-element_type=\"widget\" data-e-type=\"widget\" data-widget_type=\"heading.default\">\n\t\t\t\t<div class=\"elementor-widget-container\">\n\t\t\t\t\t<h4 class=\"elementor-heading-title elementor-size-default\">Reserve su Ch\u00e1rter de Yate en Mallorca<\/h4>\t\t\t\t<\/div>\n\t\t\t\t<\/div>\n\t\t\t\t<div class=\"elementor-element elementor-element-1de2eac9 elementor-widget elementor-widget-text-editor\" data-id=\"1de2eac9\" data-element_type=\"widget\" data-e-type=\"widget\" data-widget_type=\"text-editor.default\">\n\t\t\t\t<div class=\"elementor-widget-container\">\n\t\t\t\t\t\t\t\t\t<p data-pm-slice=\"1 1 []\">\u00bfListo para descubrir la espectacular costa de Mallorca a bordo de un yate privado? Cont\u00e1ctenos hoy mismo para personalizar su experiencia de ch\u00e1rter.\n\nYa sea que busque una escapada de un d\u00eda o una aventura de varios d\u00edas, dise\u00f1aremos su itinerario para garantizar un viaje verdaderamente inolvidable. <a href=\"https:\/\/select-agency.world\/es\/contact\/\">Env\u00edenos un mensaje<\/a> o <a href=\"tel:0034621218994\">ll\u00e1menos<\/a>\u00a0para comenzar a planificar su ch\u00e1rter de lujo en Mallorca.<\/p>\t\t\t\t\t\t\t\t<\/div>\n\t\t\t\t<\/div>\n\t\t\t\t<div class=\"elementor-element elementor-element-4be90c93 elementor-align-justify elementor-mobile-align-center elementor-invisible elementor-widget elementor-widget-button\" data-id=\"4be90c93\" data-element_type=\"widget\" data-e-type=\"widget\" data-settings=\"{&quot;_animation&quot;:&quot;fadeIn&quot;}\" data-widget_type=\"button.default\">\n\t\t\t\t<div class=\"elementor-widget-container\">\n\t\t\t\t\t\t\t\t\t<div class=\"elementor-button-wrapper\">\n\t\t\t\t\t<a class=\"elementor-button elementor-button-link elementor-size-sm elementor-animation-grow\" href=\"https:\/\/select-agency.world\/es\/contact\/\">\n\t\t\t\t\t\t<span class=\"elementor-button-content-wrapper\">\n\t\t\t\t\t\t\t\t\t<span class=\"elementor-button-text\">CONT\u00c1CTENOS<\/span>\n\t\t\t\t\t<\/span>\n\t\t\t\t\t<\/a>\n\t\t\t\t<\/div>\n\t\t\t\t\t\t\t\t<\/div>\n\t\t\t\t<\/div>\n\t\t\t\t<\/div>\n\t\t\t\t\t<\/div>\n\t\t\t\t<\/div>\n\t\t\t\t<\/div>","protected":false},"excerpt":{"rendered":"<p>Mallorca Mallorca Yacht Charter \u2013 Explore the Island\u2019s Most Stunning Destinations Mallorca, the largest island of the Balearics, is a premier destination for luxury yacht charters. With its diverse coastline, crystal-clear waters, and world-class yachting facilities, Mallorca offers an unmatched sailing experience. From secluded bays and pristine beaches to vibrant harbors and exclusive beach clubs, [&hellip;]<\/p>\n","protected":false},"author":1,"featured_media":23235,"parent":23167,"menu_order":0,"comment_status":"closed","ping_status":"closed","template":"template\/template-homepage.php","meta":{"footnotes":""},"class_list":["post-23216","page","type-page","status-publish","has-post-thumbnail","hentry"],"aioseo_notices":[],"_links":{"self":[{"href":"https:\/\/select-agency.world\/es\/wp-json\/wp\/v2\/pages\/23216","targetHints":{"allow":["GET"]}}],"collection":[{"href":"https:\/\/select-agency.world\/es\/wp-json\/wp\/v2\/pages"}],"about":[{"href":"https:\/\/select-agency.world\/es\/wp-json\/wp\/v2\/types\/page"}],"author":[{"embeddable":true,"href":"https:\/\/select-agency.world\/es\/wp-json\/wp\/v2\/users\/1"}],"replies":[{"embeddable":true,"href":"https:\/\/select-agency.world\/es\/wp-json\/wp\/v2\/comments?post=23216"}],"version-history":[{"count":0,"href":"https:\/\/select-agency.world\/es\/wp-json\/wp\/v2\/pages\/23216\/revisions"}],"up":[{"embeddable":true,"href":"https:\/\/select-agency.world\/es\/wp-json\/wp\/v2\/pages\/23167"}],"wp:featuredmedia":[{"embeddable":true,"href":"https:\/\/select-agency.world\/es\/wp-json\/wp\/v2\/media\/23235"}],"wp:attachment":[{"href":"https:\/\/select-agency.world\/es\/wp-json\/wp\/v2\/media?parent=23216"}],"curies":[{"name":"wp","href":"https:\/\/api.w.org\/{rel}","templated":true}]}}