{"id":23266,"date":"2025-03-18T14:28:58","date_gmt":"2025-03-18T13:28:58","guid":{"rendered":"https:\/\/select-agency.world\/?page_id=23266"},"modified":"2026-03-31T10:45:47","modified_gmt":"2026-03-31T09:45:47","slug":"ibiza","status":"publish","type":"page","link":"https:\/\/select-agency.world\/es\/yachting\/balearic-islands\/ibiza\/","title":{"rendered":"Ibiza"},"content":{"rendered":"<div data-elementor-type=\"wp-page\" data-elementor-id=\"23266\" class=\"elementor elementor-23266\">\n\t\t\t\t<div class=\"elementor-element elementor-element-6395f2e animated-slow e-flex e-con-boxed elementor-invisible e-con e-parent\" data-id=\"6395f2e\" data-element_type=\"container\" data-e-type=\"container\" data-settings=\"{&quot;background_background&quot;:&quot;classic&quot;,&quot;animation&quot;:&quot;fadeIn&quot;}\">\n\t\t\t\t\t<div class=\"e-con-inner\">\n\t\t<div class=\"elementor-element elementor-element-98e4146 e-con-full e-flex e-con e-child\" data-id=\"98e4146\" data-element_type=\"container\" data-e-type=\"container\">\n\t\t\t\t<div class=\"elementor-element elementor-element-03c051f elementor-invisible elementor-widget elementor-widget-heading\" data-id=\"03c051f\" data-element_type=\"widget\" data-e-type=\"widget\" data-settings=\"{&quot;_animation&quot;:&quot;fadeInDown&quot;}\" data-widget_type=\"heading.default\">\n\t\t\t\t<div class=\"elementor-widget-container\">\n\t\t\t\t\t<h1 class=\"elementor-heading-title elementor-size-default\">Ibiza<\/h1>\t\t\t\t<\/div>\n\t\t\t\t<\/div>\n\t\t\t\t<\/div>\n\t\t\t\t\t<\/div>\n\t\t\t\t<\/div>\n\t\t<div class=\"elementor-element elementor-element-0b01e4b e-flex e-con-boxed e-con e-parent\" data-id=\"0b01e4b\" data-element_type=\"container\" data-e-type=\"container\" data-settings=\"{&quot;background_background&quot;:&quot;classic&quot;}\">\n\t\t\t\t\t<div class=\"e-con-inner\">\n\t\t\t\t<div class=\"elementor-element elementor-element-66ecd76 elementor-widget elementor-widget-spacer\" data-id=\"66ecd76\" data-element_type=\"widget\" data-e-type=\"widget\" data-widget_type=\"spacer.default\">\n\t\t\t\t<div class=\"elementor-widget-container\">\n\t\t\t\t\t\t\t<div class=\"elementor-spacer\">\n\t\t\t<div class=\"elementor-spacer-inner\"><\/div>\n\t\t<\/div>\n\t\t\t\t\t\t<\/div>\n\t\t\t\t<\/div>\n\t\t\t\t\t<\/div>\n\t\t\t\t<\/div>\n\t\t<div class=\"elementor-element elementor-element-63e58f0 e-flex e-con-boxed e-con e-parent\" data-id=\"63e58f0\" data-element_type=\"container\" data-e-type=\"container\" data-settings=\"{&quot;background_background&quot;:&quot;classic&quot;}\">\n\t\t\t\t\t<div class=\"e-con-inner\">\n\t\t<div class=\"elementor-element elementor-element-9809921 e-con-full e-flex e-con e-child\" data-id=\"9809921\" data-element_type=\"container\" data-e-type=\"container\">\n\t\t\t\t<div class=\"elementor-element elementor-element-77748ce elementor-invisible elementor-widget elementor-widget-heading\" data-id=\"77748ce\" data-element_type=\"widget\" data-e-type=\"widget\" data-settings=\"{&quot;_animation&quot;:&quot;fadeInLeft&quot;}\" data-widget_type=\"heading.default\">\n\t\t\t\t<div class=\"elementor-widget-container\">\n\t\t\t\t\t<h2 class=\"elementor-heading-title elementor-size-default\">Ch\u00e1rter de Yate en Ibiza \u2013 Descubra los ic\u00f3nicos tesoros costeros de la isla<\/h2>\t\t\t\t<\/div>\n\t\t\t\t<\/div>\n\t\t\t\t<div class=\"elementor-element elementor-element-6ae15fb6 elementor-invisible elementor-widget elementor-widget-text-editor\" data-id=\"6ae15fb6\" data-element_type=\"widget\" data-e-type=\"widget\" data-settings=\"{&quot;_animation&quot;:&quot;fadeInLeft&quot;}\" data-widget_type=\"text-editor.default\">\n\t\t\t\t<div class=\"elementor-widget-container\">\n\t\t\t\t\t\t\t\t\t<p data-pm-slice=\"1 1 []\">Ibiza es famosa por sus exclusivos beach clubs, su legendaria vida nocturna y su impresionante belleza natural, convirti\u00e9ndose en un destino de primer nivel para el <strong><a href=\"https:\/\/select-agency.world\/es\/yachting\/charter-yachts\/\" target=\"_blank\" rel=\"noopener\">alquiler de yates de lujo<\/a><\/strong>M\u00e1s all\u00e1 de su vibrante ambiente festivo, la isla presume de aguas cristalinas, calas escondidas y paisajes costeros espectaculares que solo pueden apreciarse plenamente desde la cubierta de un yate privado. Ya sea que busque animados puntos de encuentro, fondeos tranquilos o una escapada hacia la cercana <strong><a href=\"https:\/\/select-agency.world\/es\/yachting\/balearic-islands\/formentera\/\" target=\"_blank\" rel=\"noopener\">Formentera<\/a><\/strong>, un ch\u00e1rter de yate en Ibiza ofrece la combinaci\u00f3n perfecta de exclusividad y aventura.<\/p>\t\t\t\t\t\t\t\t<\/div>\n\t\t\t\t<\/div>\n\t\t\t\t<div class=\"elementor-element elementor-element-58cec9e elementor-mobile-align-center elementor-invisible elementor-widget elementor-widget-button\" data-id=\"58cec9e\" data-element_type=\"widget\" data-e-type=\"widget\" data-settings=\"{&quot;_animation&quot;:&quot;fadeIn&quot;}\" data-widget_type=\"button.default\">\n\t\t\t\t<div class=\"elementor-widget-container\">\n\t\t\t\t\t\t\t\t\t<div class=\"elementor-button-wrapper\">\n\t\t\t\t\t<a class=\"elementor-button elementor-button-link elementor-size-sm elementor-animation-grow\" href=\"https:\/\/select-agency.world\/es\/contact\/\">\n\t\t\t\t\t\t<span class=\"elementor-button-content-wrapper\">\n\t\t\t\t\t\t\t\t\t<span class=\"elementor-button-text\">Alquile su yate en Ibiza ahora<\/span>\n\t\t\t\t\t<\/span>\n\t\t\t\t\t<\/a>\n\t\t\t\t<\/div>\n\t\t\t\t\t\t\t\t<\/div>\n\t\t\t\t<\/div>\n\t\t\t\t<\/div>\n\t\t<div class=\"elementor-element elementor-element-cd9ba8f e-con-full e-flex e-con e-child\" data-id=\"cd9ba8f\" data-element_type=\"container\" data-e-type=\"container\">\n\t\t\t\t<div class=\"elementor-element elementor-element-449c7107 elementor-invisible elementor-widget elementor-widget-image\" data-id=\"449c7107\" data-element_type=\"widget\" data-e-type=\"widget\" data-settings=\"{&quot;_animation&quot;:&quot;fadeInRight&quot;}\" data-widget_type=\"image.default\">\n\t\t\t\t<div class=\"elementor-widget-container\">\n\t\t\t\t\t\t\t\t\t\t\t\t\t\t\t<img loading=\"lazy\" decoding=\"async\" width=\"2560\" height=\"1707\" src=\"https:\/\/select-agency.world\/wp-content\/uploads\/2024\/12\/ibiza-old-town-scaled.jpg\" class=\"attachment-full size-full wp-image-19449\" alt=\"Ibiza old town.\" srcset=\"https:\/\/select-agency.world\/wp-content\/uploads\/2024\/12\/ibiza-old-town-scaled.jpg 2560w, https:\/\/select-agency.world\/wp-content\/uploads\/2024\/12\/ibiza-old-town-300x200.jpg 300w, https:\/\/select-agency.world\/wp-content\/uploads\/2024\/12\/ibiza-old-town-1024x683.jpg 1024w, https:\/\/select-agency.world\/wp-content\/uploads\/2024\/12\/ibiza-old-town-768x512.jpg 768w, https:\/\/select-agency.world\/wp-content\/uploads\/2024\/12\/ibiza-old-town-1536x1024.jpg 1536w, https:\/\/select-agency.world\/wp-content\/uploads\/2024\/12\/ibiza-old-town-2048x1365.jpg 2048w, https:\/\/select-agency.world\/wp-content\/uploads\/2024\/12\/ibiza-old-town-900x600.jpg 900w, https:\/\/select-agency.world\/wp-content\/uploads\/2024\/12\/ibiza-old-town-496x331.jpg 496w\" sizes=\"auto, (max-width: 2560px) 100vw, 2560px\" \/>\t\t\t\t\t\t\t\t\t\t\t\t\t\t\t<\/div>\n\t\t\t\t<\/div>\n\t\t\t\t<\/div>\n\t\t\t\t\t<\/div>\n\t\t\t\t<\/div>\n\t\t<div class=\"elementor-element elementor-element-452b3d83 e-flex e-con-boxed elementor-invisible e-con e-parent\" data-id=\"452b3d83\" data-element_type=\"container\" data-e-type=\"container\" data-settings=\"{&quot;background_background&quot;:&quot;classic&quot;,&quot;animation&quot;:&quot;fadeIn&quot;}\">\n\t\t\t\t\t<div class=\"e-con-inner\">\n\t\t<div class=\"elementor-element elementor-element-3175a77d e-flex e-con-boxed e-con e-child\" data-id=\"3175a77d\" data-element_type=\"container\" data-e-type=\"container\">\n\t\t\t\t\t<div class=\"e-con-inner\">\n\t\t\t\t<div class=\"elementor-element elementor-element-28e224a3 elementor-widget elementor-widget-image\" data-id=\"28e224a3\" data-element_type=\"widget\" data-e-type=\"widget\" data-widget_type=\"image.default\">\n\t\t\t\t<div class=\"elementor-widget-container\">\n\t\t\t\t\t\t\t\t\t\t\t\t\t\t\t<img loading=\"lazy\" decoding=\"async\" width=\"1920\" height=\"1280\" src=\"https:\/\/select-agency.world\/wp-content\/uploads\/2025\/03\/cala-conta-ibiza.webp\" class=\"attachment-full size-full wp-image-23268\" alt=\"Cana Conta in Ibiza.\" srcset=\"https:\/\/select-agency.world\/wp-content\/uploads\/2025\/03\/cala-conta-ibiza.webp 1920w, https:\/\/select-agency.world\/wp-content\/uploads\/2025\/03\/cala-conta-ibiza-300x200.webp 300w, https:\/\/select-agency.world\/wp-content\/uploads\/2025\/03\/cala-conta-ibiza-1024x683.webp 1024w, https:\/\/select-agency.world\/wp-content\/uploads\/2025\/03\/cala-conta-ibiza-768x512.webp 768w, https:\/\/select-agency.world\/wp-content\/uploads\/2025\/03\/cala-conta-ibiza-1536x1024.webp 1536w, https:\/\/select-agency.world\/wp-content\/uploads\/2025\/03\/cala-conta-ibiza-18x12.webp 18w, https:\/\/select-agency.world\/wp-content\/uploads\/2025\/03\/cala-conta-ibiza-900x600.webp 900w, https:\/\/select-agency.world\/wp-content\/uploads\/2025\/03\/cala-conta-ibiza-496x331.webp 496w\" sizes=\"auto, (max-width: 1920px) 100vw, 1920px\" \/>\t\t\t\t\t\t\t\t\t\t\t\t\t\t\t<\/div>\n\t\t\t\t<\/div>\n\t\t\t\t<div class=\"elementor-element elementor-element-e01a89e animated-fast elementor-invisible elementor-widget elementor-widget-heading\" data-id=\"e01a89e\" data-element_type=\"widget\" data-e-type=\"widget\" data-settings=\"{&quot;_animation&quot;:&quot;fadeInUp&quot;}\" data-widget_type=\"heading.default\">\n\t\t\t\t<div class=\"elementor-widget-container\">\n\t\t\t\t\t<h3 class=\"elementor-heading-title elementor-size-default\">Cala Conta \u2013 Un para\u00edso para los amantes de la playa<\/h3>\t\t\t\t<\/div>\n\t\t\t\t<\/div>\n\t\t\t\t<div class=\"elementor-element elementor-element-72cd002 elementor-widget__width-initial elementor-widget elementor-widget-text-editor\" data-id=\"72cd002\" data-element_type=\"widget\" data-e-type=\"widget\" data-widget_type=\"text-editor.default\">\n\t\t\t\t<div class=\"elementor-widget-container\">\n\t\t\t\t\t\t\t\t\t<p data-pm-slice=\"1 1 []\">Cala Conta es una de las playas m\u00e1s emblem\u00e1ticas de Ibiza, conocida por su arena dorada y sus aguas poco profundas de color turquesa. La zona ofrece impresionantes vistas al atardecer, convirti\u00e9ndola en un fondeo ideal para disfrutar de una tarde de ba\u00f1o y relax antes de dirigirse a un restaurante frente al mar para cenar.\n\nCon una combinaci\u00f3n de belleza natural y elegantes beach clubs, Cala Conta es una parada imprescindible en cualquier itinerario de ch\u00e1rter.<\/p>\t\t\t\t\t\t\t\t<\/div>\n\t\t\t\t<\/div>\n\t\t\t\t\t<\/div>\n\t\t\t\t<\/div>\n\t\t<div class=\"elementor-element elementor-element-2a8a2ec0 e-flex e-con-boxed e-con e-child\" data-id=\"2a8a2ec0\" data-element_type=\"container\" data-e-type=\"container\">\n\t\t\t\t\t<div class=\"e-con-inner\">\n\t\t\t\t<div class=\"elementor-element elementor-element-2c83fc1 elementor-widget elementor-widget-image\" data-id=\"2c83fc1\" data-element_type=\"widget\" data-e-type=\"widget\" data-widget_type=\"image.default\">\n\t\t\t\t<div class=\"elementor-widget-container\">\n\t\t\t\t\t\t\t\t\t\t\t\t\t\t\t<img loading=\"lazy\" decoding=\"async\" width=\"1920\" height=\"1280\" src=\"https:\/\/select-agency.world\/wp-content\/uploads\/2025\/03\/cala-bassa-ibiza.webp\" class=\"attachment-full size-full wp-image-23269\" alt=\"Cala Bassa in Ibiza.\" srcset=\"https:\/\/select-agency.world\/wp-content\/uploads\/2025\/03\/cala-bassa-ibiza.webp 1920w, https:\/\/select-agency.world\/wp-content\/uploads\/2025\/03\/cala-bassa-ibiza-300x200.webp 300w, https:\/\/select-agency.world\/wp-content\/uploads\/2025\/03\/cala-bassa-ibiza-1024x683.webp 1024w, https:\/\/select-agency.world\/wp-content\/uploads\/2025\/03\/cala-bassa-ibiza-768x512.webp 768w, https:\/\/select-agency.world\/wp-content\/uploads\/2025\/03\/cala-bassa-ibiza-1536x1024.webp 1536w, https:\/\/select-agency.world\/wp-content\/uploads\/2025\/03\/cala-bassa-ibiza-18x12.webp 18w, https:\/\/select-agency.world\/wp-content\/uploads\/2025\/03\/cala-bassa-ibiza-900x600.webp 900w, https:\/\/select-agency.world\/wp-content\/uploads\/2025\/03\/cala-bassa-ibiza-496x331.webp 496w\" sizes=\"auto, (max-width: 1920px) 100vw, 1920px\" \/>\t\t\t\t\t\t\t\t\t\t\t\t\t\t\t<\/div>\n\t\t\t\t<\/div>\n\t\t\t\t<div class=\"elementor-element elementor-element-a4fc6d4 animated-fast elementor-invisible elementor-widget elementor-widget-heading\" data-id=\"a4fc6d4\" data-element_type=\"widget\" data-e-type=\"widget\" data-settings=\"{&quot;_animation&quot;:&quot;fadeInUp&quot;}\" data-widget_type=\"heading.default\">\n\t\t\t\t<div class=\"elementor-widget-container\">\n\t\t\t\t\t<h3 class=\"elementor-heading-title elementor-size-default\">Cala Bassa \u2013 Arenas blancas y aguas cristalinas<\/h3>\t\t\t\t<\/div>\n\t\t\t\t<\/div>\n\t\t\t\t<div class=\"elementor-element elementor-element-e2d1516 elementor-widget__width-initial elementor-widget elementor-widget-text-editor\" data-id=\"e2d1516\" data-element_type=\"widget\" data-e-type=\"widget\" data-widget_type=\"text-editor.default\">\n\t\t\t\t<div class=\"elementor-widget-container\">\n\t\t\t\t\t\t\t\t\t<p data-pm-slice=\"1 1 []\">Situada en la costa oeste de Ibiza, Cala Bassa es una espectacular bah\u00eda de arena blanca y aguas transparentes, perfectas para practicar snorkel y paddle surf. El reconocido Cala Bassa Beach Club ofrece un ambiente elegante pero relajado, donde podr\u00e1 disfrutar de gastronom\u00eda de calidad y un servicio excelente con vistas al mar.\n\nSu ubicaci\u00f3n protegida la convierte en un excelente punto de fondeo para una escapada costera con estilo.<\/p>\t\t\t\t\t\t\t\t<\/div>\n\t\t\t\t<\/div>\n\t\t\t\t\t<\/div>\n\t\t\t\t<\/div>\n\t\t<div class=\"elementor-element elementor-element-62094ee6 e-con-full e-flex e-con e-child\" data-id=\"62094ee6\" data-element_type=\"container\" data-e-type=\"container\">\n\t\t\t\t<div class=\"elementor-element elementor-element-d00f617 elementor-widget elementor-widget-image\" data-id=\"d00f617\" data-element_type=\"widget\" data-e-type=\"widget\" data-widget_type=\"image.default\">\n\t\t\t\t<div class=\"elementor-widget-container\">\n\t\t\t\t\t\t\t\t\t\t\t\t\t\t\t<img loading=\"lazy\" decoding=\"async\" width=\"1920\" height=\"1280\" src=\"https:\/\/select-agency.world\/wp-content\/uploads\/2025\/03\/es-vedra-ibiza-1.webp\" class=\"attachment-full size-full wp-image-23270\" alt=\"Es Vedra in Ibiza.\" srcset=\"https:\/\/select-agency.world\/wp-content\/uploads\/2025\/03\/es-vedra-ibiza-1.webp 1920w, https:\/\/select-agency.world\/wp-content\/uploads\/2025\/03\/es-vedra-ibiza-1-300x200.webp 300w, https:\/\/select-agency.world\/wp-content\/uploads\/2025\/03\/es-vedra-ibiza-1-1024x683.webp 1024w, https:\/\/select-agency.world\/wp-content\/uploads\/2025\/03\/es-vedra-ibiza-1-768x512.webp 768w, https:\/\/select-agency.world\/wp-content\/uploads\/2025\/03\/es-vedra-ibiza-1-1536x1024.webp 1536w, https:\/\/select-agency.world\/wp-content\/uploads\/2025\/03\/es-vedra-ibiza-1-18x12.webp 18w, https:\/\/select-agency.world\/wp-content\/uploads\/2025\/03\/es-vedra-ibiza-1-900x600.webp 900w, https:\/\/select-agency.world\/wp-content\/uploads\/2025\/03\/es-vedra-ibiza-1-496x331.webp 496w\" sizes=\"auto, (max-width: 1920px) 100vw, 1920px\" \/>\t\t\t\t\t\t\t\t\t\t\t\t\t\t\t<\/div>\n\t\t\t\t<\/div>\n\t\t\t\t<div class=\"elementor-element elementor-element-d49ce18 animated-fast elementor-invisible elementor-widget elementor-widget-heading\" data-id=\"d49ce18\" data-element_type=\"widget\" data-e-type=\"widget\" data-settings=\"{&quot;_animation&quot;:&quot;fadeInUp&quot;}\" data-widget_type=\"heading.default\">\n\t\t\t\t<div class=\"elementor-widget-container\">\n\t\t\t\t\t<h3 class=\"elementor-heading-title elementor-size-default\">Es Vedr\u00e0 \u2013 La isla m\u00edstica<\/h3>\t\t\t\t<\/div>\n\t\t\t\t<\/div>\n\t\t\t\t<div class=\"elementor-element elementor-element-1281fa7 elementor-widget__width-initial elementor-widget elementor-widget-text-editor\" data-id=\"1281fa7\" data-element_type=\"widget\" data-e-type=\"widget\" data-widget_type=\"text-editor.default\">\n\t\t\t\t<div class=\"elementor-widget-container\">\n\t\t\t\t\t\t\t\t\t<p data-pm-slice=\"1 1 []\">Uno de los lugares m\u00e1s ic\u00f3nicos de Ibiza, Es Vedr\u00e0 es un impresionante islote de piedra caliza que se eleva dram\u00e1ticamente desde el mar. Rodeado de mitos y leyendas, este enclave m\u00e1gico es una visita imprescindible en cualquier ch\u00e1rter por Ibiza.\n\nLas aguas que lo rodean son perfectas para un ba\u00f1o tranquilo, mientras que el entorno ofrece un tel\u00f3n de fondo espectacular para disfrutar de c\u00f3cteles al atardecer a bordo.<\/p>\t\t\t\t\t\t\t\t<\/div>\n\t\t\t\t<\/div>\n\t\t\t\t<\/div>\n\t\t\t\t\t<\/div>\n\t\t\t\t<\/div>\n\t\t<div class=\"elementor-element elementor-element-39be3f9 e-flex e-con-boxed elementor-invisible e-con e-parent\" data-id=\"39be3f9\" data-element_type=\"container\" data-e-type=\"container\" data-settings=\"{&quot;background_background&quot;:&quot;classic&quot;,&quot;animation&quot;:&quot;fadeIn&quot;}\">\n\t\t\t\t\t<div class=\"e-con-inner\">\n\t\t<div class=\"elementor-element elementor-element-4e3105c e-flex e-con-boxed e-con e-child\" data-id=\"4e3105c\" data-element_type=\"container\" data-e-type=\"container\">\n\t\t\t\t\t<div class=\"e-con-inner\">\n\t\t\t\t<div class=\"elementor-element elementor-element-2d10948 elementor-widget elementor-widget-image\" data-id=\"2d10948\" data-element_type=\"widget\" data-e-type=\"widget\" data-widget_type=\"image.default\">\n\t\t\t\t<div class=\"elementor-widget-container\">\n\t\t\t\t\t\t\t\t\t\t\t\t\t\t\t<img loading=\"lazy\" decoding=\"async\" width=\"1920\" height=\"1280\" src=\"https:\/\/select-agency.world\/wp-content\/uploads\/2025\/03\/las-salinas-ibiza.webp\" class=\"attachment-full size-full wp-image-23271\" alt=\"Las Salinas in Ibiza.\" srcset=\"https:\/\/select-agency.world\/wp-content\/uploads\/2025\/03\/las-salinas-ibiza.webp 1920w, https:\/\/select-agency.world\/wp-content\/uploads\/2025\/03\/las-salinas-ibiza-300x200.webp 300w, https:\/\/select-agency.world\/wp-content\/uploads\/2025\/03\/las-salinas-ibiza-1024x683.webp 1024w, https:\/\/select-agency.world\/wp-content\/uploads\/2025\/03\/las-salinas-ibiza-768x512.webp 768w, https:\/\/select-agency.world\/wp-content\/uploads\/2025\/03\/las-salinas-ibiza-1536x1024.webp 1536w, https:\/\/select-agency.world\/wp-content\/uploads\/2025\/03\/las-salinas-ibiza-18x12.webp 18w, https:\/\/select-agency.world\/wp-content\/uploads\/2025\/03\/las-salinas-ibiza-900x600.webp 900w, https:\/\/select-agency.world\/wp-content\/uploads\/2025\/03\/las-salinas-ibiza-496x331.webp 496w\" sizes=\"auto, (max-width: 1920px) 100vw, 1920px\" \/>\t\t\t\t\t\t\t\t\t\t\t\t\t\t\t<\/div>\n\t\t\t\t<\/div>\n\t\t\t\t<div class=\"elementor-element elementor-element-aa44e36 animated-fast elementor-invisible elementor-widget elementor-widget-heading\" data-id=\"aa44e36\" data-element_type=\"widget\" data-e-type=\"widget\" data-settings=\"{&quot;_animation&quot;:&quot;fadeInUp&quot;}\" data-widget_type=\"heading.default\">\n\t\t\t\t<div class=\"elementor-widget-container\">\n\t\t\t\t\t<h3 class=\"elementor-heading-title elementor-size-default\">Las Salinas \u2013 Beach clubs exclusivos y ambiente chic<\/h3>\t\t\t\t<\/div>\n\t\t\t\t<\/div>\n\t\t\t\t<div class=\"elementor-element elementor-element-304a81f elementor-widget__width-initial elementor-widget elementor-widget-text-editor\" data-id=\"304a81f\" data-element_type=\"widget\" data-e-type=\"widget\" data-widget_type=\"text-editor.default\">\n\t\t\t\t<div class=\"elementor-widget-container\">\n\t\t\t\t\t\t\t\t\t<p data-pm-slice=\"1 1 []\">Famosa por sus elegantes beach clubs y su ambiente vibrante pero sofisticado, Las Salinas es un destino imprescindible para quienes buscan una experiencia de yate de lujo. Su extensa franja de arena dorada alberga algunos de los locales m\u00e1s conocidos de Ibiza, donde podr\u00e1 disfrutar de cocina de primer nivel, sesiones de DJ y un servicio excepcional.\n\nCon acceso directo desde el yate, Las Salinas es el lugar perfecto para un d\u00eda de placer y sofisticaci\u00f3n.<\/p>\t\t\t\t\t\t\t\t<\/div>\n\t\t\t\t<\/div>\n\t\t\t\t\t<\/div>\n\t\t\t\t<\/div>\n\t\t<div class=\"elementor-element elementor-element-169d16d e-flex e-con-boxed e-con e-child\" data-id=\"169d16d\" data-element_type=\"container\" data-e-type=\"container\">\n\t\t\t\t\t<div class=\"e-con-inner\">\n\t\t\t\t<div class=\"elementor-element elementor-element-6e2da14 elementor-widget elementor-widget-image\" data-id=\"6e2da14\" data-element_type=\"widget\" data-e-type=\"widget\" data-widget_type=\"image.default\">\n\t\t\t\t<div class=\"elementor-widget-container\">\n\t\t\t\t\t\t\t\t\t\t\t\t\t\t\t<img loading=\"lazy\" decoding=\"async\" width=\"1920\" height=\"1280\" src=\"https:\/\/select-agency.world\/wp-content\/uploads\/2025\/03\/sol-den-serra-ibiza.webp\" class=\"attachment-full size-full wp-image-23272\" alt=\"Sol d&#039;en Serra in Ibiza.\" srcset=\"https:\/\/select-agency.world\/wp-content\/uploads\/2025\/03\/sol-den-serra-ibiza.webp 1920w, https:\/\/select-agency.world\/wp-content\/uploads\/2025\/03\/sol-den-serra-ibiza-300x200.webp 300w, https:\/\/select-agency.world\/wp-content\/uploads\/2025\/03\/sol-den-serra-ibiza-1024x683.webp 1024w, https:\/\/select-agency.world\/wp-content\/uploads\/2025\/03\/sol-den-serra-ibiza-768x512.webp 768w, https:\/\/select-agency.world\/wp-content\/uploads\/2025\/03\/sol-den-serra-ibiza-1536x1024.webp 1536w, https:\/\/select-agency.world\/wp-content\/uploads\/2025\/03\/sol-den-serra-ibiza-18x12.webp 18w, https:\/\/select-agency.world\/wp-content\/uploads\/2025\/03\/sol-den-serra-ibiza-900x600.webp 900w, https:\/\/select-agency.world\/wp-content\/uploads\/2025\/03\/sol-den-serra-ibiza-496x331.webp 496w\" sizes=\"auto, (max-width: 1920px) 100vw, 1920px\" \/>\t\t\t\t\t\t\t\t\t\t\t\t\t\t\t<\/div>\n\t\t\t\t<\/div>\n\t\t\t\t<div class=\"elementor-element elementor-element-a81198a animated-fast elementor-invisible elementor-widget elementor-widget-heading\" data-id=\"a81198a\" data-element_type=\"widget\" data-e-type=\"widget\" data-settings=\"{&quot;_animation&quot;:&quot;fadeInUp&quot;}\" data-widget_type=\"heading.default\">\n\t\t\t\t<div class=\"elementor-widget-container\">\n\t\t\t\t\t<h3 class=\"elementor-heading-title elementor-size-default\">Sol d\u2019en Serra \u2013 Una joya escondida con alta gastronom\u00eda<\/h3>\t\t\t\t<\/div>\n\t\t\t\t<\/div>\n\t\t\t\t<div class=\"elementor-element elementor-element-d066c05 elementor-widget__width-initial elementor-widget elementor-widget-text-editor\" data-id=\"d066c05\" data-element_type=\"widget\" data-e-type=\"widget\" data-widget_type=\"text-editor.default\">\n\t\t\t\t<div class=\"elementor-widget-container\">\n\t\t\t\t\t\t\t\t\t<p data-pm-slice=\"1 1 []\">Sol d\u2019en Serra es una cala menos conocida pero impresionante, rodeada de acantilados espectaculares. Hogar del reconocido Amante Beach Club, este destino ofrece una atm\u00f3sfera exclusiva con gastronom\u00eda mediterr\u00e1nea de alta calidad y un servicio impecable.\n\nSus aguas tranquilas y su paisaje excepcional la convierten en una parada ideal para quienes buscan una experiencia m\u00e1s \u00edntima y relajada.<\/p>\t\t\t\t\t\t\t\t<\/div>\n\t\t\t\t<\/div>\n\t\t\t\t\t<\/div>\n\t\t\t\t<\/div>\n\t\t<div class=\"elementor-element elementor-element-1525fd7 e-con-full e-flex e-con e-child\" data-id=\"1525fd7\" data-element_type=\"container\" data-e-type=\"container\">\n\t\t\t\t<div class=\"elementor-element elementor-element-f2cee76 elementor-widget elementor-widget-image\" data-id=\"f2cee76\" data-element_type=\"widget\" data-e-type=\"widget\" data-widget_type=\"image.default\">\n\t\t\t\t<div class=\"elementor-widget-container\">\n\t\t\t\t\t\t\t\t\t\t\t\t\t\t\t<img loading=\"lazy\" decoding=\"async\" width=\"1920\" height=\"1280\" src=\"https:\/\/select-agency.world\/wp-content\/uploads\/2025\/03\/formentera-ibiza.webp\" class=\"attachment-full size-full wp-image-23273\" alt=\"Formentera near Ibiza.\" srcset=\"https:\/\/select-agency.world\/wp-content\/uploads\/2025\/03\/formentera-ibiza.webp 1920w, https:\/\/select-agency.world\/wp-content\/uploads\/2025\/03\/formentera-ibiza-300x200.webp 300w, https:\/\/select-agency.world\/wp-content\/uploads\/2025\/03\/formentera-ibiza-1024x683.webp 1024w, https:\/\/select-agency.world\/wp-content\/uploads\/2025\/03\/formentera-ibiza-768x512.webp 768w, https:\/\/select-agency.world\/wp-content\/uploads\/2025\/03\/formentera-ibiza-1536x1024.webp 1536w, https:\/\/select-agency.world\/wp-content\/uploads\/2025\/03\/formentera-ibiza-18x12.webp 18w, https:\/\/select-agency.world\/wp-content\/uploads\/2025\/03\/formentera-ibiza-900x600.webp 900w, https:\/\/select-agency.world\/wp-content\/uploads\/2025\/03\/formentera-ibiza-496x331.webp 496w\" sizes=\"auto, (max-width: 1920px) 100vw, 1920px\" \/>\t\t\t\t\t\t\t\t\t\t\t\t\t\t\t<\/div>\n\t\t\t\t<\/div>\n\t\t\t\t<div class=\"elementor-element elementor-element-227800e animated-fast elementor-invisible elementor-widget elementor-widget-heading\" data-id=\"227800e\" data-element_type=\"widget\" data-e-type=\"widget\" data-settings=\"{&quot;_animation&quot;:&quot;fadeInUp&quot;}\" data-widget_type=\"heading.default\">\n\t\t\t\t<div class=\"elementor-widget-container\">\n\t\t\t\t\t<h3 class=\"elementor-heading-title elementor-size-default\">Formentera \u2013 Las aguas caribe\u00f1as del Mediterr\u00e1neo<\/h3>\t\t\t\t<\/div>\n\t\t\t\t<\/div>\n\t\t\t\t<div class=\"elementor-element elementor-element-f96c08c elementor-widget__width-initial elementor-widget elementor-widget-text-editor\" data-id=\"f96c08c\" data-element_type=\"widget\" data-e-type=\"widget\" data-widget_type=\"text-editor.default\">\n\t\t\t\t<div class=\"elementor-widget-container\">\n\t\t\t\t\t\t\t\t\t<p data-pm-slice=\"1 1 []\">A tan solo una corta traves\u00eda desde Ibiza, Formentera es una parada esencial en cualquier ch\u00e1rter. Con su arena blanca y aguas cristalinas, playas como Ses Illetes son frecuentemente comparadas con el Caribe.\n\nYa sea disfrutando de un d\u00eda tranquilo en la playa, degustando mariscos frescos en un restaurante frente al mar o explorando su serena costa, Formentera es la escapada perfecta del ambiente m\u00e1s animado de Ibiza.<\/p>\t\t\t\t\t\t\t\t<\/div>\n\t\t\t\t<\/div>\n\t\t\t\t<\/div>\n\t\t\t\t\t<\/div>\n\t\t\t\t<\/div>\n\t\t<div class=\"elementor-element elementor-element-3b831002 e-flex e-con-boxed e-con e-parent\" data-id=\"3b831002\" data-element_type=\"container\" data-e-type=\"container\" data-settings=\"{&quot;background_background&quot;:&quot;classic&quot;}\">\n\t\t\t\t\t<div class=\"e-con-inner\">\n\t\t<div class=\"elementor-element elementor-element-17444cd4 e-con-full e-flex e-con e-child\" data-id=\"17444cd4\" data-element_type=\"container\" data-e-type=\"container\" data-settings=\"{&quot;background_background&quot;:&quot;classic&quot;}\">\n\t\t\t\t<div class=\"elementor-element elementor-element-7c5b7f51 elementor-widget elementor-widget-image\" data-id=\"7c5b7f51\" data-element_type=\"widget\" data-e-type=\"widget\" data-widget_type=\"image.default\">\n\t\t\t\t<div class=\"elementor-widget-container\">\n\t\t\t\t\t\t\t\t\t\t\t\t\t\t\t<img loading=\"lazy\" decoding=\"async\" width=\"1800\" height=\"1200\" src=\"https:\/\/select-agency.world\/wp-content\/uploads\/2024\/12\/sunseeker-predator-57-yacht-exterior-mallorca-20250130-072210.webp\" class=\"attachment-full size-full wp-image-21914\" alt=\"Charter yacht Sunseeker Predator 57 Boefje II in Mallorca.\" srcset=\"https:\/\/select-agency.world\/wp-content\/uploads\/2024\/12\/sunseeker-predator-57-yacht-exterior-mallorca-20250130-072210.webp 1800w, https:\/\/select-agency.world\/wp-content\/uploads\/2024\/12\/sunseeker-predator-57-yacht-exterior-mallorca-20250130-072210-300x200.webp 300w, https:\/\/select-agency.world\/wp-content\/uploads\/2024\/12\/sunseeker-predator-57-yacht-exterior-mallorca-20250130-072210-1024x683.webp 1024w, https:\/\/select-agency.world\/wp-content\/uploads\/2024\/12\/sunseeker-predator-57-yacht-exterior-mallorca-20250130-072210-768x512.webp 768w, https:\/\/select-agency.world\/wp-content\/uploads\/2024\/12\/sunseeker-predator-57-yacht-exterior-mallorca-20250130-072210-1536x1024.webp 1536w, https:\/\/select-agency.world\/wp-content\/uploads\/2024\/12\/sunseeker-predator-57-yacht-exterior-mallorca-20250130-072210-18x12.webp 18w, https:\/\/select-agency.world\/wp-content\/uploads\/2024\/12\/sunseeker-predator-57-yacht-exterior-mallorca-20250130-072210-900x600.webp 900w, https:\/\/select-agency.world\/wp-content\/uploads\/2024\/12\/sunseeker-predator-57-yacht-exterior-mallorca-20250130-072210-496x331.webp 496w\" sizes=\"auto, (max-width: 1800px) 100vw, 1800px\" \/>\t\t\t\t\t\t\t\t\t\t\t\t\t\t\t<\/div>\n\t\t\t\t<\/div>\n\t\t\t\t<\/div>\n\t\t<div class=\"elementor-element elementor-element-592193d9 e-con-full e-flex e-con e-child\" data-id=\"592193d9\" data-element_type=\"container\" data-e-type=\"container\">\n\t\t\t\t<div class=\"elementor-element elementor-element-72241279 elementor-widget elementor-widget-heading\" data-id=\"72241279\" data-element_type=\"widget\" data-e-type=\"widget\" data-widget_type=\"heading.default\">\n\t\t\t\t<div class=\"elementor-widget-container\">\n\t\t\t\t\t<h4 class=\"elementor-heading-title elementor-size-default\">Reserve su Ch\u00e1rter de Yate en Ibiza<\/h4>\t\t\t\t<\/div>\n\t\t\t\t<\/div>\n\t\t\t\t<div class=\"elementor-element elementor-element-1de2eac9 elementor-widget elementor-widget-text-editor\" data-id=\"1de2eac9\" data-element_type=\"widget\" data-e-type=\"widget\" data-widget_type=\"text-editor.default\">\n\t\t\t\t<div class=\"elementor-widget-container\">\n\t\t\t\t\t\t\t\t\t<p data-pm-slice=\"1 1 []\">Descubra lo mejor de Ibiza y sus alrededores a bordo de un yate de lujo. Ya sea que busque beach clubs vibrantes, calas escondidas o una escapada tranquila hacia Formentera, dise\u00f1aremos su experiencia de ch\u00e1rter a medida. <a href=\"https:\/\/select-agency.world\/es\/contact\/\">Env\u00edenos un mensaje<\/a> o <a href=\"tel:0034621218994\">ll\u00e1menos<\/a>\u00a0para comenzar a planificar su ch\u00e1rter en Ibiza hoy mismo.<\/p>\t\t\t\t\t\t\t\t<\/div>\n\t\t\t\t<\/div>\n\t\t\t\t<div class=\"elementor-element elementor-element-4be90c93 elementor-align-justify elementor-mobile-align-center elementor-invisible elementor-widget elementor-widget-button\" data-id=\"4be90c93\" data-element_type=\"widget\" data-e-type=\"widget\" data-settings=\"{&quot;_animation&quot;:&quot;fadeIn&quot;}\" data-widget_type=\"button.default\">\n\t\t\t\t<div class=\"elementor-widget-container\">\n\t\t\t\t\t\t\t\t\t<div class=\"elementor-button-wrapper\">\n\t\t\t\t\t<a class=\"elementor-button elementor-button-link elementor-size-sm elementor-animation-grow\" href=\"https:\/\/select-agency.world\/es\/contact\/\">\n\t\t\t\t\t\t<span class=\"elementor-button-content-wrapper\">\n\t\t\t\t\t\t\t\t\t<span class=\"elementor-button-text\">CONT\u00c1CTENOS<\/span>\n\t\t\t\t\t<\/span>\n\t\t\t\t\t<\/a>\n\t\t\t\t<\/div>\n\t\t\t\t\t\t\t\t<\/div>\n\t\t\t\t<\/div>\n\t\t\t\t<\/div>\n\t\t\t\t\t<\/div>\n\t\t\t\t<\/div>\n\t\t\t\t<\/div>","protected":false},"excerpt":{"rendered":"<p>Ibiza Ibiza Yacht Charter \u2013 Discover the Island\u2019s Iconic Coastal Gems Ibiza is renowned for its glamorous beach clubs, world-famous nightlife, and stunning natural beauty, making it a premier destination for luxury yacht charters. Beyond the vibrant party scene, the island boasts crystal-clear waters, hidden coves, and breathtaking coastal landscapes that can only be fully [&hellip;]<\/p>\n","protected":false},"author":2,"featured_media":19449,"parent":23167,"menu_order":0,"comment_status":"closed","ping_status":"closed","template":"template\/template-homepage.php","meta":{"footnotes":""},"class_list":["post-23266","page","type-page","status-publish","has-post-thumbnail","hentry"],"aioseo_notices":[],"_links":{"self":[{"href":"https:\/\/select-agency.world\/es\/wp-json\/wp\/v2\/pages\/23266","targetHints":{"allow":["GET"]}}],"collection":[{"href":"https:\/\/select-agency.world\/es\/wp-json\/wp\/v2\/pages"}],"about":[{"href":"https:\/\/select-agency.world\/es\/wp-json\/wp\/v2\/types\/page"}],"author":[{"embeddable":true,"href":"https:\/\/select-agency.world\/es\/wp-json\/wp\/v2\/users\/2"}],"replies":[{"embeddable":true,"href":"https:\/\/select-agency.world\/es\/wp-json\/wp\/v2\/comments?post=23266"}],"version-history":[{"count":0,"href":"https:\/\/select-agency.world\/es\/wp-json\/wp\/v2\/pages\/23266\/revisions"}],"up":[{"embeddable":true,"href":"https:\/\/select-agency.world\/es\/wp-json\/wp\/v2\/pages\/23167"}],"wp:featuredmedia":[{"embeddable":true,"href":"https:\/\/select-agency.world\/es\/wp-json\/wp\/v2\/media\/19449"}],"wp:attachment":[{"href":"https:\/\/select-agency.world\/es\/wp-json\/wp\/v2\/media?parent=23266"}],"curies":[{"name":"wp","href":"https:\/\/api.w.org\/{rel}","templated":true}]}}