{"id":23347,"date":"2025-03-19T15:32:57","date_gmt":"2025-03-19T14:32:57","guid":{"rendered":"https:\/\/select-agency.world\/?page_id=23347"},"modified":"2026-03-31T10:37:42","modified_gmt":"2026-03-31T09:37:42","slug":"day-charter-itineraries-mallorca","status":"publish","type":"page","link":"https:\/\/select-agency.world\/es\/yachting\/itineraries\/day-charter-itineraries-mallorca\/","title":{"rendered":"ITINERARIOS DE D\u00cdA EN MALLORCA"},"content":{"rendered":"<div data-elementor-type=\"wp-page\" data-elementor-id=\"23347\" class=\"elementor elementor-23347\">\n\t\t\t\t<div class=\"elementor-element elementor-element-6395f2e animated-slow e-flex e-con-boxed elementor-invisible e-con e-parent\" data-id=\"6395f2e\" data-element_type=\"container\" data-e-type=\"container\" data-settings=\"{&quot;background_background&quot;:&quot;classic&quot;,&quot;animation&quot;:&quot;fadeIn&quot;}\">\n\t\t\t\t\t<div class=\"e-con-inner\">\n\t\t<div class=\"elementor-element elementor-element-98e4146 e-con-full e-flex e-con e-child\" data-id=\"98e4146\" data-element_type=\"container\" data-e-type=\"container\">\n\t\t\t\t<div class=\"elementor-element elementor-element-03c051f elementor-invisible elementor-widget elementor-widget-heading\" data-id=\"03c051f\" data-element_type=\"widget\" data-e-type=\"widget\" data-settings=\"{&quot;_animation&quot;:&quot;fadeInDown&quot;}\" data-widget_type=\"heading.default\">\n\t\t\t\t<div class=\"elementor-widget-container\">\n\t\t\t\t\t<h1 class=\"elementor-heading-title elementor-size-default\">Ch\u00e1rter de D\u00eda en Mallorca<\/h1>\t\t\t\t<\/div>\n\t\t\t\t<\/div>\n\t\t\t\t<\/div>\n\t\t\t\t\t<\/div>\n\t\t\t\t<\/div>\n\t\t<div class=\"elementor-element elementor-element-27f0b66b e-flex e-con-boxed e-con e-parent\" data-id=\"27f0b66b\" data-element_type=\"container\" data-e-type=\"container\" data-settings=\"{&quot;background_background&quot;:&quot;classic&quot;}\">\n\t\t\t\t\t<div class=\"e-con-inner\">\n\t\t\t\t<div class=\"elementor-element elementor-element-66ecd76 elementor-widget elementor-widget-spacer\" data-id=\"66ecd76\" data-element_type=\"widget\" data-e-type=\"widget\" data-widget_type=\"spacer.default\">\n\t\t\t\t<div class=\"elementor-widget-container\">\n\t\t\t\t\t\t\t<div class=\"elementor-spacer\">\n\t\t\t<div class=\"elementor-spacer-inner\"><\/div>\n\t\t<\/div>\n\t\t\t\t\t\t<\/div>\n\t\t\t\t<\/div>\n\t\t<div class=\"elementor-element elementor-element-462a1379 e-con-full e-flex e-con e-child\" data-id=\"462a1379\" data-element_type=\"container\" data-e-type=\"container\">\n\t\t<div class=\"elementor-element elementor-element-56e8c35b e-grid e-con-full e-con e-child\" data-id=\"56e8c35b\" data-element_type=\"container\" data-e-type=\"container\">\n\t\t<div class=\"elementor-element elementor-element-2c64be8f e-con-full e-flex e-con e-child\" data-id=\"2c64be8f\" data-element_type=\"container\" data-e-type=\"container\">\n\t\t\t\t<div class=\"elementor-element elementor-element-1429384 elementor-invisible elementor-widget elementor-widget-heading\" data-id=\"1429384\" data-element_type=\"widget\" data-e-type=\"widget\" data-settings=\"{&quot;_animation&quot;:&quot;fadeInLeft&quot;}\" data-widget_type=\"heading.default\">\n\t\t\t\t<div class=\"elementor-widget-container\">\n\t\t\t\t\t<h2 class=\"elementor-heading-title elementor-size-default\">Descubra los mejores itinerarios para un ch\u00e1rter de d\u00eda en Mallorca<\/h2>\t\t\t\t<\/div>\n\t\t\t\t<\/div>\n\t\t\t\t<div class=\"elementor-element elementor-element-6ae15fb6 elementor-invisible elementor-widget elementor-widget-text-editor\" data-id=\"6ae15fb6\" data-element_type=\"widget\" data-e-type=\"widget\" data-settings=\"{&quot;_animation&quot;:&quot;fadeInLeft&quot;}\" data-widget_type=\"text-editor.default\">\n\t\t\t\t<div class=\"elementor-widget-container\">\n\t\t\t\t\t\t\t\t\t<p><strong><a href=\"https:\/\/select-agency.world\/es\/yachting\/balearic-islands\/mallorca\/\" target=\"_blank\" rel=\"noopener\">Mallorca<\/a><\/strong> es un para\u00edso n\u00e1utico, con aguas cristalinas, calas escondidas y paisajes costeros impresionantes.\nYa sea que busque un d\u00eda lleno de aventura, una escapada gastron\u00f3mica o pura relajaci\u00f3n, nuestros itinerarios cuidadosamente dise\u00f1ados garantizan una experiencia inolvidable en el mar.<\/p><p>Desde emocionantes <strong><a href=\"https:\/\/select-agency.world\/es\/water-toys\/\" target=\"_blank\" rel=\"noopener\">water sports<\/a><\/strong> y zonas ideales para snorkel hasta restaurantes exclusivos frente al mar y fondeos tranquilos, hemos seleccionado los mejores destinos para su d\u00eda perfecto en yate. Cada itinerario puede personalizarse completamente seg\u00fan sus preferencias \u2014 ya sea una escapada rom\u00e1ntica, un d\u00eda en familia o una celebraci\u00f3n con amigos.<\/p><p data-pm-slice=\"1 1 []\">Perm\u00edtanos dise\u00f1ar su d\u00eda perfecto en el mar. Cont\u00e1ctenos para personalizar su itinerario y comenzar una experiencia inolvidable alrededor de Mallorca.<\/p>\t\t\t\t\t\t\t\t<\/div>\n\t\t\t\t<\/div>\n\t\t\t\t<div class=\"elementor-element elementor-element-58cec9e elementor-mobile-align-center elementor-invisible elementor-widget elementor-widget-button\" data-id=\"58cec9e\" data-element_type=\"widget\" data-e-type=\"widget\" data-settings=\"{&quot;_animation&quot;:&quot;fadeIn&quot;}\" data-widget_type=\"button.default\">\n\t\t\t\t<div class=\"elementor-widget-container\">\n\t\t\t\t\t\t\t\t\t<div class=\"elementor-button-wrapper\">\n\t\t\t\t\t<a class=\"elementor-button elementor-button-link elementor-size-sm elementor-animation-grow\" href=\"https:\/\/select-agency.world\/es\/contact\/\">\n\t\t\t\t\t\t<span class=\"elementor-button-content-wrapper\">\n\t\t\t\t\t\t\t\t\t<span class=\"elementor-button-text\">Contacte con nosotros<\/span>\n\t\t\t\t\t<\/span>\n\t\t\t\t\t<\/a>\n\t\t\t\t<\/div>\n\t\t\t\t\t\t\t\t<\/div>\n\t\t\t\t<\/div>\n\t\t\t\t<\/div>\n\t\t<div class=\"elementor-element elementor-element-263fd6e2 e-con-full e-flex e-con e-child\" data-id=\"263fd6e2\" data-element_type=\"container\" data-e-type=\"container\">\n\t\t\t\t<div class=\"elementor-element elementor-element-449c7107 elementor-invisible elementor-widget elementor-widget-image\" data-id=\"449c7107\" data-element_type=\"widget\" data-e-type=\"widget\" data-settings=\"{&quot;_animation&quot;:&quot;fadeInRight&quot;}\" data-widget_type=\"image.default\">\n\t\t\t\t<div class=\"elementor-widget-container\">\n\t\t\t\t\t\t\t\t\t\t\t\t\t\t\t<img loading=\"lazy\" decoding=\"async\" width=\"780\" height=\"780\" src=\"https:\/\/select-agency.world\/wp-content\/uploads\/2025\/03\/woman-relax-yacht-780x780.webp\" class=\"attachment-houzez-top-v7 size-houzez-top-v7 wp-image-23374\" alt=\"Woman on a catamaran.\" srcset=\"https:\/\/select-agency.world\/wp-content\/uploads\/2025\/03\/woman-relax-yacht-780x780.webp 780w, https:\/\/select-agency.world\/wp-content\/uploads\/2025\/03\/woman-relax-yacht-150x150.webp 150w\" sizes=\"auto, (max-width: 780px) 100vw, 780px\" \/>\t\t\t\t\t\t\t\t\t\t\t\t\t\t\t<\/div>\n\t\t\t\t<\/div>\n\t\t\t\t<\/div>\n\t\t\t\t<\/div>\n\t\t\t\t<\/div>\n\t\t\t\t\t<\/div>\n\t\t\t\t<\/div>\n\t\t<div class=\"elementor-element elementor-element-48ea5da2 e-con-full e-flex e-con e-parent\" data-id=\"48ea5da2\" data-element_type=\"container\" data-e-type=\"container\" data-settings=\"{&quot;background_background&quot;:&quot;classic&quot;,&quot;animation&quot;:&quot;none&quot;}\">\n\t\t<div class=\"elementor-element elementor-element-18897891 animated-slow e-con-full e-flex elementor-invisible e-con e-child\" data-id=\"18897891\" data-element_type=\"container\" data-e-type=\"container\" data-settings=\"{&quot;background_background&quot;:&quot;classic&quot;,&quot;animation&quot;:&quot;fadeIn&quot;}\">\n\t\t\t\t<div class=\"elementor-element elementor-element-7550e1cc elementor-widget elementor-widget-spacer\" data-id=\"7550e1cc\" data-element_type=\"widget\" data-e-type=\"widget\" data-widget_type=\"spacer.default\">\n\t\t\t\t<div class=\"elementor-widget-container\">\n\t\t\t\t\t\t\t<div class=\"elementor-spacer\">\n\t\t\t<div class=\"elementor-spacer-inner\"><\/div>\n\t\t<\/div>\n\t\t\t\t\t\t<\/div>\n\t\t\t\t<\/div>\n\t\t\t\t<\/div>\n\t\t<div class=\"elementor-element elementor-element-45a41812 e-con-full e-flex e-con e-child\" data-id=\"45a41812\" data-element_type=\"container\" data-e-type=\"container\">\n\t\t\t\t<div class=\"elementor-element elementor-element-3413ef2c elementor-widget elementor-widget-spacer\" data-id=\"3413ef2c\" data-element_type=\"widget\" data-e-type=\"widget\" data-widget_type=\"spacer.default\">\n\t\t\t\t<div class=\"elementor-widget-container\">\n\t\t\t\t\t\t\t<div class=\"elementor-spacer\">\n\t\t\t<div class=\"elementor-spacer-inner\"><\/div>\n\t\t<\/div>\n\t\t\t\t\t\t<\/div>\n\t\t\t\t<\/div>\n\t\t<div class=\"elementor-element elementor-element-5797c16e e-con-full e-flex elementor-invisible e-con e-child\" data-id=\"5797c16e\" data-element_type=\"container\" data-e-type=\"container\" data-settings=\"{&quot;background_background&quot;:&quot;classic&quot;,&quot;animation&quot;:&quot;fadeInRight&quot;}\">\n\t\t<div class=\"elementor-element elementor-element-7378f091 e-con-full e-flex e-con e-child\" data-id=\"7378f091\" data-element_type=\"container\" data-e-type=\"container\" data-settings=\"{&quot;background_background&quot;:&quot;classic&quot;}\">\n\t\t\t\t<div class=\"elementor-element elementor-element-4747043 elementor-widget elementor-widget-heading\" data-id=\"4747043\" data-element_type=\"widget\" data-e-type=\"widget\" data-widget_type=\"heading.default\">\n\t\t\t\t<div class=\"elementor-widget-container\">\n\t\t\t\t\t<h2 class=\"elementor-heading-title elementor-size-default\">Aventura y Deportes Acu\u00e1ticos<\/h2>\t\t\t\t<\/div>\n\t\t\t\t<\/div>\n\t\t\t\t<div class=\"elementor-element elementor-element-a2388bc elementor-widget elementor-widget-text-editor\" data-id=\"a2388bc\" data-element_type=\"widget\" data-e-type=\"widget\" data-widget_type=\"text-editor.default\">\n\t\t\t\t<div class=\"elementor-widget-container\">\n\t\t\t\t\t\t\t\t\t<p>Para quienes buscan un d\u00eda lleno de energ\u00eda en el agua, nuestros itinerarios de Aventura &amp; Deportes Acu\u00e1ticos le llevan a los mejores puntos de Mallorca para disfrutar al m\u00e1ximo. Desde paseos en Seabob por aguas turquesas hasta eFoil desliz\u00e1ndose junto a la costa, esta es la experiencia ideal para viajeros activos y grupos que desean emoci\u00f3n en el mar.<\/p><p>Actividades y mejoras recomendadas:<\/p><p><strong><a href=\"https:\/\/select-agency.world\/es\/water-toys\/\" target=\"_blank\" rel=\"noopener\">Seabob, eFoil, tabla de surf el\u00e9ctrica, snorkel, towables, paddle surf, instructor privado de water toys<\/a><\/strong><\/p>\t\t\t\t\t\t\t\t<\/div>\n\t\t\t\t<\/div>\n\t\t\t\t<\/div>\n\t\t\t\t<\/div>\n\t\t\t\t<\/div>\n\t\t\t\t<\/div>\n\t\t<div class=\"elementor-element elementor-element-5d1fde0 e-flex e-con-boxed e-con e-parent\" data-id=\"5d1fde0\" data-element_type=\"container\" data-e-type=\"container\" data-settings=\"{&quot;background_background&quot;:&quot;classic&quot;}\">\n\t\t\t\t\t<div class=\"e-con-inner\">\n\t\t<div class=\"elementor-element elementor-element-0b4da5f e-con-full e-flex e-con e-child\" data-id=\"0b4da5f\" data-element_type=\"container\" data-e-type=\"container\">\n\t\t\t\t<div class=\"elementor-element elementor-element-3eef886 elementor-widget elementor-widget-image\" data-id=\"3eef886\" data-element_type=\"widget\" data-e-type=\"widget\" data-widget_type=\"image.default\">\n\t\t\t\t<div class=\"elementor-widget-container\">\n\t\t\t\t\t\t\t\t\t\t\t\t\t\t\t<img loading=\"lazy\" decoding=\"async\" width=\"1920\" height=\"1280\" src=\"https:\/\/select-agency.world\/wp-content\/uploads\/2025\/03\/es-trenc-mallorca.webp\" class=\"attachment-full size-full wp-image-23231\" alt=\"Beach of Es Trenc in Mallorca.\" srcset=\"https:\/\/select-agency.world\/wp-content\/uploads\/2025\/03\/es-trenc-mallorca.webp 1920w, https:\/\/select-agency.world\/wp-content\/uploads\/2025\/03\/es-trenc-mallorca-300x200.webp 300w, https:\/\/select-agency.world\/wp-content\/uploads\/2025\/03\/es-trenc-mallorca-1024x683.webp 1024w, https:\/\/select-agency.world\/wp-content\/uploads\/2025\/03\/es-trenc-mallorca-768x512.webp 768w, https:\/\/select-agency.world\/wp-content\/uploads\/2025\/03\/es-trenc-mallorca-1536x1024.webp 1536w, https:\/\/select-agency.world\/wp-content\/uploads\/2025\/03\/es-trenc-mallorca-18x12.webp 18w, https:\/\/select-agency.world\/wp-content\/uploads\/2025\/03\/es-trenc-mallorca-900x600.webp 900w, https:\/\/select-agency.world\/wp-content\/uploads\/2025\/03\/es-trenc-mallorca-496x331.webp 496w\" sizes=\"auto, (max-width: 1920px) 100vw, 1920px\" \/>\t\t\t\t\t\t\t\t\t\t\t\t\t\t\t<\/div>\n\t\t\t\t<\/div>\n\t\t\t\t<div class=\"elementor-element elementor-element-8e22984 animated-fast elementor-invisible elementor-widget elementor-widget-heading\" data-id=\"8e22984\" data-element_type=\"widget\" data-e-type=\"widget\" data-settings=\"{&quot;_animation&quot;:&quot;fadeInUp&quot;}\" data-widget_type=\"heading.default\">\n\t\t\t\t<div class=\"elementor-widget-container\">\n\t\t\t\t\t<h2 class=\"elementor-heading-title elementor-size-default\">Es Trenc \u2013 El Caribe de Mallorca<\/h2>\t\t\t\t<\/div>\n\t\t\t\t<\/div>\n\t\t\t\t<div class=\"elementor-element elementor-element-c5da5ba elementor-widget__width-initial elementor-widget elementor-widget-text-editor\" data-id=\"c5da5ba\" data-element_type=\"widget\" data-e-type=\"widget\" data-widget_type=\"text-editor.default\">\n\t\t\t\t<div class=\"elementor-widget-container\">\n\t\t\t\t\t\t\t\t\t<p>Con sus aguas turquesas cristalinas y fondo de arena blanca, Es Trenc es el lugar perfecto para los amantes de los deportes acu\u00e1ticos. Las aguas poco profundas y abiertas son ideales para Seabob, eFoil y tablas el\u00e9ctricas, mientras que el oleaje suave es perfecto para paddle surf y towables.\n\nSi busca un ambiente de playa ex\u00f3tico sin salir de Mallorca, este es su destino.<\/p><p><em>22 MN al sureste de Palma de Mallorca<\/em><\/p>\t\t\t\t\t\t\t\t<\/div>\n\t\t\t\t<\/div>\n\t\t\t\t<div class=\"elementor-element elementor-element-af566b6 elementor-widget elementor-widget-google_maps\" data-id=\"af566b6\" data-element_type=\"widget\" data-e-type=\"widget\" data-widget_type=\"google_maps.default\">\n\t\t\t\t<div class=\"elementor-widget-container\">\n\t\t\t\t\t\t\t<div class=\"elementor-custom-embed\">\n\t\t\t<iframe loading=\"lazy\"\n\t\t\t\t\tsrc=\"https:\/\/maps.google.com\/maps?q=es%20trenc&#038;t=m&#038;z=11&#038;output=embed&#038;iwloc=near\"\n\t\t\t\t\ttitle=\"es trenc\"\n\t\t\t\t\taria-label=\"es trenc\"\n\t\t\t><\/iframe>\n\t\t<\/div>\n\t\t\t\t\t\t<\/div>\n\t\t\t\t<\/div>\n\t\t\t\t<\/div>\n\t\t<div class=\"elementor-element elementor-element-b33e174 e-con-full e-flex e-con e-child\" data-id=\"b33e174\" data-element_type=\"container\" data-e-type=\"container\">\n\t\t\t\t<div class=\"elementor-element elementor-element-7340f3a elementor-widget elementor-widget-image\" data-id=\"7340f3a\" data-element_type=\"widget\" data-e-type=\"widget\" data-widget_type=\"image.default\">\n\t\t\t\t<div class=\"elementor-widget-container\">\n\t\t\t\t\t\t\t\t\t\t\t\t\t\t\t<img loading=\"lazy\" decoding=\"async\" width=\"1920\" height=\"1280\" src=\"https:\/\/select-agency.world\/wp-content\/uploads\/2025\/03\/illetas-mallorca.webp\" class=\"attachment-full size-full wp-image-23364\" alt=\"Iletas in Mallorca.\" srcset=\"https:\/\/select-agency.world\/wp-content\/uploads\/2025\/03\/illetas-mallorca.webp 1920w, https:\/\/select-agency.world\/wp-content\/uploads\/2025\/03\/illetas-mallorca-300x200.webp 300w, https:\/\/select-agency.world\/wp-content\/uploads\/2025\/03\/illetas-mallorca-1024x683.webp 1024w, https:\/\/select-agency.world\/wp-content\/uploads\/2025\/03\/illetas-mallorca-768x512.webp 768w, https:\/\/select-agency.world\/wp-content\/uploads\/2025\/03\/illetas-mallorca-1536x1024.webp 1536w, https:\/\/select-agency.world\/wp-content\/uploads\/2025\/03\/illetas-mallorca-18x12.webp 18w, https:\/\/select-agency.world\/wp-content\/uploads\/2025\/03\/illetas-mallorca-900x600.webp 900w, https:\/\/select-agency.world\/wp-content\/uploads\/2025\/03\/illetas-mallorca-496x331.webp 496w\" sizes=\"auto, (max-width: 1920px) 100vw, 1920px\" \/>\t\t\t\t\t\t\t\t\t\t\t\t\t\t\t<\/div>\n\t\t\t\t<\/div>\n\t\t\t\t<div class=\"elementor-element elementor-element-65a197a animated-fast elementor-invisible elementor-widget elementor-widget-heading\" data-id=\"65a197a\" data-element_type=\"widget\" data-e-type=\"widget\" data-settings=\"{&quot;_animation&quot;:&quot;fadeInUp&quot;}\" data-widget_type=\"heading.default\">\n\t\t\t\t<div class=\"elementor-widget-container\">\n\t\t\t\t\t<h4 class=\"elementor-heading-title elementor-size-default\"> Illetas \u2013 Bah\u00eda din\u00e1mica cerca de Palma<\/h4>\t\t\t\t<\/div>\n\t\t\t\t<\/div>\n\t\t\t\t<div class=\"elementor-element elementor-element-270020a elementor-widget__width-initial elementor-widget elementor-widget-text-editor\" data-id=\"270020a\" data-element_type=\"widget\" data-e-type=\"widget\" data-widget_type=\"text-editor.default\">\n\t\t\t\t<div class=\"elementor-widget-container\">\n\t\t\t\t\t\t\t\t\t<p>A pocos minutos de Palma, Illetas es una bah\u00eda espectacular con aguas tranquilas y claras, favorita para wakeboard, motos de agua y snorkel. Su ubicaci\u00f3n protegida ofrece condiciones ideales para Seabobs y towables inflables, mientras que los bancos de arena cercanos crean un entorno perfecto para nadar y relajarse entre actividades.<\/p><p><em>5 MN al suroeste de Palma de Mallorca<\/em><\/p>\t\t\t\t\t\t\t\t<\/div>\n\t\t\t\t<\/div>\n\t\t\t\t<div class=\"elementor-element elementor-element-a9b8ccc elementor-widget elementor-widget-google_maps\" data-id=\"a9b8ccc\" data-element_type=\"widget\" data-e-type=\"widget\" data-widget_type=\"google_maps.default\">\n\t\t\t\t<div class=\"elementor-widget-container\">\n\t\t\t\t\t\t\t<div class=\"elementor-custom-embed\">\n\t\t\t<iframe loading=\"lazy\"\n\t\t\t\t\tsrc=\"https:\/\/maps.google.com\/maps?q=Illetas&#038;t=m&#038;z=11&#038;output=embed&#038;iwloc=near\"\n\t\t\t\t\ttitle=\"Illetas\"\n\t\t\t\t\taria-label=\"Illetas\"\n\t\t\t><\/iframe>\n\t\t<\/div>\n\t\t\t\t\t\t<\/div>\n\t\t\t\t<\/div>\n\t\t\t\t<\/div>\n\t\t<div class=\"elementor-element elementor-element-604d69f e-con-full e-flex e-con e-child\" data-id=\"604d69f\" data-element_type=\"container\" data-e-type=\"container\">\n\t\t\t\t<div class=\"elementor-element elementor-element-191f0f3 elementor-widget elementor-widget-image\" data-id=\"191f0f3\" data-element_type=\"widget\" data-e-type=\"widget\" data-widget_type=\"image.default\">\n\t\t\t\t<div class=\"elementor-widget-container\">\n\t\t\t\t\t\t\t\t\t\t\t\t\t\t\t<img loading=\"lazy\" decoding=\"async\" width=\"1920\" height=\"1280\" src=\"https:\/\/select-agency.world\/wp-content\/uploads\/2025\/03\/camp-de-mar-mallorca.webp\" class=\"attachment-full size-full wp-image-23365\" alt=\"Camp de Mar in Mallorca.\" srcset=\"https:\/\/select-agency.world\/wp-content\/uploads\/2025\/03\/camp-de-mar-mallorca.webp 1920w, https:\/\/select-agency.world\/wp-content\/uploads\/2025\/03\/camp-de-mar-mallorca-300x200.webp 300w, https:\/\/select-agency.world\/wp-content\/uploads\/2025\/03\/camp-de-mar-mallorca-1024x683.webp 1024w, https:\/\/select-agency.world\/wp-content\/uploads\/2025\/03\/camp-de-mar-mallorca-768x512.webp 768w, https:\/\/select-agency.world\/wp-content\/uploads\/2025\/03\/camp-de-mar-mallorca-1536x1024.webp 1536w, https:\/\/select-agency.world\/wp-content\/uploads\/2025\/03\/camp-de-mar-mallorca-18x12.webp 18w, https:\/\/select-agency.world\/wp-content\/uploads\/2025\/03\/camp-de-mar-mallorca-900x600.webp 900w, https:\/\/select-agency.world\/wp-content\/uploads\/2025\/03\/camp-de-mar-mallorca-496x331.webp 496w\" sizes=\"auto, (max-width: 1920px) 100vw, 1920px\" \/>\t\t\t\t\t\t\t\t\t\t\t\t\t\t\t<\/div>\n\t\t\t\t<\/div>\n\t\t\t\t<div class=\"elementor-element elementor-element-7952c5e animated-fast elementor-invisible elementor-widget elementor-widget-heading\" data-id=\"7952c5e\" data-element_type=\"widget\" data-e-type=\"widget\" data-settings=\"{&quot;_animation&quot;:&quot;fadeInUp&quot;}\" data-widget_type=\"heading.default\">\n\t\t\t\t<div class=\"elementor-widget-container\">\n\t\t\t\t\t<h4 class=\"elementor-heading-title elementor-size-default\">Camp de Mar \u2013 Zona protegida para todas las actividades<\/h4>\t\t\t\t<\/div>\n\t\t\t\t<\/div>\n\t\t\t\t<div class=\"elementor-element elementor-element-b9cb832 elementor-widget__width-initial elementor-widget elementor-widget-text-editor\" data-id=\"b9cb832\" data-element_type=\"widget\" data-e-type=\"widget\" data-widget_type=\"text-editor.default\">\n\t\t\t\t<div class=\"elementor-widget-container\">\n\t\t\t\t\t\t\t\t\t<p>Una amplia bah\u00eda bien resguardada, Camp de Mar es ideal para entusiastas de los deportes acu\u00e1ticos de todos los niveles. La combinaci\u00f3n de fondos arenosos y rocosos ofrece variedad para snorkel y paddle surf, mientras que las aguas tranquilas la convierten en una excelente opci\u00f3n para tablas el\u00e9ctricas, towables y wakeboard.\n\nLa peque\u00f1a isla en la bah\u00eda aporta un toque esc\u00e9nico, creando el entorno perfecto para disfrutar de actividades din\u00e1micas en un paisaje espectacular.<\/p><p><em>15 MN al oeste de Palma de Mallorca<\/em><\/p>\t\t\t\t\t\t\t\t<\/div>\n\t\t\t\t<\/div>\n\t\t\t\t<div class=\"elementor-element elementor-element-4478a7f elementor-widget elementor-widget-google_maps\" data-id=\"4478a7f\" data-element_type=\"widget\" data-e-type=\"widget\" data-widget_type=\"google_maps.default\">\n\t\t\t\t<div class=\"elementor-widget-container\">\n\t\t\t\t\t\t\t<div class=\"elementor-custom-embed\">\n\t\t\t<iframe loading=\"lazy\"\n\t\t\t\t\tsrc=\"https:\/\/maps.google.com\/maps?q=camp%20de%20mar&#038;t=m&#038;z=11&#038;output=embed&#038;iwloc=near\"\n\t\t\t\t\ttitle=\"camp de mar\"\n\t\t\t\t\taria-label=\"camp de mar\"\n\t\t\t><\/iframe>\n\t\t<\/div>\n\t\t\t\t\t\t<\/div>\n\t\t\t\t<\/div>\n\t\t\t\t<\/div>\n\t\t\t\t\t<\/div>\n\t\t\t\t<\/div>\n\t\t<div class=\"elementor-element elementor-element-4487d74 e-con-full e-flex e-con e-parent\" data-id=\"4487d74\" data-element_type=\"container\" data-e-type=\"container\" data-settings=\"{&quot;background_background&quot;:&quot;classic&quot;,&quot;animation&quot;:&quot;none&quot;}\">\n\t\t<div class=\"elementor-element elementor-element-caac0b9 animated-slow e-con-full e-flex elementor-invisible e-con e-child\" data-id=\"caac0b9\" data-element_type=\"container\" data-e-type=\"container\" data-settings=\"{&quot;background_background&quot;:&quot;classic&quot;,&quot;animation&quot;:&quot;fadeIn&quot;}\">\n\t\t\t\t<div class=\"elementor-element elementor-element-a827273 elementor-widget elementor-widget-spacer\" data-id=\"a827273\" data-element_type=\"widget\" data-e-type=\"widget\" data-widget_type=\"spacer.default\">\n\t\t\t\t<div class=\"elementor-widget-container\">\n\t\t\t\t\t\t\t<div class=\"elementor-spacer\">\n\t\t\t<div class=\"elementor-spacer-inner\"><\/div>\n\t\t<\/div>\n\t\t\t\t\t\t<\/div>\n\t\t\t\t<\/div>\n\t\t\t\t<\/div>\n\t\t<div class=\"elementor-element elementor-element-8c94272 e-con-full e-flex e-con e-child\" data-id=\"8c94272\" data-element_type=\"container\" data-e-type=\"container\">\n\t\t\t\t<div class=\"elementor-element elementor-element-44a8f2a elementor-widget elementor-widget-spacer\" data-id=\"44a8f2a\" data-element_type=\"widget\" data-e-type=\"widget\" data-widget_type=\"spacer.default\">\n\t\t\t\t<div class=\"elementor-widget-container\">\n\t\t\t\t\t\t\t<div class=\"elementor-spacer\">\n\t\t\t<div class=\"elementor-spacer-inner\"><\/div>\n\t\t<\/div>\n\t\t\t\t\t\t<\/div>\n\t\t\t\t<\/div>\n\t\t<div class=\"elementor-element elementor-element-28d28a2 e-con-full e-flex elementor-invisible e-con e-child\" data-id=\"28d28a2\" data-element_type=\"container\" data-e-type=\"container\" data-settings=\"{&quot;background_background&quot;:&quot;classic&quot;,&quot;animation&quot;:&quot;fadeInRight&quot;}\">\n\t\t<div class=\"elementor-element elementor-element-f02440c e-con-full e-flex e-con e-child\" data-id=\"f02440c\" data-element_type=\"container\" data-e-type=\"container\" data-settings=\"{&quot;background_background&quot;:&quot;classic&quot;}\">\n\t\t\t\t<div class=\"elementor-element elementor-element-a30c1d7 elementor-widget elementor-widget-heading\" data-id=\"a30c1d7\" data-element_type=\"widget\" data-e-type=\"widget\" data-widget_type=\"heading.default\">\n\t\t\t\t<div class=\"elementor-widget-container\">\n\t\t\t\t\t<h2 class=\"elementor-heading-title elementor-size-default\">Escapada Gourmet<\/h2>\t\t\t\t<\/div>\n\t\t\t\t<\/div>\n\t\t\t\t<div class=\"elementor-element elementor-element-525ada8 elementor-widget elementor-widget-text-editor\" data-id=\"525ada8\" data-element_type=\"widget\" data-e-type=\"widget\" data-widget_type=\"text-editor.default\">\n\t\t\t\t<div class=\"elementor-widget-container\">\n\t\t\t\t\t\t\t\t\t<p>Para quienes desean combinar una experiencia en yate con la mejor gastronom\u00eda de Mallorca, estos itinerarios est\u00e1n dise\u00f1ados para el disfrute absoluto.\n\nDisfrute de un almuerzo en un exclusivo beach club, saboree una cata de vinos a bordo o permita que un chef privado prepare un men\u00fa gourmet mientras contempla el paisaje.<\/p><p>Actividades y mejoras recomendadas:<\/p><p><strong>Almuerzo en restaurante o beach club reconocido, <a href=\"https:\/\/select-agency.world\/es\/gourmet-experiences\/\" target=\"_blank\" rel=\"noopener\">chef privado, experiencia de pizza a bordo, cata de vinos a bordo, servicio premium de c\u00f3cteles<\/a><\/strong><\/p>\t\t\t\t\t\t\t\t<\/div>\n\t\t\t\t<\/div>\n\t\t\t\t<\/div>\n\t\t\t\t<\/div>\n\t\t\t\t<\/div>\n\t\t\t\t<\/div>\n\t\t<div class=\"elementor-element elementor-element-3c50cf8 e-flex e-con-boxed e-con e-parent\" data-id=\"3c50cf8\" data-element_type=\"container\" data-e-type=\"container\" data-settings=\"{&quot;background_background&quot;:&quot;classic&quot;}\">\n\t\t\t\t\t<div class=\"e-con-inner\">\n\t\t<div class=\"elementor-element elementor-element-58c73f8 e-con-full e-flex e-con e-child\" data-id=\"58c73f8\" data-element_type=\"container\" data-e-type=\"container\">\n\t\t\t\t<div class=\"elementor-element elementor-element-d379694 elementor-widget elementor-widget-image\" data-id=\"d379694\" data-element_type=\"widget\" data-e-type=\"widget\" data-widget_type=\"image.default\">\n\t\t\t\t<div class=\"elementor-widget-container\">\n\t\t\t\t\t\t\t\t\t\t\t\t\t\t\t<img loading=\"lazy\" decoding=\"async\" width=\"1920\" height=\"1280\" src=\"https:\/\/select-agency.world\/wp-content\/uploads\/2025\/03\/seafood-risotto-restaurant.webp\" class=\"attachment-full size-full wp-image-23368\" alt=\"Seafood risotto at a restaurant.\" srcset=\"https:\/\/select-agency.world\/wp-content\/uploads\/2025\/03\/seafood-risotto-restaurant.webp 1920w, https:\/\/select-agency.world\/wp-content\/uploads\/2025\/03\/seafood-risotto-restaurant-300x200.webp 300w, https:\/\/select-agency.world\/wp-content\/uploads\/2025\/03\/seafood-risotto-restaurant-1024x683.webp 1024w, https:\/\/select-agency.world\/wp-content\/uploads\/2025\/03\/seafood-risotto-restaurant-768x512.webp 768w, https:\/\/select-agency.world\/wp-content\/uploads\/2025\/03\/seafood-risotto-restaurant-1536x1024.webp 1536w, https:\/\/select-agency.world\/wp-content\/uploads\/2025\/03\/seafood-risotto-restaurant-18x12.webp 18w, https:\/\/select-agency.world\/wp-content\/uploads\/2025\/03\/seafood-risotto-restaurant-900x600.webp 900w, https:\/\/select-agency.world\/wp-content\/uploads\/2025\/03\/seafood-risotto-restaurant-496x331.webp 496w\" sizes=\"auto, (max-width: 1920px) 100vw, 1920px\" \/>\t\t\t\t\t\t\t\t\t\t\t\t\t\t\t<\/div>\n\t\t\t\t<\/div>\n\t\t\t\t<div class=\"elementor-element elementor-element-7b49c46 animated-fast elementor-invisible elementor-widget elementor-widget-heading\" data-id=\"7b49c46\" data-element_type=\"widget\" data-e-type=\"widget\" data-settings=\"{&quot;_animation&quot;:&quot;fadeInUp&quot;}\" data-widget_type=\"heading.default\">\n\t\t\t\t<div class=\"elementor-widget-container\">\n\t\t\t\t\t<h2 class=\"elementor-heading-title elementor-size-default\">Cala Llamp \u2013 Bah\u00eda esc\u00e9nica con Gran Folies Beach Club<\/h2>\t\t\t\t<\/div>\n\t\t\t\t<\/div>\n\t\t\t\t<div class=\"elementor-element elementor-element-fcf776e elementor-widget__width-initial elementor-widget elementor-widget-text-editor\" data-id=\"fcf776e\" data-element_type=\"widget\" data-e-type=\"widget\" data-widget_type=\"text-editor.default\">\n\t\t\t\t<div class=\"elementor-widget-container\">\n\t\t\t\t\t\t\t\t\t<p>Cala Llamp es una impresionante bah\u00eda rocosa de aguas turquesas profundas, perfecta para una experiencia gastron\u00f3mica exclusiva. El famoso <a href=\"https:\/\/beachclubgranfolies.com\" target=\"_blank\" rel=\"noopener\"><strong>Gran Folies Beach Club<\/strong><\/a> ofrece mariscos frescos, vinos premium y un ambiente mediterr\u00e1neo elegante, ideal para un almuerzo largo y relajado con vistas al mar.<\/p><p><em>17 MN al oeste de Palma de Mallorca<\/em><\/p>\t\t\t\t\t\t\t\t<\/div>\n\t\t\t\t<\/div>\n\t\t\t\t<div class=\"elementor-element elementor-element-48d2623 elementor-widget elementor-widget-google_maps\" data-id=\"48d2623\" data-element_type=\"widget\" data-e-type=\"widget\" data-widget_type=\"google_maps.default\">\n\t\t\t\t<div class=\"elementor-widget-container\">\n\t\t\t\t\t\t\t<div class=\"elementor-custom-embed\">\n\t\t\t<iframe loading=\"lazy\"\n\t\t\t\t\tsrc=\"https:\/\/maps.google.com\/maps?q=cala%20llamp&#038;t=m&#038;z=11&#038;output=embed&#038;iwloc=near\"\n\t\t\t\t\ttitle=\"cala llamp\"\n\t\t\t\t\taria-label=\"cala llamp\"\n\t\t\t><\/iframe>\n\t\t<\/div>\n\t\t\t\t\t\t<\/div>\n\t\t\t\t<\/div>\n\t\t\t\t<\/div>\n\t\t<div class=\"elementor-element elementor-element-49e67c3 e-con-full e-flex e-con e-child\" data-id=\"49e67c3\" data-element_type=\"container\" data-e-type=\"container\">\n\t\t\t\t<div class=\"elementor-element elementor-element-21dfcc4 elementor-widget elementor-widget-image\" data-id=\"21dfcc4\" data-element_type=\"widget\" data-e-type=\"widget\" data-widget_type=\"image.default\">\n\t\t\t\t<div class=\"elementor-widget-container\">\n\t\t\t\t\t\t\t\t\t\t\t\t<figure class=\"wp-caption\">\n\t\t\t\t\t\t\t\t\t\t<img loading=\"lazy\" decoding=\"async\" width=\"1920\" height=\"1280\" src=\"https:\/\/select-agency.world\/wp-content\/uploads\/2025\/04\/restaurant-es-raor-mallorca-seafood.webp\" class=\"attachment-full size-full wp-image-24534\" alt=\"Fresh seafood at restaurant Es Raor in Mallorca.\" srcset=\"https:\/\/select-agency.world\/wp-content\/uploads\/2025\/04\/restaurant-es-raor-mallorca-seafood.webp 1920w, https:\/\/select-agency.world\/wp-content\/uploads\/2025\/04\/restaurant-es-raor-mallorca-seafood-300x200.webp 300w, https:\/\/select-agency.world\/wp-content\/uploads\/2025\/04\/restaurant-es-raor-mallorca-seafood-1024x683.webp 1024w, https:\/\/select-agency.world\/wp-content\/uploads\/2025\/04\/restaurant-es-raor-mallorca-seafood-768x512.webp 768w, https:\/\/select-agency.world\/wp-content\/uploads\/2025\/04\/restaurant-es-raor-mallorca-seafood-1536x1024.webp 1536w, https:\/\/select-agency.world\/wp-content\/uploads\/2025\/04\/restaurant-es-raor-mallorca-seafood-18x12.webp 18w, https:\/\/select-agency.world\/wp-content\/uploads\/2025\/04\/restaurant-es-raor-mallorca-seafood-900x600.webp 900w, https:\/\/select-agency.world\/wp-content\/uploads\/2025\/04\/restaurant-es-raor-mallorca-seafood-496x331.webp 496w\" sizes=\"auto, (max-width: 1920px) 100vw, 1920px\" \/>\t\t\t\t\t\t\t\t\t\t\t<figcaption class=\"widget-image-caption wp-caption-text\">\u00a9 Es Raor<\/figcaption>\n\t\t\t\t\t\t\t\t\t\t<\/figure>\n\t\t\t\t\t\t\t\t\t<\/div>\n\t\t\t\t<\/div>\n\t\t\t\t<div class=\"elementor-element elementor-element-814c22c animated-fast elementor-invisible elementor-widget elementor-widget-heading\" data-id=\"814c22c\" data-element_type=\"widget\" data-e-type=\"widget\" data-settings=\"{&quot;_animation&quot;:&quot;fadeInUp&quot;}\" data-widget_type=\"heading.default\">\n\t\t\t\t<div class=\"elementor-widget-container\">\n\t\t\t\t\t<h4 class=\"elementor-heading-title elementor-size-default\">Sant Elm \u2013 Gastronom\u00eda aut\u00e9ntica junto al mar<\/h4>\t\t\t\t<\/div>\n\t\t\t\t<\/div>\n\t\t\t\t<div class=\"elementor-element elementor-element-b87d45f elementor-widget__width-initial elementor-widget elementor-widget-text-editor\" data-id=\"b87d45f\" data-element_type=\"widget\" data-e-type=\"widget\" data-widget_type=\"text-editor.default\">\n\t\t\t\t<div class=\"elementor-widget-container\">\n\t\t\t\t\t\t\t\t\t<p>Un encantador pueblo costero con restaurantes locales de mariscos que ofrecen el aut\u00e9ntico sabor de Mallorca. Disfrute de una comida frente al mar en <a href=\"https:\/\/esraor.es\" target=\"_blank\" rel=\"noopener\"><strong>Es Raor<\/strong><\/a>, <strong><a href=\"https:\/\/www.calaconills.com\" target=\"_blank\" rel=\"noopener\">Cala Conills<\/a><\/strong>, o <strong><a href=\"https:\/\/www.restaurantenacaragola.com\" target=\"_blank\" rel=\"noopener\">Na Caragola<\/a><\/strong>, donde podr\u00e1 degustar pescado fresco, paella y especialidades mediterr\u00e1neas. Con vistas a la isla de Dragonera, este destino combina cocina deliciosa con un ambiente relajado y esc\u00e9nico.<\/p><p><em>20 MN al oeste de Palma de Mallorca<\/em><\/p>\t\t\t\t\t\t\t\t<\/div>\n\t\t\t\t<\/div>\n\t\t\t\t<div class=\"elementor-element elementor-element-0baab2a elementor-widget elementor-widget-google_maps\" data-id=\"0baab2a\" data-element_type=\"widget\" data-e-type=\"widget\" data-widget_type=\"google_maps.default\">\n\t\t\t\t<div class=\"elementor-widget-container\">\n\t\t\t\t\t\t\t<div class=\"elementor-custom-embed\">\n\t\t\t<iframe loading=\"lazy\"\n\t\t\t\t\tsrc=\"https:\/\/maps.google.com\/maps?q=Sant%20Elm&#038;t=m&#038;z=11&#038;output=embed&#038;iwloc=near\"\n\t\t\t\t\ttitle=\"Sant Elm\"\n\t\t\t\t\taria-label=\"Sant Elm\"\n\t\t\t><\/iframe>\n\t\t<\/div>\n\t\t\t\t\t\t<\/div>\n\t\t\t\t<\/div>\n\t\t\t\t<\/div>\n\t\t<div class=\"elementor-element elementor-element-c18ee8a e-con-full e-flex e-con e-child\" data-id=\"c18ee8a\" data-element_type=\"container\" data-e-type=\"container\">\n\t\t\t\t<div class=\"elementor-element elementor-element-3ff7e5b elementor-widget elementor-widget-image\" data-id=\"3ff7e5b\" data-element_type=\"widget\" data-e-type=\"widget\" data-widget_type=\"image.default\">\n\t\t\t\t<div class=\"elementor-widget-container\">\n\t\t\t\t\t\t\t\t\t\t\t\t\t\t\t<img loading=\"lazy\" decoding=\"async\" width=\"1920\" height=\"1280\" src=\"https:\/\/select-agency.world\/wp-content\/uploads\/2025\/03\/oyster-restaurant.webp\" class=\"attachment-full size-full wp-image-23369\" alt=\"Plate of oysters at a restaurant.\" srcset=\"https:\/\/select-agency.world\/wp-content\/uploads\/2025\/03\/oyster-restaurant.webp 1920w, https:\/\/select-agency.world\/wp-content\/uploads\/2025\/03\/oyster-restaurant-300x200.webp 300w, https:\/\/select-agency.world\/wp-content\/uploads\/2025\/03\/oyster-restaurant-1024x683.webp 1024w, https:\/\/select-agency.world\/wp-content\/uploads\/2025\/03\/oyster-restaurant-768x512.webp 768w, https:\/\/select-agency.world\/wp-content\/uploads\/2025\/03\/oyster-restaurant-1536x1024.webp 1536w, https:\/\/select-agency.world\/wp-content\/uploads\/2025\/03\/oyster-restaurant-18x12.webp 18w, https:\/\/select-agency.world\/wp-content\/uploads\/2025\/03\/oyster-restaurant-900x600.webp 900w, https:\/\/select-agency.world\/wp-content\/uploads\/2025\/03\/oyster-restaurant-496x331.webp 496w\" sizes=\"auto, (max-width: 1920px) 100vw, 1920px\" \/>\t\t\t\t\t\t\t\t\t\t\t\t\t\t\t<\/div>\n\t\t\t\t<\/div>\n\t\t\t\t<div class=\"elementor-element elementor-element-caf97c0 animated-fast elementor-invisible elementor-widget elementor-widget-heading\" data-id=\"caf97c0\" data-element_type=\"widget\" data-e-type=\"widget\" data-settings=\"{&quot;_animation&quot;:&quot;fadeInUp&quot;}\" data-widget_type=\"heading.default\">\n\t\t\t\t<div class=\"elementor-widget-container\">\n\t\t\t\t\t<h4 class=\"elementor-heading-title elementor-size-default\">Cap Rocat \u2013 Alta cocina en una fortaleza hist\u00f3rica<\/h4>\t\t\t\t<\/div>\n\t\t\t\t<\/div>\n\t\t\t\t<div class=\"elementor-element elementor-element-e4f78d2 elementor-widget__width-initial elementor-widget elementor-widget-text-editor\" data-id=\"e4f78d2\" data-element_type=\"widget\" data-e-type=\"widget\" data-widget_type=\"text-editor.default\">\n\t\t\t\t<div class=\"elementor-widget-container\">\n\t\t\t\t\t\t\t\t\t<p>Para quienes buscan una experiencia gastron\u00f3mica \u00edntima y sofisticada, <strong><a href=\"https:\/\/caprocat.com\" target=\"_blank\" rel=\"noopener\">Cap Rocat<\/a><\/strong> es un destino incomparable. Ubicado en una antigua fortaleza militar frente al mar, este hotel y restaurante cinco estrellas ofrece alta cocina mediterr\u00e1nea en un entorno exclusivo y tranquilo. Perfecto para hu\u00e9spedes que valoran sabores refinados, servicio impecable y una localizaci\u00f3n verdaderamente \u00fanica.<\/p><p><em>8 MN al sureste de Palma de Mallorca<\/em><\/p>\t\t\t\t\t\t\t\t<\/div>\n\t\t\t\t<\/div>\n\t\t\t\t<div class=\"elementor-element elementor-element-1661fdb elementor-widget elementor-widget-google_maps\" data-id=\"1661fdb\" data-element_type=\"widget\" data-e-type=\"widget\" data-widget_type=\"google_maps.default\">\n\t\t\t\t<div class=\"elementor-widget-container\">\n\t\t\t\t\t\t\t<div class=\"elementor-custom-embed\">\n\t\t\t<iframe loading=\"lazy\"\n\t\t\t\t\tsrc=\"https:\/\/maps.google.com\/maps?q=cap%20rocat&#038;t=m&#038;z=11&#038;output=embed&#038;iwloc=near\"\n\t\t\t\t\ttitle=\"cap rocat\"\n\t\t\t\t\taria-label=\"cap rocat\"\n\t\t\t><\/iframe>\n\t\t<\/div>\n\t\t\t\t\t\t<\/div>\n\t\t\t\t<\/div>\n\t\t\t\t<\/div>\n\t\t\t\t\t<\/div>\n\t\t\t\t<\/div>\n\t\t<div class=\"elementor-element elementor-element-b3ac4c5 e-con-full e-flex e-con e-parent\" data-id=\"b3ac4c5\" data-element_type=\"container\" data-e-type=\"container\" data-settings=\"{&quot;background_background&quot;:&quot;classic&quot;,&quot;animation&quot;:&quot;none&quot;}\">\n\t\t<div class=\"elementor-element elementor-element-67c2e20 animated-slow e-con-full e-flex elementor-invisible e-con e-child\" data-id=\"67c2e20\" data-element_type=\"container\" data-e-type=\"container\" data-settings=\"{&quot;background_background&quot;:&quot;classic&quot;,&quot;animation&quot;:&quot;fadeIn&quot;}\">\n\t\t\t\t<div class=\"elementor-element elementor-element-cb70fc5 elementor-widget elementor-widget-spacer\" data-id=\"cb70fc5\" data-element_type=\"widget\" data-e-type=\"widget\" data-widget_type=\"spacer.default\">\n\t\t\t\t<div class=\"elementor-widget-container\">\n\t\t\t\t\t\t\t<div class=\"elementor-spacer\">\n\t\t\t<div class=\"elementor-spacer-inner\"><\/div>\n\t\t<\/div>\n\t\t\t\t\t\t<\/div>\n\t\t\t\t<\/div>\n\t\t\t\t<\/div>\n\t\t<div class=\"elementor-element elementor-element-eb7e32d e-con-full e-flex e-con e-child\" data-id=\"eb7e32d\" data-element_type=\"container\" data-e-type=\"container\">\n\t\t\t\t<div class=\"elementor-element elementor-element-bf1bad3 elementor-widget elementor-widget-spacer\" data-id=\"bf1bad3\" data-element_type=\"widget\" data-e-type=\"widget\" data-widget_type=\"spacer.default\">\n\t\t\t\t<div class=\"elementor-widget-container\">\n\t\t\t\t\t\t\t<div class=\"elementor-spacer\">\n\t\t\t<div class=\"elementor-spacer-inner\"><\/div>\n\t\t<\/div>\n\t\t\t\t\t\t<\/div>\n\t\t\t\t<\/div>\n\t\t<div class=\"elementor-element elementor-element-b948289 e-con-full e-flex elementor-invisible e-con e-child\" data-id=\"b948289\" data-element_type=\"container\" data-e-type=\"container\" data-settings=\"{&quot;background_background&quot;:&quot;classic&quot;,&quot;animation&quot;:&quot;fadeInRight&quot;}\">\n\t\t<div class=\"elementor-element elementor-element-6b3b2cb e-con-full e-flex e-con e-child\" data-id=\"6b3b2cb\" data-element_type=\"container\" data-e-type=\"container\" data-settings=\"{&quot;background_background&quot;:&quot;classic&quot;}\">\n\t\t\t\t<div class=\"elementor-element elementor-element-8856e4a elementor-widget elementor-widget-heading\" data-id=\"8856e4a\" data-element_type=\"widget\" data-e-type=\"widget\" data-widget_type=\"heading.default\">\n\t\t\t\t<div class=\"elementor-widget-container\">\n\t\t\t\t\t<h2 class=\"elementor-heading-title elementor-size-default\">Relajaci\u00f3n Pura<\/h2>\t\t\t\t<\/div>\n\t\t\t\t<\/div>\n\t\t\t\t<div class=\"elementor-element elementor-element-88acbd7 elementor-widget elementor-widget-text-editor\" data-id=\"88acbd7\" data-element_type=\"widget\" data-e-type=\"widget\" data-widget_type=\"text-editor.default\">\n\t\t\t\t<div class=\"elementor-widget-container\">\n\t\t\t\t\t\t\t\t\t<p data-pm-slice=\"1 1 []\">Para quienes desean desconectar en los entornos m\u00e1s impresionantes, nuestros itinerarios de Relajaci\u00f3n ofrecen la escapada perfecta.\n\nNade en aguas cristalinas, rel\u00e1jese en cubierta con una copa de Champagne bien fr\u00edo o disfrute de un masaje a bordo mientras las suaves olas crean el ambiente ideal.<\/p><p>Actividades y mejoras recomendadas:<\/p><p data-pm-slice=\"1 1 []\"><strong>Ba\u00f1o en calas escondidas, tomar el sol, paddle surf, <a href=\"https:\/\/select-agency.world\/es\/wellness\/\" target=\"_blank\" rel=\"noopener\">masaje a bordo<\/a><\/strong><\/p>\t\t\t\t\t\t\t\t<\/div>\n\t\t\t\t<\/div>\n\t\t\t\t<\/div>\n\t\t\t\t<\/div>\n\t\t\t\t<\/div>\n\t\t\t\t<\/div>\n\t\t<div class=\"elementor-element elementor-element-b96e32c e-flex e-con-boxed e-con e-parent\" data-id=\"b96e32c\" data-element_type=\"container\" data-e-type=\"container\" data-settings=\"{&quot;background_background&quot;:&quot;classic&quot;}\">\n\t\t\t\t\t<div class=\"e-con-inner\">\n\t\t<div class=\"elementor-element elementor-element-bb62af6 e-con-full e-flex e-con e-child\" data-id=\"bb62af6\" data-element_type=\"container\" data-e-type=\"container\">\n\t\t\t\t<div class=\"elementor-element elementor-element-052d28f elementor-widget elementor-widget-image\" data-id=\"052d28f\" data-element_type=\"widget\" data-e-type=\"widget\" data-widget_type=\"image.default\">\n\t\t\t\t<div class=\"elementor-widget-container\">\n\t\t\t\t\t\t\t\t\t\t\t\t\t\t\t<img loading=\"lazy\" decoding=\"async\" width=\"500\" height=\"333\" src=\"https:\/\/select-agency.world\/wp-content\/uploads\/2025\/06\/mallorca-cala-egos.webp\" class=\"attachment-full size-full wp-image-24901\" alt=\"Cala Egos in Mallorca.\" srcset=\"https:\/\/select-agency.world\/wp-content\/uploads\/2025\/06\/mallorca-cala-egos.webp 500w, https:\/\/select-agency.world\/wp-content\/uploads\/2025\/06\/mallorca-cala-egos-300x200.webp 300w, https:\/\/select-agency.world\/wp-content\/uploads\/2025\/06\/mallorca-cala-egos-18x12.webp 18w, https:\/\/select-agency.world\/wp-content\/uploads\/2025\/06\/mallorca-cala-egos-496x330.webp 496w\" sizes=\"auto, (max-width: 500px) 100vw, 500px\" \/>\t\t\t\t\t\t\t\t\t\t\t\t\t\t\t<\/div>\n\t\t\t\t<\/div>\n\t\t\t\t<div class=\"elementor-element elementor-element-8674ecb animated-fast elementor-invisible elementor-widget elementor-widget-heading\" data-id=\"8674ecb\" data-element_type=\"widget\" data-e-type=\"widget\" data-settings=\"{&quot;_animation&quot;:&quot;fadeInUp&quot;}\" data-widget_type=\"heading.default\">\n\t\t\t\t<div class=\"elementor-widget-container\">\n\t\t\t\t\t<h2 class=\"elementor-heading-title elementor-size-default\">Cala d\u2019Egos \u2013 Serenidad cerca de Port d\u2019Andratx<\/h2>\t\t\t\t<\/div>\n\t\t\t\t<\/div>\n\t\t\t\t<div class=\"elementor-element elementor-element-ceb361e elementor-widget__width-initial elementor-widget elementor-widget-text-editor\" data-id=\"ceb361e\" data-element_type=\"widget\" data-e-type=\"widget\" data-widget_type=\"text-editor.default\">\n\t\t\t\t<div class=\"elementor-widget-container\">\n\t\t\t\t\t\t\t\t\t<p>Escondida cerca de Port d\u2019Andratx, Cala d\u2019Egos es una joya tranquila conocida por sus aguas claras y ambiente relajado. Sin desarrollos ni multitudes, es el lugar perfecto para descansar en cubierta, flotar en el agua o disfrutar de una tranquila sesi\u00f3n de paddle surf.<\/p><p><em>12 MN al oeste de Palma de Mallorca<\/em><\/p>\t\t\t\t\t\t\t\t<\/div>\n\t\t\t\t<\/div>\n\t\t\t\t<div class=\"elementor-element elementor-element-93a5afb elementor-widget elementor-widget-google_maps\" data-id=\"93a5afb\" data-element_type=\"widget\" data-e-type=\"widget\" data-widget_type=\"google_maps.default\">\n\t\t\t\t<div class=\"elementor-widget-container\">\n\t\t\t\t\t\t\t<div class=\"elementor-custom-embed\">\n\t\t\t<iframe loading=\"lazy\"\n\t\t\t\t\tsrc=\"https:\/\/maps.google.com\/maps?q=cala%20egos%20andratx&#038;t=m&#038;z=11&#038;output=embed&#038;iwloc=near\"\n\t\t\t\t\ttitle=\"cala egos andratx\"\n\t\t\t\t\taria-label=\"cala egos andratx\"\n\t\t\t><\/iframe>\n\t\t<\/div>\n\t\t\t\t\t\t<\/div>\n\t\t\t\t<\/div>\n\t\t\t\t<\/div>\n\t\t<div class=\"elementor-element elementor-element-82aaaa3 e-con-full e-flex e-con e-child\" data-id=\"82aaaa3\" data-element_type=\"container\" data-e-type=\"container\">\n\t\t\t\t<div class=\"elementor-element elementor-element-cd0704d elementor-widget elementor-widget-image\" data-id=\"cd0704d\" data-element_type=\"widget\" data-e-type=\"widget\" data-widget_type=\"image.default\">\n\t\t\t\t<div class=\"elementor-widget-container\">\n\t\t\t\t\t\t\t\t\t\t\t\t\t\t\t<img loading=\"lazy\" decoding=\"async\" width=\"1920\" height=\"1280\" src=\"https:\/\/select-agency.world\/wp-content\/uploads\/2025\/03\/cala-deia-mallorca.webp\" class=\"attachment-full size-full wp-image-23355\" alt=\"Cala deia in Mallorca.\" srcset=\"https:\/\/select-agency.world\/wp-content\/uploads\/2025\/03\/cala-deia-mallorca.webp 1920w, https:\/\/select-agency.world\/wp-content\/uploads\/2025\/03\/cala-deia-mallorca-300x200.webp 300w, https:\/\/select-agency.world\/wp-content\/uploads\/2025\/03\/cala-deia-mallorca-1024x683.webp 1024w, https:\/\/select-agency.world\/wp-content\/uploads\/2025\/03\/cala-deia-mallorca-768x512.webp 768w, https:\/\/select-agency.world\/wp-content\/uploads\/2025\/03\/cala-deia-mallorca-1536x1024.webp 1536w, https:\/\/select-agency.world\/wp-content\/uploads\/2025\/03\/cala-deia-mallorca-18x12.webp 18w, https:\/\/select-agency.world\/wp-content\/uploads\/2025\/03\/cala-deia-mallorca-900x600.webp 900w, https:\/\/select-agency.world\/wp-content\/uploads\/2025\/03\/cala-deia-mallorca-496x331.webp 496w\" sizes=\"auto, (max-width: 1920px) 100vw, 1920px\" \/>\t\t\t\t\t\t\t\t\t\t\t\t\t\t\t<\/div>\n\t\t\t\t<\/div>\n\t\t\t\t<div class=\"elementor-element elementor-element-5f18590 animated-fast elementor-invisible elementor-widget elementor-widget-heading\" data-id=\"5f18590\" data-element_type=\"widget\" data-e-type=\"widget\" data-settings=\"{&quot;_animation&quot;:&quot;fadeInUp&quot;}\" data-widget_type=\"heading.default\">\n\t\t\t\t<div class=\"elementor-widget-container\">\n\t\t\t\t\t<h4 class=\"elementor-heading-title elementor-size-default\">Cala Dei\u00e0 \u2013 Refugio tranquilo con encanto r\u00fastico<\/h4>\t\t\t\t<\/div>\n\t\t\t\t<\/div>\n\t\t\t\t<div class=\"elementor-element elementor-element-db60359 elementor-widget__width-initial elementor-widget elementor-widget-text-editor\" data-id=\"db60359\" data-element_type=\"widget\" data-e-type=\"widget\" data-widget_type=\"text-editor.default\">\n\t\t\t\t<div class=\"elementor-widget-container\">\n\t\t\t\t\t\t\t\t\t<p>Entre impresionantes acantilados en la costa noroeste de Mallorca, Cala Dei\u00e0 es una cala pintoresca y apartada de aguas cristalinas. Ideal para nadar con tranquilidad o simplemente disfrutar del paisaje desde su yate. El cercano <strong><a href=\"https:\/\/www.instagram.com\/caspatromarch\/\" target=\"_blank\" rel=\"noopener\">Ca\u2019s Patr\u00f3 March<\/a><\/strong>ofrece cocina mediterr\u00e1nea fresca junto al mar \u2014 perfecto para un almuerzo relajado y exclusivo.<\/p><p><em>16 MN al noroeste de Palma de Mallorca<\/em><\/p>\t\t\t\t\t\t\t\t<\/div>\n\t\t\t\t<\/div>\n\t\t\t\t<div class=\"elementor-element elementor-element-85acca9 elementor-widget elementor-widget-google_maps\" data-id=\"85acca9\" data-element_type=\"widget\" data-e-type=\"widget\" data-widget_type=\"google_maps.default\">\n\t\t\t\t<div class=\"elementor-widget-container\">\n\t\t\t\t\t\t\t<div class=\"elementor-custom-embed\">\n\t\t\t<iframe loading=\"lazy\"\n\t\t\t\t\tsrc=\"https:\/\/maps.google.com\/maps?q=Cala%20deia&#038;t=m&#038;z=11&#038;output=embed&#038;iwloc=near\"\n\t\t\t\t\ttitle=\"Cala deia\"\n\t\t\t\t\taria-label=\"Cala deia\"\n\t\t\t><\/iframe>\n\t\t<\/div>\n\t\t\t\t\t\t<\/div>\n\t\t\t\t<\/div>\n\t\t\t\t<\/div>\n\t\t<div class=\"elementor-element elementor-element-010a854 e-con-full e-flex e-con e-child\" data-id=\"010a854\" data-element_type=\"container\" data-e-type=\"container\">\n\t\t\t\t<div class=\"elementor-element elementor-element-c2a1e16 elementor-widget elementor-widget-image\" data-id=\"c2a1e16\" data-element_type=\"widget\" data-e-type=\"widget\" data-widget_type=\"image.default\">\n\t\t\t\t<div class=\"elementor-widget-container\">\n\t\t\t\t\t\t\t\t\t\t\t\t\t\t\t<img loading=\"lazy\" decoding=\"async\" width=\"1920\" height=\"1280\" src=\"https:\/\/select-agency.world\/wp-content\/uploads\/2025\/03\/cabrera-island.webp\" class=\"attachment-full size-full wp-image-23232\" alt=\"Cabrera national park.\" srcset=\"https:\/\/select-agency.world\/wp-content\/uploads\/2025\/03\/cabrera-island.webp 1920w, https:\/\/select-agency.world\/wp-content\/uploads\/2025\/03\/cabrera-island-300x200.webp 300w, https:\/\/select-agency.world\/wp-content\/uploads\/2025\/03\/cabrera-island-1024x683.webp 1024w, https:\/\/select-agency.world\/wp-content\/uploads\/2025\/03\/cabrera-island-768x512.webp 768w, https:\/\/select-agency.world\/wp-content\/uploads\/2025\/03\/cabrera-island-1536x1024.webp 1536w, https:\/\/select-agency.world\/wp-content\/uploads\/2025\/03\/cabrera-island-18x12.webp 18w, https:\/\/select-agency.world\/wp-content\/uploads\/2025\/03\/cabrera-island-900x600.webp 900w, https:\/\/select-agency.world\/wp-content\/uploads\/2025\/03\/cabrera-island-496x331.webp 496w\" sizes=\"auto, (max-width: 1920px) 100vw, 1920px\" \/>\t\t\t\t\t\t\t\t\t\t\t\t\t\t\t<\/div>\n\t\t\t\t<\/div>\n\t\t\t\t<div class=\"elementor-element elementor-element-c777774 animated-fast elementor-invisible elementor-widget elementor-widget-heading\" data-id=\"c777774\" data-element_type=\"widget\" data-e-type=\"widget\" data-settings=\"{&quot;_animation&quot;:&quot;fadeInUp&quot;}\" data-widget_type=\"heading.default\">\n\t\t\t\t<div class=\"elementor-widget-container\">\n\t\t\t\t\t<h4 class=\"elementor-heading-title elementor-size-default\">Cabrera \u2013 Santuario marino natural<\/h4>\t\t\t\t<\/div>\n\t\t\t\t<\/div>\n\t\t\t\t<div class=\"elementor-element elementor-element-abb4a1d elementor-widget__width-initial elementor-widget elementor-widget-text-editor\" data-id=\"abb4a1d\" data-element_type=\"widget\" data-e-type=\"widget\" data-widget_type=\"text-editor.default\">\n\t\t\t\t<div class=\"elementor-widget-container\">\n\t\t\t\t\t\t\t\t\t<p>Un aut\u00e9ntico para\u00edso para los amantes de la naturaleza, Cabrera es un parque nacional protegido con aguas turquesas pr\u00edstinas, cuevas escondidas y una vida marina extraordinaria. Disfrute de una parada tranquila (boya sujeta a tarifa) en este entorno virgen, perfecto para snorkel y ba\u00f1o. La famosa Cova Blava (Cueva Azul) es una visita imprescindible, donde el agua adquiere un tono azul intenso bajo la luz de la tarde.<\/p><p><em>28 MN al sureste de Palma de Mallorca<\/em><\/p>\t\t\t\t\t\t\t\t<\/div>\n\t\t\t\t<\/div>\n\t\t\t\t<div class=\"elementor-element elementor-element-a8fa314 elementor-widget elementor-widget-google_maps\" data-id=\"a8fa314\" data-element_type=\"widget\" data-e-type=\"widget\" data-widget_type=\"google_maps.default\">\n\t\t\t\t<div class=\"elementor-widget-container\">\n\t\t\t\t\t\t\t<div class=\"elementor-custom-embed\">\n\t\t\t<iframe loading=\"lazy\"\n\t\t\t\t\tsrc=\"https:\/\/maps.google.com\/maps?q=Cabrera%20mallorca&#038;t=m&#038;z=11&#038;output=embed&#038;iwloc=near\"\n\t\t\t\t\ttitle=\"Cabrera mallorca\"\n\t\t\t\t\taria-label=\"Cabrera mallorca\"\n\t\t\t><\/iframe>\n\t\t<\/div>\n\t\t\t\t\t\t<\/div>\n\t\t\t\t<\/div>\n\t\t\t\t<\/div>\n\t\t\t\t\t<\/div>\n\t\t\t\t<\/div>\n\t\t<div class=\"elementor-element elementor-element-ea5c43d animated-slow e-flex e-con-boxed elementor-invisible e-con e-parent\" data-id=\"ea5c43d\" data-element_type=\"container\" data-e-type=\"container\" data-settings=\"{&quot;background_background&quot;:&quot;classic&quot;,&quot;animation&quot;:&quot;fadeIn&quot;}\">\n\t\t\t\t\t<div class=\"e-con-inner\">\n\t\t<div class=\"elementor-element elementor-element-9164314 e-con-full e-flex e-con e-child\" data-id=\"9164314\" data-element_type=\"container\" data-e-type=\"container\">\n\t\t\t\t<div class=\"elementor-element elementor-element-bf27389 elementor-widget elementor-widget-heading\" data-id=\"bf27389\" data-element_type=\"widget\" data-e-type=\"widget\" data-widget_type=\"heading.default\">\n\t\t\t\t<div class=\"elementor-widget-container\">\n\t\t\t\t\t<h4 class=\"elementor-heading-title elementor-size-default\">La experiencia de yate de sus sue\u00f1os le espera<\/h4>\t\t\t\t<\/div>\n\t\t\t\t<\/div>\n\t\t\t\t<div class=\"elementor-element elementor-element-a8eb06d elementor-widget elementor-widget-text-editor\" data-id=\"a8eb06d\" data-element_type=\"widget\" data-e-type=\"widget\" data-widget_type=\"text-editor.default\">\n\t\t\t\t<div class=\"elementor-widget-container\">\n\t\t\t\t\t\t\t\t\t<p data-pm-slice=\"1 1 []\">Perm\u00edtanos dise\u00f1ar su d\u00eda perfecto en el mar.<br \/>Cont\u00e1ctenos para personalizar su itinerario y comenzar un viaje inolvidable alrededor de Mallorca.<\/p>\t\t\t\t\t\t\t\t<\/div>\n\t\t\t\t<\/div>\n\t\t\t\t<div class=\"elementor-element elementor-element-87add1e elementor-align-justify elementor-mobile-align-center elementor-invisible elementor-widget elementor-widget-button\" data-id=\"87add1e\" data-element_type=\"widget\" data-e-type=\"widget\" data-settings=\"{&quot;_animation&quot;:&quot;fadeIn&quot;}\" data-widget_type=\"button.default\">\n\t\t\t\t<div class=\"elementor-widget-container\">\n\t\t\t\t\t\t\t\t\t<div class=\"elementor-button-wrapper\">\n\t\t\t\t\t<a class=\"elementor-button elementor-button-link elementor-size-sm elementor-animation-grow\" href=\"https:\/\/select-agency.world\/es\/contact\/\">\n\t\t\t\t\t\t<span class=\"elementor-button-content-wrapper\">\n\t\t\t\t\t\t\t\t\t<span class=\"elementor-button-text\">P\u00f3ngase en contacto<\/span>\n\t\t\t\t\t<\/span>\n\t\t\t\t\t<\/a>\n\t\t\t\t<\/div>\n\t\t\t\t\t\t\t\t<\/div>\n\t\t\t\t<\/div>\n\t\t\t\t<\/div>\n\t\t\t\t\t<\/div>\n\t\t\t\t<\/div>\n\t\t\t\t<\/div>","protected":false},"excerpt":{"rendered":"<p>Day Charter Mallorca Discover Mallorca\u2019s Best Day Charter Itineraries Mallorca is a yachting paradise, offering crystal-clear waters, hidden coves, and breathtaking coastal scenery. Whether you seek an adventure-packed day, a gourmet escape, or pure relaxation, our carefully curated itineraries ensure an unforgettable experience at sea. From thrilling water sports and scenic snorkeling spots to exquisite [&hellip;]<\/p>\n","protected":false},"author":1,"featured_media":20794,"parent":23410,"menu_order":0,"comment_status":"closed","ping_status":"closed","template":"elementor_header_footer","meta":{"footnotes":""},"class_list":["post-23347","page","type-page","status-publish","has-post-thumbnail","hentry"],"aioseo_notices":[],"_links":{"self":[{"href":"https:\/\/select-agency.world\/es\/wp-json\/wp\/v2\/pages\/23347","targetHints":{"allow":["GET"]}}],"collection":[{"href":"https:\/\/select-agency.world\/es\/wp-json\/wp\/v2\/pages"}],"about":[{"href":"https:\/\/select-agency.world\/es\/wp-json\/wp\/v2\/types\/page"}],"author":[{"embeddable":true,"href":"https:\/\/select-agency.world\/es\/wp-json\/wp\/v2\/users\/1"}],"replies":[{"embeddable":true,"href":"https:\/\/select-agency.world\/es\/wp-json\/wp\/v2\/comments?post=23347"}],"version-history":[{"count":0,"href":"https:\/\/select-agency.world\/es\/wp-json\/wp\/v2\/pages\/23347\/revisions"}],"up":[{"embeddable":true,"href":"https:\/\/select-agency.world\/es\/wp-json\/wp\/v2\/pages\/23410"}],"wp:featuredmedia":[{"embeddable":true,"href":"https:\/\/select-agency.world\/es\/wp-json\/wp\/v2\/media\/20794"}],"wp:attachment":[{"href":"https:\/\/select-agency.world\/es\/wp-json\/wp\/v2\/media?parent=23347"}],"curies":[{"name":"wp","href":"https:\/\/api.w.org\/{rel}","templated":true}]}}