{"id":24336,"date":"2025-04-14T11:12:55","date_gmt":"2025-04-14T10:12:55","guid":{"rendered":"https:\/\/select-agency.world\/?page_id=24336"},"modified":"2026-03-31T10:43:36","modified_gmt":"2026-03-31T09:43:36","slug":"es-trenc","status":"publish","type":"page","link":"https:\/\/select-agency.world\/es\/yachting\/itineraries\/es-trenc\/","title":{"rendered":"Itinerary Es Trenc"},"content":{"rendered":"<div data-elementor-type=\"wp-page\" data-elementor-id=\"24336\" class=\"elementor elementor-24336\">\n\t\t\t\t<div class=\"elementor-element elementor-element-6395f2e animated-slow e-flex e-con-boxed elementor-invisible e-con e-parent\" data-id=\"6395f2e\" data-element_type=\"container\" data-e-type=\"container\" data-settings=\"{&quot;background_background&quot;:&quot;classic&quot;,&quot;animation&quot;:&quot;fadeIn&quot;}\">\n\t\t\t\t\t<div class=\"e-con-inner\">\n\t\t<div class=\"elementor-element elementor-element-98e4146 e-con-full e-flex e-con e-child\" data-id=\"98e4146\" data-element_type=\"container\" data-e-type=\"container\">\n\t\t\t\t<div class=\"elementor-element elementor-element-03c051f elementor-invisible elementor-widget elementor-widget-heading\" data-id=\"03c051f\" data-element_type=\"widget\" data-e-type=\"widget\" data-settings=\"{&quot;_animation&quot;:&quot;fadeInDown&quot;}\" data-widget_type=\"heading.default\">\n\t\t\t\t<div class=\"elementor-widget-container\">\n\t\t\t\t\t<h1 class=\"elementor-heading-title elementor-size-default\">Serenidad en la Costa Sur<\/h1>\t\t\t\t<\/div>\n\t\t\t\t<\/div>\n\t\t\t\t<\/div>\n\t\t\t\t\t<\/div>\n\t\t\t\t<\/div>\n\t\t<div class=\"elementor-element elementor-element-ff2847f e-flex e-con-boxed e-con e-parent\" data-id=\"ff2847f\" data-element_type=\"container\" data-e-type=\"container\" data-settings=\"{&quot;background_background&quot;:&quot;classic&quot;}\">\n\t\t\t\t\t<div class=\"e-con-inner\">\n\t\t\t\t<div class=\"elementor-element elementor-element-8d21595 elementor-widget__width-initial elementor-invisible elementor-widget elementor-widget-heading\" data-id=\"8d21595\" data-element_type=\"widget\" data-e-type=\"widget\" data-settings=\"{&quot;_animation&quot;:&quot;fadeInUp&quot;}\" data-widget_type=\"heading.default\">\n\t\t\t\t<div class=\"elementor-widget-container\">\n\t\t\t\t\t<h2 class=\"elementor-heading-title elementor-size-default\">Escapada en yate de 2 d\u00edas: rumbo a Es Trenc<\/h2>\t\t\t\t<\/div>\n\t\t\t\t<\/div>\n\t\t\t\t<div class=\"elementor-element elementor-element-6ae15fb6 elementor-widget__width-initial elementor-invisible elementor-widget elementor-widget-text-editor\" data-id=\"6ae15fb6\" data-element_type=\"widget\" data-e-type=\"widget\" data-settings=\"{&quot;_animation&quot;:&quot;fadeInUp&quot;}\" data-widget_type=\"text-editor.default\">\n\t\t\t\t<div class=\"elementor-widget-container\">\n\t\t\t\t\t\t\t\t\t<p>\u00bfBusca una experiencia en yate breve pero inolvidable? Este itinerario de 2 d\u00edas \/ 1 noche le invita a desacelerar y disfrutar de la belleza natural de <a href=\"https:\/\/select-agency.world\/es\/yachting\/balearic-islands\/mallorca\/\" target=\"_blank\" rel=\"noopener\"><strong>Mallorca<\/strong><\/a>, fondeando cerca de su playa m\u00e1s ic\u00f3nica: Es Trenc.\n\nAguas tranquilas, paisajes de ensue\u00f1o y una completa selecci\u00f3n de <strong><a href=\"https:\/\/select-agency.world\/es\/water-toys\/\" target=\"_blank\" rel=\"noopener\">water toys<\/a> <\/strong>le esperan para una aventura que se siente mucho m\u00e1s larga que solo dos d\u00edas.<\/p><p class=\"p1\"><em>Deportes acu\u00e1ticos &amp; water toys | Noche fondeados bajo las estrellas | Experiencia gastron\u00f3mica a bordo<\/em><\/p>\t\t\t\t\t\t\t\t<\/div>\n\t\t\t\t<\/div>\n\t\t\t\t<div class=\"elementor-element elementor-element-fbf1597 elementor-mobile-align-center elementor-invisible elementor-widget elementor-widget-button\" data-id=\"fbf1597\" data-element_type=\"widget\" data-e-type=\"widget\" data-settings=\"{&quot;_animation&quot;:&quot;fadeIn&quot;}\" data-widget_type=\"button.default\">\n\t\t\t\t<div class=\"elementor-widget-container\">\n\t\t\t\t\t\t\t\t\t<div class=\"elementor-button-wrapper\">\n\t\t\t\t\t<a class=\"elementor-button elementor-button-link elementor-size-sm elementor-animation-grow\" href=\"https:\/\/select-agency.world\/es\/contact\/\">\n\t\t\t\t\t\t<span class=\"elementor-button-content-wrapper\">\n\t\t\t\t\t\t\t\t\t<span class=\"elementor-button-text\">Solicite su propuesta personalizada<\/span>\n\t\t\t\t\t<\/span>\n\t\t\t\t\t<\/a>\n\t\t\t\t<\/div>\n\t\t\t\t\t\t\t\t<\/div>\n\t\t\t\t<\/div>\n\t\t\t\t\t<\/div>\n\t\t\t\t<\/div>\n\t\t<div class=\"elementor-element elementor-element-d8f471a e-flex e-con-boxed e-con e-parent\" data-id=\"d8f471a\" data-element_type=\"container\" data-e-type=\"container\" data-settings=\"{&quot;background_background&quot;:&quot;classic&quot;}\">\n\t\t\t\t\t<div class=\"e-con-inner\">\n\t\t<div class=\"elementor-element elementor-element-0f35318 e-con-full e-flex e-con e-child\" data-id=\"0f35318\" data-element_type=\"container\" data-e-type=\"container\">\n\t\t\t\t<div class=\"elementor-element elementor-element-cd0704d elementor-widget elementor-widget-image\" data-id=\"cd0704d\" data-element_type=\"widget\" data-e-type=\"widget\" data-widget_type=\"image.default\">\n\t\t\t\t<div class=\"elementor-widget-container\">\n\t\t\t\t\t\t\t\t\t\t\t\t\t\t\t<img loading=\"lazy\" decoding=\"async\" width=\"1920\" height=\"1280\" src=\"https:\/\/select-agency.world\/wp-content\/uploads\/2025\/04\/mallorca-es-trenc-beach.webp\" class=\"attachment-full size-full wp-image-24339\" alt=\"Es Trenc beach in Mallorca.\" srcset=\"https:\/\/select-agency.world\/wp-content\/uploads\/2025\/04\/mallorca-es-trenc-beach.webp 1920w, https:\/\/select-agency.world\/wp-content\/uploads\/2025\/04\/mallorca-es-trenc-beach-300x200.webp 300w, https:\/\/select-agency.world\/wp-content\/uploads\/2025\/04\/mallorca-es-trenc-beach-1024x683.webp 1024w, https:\/\/select-agency.world\/wp-content\/uploads\/2025\/04\/mallorca-es-trenc-beach-768x512.webp 768w, https:\/\/select-agency.world\/wp-content\/uploads\/2025\/04\/mallorca-es-trenc-beach-1536x1024.webp 1536w, https:\/\/select-agency.world\/wp-content\/uploads\/2025\/04\/mallorca-es-trenc-beach-18x12.webp 18w, https:\/\/select-agency.world\/wp-content\/uploads\/2025\/04\/mallorca-es-trenc-beach-900x600.webp 900w, https:\/\/select-agency.world\/wp-content\/uploads\/2025\/04\/mallorca-es-trenc-beach-496x331.webp 496w\" sizes=\"auto, (max-width: 1920px) 100vw, 1920px\" \/>\t\t\t\t\t\t\t\t\t\t\t\t\t\t\t<\/div>\n\t\t\t\t<\/div>\n\t\t\t\t<div class=\"elementor-element elementor-element-85acca9 elementor-widget elementor-widget-google_maps\" data-id=\"85acca9\" data-element_type=\"widget\" data-e-type=\"widget\" data-widget_type=\"google_maps.default\">\n\t\t\t\t<div class=\"elementor-widget-container\">\n\t\t\t\t\t\t\t<div class=\"elementor-custom-embed\">\n\t\t\t<iframe loading=\"lazy\"\n\t\t\t\t\tsrc=\"https:\/\/maps.google.com\/maps?q=Es%20Trenc&#038;t=m&#038;z=11&#038;output=embed&#038;iwloc=near\"\n\t\t\t\t\ttitle=\"Es Trenc\"\n\t\t\t\t\taria-label=\"Es Trenc\"\n\t\t\t><\/iframe>\n\t\t<\/div>\n\t\t\t\t\t\t<\/div>\n\t\t\t\t<\/div>\n\t\t\t\t<\/div>\n\t\t<div class=\"elementor-element elementor-element-b856e5a e-con-full e-flex e-con e-child\" data-id=\"b856e5a\" data-element_type=\"container\" data-e-type=\"container\">\n\t\t\t\t<div class=\"elementor-element elementor-element-9d997a4 elementor-widget elementor-widget-heading\" data-id=\"9d997a4\" data-element_type=\"widget\" data-e-type=\"widget\" data-widget_type=\"heading.default\">\n\t\t\t\t<div class=\"elementor-widget-container\">\n\t\t\t\t\t<h2 class=\"elementor-heading-title elementor-size-default\">D\u00eda 1: Navegando hacia el sur \u2013 ba\u00f1o, sol y atardecer<\/h2>\t\t\t\t<\/div>\n\t\t\t\t<\/div>\n\t\t\t\t<div class=\"elementor-element elementor-element-aeea7a8 elementor-widget elementor-widget-text-editor\" data-id=\"aeea7a8\" data-element_type=\"widget\" data-e-type=\"widget\" data-widget_type=\"text-editor.default\">\n\t\t\t\t<div class=\"elementor-widget-container\">\n\t\t\t\t\t\t\t\t\t<p>Comenzamos la traves\u00eda navegando por la pintoresca costa sur, pasando por los acantilados de Cap Blanc y su emblem\u00e1tico faro. Durante el recorrido, haremos una parada en alguna de las peque\u00f1as calas como Cala Pi para un ba\u00f1o refrescante o una sesi\u00f3n de paddle surf.<\/p><p>Al llegar a Es Trenc, su capit\u00e1n fondear\u00e1 en sus aguas tranquilas y cristalinas \u2014 perfectas para practicar snorkel, disfrutar de paseos en Seabob o simplemente relajarse sobre una plataforma inflable con una bebida fr\u00eda en la mano. Su extensa franja de arena blanca y aguas turquesas es lo m\u00e1s parecido al Caribe que puede encontrar en Mallorca.<\/p><p>Al caer el sol, disfrute de una cena a bordo con vistas al horizonte. Ya sea un men\u00fa preparado en el yate o una propuesta mediterr\u00e1nea organizada para usted, el entorno es sencillamente inolvidable. Pasaremos la noche fondeados, dej\u00e1ndonos mecer suavemente por el mar.<\/p>\t\t\t\t\t\t\t\t<\/div>\n\t\t\t\t<\/div>\n\t\t\t\t<\/div>\n\t\t\t\t\t<\/div>\n\t\t\t\t<\/div>\n\t\t<div class=\"elementor-element elementor-element-93cdae9 e-flex e-con-boxed e-con e-parent\" data-id=\"93cdae9\" data-element_type=\"container\" data-e-type=\"container\" data-settings=\"{&quot;background_background&quot;:&quot;classic&quot;}\">\n\t\t\t\t\t<div class=\"e-con-inner\">\n\t\t<div class=\"elementor-element elementor-element-9db54df e-con-full e-flex e-con e-child\" data-id=\"9db54df\" data-element_type=\"container\" data-e-type=\"container\">\n\t\t\t\t<div class=\"elementor-element elementor-element-523f104 elementor-widget elementor-widget-heading\" data-id=\"523f104\" data-element_type=\"widget\" data-e-type=\"widget\" data-widget_type=\"heading.default\">\n\t\t\t\t<div class=\"elementor-widget-container\">\n\t\t\t\t\t<h2 class=\"elementor-heading-title elementor-size-default\">D\u00eda 2: Emoci\u00f3n matutina y regreso relajado<\/h2>\t\t\t\t<\/div>\n\t\t\t\t<\/div>\n\t\t\t\t<div class=\"elementor-element elementor-element-fe7a5a5 elementor-widget elementor-widget-text-editor\" data-id=\"fe7a5a5\" data-element_type=\"widget\" data-e-type=\"widget\" data-widget_type=\"text-editor.default\">\n\t\t\t\t<div class=\"elementor-widget-container\">\n\t\t\t\t\t\t\t\t\t<p class=\"p1\">Despierte con el ritmo tranquilo del mar. Tras un desayuno relajado en cubierta, las condiciones matinales son ideales para disfrutar de los water toys \u2014 pruebe volar sobre el agua en un <a href=\"https:\/\/select-agency.world\/es\/water-toys\/\" target=\"_blank\" rel=\"noopener\"><span class=\"s1\"><b>eFoil<\/b><\/span><\/a>, deslizarse en un <a href=\"https:\/\/select-agency.world\/es\/water-toys\/\" target=\"_blank\" rel=\"noopener\"><span class=\"s1\"><b>Seabob<\/b><\/span><\/a>o realizar una \u00faltima sesi\u00f3n de paddle surf junto a la costa.<\/p><p class=\"p1\">Antes de emprender el regreso, haremos una \u00faltima parada para nadar o almorzar en Cala Blava \u2014 una encantadora cala de aguas luminosas \u2014 o bien disfrutar de una elegante llegada a Illetas, donde podr\u00e1 brindar por el final de su escapada con un c\u00f3ctel junto al mar.<\/p>\t\t\t\t\t\t\t\t<\/div>\n\t\t\t\t<\/div>\n\t\t\t\t<\/div>\n\t\t<div class=\"elementor-element elementor-element-c0383d9 e-con-full e-flex e-con e-child\" data-id=\"c0383d9\" data-element_type=\"container\" data-e-type=\"container\">\n\t\t\t\t<div class=\"elementor-element elementor-element-129dff4 elementor-widget elementor-widget-image\" data-id=\"129dff4\" data-element_type=\"widget\" data-e-type=\"widget\" data-widget_type=\"image.default\">\n\t\t\t\t<div class=\"elementor-widget-container\">\n\t\t\t\t\t\t\t\t\t\t\t\t\t\t\t<img loading=\"lazy\" decoding=\"async\" width=\"1920\" height=\"1280\" src=\"https:\/\/select-agency.world\/wp-content\/uploads\/2025\/04\/mallorca-es-trenc-sunset.webp\" class=\"attachment-full size-full wp-image-24341\" alt=\"Sunset in Es Trenc in Mallorca.\" srcset=\"https:\/\/select-agency.world\/wp-content\/uploads\/2025\/04\/mallorca-es-trenc-sunset.webp 1920w, https:\/\/select-agency.world\/wp-content\/uploads\/2025\/04\/mallorca-es-trenc-sunset-300x200.webp 300w, https:\/\/select-agency.world\/wp-content\/uploads\/2025\/04\/mallorca-es-trenc-sunset-1024x683.webp 1024w, https:\/\/select-agency.world\/wp-content\/uploads\/2025\/04\/mallorca-es-trenc-sunset-768x512.webp 768w, https:\/\/select-agency.world\/wp-content\/uploads\/2025\/04\/mallorca-es-trenc-sunset-1536x1024.webp 1536w, https:\/\/select-agency.world\/wp-content\/uploads\/2025\/04\/mallorca-es-trenc-sunset-18x12.webp 18w, https:\/\/select-agency.world\/wp-content\/uploads\/2025\/04\/mallorca-es-trenc-sunset-900x600.webp 900w, https:\/\/select-agency.world\/wp-content\/uploads\/2025\/04\/mallorca-es-trenc-sunset-496x331.webp 496w\" sizes=\"auto, (max-width: 1920px) 100vw, 1920px\" \/>\t\t\t\t\t\t\t\t\t\t\t\t\t\t\t<\/div>\n\t\t\t\t<\/div>\n\t\t\t\t<\/div>\n\t\t\t\t\t<\/div>\n\t\t\t\t<\/div>\n\t\t<div class=\"elementor-element elementor-element-0cf4e38 animated-slow e-flex e-con-boxed elementor-invisible e-con e-parent\" data-id=\"0cf4e38\" data-element_type=\"container\" data-e-type=\"container\" data-settings=\"{&quot;background_background&quot;:&quot;classic&quot;,&quot;animation&quot;:&quot;fadeIn&quot;}\">\n\t\t\t\t\t<div class=\"e-con-inner\">\n\t\t<div class=\"elementor-element elementor-element-4eafe94 e-con-full e-flex e-con e-child\" data-id=\"4eafe94\" data-element_type=\"container\" data-e-type=\"container\">\n\t\t\t\t<div class=\"elementor-element elementor-element-bf27389 elementor-widget elementor-widget-heading\" data-id=\"bf27389\" data-element_type=\"widget\" data-e-type=\"widget\" data-widget_type=\"heading.default\">\n\t\t\t\t<div class=\"elementor-widget-container\">\n\t\t\t\t\t<h4 class=\"elementor-heading-title elementor-size-default\">Cree la experiencia de sus sue\u00f1os<\/h4>\t\t\t\t<\/div>\n\t\t\t\t<\/div>\n\t\t\t\t<div class=\"elementor-element elementor-element-a8eb06d elementor-widget elementor-widget-text-editor\" data-id=\"a8eb06d\" data-element_type=\"widget\" data-e-type=\"widget\" data-widget_type=\"text-editor.default\">\n\t\t\t\t<div class=\"elementor-widget-container\">\n\t\t\t\t\t\t\t\t\t<p class=\"p1\">Cada ch\u00e1rter es totalmente personalizable. Comp\u00e1rtanos sus preferencias y adaptaremos la experiencia a su medida \u2014 desde paradas en el itinerario hasta men\u00fas a bordo y solicitudes especiales.<\/p>\t\t\t\t\t\t\t\t<\/div>\n\t\t\t\t<\/div>\n\t\t\t\t<div class=\"elementor-element elementor-element-87add1e elementor-align-justify elementor-mobile-align-center elementor-invisible elementor-widget elementor-widget-button\" data-id=\"87add1e\" data-element_type=\"widget\" data-e-type=\"widget\" data-settings=\"{&quot;_animation&quot;:&quot;fadeIn&quot;}\" data-widget_type=\"button.default\">\n\t\t\t\t<div class=\"elementor-widget-container\">\n\t\t\t\t\t\t\t\t\t<div class=\"elementor-button-wrapper\">\n\t\t\t\t\t<a class=\"elementor-button elementor-button-link elementor-size-sm elementor-animation-grow\" href=\"https:\/\/select-agency.world\/es\/contact\/\">\n\t\t\t\t\t\t<span class=\"elementor-button-content-wrapper\">\n\t\t\t\t\t\t\t\t\t<span class=\"elementor-button-text\">P\u00f3ngase en contacto<\/span>\n\t\t\t\t\t<\/span>\n\t\t\t\t\t<\/a>\n\t\t\t\t<\/div>\n\t\t\t\t\t\t\t\t<\/div>\n\t\t\t\t<\/div>\n\t\t\t\t<\/div>\n\t\t\t\t\t<\/div>\n\t\t\t\t<\/div>\n\t\t\t\t<\/div>","protected":false},"excerpt":{"rendered":"<p>South Coast Serenity 2-Day Yacht Getaway: Escape to Es Trenc Looking for a short but unforgettable yacht experience? This 2-day \/ 1-night itinerary invites you to slow down and soak in Mallorca\u2019s natural beauty\u2014anchoring near the island\u2019s most iconic beach, Es Trenc. Calm waters, dreamlike scenery, and a full suite of water toys await you [&hellip;]<\/p>\n","protected":false},"author":1,"featured_media":24339,"parent":23410,"menu_order":0,"comment_status":"closed","ping_status":"closed","template":"elementor_header_footer","meta":{"footnotes":""},"class_list":["post-24336","page","type-page","status-publish","has-post-thumbnail","hentry"],"aioseo_notices":[],"_links":{"self":[{"href":"https:\/\/select-agency.world\/es\/wp-json\/wp\/v2\/pages\/24336","targetHints":{"allow":["GET"]}}],"collection":[{"href":"https:\/\/select-agency.world\/es\/wp-json\/wp\/v2\/pages"}],"about":[{"href":"https:\/\/select-agency.world\/es\/wp-json\/wp\/v2\/types\/page"}],"author":[{"embeddable":true,"href":"https:\/\/select-agency.world\/es\/wp-json\/wp\/v2\/users\/1"}],"replies":[{"embeddable":true,"href":"https:\/\/select-agency.world\/es\/wp-json\/wp\/v2\/comments?post=24336"}],"version-history":[{"count":0,"href":"https:\/\/select-agency.world\/es\/wp-json\/wp\/v2\/pages\/24336\/revisions"}],"up":[{"embeddable":true,"href":"https:\/\/select-agency.world\/es\/wp-json\/wp\/v2\/pages\/23410"}],"wp:featuredmedia":[{"embeddable":true,"href":"https:\/\/select-agency.world\/es\/wp-json\/wp\/v2\/media\/24339"}],"wp:attachment":[{"href":"https:\/\/select-agency.world\/es\/wp-json\/wp\/v2\/media?parent=24336"}],"curies":[{"name":"wp","href":"https:\/\/api.w.org\/{rel}","templated":true}]}}