{"id":24971,"date":"2025-06-06T13:05:46","date_gmt":"2025-06-06T12:05:46","guid":{"rendered":"https:\/\/select-agency.world\/?page_id=24971"},"modified":"2026-03-31T14:35:02","modified_gmt":"2026-03-31T13:35:02","slug":"corporate-yacht-charter-mallorca","status":"publish","type":"page","link":"https:\/\/select-agency.world\/es\/yachting\/corporate-yacht-charter-mallorca\/","title":{"rendered":"Ch\u00e1rter de Yate Corporativo en Mallorca"},"content":{"rendered":"<div data-elementor-type=\"wp-page\" data-elementor-id=\"24971\" class=\"elementor elementor-24971\">\n\t\t\t\t<div class=\"elementor-element elementor-element-6395f2e animated-slow e-flex e-con-boxed elementor-invisible e-con e-parent\" data-id=\"6395f2e\" data-element_type=\"container\" data-e-type=\"container\" data-settings=\"{&quot;background_background&quot;:&quot;classic&quot;,&quot;animation&quot;:&quot;fadeIn&quot;}\">\n\t\t\t\t\t<div class=\"e-con-inner\">\n\t\t<div class=\"elementor-element elementor-element-98e4146 e-con-full e-flex e-con e-child\" data-id=\"98e4146\" data-element_type=\"container\" data-e-type=\"container\">\n\t\t\t\t<div class=\"elementor-element elementor-element-03c051f elementor-invisible elementor-widget elementor-widget-heading\" data-id=\"03c051f\" data-element_type=\"widget\" data-e-type=\"widget\" data-settings=\"{&quot;_animation&quot;:&quot;fadeInDown&quot;}\" data-widget_type=\"heading.default\">\n\t\t\t\t<div class=\"elementor-widget-container\">\n\t\t\t\t\t<h1 class=\"elementor-heading-title elementor-size-default\">Ch\u00e1rter de Yate Corporativo en Mallorca<\/h1>\t\t\t\t<\/div>\n\t\t\t\t<\/div>\n\t\t\t\t<\/div>\n\t\t\t\t\t<\/div>\n\t\t\t\t<\/div>\n\t\t<div class=\"elementor-element elementor-element-40a60ef e-flex e-con-boxed elementor-invisible e-con e-parent\" data-id=\"40a60ef\" data-element_type=\"container\" data-e-type=\"container\" data-settings=\"{&quot;background_background&quot;:&quot;gradient&quot;,&quot;animation&quot;:&quot;fadeIn&quot;}\">\n\t\t\t\t\t<div class=\"e-con-inner\">\n\t\t<div class=\"elementor-element elementor-element-9cd3950 e-con-full e-flex e-con e-child\" data-id=\"9cd3950\" data-element_type=\"container\" data-e-type=\"container\">\n\t\t<div class=\"elementor-element elementor-element-db41678 e-con-full e-flex e-con e-child\" data-id=\"db41678\" data-element_type=\"container\" data-e-type=\"container\">\n\t\t<div class=\"elementor-element elementor-element-bbdd11b e-con-full e-flex e-con e-child\" data-id=\"bbdd11b\" data-element_type=\"container\" data-e-type=\"container\">\n\t\t\t\t<div class=\"elementor-element elementor-element-069e7b8 elementor-widget elementor-widget-image\" data-id=\"069e7b8\" data-element_type=\"widget\" data-e-type=\"widget\" data-widget_type=\"image.default\">\n\t\t\t\t<div class=\"elementor-widget-container\">\n\t\t\t\t\t\t\t\t\t\t\t\t\t\t\t<img loading=\"lazy\" decoding=\"async\" width=\"1024\" height=\"683\" src=\"https:\/\/select-agency.world\/wp-content\/uploads\/2025\/06\/yacht-charter-party-1024x683.webp\" class=\"attachment-large size-large wp-image-24975\" alt=\"Family with champagne glasses on a yacht.\" srcset=\"https:\/\/select-agency.world\/wp-content\/uploads\/2025\/06\/yacht-charter-party-1024x683.webp 1024w, https:\/\/select-agency.world\/wp-content\/uploads\/2025\/06\/yacht-charter-party-300x200.webp 300w, https:\/\/select-agency.world\/wp-content\/uploads\/2025\/06\/yacht-charter-party-768x512.webp 768w, https:\/\/select-agency.world\/wp-content\/uploads\/2025\/06\/yacht-charter-party-18x12.webp 18w, https:\/\/select-agency.world\/wp-content\/uploads\/2025\/06\/yacht-charter-party-900x600.webp 900w, https:\/\/select-agency.world\/wp-content\/uploads\/2025\/06\/yacht-charter-party-496x331.webp 496w, https:\/\/select-agency.world\/wp-content\/uploads\/2025\/06\/yacht-charter-party.webp 1200w\" sizes=\"auto, (max-width: 1024px) 100vw, 1024px\" \/>\t\t\t\t\t\t\t\t\t\t\t\t\t\t\t<\/div>\n\t\t\t\t<\/div>\n\t\t\t\t<\/div>\n\t\t<div class=\"elementor-element elementor-element-f7a085c e-con-full e-flex e-con e-child\" data-id=\"f7a085c\" data-element_type=\"container\" data-e-type=\"container\">\n\t\t\t\t<div class=\"elementor-element elementor-element-b32a119 elementor-invisible elementor-widget elementor-widget-heading\" data-id=\"b32a119\" data-element_type=\"widget\" data-e-type=\"widget\" data-settings=\"{&quot;_animation&quot;:&quot;fadeInRight&quot;}\" data-widget_type=\"heading.default\">\n\t\t\t\t<div class=\"elementor-widget-container\">\n\t\t\t\t\t<h2 class=\"elementor-heading-title elementor-size-default\">Su empresa, elevada por el mar<\/h2>\t\t\t\t<\/div>\n\t\t\t\t<\/div>\n\t\t\t\t<div class=\"elementor-element elementor-element-17a269e elementor-invisible elementor-widget elementor-widget-text-editor\" data-id=\"17a269e\" data-element_type=\"widget\" data-e-type=\"widget\" data-settings=\"{&quot;_animation&quot;:&quot;fadeInRight&quot;}\" data-widget_type=\"text-editor.default\">\n\t\t\t\t<div class=\"elementor-widget-container\">\n\t\t\t\t\t\t\t\t\t<p>Ya sea que est\u00e9 organizando un evento de equipo, recibiendo a clientes o creando un espacio para conversaciones enfocadas \u2014 un ch\u00e1rter privado de yate ofrece un entorno que combina profesionalidad y una experiencia memorable.<\/p><p>Ch\u00e1rteres corporativos de yate en Mallorca para eventos de equipo, entretenimiento de clientes y grupos ejecutivos \u00b7 Opciones de medio d\u00eda y d\u00eda completo disponibles.<\/p><p>A diferencia de los espacios tradicionales, un yate crea un entorno privado y enfocado donde su equipo o invitados pueden conectar de verdad. Sin distracciones, sin interrupciones \u2014 solo un ambiente bien dise\u00f1ado que fomenta la conversaci\u00f3n, la colaboraci\u00f3n y las experiencias compartidas.<\/p>\t\t\t\t\t\t\t\t<\/div>\n\t\t\t\t<\/div>\n\t\t\t\t<div class=\"elementor-element elementor-element-58cec9e elementor-mobile-align-center elementor-invisible elementor-widget elementor-widget-button\" data-id=\"58cec9e\" data-element_type=\"widget\" data-e-type=\"widget\" data-settings=\"{&quot;_animation&quot;:&quot;fadeIn&quot;}\" data-widget_type=\"button.default\">\n\t\t\t\t<div class=\"elementor-widget-container\">\n\t\t\t\t\t\t\t\t\t<div class=\"elementor-button-wrapper\">\n\t\t\t\t\t<a class=\"elementor-button elementor-button-link elementor-size-sm elementor-animation-grow\" href=\"#popmake-27596\">\n\t\t\t\t\t\t<span class=\"elementor-button-content-wrapper\">\n\t\t\t\t\t\t\t\t\t<span class=\"elementor-button-text\">Planificar su evento corporativo<\/span>\n\t\t\t\t\t<\/span>\n\t\t\t\t\t<\/a>\n\t\t\t\t<\/div>\n\t\t\t\t\t\t\t\t<\/div>\n\t\t\t\t<\/div>\n\t\t\t\t<div class=\"elementor-element elementor-element-c0451a1 elementor-mobile-align-center elementor-invisible elementor-widget elementor-widget-button\" data-id=\"c0451a1\" data-element_type=\"widget\" data-e-type=\"widget\" data-settings=\"{&quot;_animation&quot;:&quot;fadeIn&quot;}\" data-widget_type=\"button.default\">\n\t\t\t\t<div class=\"elementor-widget-container\">\n\t\t\t\t\t\t\t\t\t<div class=\"elementor-button-wrapper\">\n\t\t\t\t\t<a class=\"elementor-button elementor-button-link elementor-size-sm elementor-animation-grow\" href=\"\/es\/yachting\/charter-yachts\/\">\n\t\t\t\t\t\t<span class=\"elementor-button-content-wrapper\">\n\t\t\t\t\t\t\t\t\t<span class=\"elementor-button-text\">Descubrir nuestra selecci\u00f3n de yates<\/span>\n\t\t\t\t\t<\/span>\n\t\t\t\t\t<\/a>\n\t\t\t\t<\/div>\n\t\t\t\t\t\t\t\t<\/div>\n\t\t\t\t<\/div>\n\t\t\t\t<\/div>\n\t\t\t\t<\/div>\n\t\t\t\t<\/div>\n\t\t\t\t\t<\/div>\n\t\t\t\t<\/div>\n\t\t<div class=\"elementor-element elementor-element-d11e26a e-flex e-con-boxed e-con e-parent\" data-id=\"d11e26a\" data-element_type=\"container\" data-e-type=\"container\" data-settings=\"{&quot;background_background&quot;:&quot;classic&quot;}\">\n\t\t\t\t\t<div class=\"e-con-inner\">\n\t\t\t\t<div class=\"elementor-element elementor-element-6e56edb elementor-widget elementor-widget-spacer\" data-id=\"6e56edb\" data-element_type=\"widget\" data-e-type=\"widget\" data-widget_type=\"spacer.default\">\n\t\t\t\t<div class=\"elementor-widget-container\">\n\t\t\t\t\t\t\t<div class=\"elementor-spacer\">\n\t\t\t<div class=\"elementor-spacer-inner\"><\/div>\n\t\t<\/div>\n\t\t\t\t\t\t<\/div>\n\t\t\t\t<\/div>\n\t\t\t\t\t<\/div>\n\t\t\t\t<\/div>\n\t\t<div class=\"elementor-element elementor-element-d1dafdb e-flex e-con-boxed e-con e-parent\" data-id=\"d1dafdb\" data-element_type=\"container\" data-e-type=\"container\" data-settings=\"{&quot;background_background&quot;:&quot;classic&quot;}\">\n\t\t\t\t\t<div class=\"e-con-inner\">\n\t\t<div class=\"elementor-element elementor-element-a2c740c e-con-full e-flex e-con e-child\" data-id=\"a2c740c\" data-element_type=\"container\" data-e-type=\"container\">\n\t\t\t\t<div class=\"elementor-element elementor-element-30337b6 elementor-widget elementor-widget-image\" data-id=\"30337b6\" data-element_type=\"widget\" data-e-type=\"widget\" data-widget_type=\"image.default\">\n\t\t\t\t<div class=\"elementor-widget-container\">\n\t\t\t\t\t\t\t\t\t\t\t\t\t\t\t<img loading=\"lazy\" decoding=\"async\" width=\"1024\" height=\"683\" src=\"https:\/\/select-agency.world\/wp-content\/uploads\/2026\/03\/pershing-8x-beyond-ibiza.webp\" class=\"attachment-large size-large wp-image-26980\" alt=\"Pershing 8X Beyond in Ibiza\" srcset=\"https:\/\/select-agency.world\/wp-content\/uploads\/2026\/03\/pershing-8x-beyond-ibiza.webp 1200w, https:\/\/select-agency.world\/wp-content\/uploads\/2026\/03\/pershing-8x-beyond-ibiza-18x12.webp 18w\" sizes=\"auto, (max-width: 1024px) 100vw, 1024px\" \/>\t\t\t\t\t\t\t\t\t\t\t\t\t\t\t<\/div>\n\t\t\t\t<\/div>\n\t\t\t\t<div class=\"elementor-element elementor-element-c738753 animated-fast elementor-invisible elementor-widget elementor-widget-heading\" data-id=\"c738753\" data-element_type=\"widget\" data-e-type=\"widget\" data-settings=\"{&quot;_animation&quot;:&quot;fadeInUp&quot;}\" data-widget_type=\"heading.default\">\n\t\t\t\t<div class=\"elementor-widget-container\">\n\t\t\t\t\t<h2 class=\"elementor-heading-title elementor-size-default\">Inteligente, elegante y perfectamente gestionado<\/h2>\t\t\t\t<\/div>\n\t\t\t\t<\/div>\n\t\t\t\t<div class=\"elementor-element elementor-element-79401fb elementor-widget__width-initial elementor-widget elementor-widget-text-editor\" data-id=\"79401fb\" data-element_type=\"widget\" data-e-type=\"widget\" data-widget_type=\"text-editor.default\">\n\t\t\t\t<div class=\"elementor-widget-container\">\n\t\t\t\t\t\t\t\t\t<p>Los yates que recomendamos para eventos corporativos se seleccionan cuidadosamente para reflejar la imagen que desea transmitir \u2014 elegantes, c\u00f3modos e impactantes sin resultar excesivos.<\/p><p>Desde yates de d\u00eda modernos hasta grandes yates a motor con m\u00faltiples zonas de estar, le proponemos la opci\u00f3n adecuada seg\u00fan el tama\u00f1o del grupo, el tipo de evento y la atm\u00f3sfera deseada.<\/p><p>Si necesita elementos de branding o una configuraci\u00f3n m\u00e1s discreta, nos aseguramos de que todo est\u00e9 alineado con su marca y ejecutado de forma impecable.<\/p>\t\t\t\t\t\t\t\t<\/div>\n\t\t\t\t<\/div>\n\t\t\t\t<\/div>\n\t\t<div class=\"elementor-element elementor-element-1e3444b e-con-full e-flex e-con e-child\" data-id=\"1e3444b\" data-element_type=\"container\" data-e-type=\"container\">\n\t\t\t\t<div class=\"elementor-element elementor-element-170ccde elementor-widget elementor-widget-image\" data-id=\"170ccde\" data-element_type=\"widget\" data-e-type=\"widget\" data-widget_type=\"image.default\">\n\t\t\t\t<div class=\"elementor-widget-container\">\n\t\t\t\t\t\t\t\t\t\t\t\t\t\t\t<img loading=\"lazy\" decoding=\"async\" width=\"1024\" height=\"683\" src=\"https:\/\/select-agency.world\/wp-content\/uploads\/2025\/06\/yacht-charter-company-event-1024x683.webp\" class=\"attachment-large size-large wp-image-24973\" alt=\"Group of friends on a yacht.\" srcset=\"https:\/\/select-agency.world\/wp-content\/uploads\/2025\/06\/yacht-charter-company-event-1024x683.webp 1024w, https:\/\/select-agency.world\/wp-content\/uploads\/2025\/06\/yacht-charter-company-event-300x200.webp 300w, https:\/\/select-agency.world\/wp-content\/uploads\/2025\/06\/yacht-charter-company-event-768x512.webp 768w, https:\/\/select-agency.world\/wp-content\/uploads\/2025\/06\/yacht-charter-company-event-18x12.webp 18w, https:\/\/select-agency.world\/wp-content\/uploads\/2025\/06\/yacht-charter-company-event-900x600.webp 900w, https:\/\/select-agency.world\/wp-content\/uploads\/2025\/06\/yacht-charter-company-event-496x331.webp 496w, https:\/\/select-agency.world\/wp-content\/uploads\/2025\/06\/yacht-charter-company-event.webp 1200w\" sizes=\"auto, (max-width: 1024px) 100vw, 1024px\" \/>\t\t\t\t\t\t\t\t\t\t\t\t\t\t\t<\/div>\n\t\t\t\t<\/div>\n\t\t\t\t<div class=\"elementor-element elementor-element-919df48 animated-fast elementor-invisible elementor-widget elementor-widget-heading\" data-id=\"919df48\" data-element_type=\"widget\" data-e-type=\"widget\" data-settings=\"{&quot;_animation&quot;:&quot;fadeInUp&quot;}\" data-widget_type=\"heading.default\">\n\t\t\t\t<div class=\"elementor-widget-container\">\n\t\t\t\t\t<h2 class=\"elementor-heading-title elementor-size-default\">Ch\u00e1rteres que reflejan su marca<\/h2>\t\t\t\t<\/div>\n\t\t\t\t<\/div>\n\t\t\t\t<div class=\"elementor-element elementor-element-b3e5746 elementor-widget__width-initial elementor-widget elementor-widget-text-editor\" data-id=\"b3e5746\" data-element_type=\"widget\" data-e-type=\"widget\" data-widget_type=\"text-editor.default\">\n\t\t\t\t<div class=\"elementor-widget-container\">\n\t\t\t\t\t\t\t\t\t<p>Los yates que recomendamos para eventos corporativos est\u00e1n cuidadosamente seleccionados para reflejar la imagen que desean proyectar: elegantes, c\u00f3modos e impresionantes sin resultar excesivos.<\/p><p>Trabajamos con modernos day yachts, amplios modelos flybridge y yates de mayor tama\u00f1o con m\u00faltiples zonas lounge y espacios adecuados para reuniones. Ya sea que su objetivo sea fortalecer la cohesi\u00f3n del equipo o generar impacto en clientes, les asignaremos la embarcaci\u00f3n ideal.<\/p><p>\u00bfNecesitan elementos personalizados o un entorno discreto? Solo ind\u00edquennoslo \u2014 y nos aseguraremos de que su evento transmita intenci\u00f3n y naturalidad.<\/p>\t\t\t\t\t\t\t\t<\/div>\n\t\t\t\t<\/div>\n\t\t\t\t<\/div>\n\t\t\t\t\t<\/div>\n\t\t\t\t<\/div>\n\t\t<div class=\"elementor-element elementor-element-0a1c768 e-flex e-con-boxed e-con e-parent\" data-id=\"0a1c768\" data-element_type=\"container\" data-e-type=\"container\" data-settings=\"{&quot;background_background&quot;:&quot;classic&quot;}\">\n\t\t\t\t\t<div class=\"e-con-inner\">\n\t\t<div class=\"elementor-element elementor-element-b4fe192 e-con-full e-flex e-con e-child\" data-id=\"b4fe192\" data-element_type=\"container\" data-e-type=\"container\">\n\t\t\t\t<div class=\"elementor-element elementor-element-66f5874 elementor-widget elementor-widget-image\" data-id=\"66f5874\" data-element_type=\"widget\" data-e-type=\"widget\" data-widget_type=\"image.default\">\n\t\t\t\t<div class=\"elementor-widget-container\">\n\t\t\t\t\t\t\t\t\t\t\t\t\t\t\t<img loading=\"lazy\" decoding=\"async\" width=\"1024\" height=\"683\" src=\"https:\/\/select-agency.world\/wp-content\/uploads\/2025\/06\/friends-champagne-1024x683.webp\" class=\"attachment-large size-large wp-image-25002\" alt=\"Friends celebrating with champagne.\" srcset=\"https:\/\/select-agency.world\/wp-content\/uploads\/2025\/06\/friends-champagne-1024x683.webp 1024w, https:\/\/select-agency.world\/wp-content\/uploads\/2025\/06\/friends-champagne-300x200.webp 300w, https:\/\/select-agency.world\/wp-content\/uploads\/2025\/06\/friends-champagne-768x512.webp 768w, https:\/\/select-agency.world\/wp-content\/uploads\/2025\/06\/friends-champagne-18x12.webp 18w, https:\/\/select-agency.world\/wp-content\/uploads\/2025\/06\/friends-champagne-900x600.webp 900w, https:\/\/select-agency.world\/wp-content\/uploads\/2025\/06\/friends-champagne-496x331.webp 496w, https:\/\/select-agency.world\/wp-content\/uploads\/2025\/06\/friends-champagne.webp 1200w\" sizes=\"auto, (max-width: 1024px) 100vw, 1024px\" \/>\t\t\t\t\t\t\t\t\t\t\t\t\t\t\t<\/div>\n\t\t\t\t<\/div>\n\t\t\t\t<div class=\"elementor-element elementor-element-1bb1d1f animated-fast elementor-invisible elementor-widget elementor-widget-heading\" data-id=\"1bb1d1f\" data-element_type=\"widget\" data-e-type=\"widget\" data-settings=\"{&quot;_animation&quot;:&quot;fadeInUp&quot;}\" data-widget_type=\"heading.default\">\n\t\t\t\t<div class=\"elementor-widget-container\">\n\t\t\t\t\t<h2 class=\"elementor-heading-title elementor-size-default\">Una experiencia que su equipo recordar\u00e1<\/h2>\t\t\t\t<\/div>\n\t\t\t\t<\/div>\n\t\t\t\t<div class=\"elementor-element elementor-element-76d05ca elementor-widget__width-initial elementor-widget elementor-widget-text-editor\" data-id=\"76d05ca\" data-element_type=\"widget\" data-e-type=\"widget\" data-widget_type=\"text-editor.default\">\n\t\t\t\t<div class=\"elementor-widget-container\">\n\t\t\t\t\t\t\t\t\t<p>Un ch\u00e1rter de yate es mucho m\u00e1s que una recompensa \u2014 es una forma de reunir a las personas fuera del entorno habitual. Crea espacio para conexiones reales, una mejor din\u00e1mica de equipo y experiencias compartidas que van m\u00e1s all\u00e1 de un evento convencional.<\/p><p>Algunas empresas lo utilizan para dar la bienvenida a nuevos miembros, celebrar hitos o hacer una pausa estrat\u00e9gica durante sesiones de planificaci\u00f3n. Otras lo utilizan para recibir a clientes en un entorno relajado y a la vez cuidado.<\/p><p>Sea cual sea su objetivo, le ayudamos a crear una experiencia fluida y alineada con la cultura de su empresa.<\/p>\t\t\t\t\t\t\t\t<\/div>\n\t\t\t\t<\/div>\n\t\t\t\t<\/div>\n\t\t<div class=\"elementor-element elementor-element-0b6d029 e-con-full e-flex e-con e-child\" data-id=\"0b6d029\" data-element_type=\"container\" data-e-type=\"container\">\n\t\t\t\t<div class=\"elementor-element elementor-element-d6d5979 elementor-widget elementor-widget-image\" data-id=\"d6d5979\" data-element_type=\"widget\" data-e-type=\"widget\" data-widget_type=\"image.default\">\n\t\t\t\t<div class=\"elementor-widget-container\">\n\t\t\t\t\t\t\t\t\t\t\t\t\t\t\t<img loading=\"lazy\" decoding=\"async\" width=\"1024\" height=\"683\" src=\"https:\/\/select-agency.world\/wp-content\/uploads\/2025\/04\/port-andratx-mallorca-1024x683.webp\" class=\"attachment-large size-large wp-image-24367\" alt=\"Port d&#039;Andratx in Mallorca.\" srcset=\"https:\/\/select-agency.world\/wp-content\/uploads\/2025\/04\/port-andratx-mallorca-1024x683.webp 1024w, https:\/\/select-agency.world\/wp-content\/uploads\/2025\/04\/port-andratx-mallorca-300x200.webp 300w, https:\/\/select-agency.world\/wp-content\/uploads\/2025\/04\/port-andratx-mallorca-768x512.webp 768w, https:\/\/select-agency.world\/wp-content\/uploads\/2025\/04\/port-andratx-mallorca-1536x1024.webp 1536w, https:\/\/select-agency.world\/wp-content\/uploads\/2025\/04\/port-andratx-mallorca-18x12.webp 18w, https:\/\/select-agency.world\/wp-content\/uploads\/2025\/04\/port-andratx-mallorca-900x600.webp 900w, https:\/\/select-agency.world\/wp-content\/uploads\/2025\/04\/port-andratx-mallorca-496x331.webp 496w, https:\/\/select-agency.world\/wp-content\/uploads\/2025\/04\/port-andratx-mallorca.webp 1920w\" sizes=\"auto, (max-width: 1024px) 100vw, 1024px\" \/>\t\t\t\t\t\t\t\t\t\t\t\t\t\t\t<\/div>\n\t\t\t\t<\/div>\n\t\t\t\t<div class=\"elementor-element elementor-element-5de8510 animated-fast elementor-invisible elementor-widget elementor-widget-heading\" data-id=\"5de8510\" data-element_type=\"widget\" data-e-type=\"widget\" data-settings=\"{&quot;_animation&quot;:&quot;fadeInUp&quot;}\" data-widget_type=\"heading.default\">\n\t\t\t\t<div class=\"elementor-widget-container\">\n\t\t\t\t\t<h2 class=\"elementor-heading-title elementor-size-default\">Informaci\u00f3n pr\u00e1ctica<\/h2>\t\t\t\t<\/div>\n\t\t\t\t<\/div>\n\t\t\t\t<div class=\"elementor-element elementor-element-555ccf0 elementor-widget__width-initial elementor-widget elementor-widget-text-editor\" data-id=\"555ccf0\" data-element_type=\"widget\" data-e-type=\"widget\" data-widget_type=\"text-editor.default\">\n\t\t\t\t<div class=\"elementor-widget-container\">\n\t\t\t\t\t\t\t\t\t<p>Los ch\u00e1rteres corporativos suelen salir desde Palma o desde puertos cercanos en el suroeste de Mallorca, incluyendo Puerto Portals, Port Adriano y Port d\u2019Andratx.<\/p><p>Existen opciones de medio d\u00eda y d\u00eda completo, seg\u00fan su agenda y el formato del evento.<\/p><p>Podemos organizar catering, bebidas, materiales de branding y otros servicios adaptados a su evento. Recomendamos reservar con antelaci\u00f3n, especialmente en temporada alta.<\/p>\t\t\t\t\t\t\t\t<\/div>\n\t\t\t\t<\/div>\n\t\t\t\t<\/div>\n\t\t\t\t\t<\/div>\n\t\t\t\t<\/div>\n\t\t<div class=\"elementor-element elementor-element-fea1d4c e-flex e-con-boxed e-con e-parent\" data-id=\"fea1d4c\" data-element_type=\"container\" data-e-type=\"container\" data-settings=\"{&quot;background_background&quot;:&quot;classic&quot;}\">\n\t\t\t\t\t<div class=\"e-con-inner\">\n\t\t\t\t<div class=\"elementor-element elementor-element-d83244d elementor-widget__width-initial elementor-invisible elementor-widget elementor-widget-heading\" data-id=\"d83244d\" data-element_type=\"widget\" data-e-type=\"widget\" data-settings=\"{&quot;_animation&quot;:&quot;fadeInUp&quot;}\" data-widget_type=\"heading.default\">\n\t\t\t\t<div class=\"elementor-widget-container\">\n\t\t\t\t\t<h2 class=\"elementor-heading-title elementor-size-default\">Yates Seleccionados<\/h2>\t\t\t\t<\/div>\n\t\t\t\t<\/div>\n\t\t\t\t<div class=\"elementor-element elementor-element-45295df elementor-widget elementor-widget-text-editor\" data-id=\"45295df\" data-element_type=\"widget\" data-e-type=\"widget\" data-widget_type=\"text-editor.default\">\n\t\t\t\t<div class=\"elementor-widget-container\">\n\t\t\t\t\t\t\t\t\t<blockquote><p>Choose from a selection of yachts perfectly suited for corporate events.<\/p><\/blockquote>\t\t\t\t\t\t\t\t<\/div>\n\t\t\t\t<\/div>\n\t\t\t\t<div class=\"elementor-element elementor-element-fe506d8 elementor-widget elementor-widget-houzez_elementor_properties_carousel_v1\" data-id=\"fe506d8\" data-element_type=\"widget\" data-e-type=\"widget\" data-widget_type=\"houzez_elementor_properties_carousel_v1.default\">\n\t\t\t\t<div class=\"elementor-widget-container\">\n\t\t\t\t\t        <div class=\"property-carousel-module property-carousel-module-v3 property-carousel-module-v3-3cols houzez-carousel-arrows-998r1\">\n            <div class=\"property-carousel-buttons-wrap property-carousel-arrow-buttons-bottom\">\n                                            <\/div><!-- property-carousel-buttons-wrap -->\n\n            <div class=\"listing-view grid-view\">\n                <div id=\"houzez-properties-carousel-998r1\" data-token=\"998r1\" class=\"houzez-properties-carousel-js houzez-all-slider-wrap property-carousel-wrap-v3-3cols\">\n                    <div class=\"item-listing-wrap hz-item-gallery-js item-wrap-v3 hz-map-trigger\" data-hz-id=\"25563\" >\n\t<div class=\"item-wrap\">\n\t\t<div class=\"item-header\">\n\t\t\t<div class=\"listing-image-wrap\">\n\t<div class=\"listing-thumb\">\n\t\t<a target=\"_blank\" href=\"https:\/\/select-agency.world\/es\/listing\/absolute-47-fly-tres-amigos\/\" class=\"listing-featured-thumb hover-effect image-wrap\" role=\"link\">\n\t\t\t<img loading=\"lazy\" decoding=\"async\" width=\"1170\" height=\"785\" src=\"https:\/\/select-agency.world\/wp-content\/uploads\/2025\/08\/yacht-charter-absolute-47-fly-tres-amigos-1170x785.webp\" class=\"img-fluid wp-post-image\" alt=\"Charter yacht Absolute 47 Fly Tres Amigos.\" srcset=\"https:\/\/select-agency.world\/wp-content\/uploads\/2025\/08\/yacht-charter-absolute-47-fly-tres-amigos-1170x785.webp 1170w, https:\/\/select-agency.world\/wp-content\/uploads\/2025\/08\/yacht-charter-absolute-47-fly-tres-amigos-18x12.webp 18w\" sizes=\"auto, (max-width: 1170px) 100vw, 1170px\" \/>\t\t<\/a><!-- hover-effect -->\n\t<\/div>\n<\/div>\t\t<\/div>\n\t\t<span class=\"label-featured label me-1\" role=\"status\">Featured<\/span>\t\t\t\t<div class=\"item-body w-100\">\n\t\t\t<div class=\"d-flex flex-column justify-content-end h-100\">\n\t\t\t\t<h2 class=\"item-title mb-2\">\n\t<a target=\"_blank\" href=\"https:\/\/select-agency.world\/es\/listing\/absolute-47-fly-tres-amigos\/\" role=\"link\">Absolute 47 Fly \u2022 Tres Amigos<\/a>\n<\/h2><!-- item-title -->\t\t\t\t<ul class=\"item-amenities d-flex flex-wrap align-items-center gap-2 mb-2 item-amenities-without-icons\" role=\"list\">\n\t<\/ul>\t\t\t\t<ul class=\"item-price-wrap d-flex flex-column gap-2\" role=\"list\">\n\t<li class=\"item-price\"><span class=\"price-prefix\">Desde <\/span><span class=\"price\">3.150\u20ac<\/span><span class=\"price-postfix\"> \/ d\u00eda<\/span><\/li><\/ul>\t\t\t<\/div>\n\t\t\t\t\t<\/div>\n\t\t<div class=\"preview_loader\"><\/div>\n\t<\/div>\n\t<div class=\"item-wrap-outside mt-2\">\n\t\t<h2 class=\"item-title mb-2\">\n\t<a target=\"_blank\" href=\"https:\/\/select-agency.world\/es\/listing\/absolute-47-fly-tres-amigos\/\" role=\"link\">Absolute 47 Fly \u2022 Tres Amigos<\/a>\n<\/h2><!-- item-title -->\t\t<ul class=\"item-amenities d-flex flex-wrap align-items-center gap-2 mb-2 item-amenities-without-icons\" role=\"list\">\n\t<\/ul>\t<\/div>\n<\/div><div class=\"item-listing-wrap hz-item-gallery-js item-wrap-v3 hz-map-trigger\" data-hz-id=\"18361\" >\n\t<div class=\"item-wrap\">\n\t\t<div class=\"item-header\">\n\t\t\t<div class=\"listing-image-wrap\">\n\t<div class=\"listing-thumb\">\n\t\t<a target=\"_blank\" href=\"https:\/\/select-agency.world\/es\/listing\/sunseeker-predator-57\/\" class=\"listing-featured-thumb hover-effect image-wrap\" role=\"link\">\n\t\t\t<img loading=\"lazy\" decoding=\"async\" width=\"1170\" height=\"785\" src=\"https:\/\/select-agency.world\/wp-content\/uploads\/2024\/12\/sunseeker-predator-57-yacht-exterior-view-1170x785.jpg\" class=\"img-fluid wp-post-image\" alt=\"Charter yacht Sunseeker Predator 57 Boefje II at sea.\" srcset=\"https:\/\/select-agency.world\/wp-content\/uploads\/2024\/12\/sunseeker-predator-57-yacht-exterior-view-1170x785.jpg 1170w, https:\/\/select-agency.world\/wp-content\/uploads\/2024\/12\/sunseeker-predator-57-yacht-exterior-view-300x200.jpg 300w\" sizes=\"auto, (max-width: 1170px) 100vw, 1170px\" \/>\t\t<\/a><!-- hover-effect -->\n\t<\/div>\n<\/div>\t\t<\/div>\n\t\t<span class=\"label-featured label me-1\" role=\"status\">Featured<\/span>\t\t\t\t<div class=\"item-body w-100\">\n\t\t\t<div class=\"d-flex flex-column justify-content-end h-100\">\n\t\t\t\t<h2 class=\"item-title mb-2\">\n\t<a target=\"_blank\" href=\"https:\/\/select-agency.world\/es\/listing\/sunseeker-predator-57\/\" role=\"link\">Sunseeker Predator 57 \u2022 Boefje II<\/a>\n<\/h2><!-- item-title -->\t\t\t\t<ul class=\"item-amenities d-flex flex-wrap align-items-center gap-2 mb-2 item-amenities-without-icons\" role=\"list\">\n\t<\/ul>\t\t\t\t<ul class=\"item-price-wrap d-flex flex-column gap-2\" role=\"list\">\n\t<li class=\"item-price\"><span class=\"price-prefix\">Desde <\/span><span class=\"price\">3.325\u20ac<\/span><span class=\"price-postfix\"> \/ d\u00eda<\/span><\/li><\/ul>\t\t\t<\/div>\n\t\t\t\t\t<\/div>\n\t\t<div class=\"preview_loader\"><\/div>\n\t<\/div>\n\t<div class=\"item-wrap-outside mt-2\">\n\t\t<h2 class=\"item-title mb-2\">\n\t<a target=\"_blank\" href=\"https:\/\/select-agency.world\/es\/listing\/sunseeker-predator-57\/\" role=\"link\">Sunseeker Predator 57 \u2022 Boefje II<\/a>\n<\/h2><!-- item-title -->\t\t<ul class=\"item-amenities d-flex flex-wrap align-items-center gap-2 mb-2 item-amenities-without-icons\" role=\"list\">\n\t<\/ul>\t<\/div>\n<\/div><div class=\"item-listing-wrap hz-item-gallery-js item-wrap-v3 hz-map-trigger\" data-hz-id=\"28161\" >\n\t<div class=\"item-wrap\">\n\t\t<div class=\"item-header\">\n\t\t\t<div class=\"listing-image-wrap\">\n\t<div class=\"listing-thumb\">\n\t\t<a target=\"_blank\" href=\"https:\/\/select-agency.world\/es\/listing\/pardo-43-loulou\/\" class=\"listing-featured-thumb hover-effect image-wrap\" role=\"link\">\n\t\t\t<img loading=\"lazy\" decoding=\"async\" width=\"1170\" height=\"785\" src=\"https:\/\/select-agency.world\/wp-content\/uploads\/2026\/04\/ibiza-pardo-43-loulou-1170x785.webp\" class=\"img-fluid wp-post-image\" alt=\"Charter yacht Pardo 43 Loulou in Ibiza\" srcset=\"https:\/\/select-agency.world\/wp-content\/uploads\/2026\/04\/ibiza-pardo-43-loulou-1170x785.webp 1170w, https:\/\/select-agency.world\/wp-content\/uploads\/2026\/04\/ibiza-pardo-43-loulou-18x12.webp 18w\" sizes=\"auto, (max-width: 1170px) 100vw, 1170px\" \/>\t\t<\/a><!-- hover-effect -->\n\t<\/div>\n<\/div>\t\t<\/div>\n\t\t\t\t\t\t<div class=\"item-body w-100\">\n\t\t\t<div class=\"d-flex flex-column justify-content-end h-100\">\n\t\t\t\t<h2 class=\"item-title mb-2\">\n\t<a target=\"_blank\" href=\"https:\/\/select-agency.world\/es\/listing\/pardo-43-loulou\/\" role=\"link\">Pardo 43 \u2022 Loulou<\/a>\n<\/h2><!-- item-title -->\t\t\t\t<ul class=\"item-amenities d-flex flex-wrap align-items-center gap-2 mb-2 item-amenities-without-icons\" role=\"list\">\n\t<\/ul>\t\t\t\t<ul class=\"item-price-wrap d-flex flex-column gap-2\" role=\"list\">\n\t<li class=\"item-price\"><span class=\"price-prefix\">Desde <\/span><span class=\"price\">2.599\u20ac<\/span><span class=\"price-postfix\"> \/ d\u00eda<\/span><\/li><\/ul>\t\t\t<\/div>\n\t\t\t\t\t<\/div>\n\t\t<div class=\"preview_loader\"><\/div>\n\t<\/div>\n\t<div class=\"item-wrap-outside mt-2\">\n\t\t<h2 class=\"item-title mb-2\">\n\t<a target=\"_blank\" href=\"https:\/\/select-agency.world\/es\/listing\/pardo-43-loulou\/\" role=\"link\">Pardo 43 \u2022 Loulou<\/a>\n<\/h2><!-- item-title -->\t\t<ul class=\"item-amenities d-flex flex-wrap align-items-center gap-2 mb-2 item-amenities-without-icons\" role=\"list\">\n\t<\/ul>\t<\/div>\n<\/div><div class=\"item-listing-wrap hz-item-gallery-js item-wrap-v3 hz-map-trigger\" data-hz-id=\"28033\" >\n\t<div class=\"item-wrap\">\n\t\t<div class=\"item-header\">\n\t\t\t<div class=\"listing-image-wrap\">\n\t<div class=\"listing-thumb\">\n\t\t<a target=\"_blank\" href=\"https:\/\/select-agency.world\/es\/listing\/sunseeker-88-junior\/\" class=\"listing-featured-thumb hover-effect image-wrap\" role=\"link\">\n\t\t\t<img loading=\"lazy\" decoding=\"async\" width=\"1170\" height=\"785\" src=\"https:\/\/select-agency.world\/wp-content\/uploads\/2026\/04\/motor-yacht-sunseeker-88-junior-1170x785.webp\" class=\"img-fluid wp-post-image\" alt=\"Motor yacht Sunseeker 88 Junior in Mallorca\" srcset=\"https:\/\/select-agency.world\/wp-content\/uploads\/2026\/04\/motor-yacht-sunseeker-88-junior-1170x785.webp 1170w, https:\/\/select-agency.world\/wp-content\/uploads\/2026\/04\/motor-yacht-sunseeker-88-junior-18x12.webp 18w\" sizes=\"auto, (max-width: 1170px) 100vw, 1170px\" \/>\t\t<\/a><!-- hover-effect -->\n\t<\/div>\n<\/div>\t\t<\/div>\n\t\t\t\t\t\t<div class=\"item-body w-100\">\n\t\t\t<div class=\"d-flex flex-column justify-content-end h-100\">\n\t\t\t\t<h2 class=\"item-title mb-2\">\n\t<a target=\"_blank\" href=\"https:\/\/select-agency.world\/es\/listing\/sunseeker-88-junior\/\" role=\"link\">Sunseeker 88 \u2022 Junior<\/a>\n<\/h2><!-- item-title -->\t\t\t\t<ul class=\"item-amenities d-flex flex-wrap align-items-center gap-2 mb-2 item-amenities-without-icons\" role=\"list\">\n\t<\/ul>\t\t\t\t<ul class=\"item-price-wrap d-flex flex-column gap-2\" role=\"list\">\n\t<li class=\"item-price\"><span class=\"price-prefix\">Desde <\/span><span class=\"price\">59.200\u20ac<\/span><span class=\"price-postfix\"> \/ semana (+ IVA)<\/span><\/li><\/ul>\t\t\t<\/div>\n\t\t\t\t\t<\/div>\n\t\t<div class=\"preview_loader\"><\/div>\n\t<\/div>\n\t<div class=\"item-wrap-outside mt-2\">\n\t\t<h2 class=\"item-title mb-2\">\n\t<a target=\"_blank\" href=\"https:\/\/select-agency.world\/es\/listing\/sunseeker-88-junior\/\" role=\"link\">Sunseeker 88 \u2022 Junior<\/a>\n<\/h2><!-- item-title -->\t\t<ul class=\"item-amenities d-flex flex-wrap align-items-center gap-2 mb-2 item-amenities-without-icons\" role=\"list\">\n\t<\/ul>\t<\/div>\n<\/div><div class=\"item-listing-wrap hz-item-gallery-js item-wrap-v3 hz-map-trigger\" data-hz-id=\"27194\" >\n\t<div class=\"item-wrap\">\n\t\t<div class=\"item-header\">\n\t\t\t<div class=\"listing-image-wrap\">\n\t<div class=\"listing-thumb\">\n\t\t<a target=\"_blank\" href=\"https:\/\/select-agency.world\/es\/listing\/princess-y72-prince-of-peace\/\" class=\"listing-featured-thumb hover-effect image-wrap\" role=\"link\">\n\t\t\t<img loading=\"lazy\" decoding=\"async\" width=\"1170\" height=\"785\" src=\"https:\/\/select-agency.world\/wp-content\/uploads\/2026\/03\/princess-y72-prince-of-peace-balearics-1170x785.webp\" class=\"img-fluid wp-post-image\" alt=\"Princess Y72 Prince of Peace in Mallorca\" srcset=\"https:\/\/select-agency.world\/wp-content\/uploads\/2026\/03\/princess-y72-prince-of-peace-balearics-1170x785.webp 1170w, https:\/\/select-agency.world\/wp-content\/uploads\/2026\/03\/princess-y72-prince-of-peace-balearics-18x12.webp 18w\" sizes=\"auto, (max-width: 1170px) 100vw, 1170px\" \/>\t\t<\/a><!-- hover-effect -->\n\t<\/div>\n<\/div>\t\t<\/div>\n\t\t\t\t\t\t<div class=\"item-body w-100\">\n\t\t\t<div class=\"d-flex flex-column justify-content-end h-100\">\n\t\t\t\t<h2 class=\"item-title mb-2\">\n\t<a target=\"_blank\" href=\"https:\/\/select-agency.world\/es\/listing\/princess-y72-prince-of-peace\/\" role=\"link\">Princess Y72 \u2022 Prince of Peace<\/a>\n<\/h2><!-- item-title -->\t\t\t\t<ul class=\"item-amenities d-flex flex-wrap align-items-center gap-2 mb-2 item-amenities-without-icons\" role=\"list\">\n\t<\/ul>\t\t\t\t<ul class=\"item-price-wrap d-flex flex-column gap-2\" role=\"list\">\n\t<li class=\"item-price\"><span class=\"price-prefix\">Desde <\/span><span class=\"price\">42.000\u20ac<\/span><span class=\"price-postfix\"> \/ semana (+ IVA)<\/span><\/li><\/ul>\t\t\t<\/div>\n\t\t\t\t\t<\/div>\n\t\t<div class=\"preview_loader\"><\/div>\n\t<\/div>\n\t<div class=\"item-wrap-outside mt-2\">\n\t\t<h2 class=\"item-title mb-2\">\n\t<a target=\"_blank\" href=\"https:\/\/select-agency.world\/es\/listing\/princess-y72-prince-of-peace\/\" role=\"link\">Princess Y72 \u2022 Prince of Peace<\/a>\n<\/h2><!-- item-title -->\t\t<ul class=\"item-amenities d-flex flex-wrap align-items-center gap-2 mb-2 item-amenities-without-icons\" role=\"list\">\n\t<\/ul>\t<\/div>\n<\/div><div class=\"item-listing-wrap hz-item-gallery-js item-wrap-v3 hz-map-trigger\" data-hz-id=\"27125\" >\n\t<div class=\"item-wrap\">\n\t\t<div class=\"item-header\">\n\t\t\t<div class=\"listing-image-wrap\">\n\t<div class=\"listing-thumb\">\n\t\t<a target=\"_blank\" href=\"https:\/\/select-agency.world\/es\/listing\/canados-gladiator-49-grand\/\" class=\"listing-featured-thumb hover-effect image-wrap\" role=\"link\">\n\t\t\t<img loading=\"lazy\" decoding=\"async\" width=\"1170\" height=\"785\" src=\"https:\/\/select-agency.world\/wp-content\/uploads\/2026\/03\/canados-gladiator-49-grand-aerial-view-1170x785.webp\" class=\"img-fluid wp-post-image\" alt=\"Canados Gladiator 49 Grand in Ibiza\" srcset=\"https:\/\/select-agency.world\/wp-content\/uploads\/2026\/03\/canados-gladiator-49-grand-aerial-view-1170x785.webp 1170w, https:\/\/select-agency.world\/wp-content\/uploads\/2026\/03\/canados-gladiator-49-grand-aerial-view-18x12.webp 18w\" sizes=\"auto, (max-width: 1170px) 100vw, 1170px\" \/>\t\t<\/a><!-- hover-effect -->\n\t<\/div>\n<\/div>\t\t<\/div>\n\t\t\t\t\t\t<div class=\"item-body w-100\">\n\t\t\t<div class=\"d-flex flex-column justify-content-end h-100\">\n\t\t\t\t<h2 class=\"item-title mb-2\">\n\t<a target=\"_blank\" href=\"https:\/\/select-agency.world\/es\/listing\/canados-gladiator-49-grand\/\" role=\"link\">Canados Gladiator 49 \u2022 Grand<\/a>\n<\/h2><!-- item-title -->\t\t\t\t<ul class=\"item-amenities d-flex flex-wrap align-items-center gap-2 mb-2 item-amenities-without-icons\" role=\"list\">\n\t<\/ul>\t\t\t\t<ul class=\"item-price-wrap d-flex flex-column gap-2\" role=\"list\">\n\t<li class=\"item-price\"><span class=\"price-prefix\">Desde <\/span><span class=\"price\">3.899\u20ac<\/span><span class=\"price-postfix\"> \/ d\u00eda<\/span><\/li><\/ul>\t\t\t<\/div>\n\t\t\t\t\t<\/div>\n\t\t<div class=\"preview_loader\"><\/div>\n\t<\/div>\n\t<div class=\"item-wrap-outside mt-2\">\n\t\t<h2 class=\"item-title mb-2\">\n\t<a target=\"_blank\" href=\"https:\/\/select-agency.world\/es\/listing\/canados-gladiator-49-grand\/\" role=\"link\">Canados Gladiator 49 \u2022 Grand<\/a>\n<\/h2><!-- item-title -->\t\t<ul class=\"item-amenities d-flex flex-wrap align-items-center gap-2 mb-2 item-amenities-without-icons\" role=\"list\">\n\t<\/ul>\t<\/div>\n<\/div><div class=\"item-listing-wrap hz-item-gallery-js item-wrap-v3 hz-map-trigger\" data-hz-id=\"27107\" >\n\t<div class=\"item-wrap\">\n\t\t<div class=\"item-header\">\n\t\t\t<div class=\"listing-image-wrap\">\n\t<div class=\"listing-thumb\">\n\t\t<a target=\"_blank\" href=\"https:\/\/select-agency.world\/es\/listing\/canados-gladiator-49-vibe\/\" class=\"listing-featured-thumb hover-effect image-wrap\" role=\"link\">\n\t\t\t<img loading=\"lazy\" decoding=\"async\" width=\"1170\" height=\"785\" src=\"https:\/\/select-agency.world\/wp-content\/uploads\/2026\/03\/canados-gladiator-49-vibe-charter-1170x785.webp\" class=\"img-fluid wp-post-image\" alt=\"Canados Gladiator 49 Vibe in Ibiza\" srcset=\"https:\/\/select-agency.world\/wp-content\/uploads\/2026\/03\/canados-gladiator-49-vibe-charter-1170x785.webp 1170w, https:\/\/select-agency.world\/wp-content\/uploads\/2026\/03\/canados-gladiator-49-vibe-charter-18x12.webp 18w\" sizes=\"auto, (max-width: 1170px) 100vw, 1170px\" \/>\t\t<\/a><!-- hover-effect -->\n\t<\/div>\n<\/div>\t\t<\/div>\n\t\t\t\t\t\t<div class=\"item-body w-100\">\n\t\t\t<div class=\"d-flex flex-column justify-content-end h-100\">\n\t\t\t\t<h2 class=\"item-title mb-2\">\n\t<a target=\"_blank\" href=\"https:\/\/select-agency.world\/es\/listing\/canados-gladiator-49-vibe\/\" role=\"link\">Canados Gladiator 49 \u2022 Vibe<\/a>\n<\/h2><!-- item-title -->\t\t\t\t<ul class=\"item-amenities d-flex flex-wrap align-items-center gap-2 mb-2 item-amenities-without-icons\" role=\"list\">\n\t<\/ul>\t\t\t\t<ul class=\"item-price-wrap d-flex flex-column gap-2\" role=\"list\">\n\t<li class=\"item-price\"><span class=\"price-prefix\">Desde <\/span><span class=\"price\">3.899\u20ac<\/span><span class=\"price-postfix\"> \/ d\u00eda<\/span><\/li><\/ul>\t\t\t<\/div>\n\t\t\t\t\t<\/div>\n\t\t<div class=\"preview_loader\"><\/div>\n\t<\/div>\n\t<div class=\"item-wrap-outside mt-2\">\n\t\t<h2 class=\"item-title mb-2\">\n\t<a target=\"_blank\" href=\"https:\/\/select-agency.world\/es\/listing\/canados-gladiator-49-vibe\/\" role=\"link\">Canados Gladiator 49 \u2022 Vibe<\/a>\n<\/h2><!-- item-title -->\t\t<ul class=\"item-amenities d-flex flex-wrap align-items-center gap-2 mb-2 item-amenities-without-icons\" role=\"list\">\n\t<\/ul>\t<\/div>\n<\/div><div class=\"item-listing-wrap hz-item-gallery-js item-wrap-v3 hz-map-trigger\" data-hz-id=\"27066\" >\n\t<div class=\"item-wrap\">\n\t\t<div class=\"item-header\">\n\t\t\t<div class=\"listing-image-wrap\">\n\t<div class=\"listing-thumb\">\n\t\t<a target=\"_blank\" href=\"https:\/\/select-agency.world\/es\/listing\/sunseeker-76-saahsa\/\" class=\"listing-featured-thumb hover-effect image-wrap\" role=\"link\">\n\t\t\t<img loading=\"lazy\" decoding=\"async\" width=\"1170\" height=\"785\" src=\"https:\/\/select-agency.world\/wp-content\/uploads\/2026\/03\/sunseeker-76-saahsa-yachting-ibiza-1170x785.webp\" class=\"img-fluid wp-post-image\" alt=\"Sunseeker 76 Saahsa in Ibiza\" srcset=\"https:\/\/select-agency.world\/wp-content\/uploads\/2026\/03\/sunseeker-76-saahsa-yachting-ibiza-1170x785.webp 1170w, https:\/\/select-agency.world\/wp-content\/uploads\/2026\/03\/sunseeker-76-saahsa-yachting-ibiza-18x12.webp 18w\" sizes=\"auto, (max-width: 1170px) 100vw, 1170px\" \/>\t\t<\/a><!-- hover-effect -->\n\t<\/div>\n<\/div>\t\t<\/div>\n\t\t\t\t\t\t<div class=\"item-body w-100\">\n\t\t\t<div class=\"d-flex flex-column justify-content-end h-100\">\n\t\t\t\t<h2 class=\"item-title mb-2\">\n\t<a target=\"_blank\" href=\"https:\/\/select-agency.world\/es\/listing\/sunseeker-76-saahsa\/\" role=\"link\">Sunseeker 76 \u2022 Saahsa<\/a>\n<\/h2><!-- item-title -->\t\t\t\t<ul class=\"item-amenities d-flex flex-wrap align-items-center gap-2 mb-2 item-amenities-without-icons\" role=\"list\">\n\t<\/ul>\t\t\t\t<ul class=\"item-price-wrap d-flex flex-column gap-2\" role=\"list\">\n\t<li class=\"item-price\"><span class=\"price-prefix\">Desde <\/span><span class=\"price\">8.000\u20ac<\/span><span class=\"price-postfix\"> \/ d\u00eda (+ IVA)<\/span><\/li><\/ul>\t\t\t<\/div>\n\t\t\t\t\t<\/div>\n\t\t<div class=\"preview_loader\"><\/div>\n\t<\/div>\n\t<div class=\"item-wrap-outside mt-2\">\n\t\t<h2 class=\"item-title mb-2\">\n\t<a target=\"_blank\" href=\"https:\/\/select-agency.world\/es\/listing\/sunseeker-76-saahsa\/\" role=\"link\">Sunseeker 76 \u2022 Saahsa<\/a>\n<\/h2><!-- item-title -->\t\t<ul class=\"item-amenities d-flex flex-wrap align-items-center gap-2 mb-2 item-amenities-without-icons\" role=\"list\">\n\t<\/ul>\t<\/div>\n<\/div><div class=\"item-listing-wrap hz-item-gallery-js item-wrap-v3 hz-map-trigger\" data-hz-id=\"27044\" >\n\t<div class=\"item-wrap\">\n\t\t<div class=\"item-header\">\n\t\t\t<div class=\"listing-image-wrap\">\n\t<div class=\"listing-thumb\">\n\t\t<a target=\"_blank\" href=\"https:\/\/select-agency.world\/es\/listing\/sunseeker-86-stardust-of-mary\/\" class=\"listing-featured-thumb hover-effect image-wrap\" role=\"link\">\n\t\t\t<img loading=\"lazy\" decoding=\"async\" width=\"1170\" height=\"785\" src=\"https:\/\/select-agency.world\/wp-content\/uploads\/2026\/03\/sunseeker-86-stardust-of-mary-balearics-1170x785.webp\" class=\"img-fluid wp-post-image\" alt=\"Sunseeker 86 Stardust of Mary in Mallorca\" srcset=\"https:\/\/select-agency.world\/wp-content\/uploads\/2026\/03\/sunseeker-86-stardust-of-mary-balearics-1170x785.webp 1170w, https:\/\/select-agency.world\/wp-content\/uploads\/2026\/03\/sunseeker-86-stardust-of-mary-balearics-18x12.webp 18w\" sizes=\"auto, (max-width: 1170px) 100vw, 1170px\" \/>\t\t<\/a><!-- hover-effect -->\n\t<\/div>\n<\/div>\t\t<\/div>\n\t\t\t\t\t\t<div class=\"item-body w-100\">\n\t\t\t<div class=\"d-flex flex-column justify-content-end h-100\">\n\t\t\t\t<h2 class=\"item-title mb-2\">\n\t<a target=\"_blank\" href=\"https:\/\/select-agency.world\/es\/listing\/sunseeker-86-stardust-of-mary\/\" role=\"link\">Sunseeker 86 \u2022 Stardust of Mary<\/a>\n<\/h2><!-- item-title -->\t\t\t\t<ul class=\"item-amenities d-flex flex-wrap align-items-center gap-2 mb-2 item-amenities-without-icons\" role=\"list\">\n\t<\/ul>\t\t\t\t<ul class=\"item-price-wrap d-flex flex-column gap-2\" role=\"list\">\n\t<li class=\"item-price\"><span class=\"price-prefix\">Desde <\/span><span class=\"price\">49.000\u20ac<\/span><span class=\"price-postfix\"> \/ semana (+ IVA)<\/span><\/li><\/ul>\t\t\t<\/div>\n\t\t\t\t\t<\/div>\n\t\t<div class=\"preview_loader\"><\/div>\n\t<\/div>\n\t<div class=\"item-wrap-outside mt-2\">\n\t\t<h2 class=\"item-title mb-2\">\n\t<a target=\"_blank\" href=\"https:\/\/select-agency.world\/es\/listing\/sunseeker-86-stardust-of-mary\/\" role=\"link\">Sunseeker 86 \u2022 Stardust of Mary<\/a>\n<\/h2><!-- item-title -->\t\t<ul class=\"item-amenities d-flex flex-wrap align-items-center gap-2 mb-2 item-amenities-without-icons\" role=\"list\">\n\t<\/ul>\t<\/div>\n<\/div>                <\/div><!-- carousel-wrap -->\n            <\/div><!-- listing-view grid-view -->\n            \n                    <\/div><!-- property-carousel-module -->\n        \t\t\t\t<\/div>\n\t\t\t\t<\/div>\n\t\t\t\t\t<\/div>\n\t\t\t\t<\/div>\n\t\t<div class=\"elementor-element elementor-element-c9c0742 animated-slow e-flex e-con-boxed elementor-invisible e-con e-parent\" data-id=\"c9c0742\" data-element_type=\"container\" data-e-type=\"container\" data-settings=\"{&quot;background_background&quot;:&quot;classic&quot;,&quot;animation&quot;:&quot;fadeIn&quot;}\">\n\t\t\t\t\t<div class=\"e-con-inner\">\n\t\t<div class=\"elementor-element elementor-element-f68a482 e-con-full e-flex e-con e-child\" data-id=\"f68a482\" data-element_type=\"container\" data-e-type=\"container\">\n\t\t\t\t<div class=\"elementor-element elementor-element-49fdd97 elementor-widget elementor-widget-menu-anchor\" data-id=\"49fdd97\" data-element_type=\"widget\" data-e-type=\"widget\" data-widget_type=\"menu-anchor.default\">\n\t\t\t\t<div class=\"elementor-widget-container\">\n\t\t\t\t\t\t\t<div class=\"elementor-menu-anchor\" id=\"contact\"><\/div>\n\t\t\t\t\t\t<\/div>\n\t\t\t\t<\/div>\n\t\t\t\t<div class=\"elementor-element elementor-element-48d4689 elementor-widget elementor-widget-heading\" data-id=\"48d4689\" data-element_type=\"widget\" data-e-type=\"widget\" data-widget_type=\"heading.default\">\n\t\t\t\t<div class=\"elementor-widget-container\">\n\t\t\t\t\t<h4 class=\"elementor-heading-title elementor-size-default\">Estamos aqu\u00ed para hacerlo realidad<\/h4>\t\t\t\t<\/div>\n\t\t\t\t<\/div>\n\t\t\t\t<div class=\"elementor-element elementor-element-c2aa176 elementor-widget elementor-widget-text-editor\" data-id=\"c2aa176\" data-element_type=\"widget\" data-e-type=\"widget\" data-widget_type=\"text-editor.default\">\n\t\t\t\t<div class=\"elementor-widget-container\">\n\t\t\t\t\t\t\t\t\t<p data-pm-slice=\"1 1 []\">Ind\u00edquenos la fecha, el tama\u00f1o del grupo y el tipo de evento que est\u00e1 planificando \u2014 le recomendaremos los yates m\u00e1s adecuados y le guiaremos en los siguientes pasos.<\/p>\t\t\t\t\t\t\t\t<\/div>\n\t\t\t\t<\/div>\n\t\t\t\t<div class=\"elementor-element elementor-element-abaa145 elementor-align-justify elementor-mobile-align-center elementor-invisible elementor-widget elementor-widget-button\" data-id=\"abaa145\" data-element_type=\"widget\" data-e-type=\"widget\" data-settings=\"{&quot;_animation&quot;:&quot;fadeIn&quot;}\" data-widget_type=\"button.default\">\n\t\t\t\t<div class=\"elementor-widget-container\">\n\t\t\t\t\t\t\t\t\t<div class=\"elementor-button-wrapper\">\n\t\t\t\t\t<a class=\"elementor-button elementor-button-link elementor-size-sm elementor-animation-grow\" href=\"https:\/\/select-agency.world\/es\/contact\/\">\n\t\t\t\t\t\t<span class=\"elementor-button-content-wrapper\">\n\t\t\t\t\t\t\t\t\t<span class=\"elementor-button-text\">P\u00f3ngase en contacto<\/span>\n\t\t\t\t\t<\/span>\n\t\t\t\t\t<\/a>\n\t\t\t\t<\/div>\n\t\t\t\t\t\t\t\t<\/div>\n\t\t\t\t<\/div>\n\t\t\t\t<\/div>\n\t\t\t\t\t<\/div>\n\t\t\t\t<\/div>\n\t\t\t\t<\/div>","protected":false},"excerpt":{"rendered":"<p>Corporate Yacht Charter Mallorca Your Company, Elevated by the Sea Whether you\u2019re planning a team event, hosting clients, or creating space for focused conversations \u2014 a private yacht charter offers a setting that is both professional and memorable. Private corporate yacht charters in Mallorca for team events, client entertainment, and executive groups. Half-day and full-day [&hellip;]<\/p>\n","protected":false},"author":1,"featured_media":24973,"parent":21130,"menu_order":0,"comment_status":"closed","ping_status":"closed","template":"elementor_header_footer","meta":{"footnotes":""},"class_list":["post-24971","page","type-page","status-publish","has-post-thumbnail","hentry"],"aioseo_notices":[],"_links":{"self":[{"href":"https:\/\/select-agency.world\/es\/wp-json\/wp\/v2\/pages\/24971","targetHints":{"allow":["GET"]}}],"collection":[{"href":"https:\/\/select-agency.world\/es\/wp-json\/wp\/v2\/pages"}],"about":[{"href":"https:\/\/select-agency.world\/es\/wp-json\/wp\/v2\/types\/page"}],"author":[{"embeddable":true,"href":"https:\/\/select-agency.world\/es\/wp-json\/wp\/v2\/users\/1"}],"replies":[{"embeddable":true,"href":"https:\/\/select-agency.world\/es\/wp-json\/wp\/v2\/comments?post=24971"}],"version-history":[{"count":0,"href":"https:\/\/select-agency.world\/es\/wp-json\/wp\/v2\/pages\/24971\/revisions"}],"up":[{"embeddable":true,"href":"https:\/\/select-agency.world\/es\/wp-json\/wp\/v2\/pages\/21130"}],"wp:featuredmedia":[{"embeddable":true,"href":"https:\/\/select-agency.world\/es\/wp-json\/wp\/v2\/media\/24973"}],"wp:attachment":[{"href":"https:\/\/select-agency.world\/es\/wp-json\/wp\/v2\/media?parent=24971"}],"curies":[{"name":"wp","href":"https:\/\/api.w.org\/{rel}","templated":true}]}}