{"id":25046,"date":"2025-06-09T13:21:35","date_gmt":"2025-06-09T12:21:35","guid":{"rendered":"https:\/\/select-agency.world\/?page_id=25046"},"modified":"2026-03-31T14:40:40","modified_gmt":"2026-03-31T13:40:40","slug":"luxury-day-charter-mallorca","status":"publish","type":"page","link":"https:\/\/select-agency.world\/es\/yachting\/luxury-day-charter-mallorca\/","title":{"rendered":"CH\u00c1RTER DE LUJO POR D\u00cdA EN MALLORCA"},"content":{"rendered":"<div data-elementor-type=\"wp-page\" data-elementor-id=\"25046\" class=\"elementor elementor-25046\">\n\t\t\t\t<div class=\"elementor-element elementor-element-6395f2e animated-slow e-flex e-con-boxed elementor-invisible e-con e-parent\" data-id=\"6395f2e\" data-element_type=\"container\" data-e-type=\"container\" data-settings=\"{&quot;background_background&quot;:&quot;classic&quot;,&quot;animation&quot;:&quot;fadeIn&quot;}\">\n\t\t\t\t\t<div class=\"e-con-inner\">\n\t\t<div class=\"elementor-element elementor-element-98e4146 e-con-full e-flex e-con e-child\" data-id=\"98e4146\" data-element_type=\"container\" data-e-type=\"container\">\n\t\t\t\t<div class=\"elementor-element elementor-element-03c051f elementor-invisible elementor-widget elementor-widget-heading\" data-id=\"03c051f\" data-element_type=\"widget\" data-e-type=\"widget\" data-settings=\"{&quot;_animation&quot;:&quot;fadeInDown&quot;}\" data-widget_type=\"heading.default\">\n\t\t\t\t<div class=\"elementor-widget-container\">\n\t\t\t\t\t<h1 class=\"elementor-heading-title elementor-size-default\">CH\u00c1RTER DE LUJO POR D\u00cdA EN MALLORCA<\/h1>\t\t\t\t<\/div>\n\t\t\t\t<\/div>\n\t\t\t\t<\/div>\n\t\t\t\t\t<\/div>\n\t\t\t\t<\/div>\n\t\t<div class=\"elementor-element elementor-element-40a60ef e-flex e-con-boxed elementor-invisible e-con e-parent\" data-id=\"40a60ef\" data-element_type=\"container\" data-e-type=\"container\" data-settings=\"{&quot;background_background&quot;:&quot;gradient&quot;,&quot;animation&quot;:&quot;fadeIn&quot;}\">\n\t\t\t\t\t<div class=\"e-con-inner\">\n\t\t<div class=\"elementor-element elementor-element-9cd3950 e-con-full e-flex e-con e-child\" data-id=\"9cd3950\" data-element_type=\"container\" data-e-type=\"container\">\n\t\t<div class=\"elementor-element elementor-element-db41678 e-con-full e-flex e-con e-child\" data-id=\"db41678\" data-element_type=\"container\" data-e-type=\"container\">\n\t\t<div class=\"elementor-element elementor-element-bbdd11b e-con-full e-flex e-con e-child\" data-id=\"bbdd11b\" data-element_type=\"container\" data-e-type=\"container\">\n\t\t\t\t<div class=\"elementor-element elementor-element-069e7b8 elementor-widget elementor-widget-image\" data-id=\"069e7b8\" data-element_type=\"widget\" data-e-type=\"widget\" data-widget_type=\"image.default\">\n\t\t\t\t<div class=\"elementor-widget-container\">\n\t\t\t\t\t\t\t\t\t\t\t\t\t\t\t<img loading=\"lazy\" decoding=\"async\" width=\"900\" height=\"600\" src=\"https:\/\/select-agency.world\/wp-content\/uploads\/2025\/05\/yacht-charter-guest-1.webp\" class=\"attachment-large size-large wp-image-24883\" alt=\"Woman on charter yacht.\" srcset=\"https:\/\/select-agency.world\/wp-content\/uploads\/2025\/05\/yacht-charter-guest-1.webp 900w, https:\/\/select-agency.world\/wp-content\/uploads\/2025\/05\/yacht-charter-guest-1-300x200.webp 300w, https:\/\/select-agency.world\/wp-content\/uploads\/2025\/05\/yacht-charter-guest-1-768x512.webp 768w, https:\/\/select-agency.world\/wp-content\/uploads\/2025\/05\/yacht-charter-guest-1-18x12.webp 18w, https:\/\/select-agency.world\/wp-content\/uploads\/2025\/05\/yacht-charter-guest-1-496x331.webp 496w\" sizes=\"auto, (max-width: 900px) 100vw, 900px\" \/>\t\t\t\t\t\t\t\t\t\t\t\t\t\t\t<\/div>\n\t\t\t\t<\/div>\n\t\t\t\t<\/div>\n\t\t<div class=\"elementor-element elementor-element-f7a085c e-con-full e-flex e-con e-child\" data-id=\"f7a085c\" data-element_type=\"container\" data-e-type=\"container\">\n\t\t\t\t<div class=\"elementor-element elementor-element-b32a119 elementor-invisible elementor-widget elementor-widget-heading\" data-id=\"b32a119\" data-element_type=\"widget\" data-e-type=\"widget\" data-settings=\"{&quot;_animation&quot;:&quot;fadeInRight&quot;}\" data-widget_type=\"heading.default\">\n\t\t\t\t<div class=\"elementor-widget-container\">\n\t\t\t\t\t<h2 class=\"elementor-heading-title elementor-size-default\">Escapadas sin esfuerzo, elevadas<\/h2>\t\t\t\t<\/div>\n\t\t\t\t<\/div>\n\t\t\t\t<div class=\"elementor-element elementor-element-17a269e elementor-invisible elementor-widget elementor-widget-text-editor\" data-id=\"17a269e\" data-element_type=\"widget\" data-e-type=\"widget\" data-settings=\"{&quot;_animation&quot;:&quot;fadeInRight&quot;}\" data-widget_type=\"text-editor.default\">\n\t\t\t\t<div class=\"elementor-widget-container\">\n\t\t\t\t\t\t\t\t\t<p>Un ch\u00e1rter de d\u00eda de lujo en Mallorca es la forma m\u00e1s sencilla de descubrir la isla desde el mar \u2014 privado, c\u00f3modo y completamente adaptado a usted.<\/p><p>Pase el d\u00eda navegando por la costa, nadando en calas de aguas cristalinas, disfrutando de bebidas en cubierta o haciendo una parada en un beach club para almorzar. Todo se organiza a su ritmo.<\/p><p><em>Ch\u00e1rteres privados de d\u00eda de lujo en Mallorca. Yates a motor con tripulaci\u00f3n. Opciones de medio d\u00eda y d\u00eda completo disponibles.<\/em><\/p><p>Su d\u00eda puede comenzar con una navegaci\u00f3n relajada a lo largo de la costa, seguida de un ba\u00f1o en una cala tranquila. Despu\u00e9s, podr\u00e1 disfrutar de bebidas a bordo o almorzar en un beach club antes de continuar la tarde en el mar.<\/p><p>Los ch\u00e1rteres de d\u00eda suelen oscilar entre 2.000 \u20ac y 8.000 \u20ac, seg\u00fan el yate y la temporada.<\/p>\t\t\t\t\t\t\t\t<\/div>\n\t\t\t\t<\/div>\n\t\t\t\t<div class=\"elementor-element elementor-element-58cec9e elementor-mobile-align-center elementor-invisible elementor-widget elementor-widget-button\" data-id=\"58cec9e\" data-element_type=\"widget\" data-e-type=\"widget\" data-settings=\"{&quot;_animation&quot;:&quot;fadeIn&quot;}\" data-widget_type=\"button.default\">\n\t\t\t\t<div class=\"elementor-widget-container\">\n\t\t\t\t\t\t\t\t\t<div class=\"elementor-button-wrapper\">\n\t\t\t\t\t<a class=\"elementor-button elementor-button-link elementor-size-sm elementor-animation-grow\" href=\"#popmake-27596\">\n\t\t\t\t\t\t<span class=\"elementor-button-content-wrapper\">\n\t\t\t\t\t\t\t\t\t<span class=\"elementor-button-text\">Solicitar su ch\u00e1rter de d\u00eda<\/span>\n\t\t\t\t\t<\/span>\n\t\t\t\t\t<\/a>\n\t\t\t\t<\/div>\n\t\t\t\t\t\t\t\t<\/div>\n\t\t\t\t<\/div>\n\t\t\t\t<div class=\"elementor-element elementor-element-57ff54d elementor-mobile-align-center elementor-invisible elementor-widget elementor-widget-button\" data-id=\"57ff54d\" data-element_type=\"widget\" data-e-type=\"widget\" data-settings=\"{&quot;_animation&quot;:&quot;fadeIn&quot;}\" data-widget_type=\"button.default\">\n\t\t\t\t<div class=\"elementor-widget-container\">\n\t\t\t\t\t\t\t\t\t<div class=\"elementor-button-wrapper\">\n\t\t\t\t\t<a class=\"elementor-button elementor-button-link elementor-size-sm elementor-animation-grow\" href=\"\/es\/yachting\/charter-yachts\/\">\n\t\t\t\t\t\t<span class=\"elementor-button-content-wrapper\">\n\t\t\t\t\t\t\t\t\t<span class=\"elementor-button-text\">Descubrir nuestra selecci\u00f3n de yates<\/span>\n\t\t\t\t\t<\/span>\n\t\t\t\t\t<\/a>\n\t\t\t\t<\/div>\n\t\t\t\t\t\t\t\t<\/div>\n\t\t\t\t<\/div>\n\t\t\t\t<\/div>\n\t\t\t\t<\/div>\n\t\t\t\t<\/div>\n\t\t\t\t\t<\/div>\n\t\t\t\t<\/div>\n\t\t<div class=\"elementor-element elementor-element-d11e26a e-flex e-con-boxed e-con e-parent\" data-id=\"d11e26a\" data-element_type=\"container\" data-e-type=\"container\" data-settings=\"{&quot;background_background&quot;:&quot;classic&quot;}\">\n\t\t\t\t\t<div class=\"e-con-inner\">\n\t\t\t\t<div class=\"elementor-element elementor-element-6e56edb elementor-widget elementor-widget-spacer\" data-id=\"6e56edb\" data-element_type=\"widget\" data-e-type=\"widget\" data-widget_type=\"spacer.default\">\n\t\t\t\t<div class=\"elementor-widget-container\">\n\t\t\t\t\t\t\t<div class=\"elementor-spacer\">\n\t\t\t<div class=\"elementor-spacer-inner\"><\/div>\n\t\t<\/div>\n\t\t\t\t\t\t<\/div>\n\t\t\t\t<\/div>\n\t\t\t\t\t<\/div>\n\t\t\t\t<\/div>\n\t\t<div class=\"elementor-element elementor-element-d1dafdb e-flex e-con-boxed e-con e-parent\" data-id=\"d1dafdb\" data-element_type=\"container\" data-e-type=\"container\" data-settings=\"{&quot;background_background&quot;:&quot;classic&quot;}\">\n\t\t\t\t\t<div class=\"e-con-inner\">\n\t\t<div class=\"elementor-element elementor-element-a2c740c e-con-full e-flex e-con e-child\" data-id=\"a2c740c\" data-element_type=\"container\" data-e-type=\"container\">\n\t\t\t\t<div class=\"elementor-element elementor-element-30337b6 elementor-widget elementor-widget-image\" data-id=\"30337b6\" data-element_type=\"widget\" data-e-type=\"widget\" data-widget_type=\"image.default\">\n\t\t\t\t<div class=\"elementor-widget-container\">\n\t\t\t\t\t\t\t\t\t\t\t\t\t\t\t<img loading=\"lazy\" decoding=\"async\" width=\"1024\" height=\"683\" src=\"https:\/\/select-agency.world\/wp-content\/uploads\/2025\/06\/canados-next-cruising-1024x683.webp\" class=\"attachment-large size-large wp-image-24938\" alt=\"Charter yacht Canados Next in Mallorca.\" srcset=\"https:\/\/select-agency.world\/wp-content\/uploads\/2025\/06\/canados-next-cruising-1024x683.webp 1024w, https:\/\/select-agency.world\/wp-content\/uploads\/2025\/06\/canados-next-cruising-300x200.webp 300w, https:\/\/select-agency.world\/wp-content\/uploads\/2025\/06\/canados-next-cruising-768x512.webp 768w, https:\/\/select-agency.world\/wp-content\/uploads\/2025\/06\/canados-next-cruising-18x12.webp 18w, https:\/\/select-agency.world\/wp-content\/uploads\/2025\/06\/canados-next-cruising-900x600.webp 900w, https:\/\/select-agency.world\/wp-content\/uploads\/2025\/06\/canados-next-cruising-496x331.webp 496w, https:\/\/select-agency.world\/wp-content\/uploads\/2025\/06\/canados-next-cruising.webp 1200w\" sizes=\"auto, (max-width: 1024px) 100vw, 1024px\" \/>\t\t\t\t\t\t\t\t\t\t\t\t\t\t\t<\/div>\n\t\t\t\t<\/div>\n\t\t\t\t<div class=\"elementor-element elementor-element-c738753 animated-fast elementor-invisible elementor-widget elementor-widget-heading\" data-id=\"c738753\" data-element_type=\"widget\" data-e-type=\"widget\" data-settings=\"{&quot;_animation&quot;:&quot;fadeInUp&quot;}\" data-widget_type=\"heading.default\">\n\t\t\t\t<div class=\"elementor-widget-container\">\n\t\t\t\t\t<h2 class=\"elementor-heading-title elementor-size-default\">Confort y estilo elegante<\/h2>\t\t\t\t<\/div>\n\t\t\t\t<\/div>\n\t\t\t\t<div class=\"elementor-element elementor-element-79401fb elementor-widget__width-initial elementor-widget elementor-widget-text-editor\" data-id=\"79401fb\" data-element_type=\"widget\" data-e-type=\"widget\" data-widget_type=\"text-editor.default\">\n\t\t\t\t<div class=\"elementor-widget-container\">\n\t\t\t\t\t\t\t\t\t<p>Nuestros yates seleccionados combinan dise\u00f1o moderno, espacios amplios y tripulaciones experimentadas para crear un ambiente que resulta a la vez elegante y relajado.<\/p><p>Disfrute de sol\u00e1riums, zonas de sombra y comodidades a bordo pensadas para su confort durante todo el d\u00eda.<\/p>\t\t\t\t\t\t\t\t<\/div>\n\t\t\t\t<\/div>\n\t\t\t\t<\/div>\n\t\t<div class=\"elementor-element elementor-element-1e3444b e-con-full e-flex e-con e-child\" data-id=\"1e3444b\" data-element_type=\"container\" data-e-type=\"container\">\n\t\t\t\t<div class=\"elementor-element elementor-element-170ccde elementor-widget elementor-widget-image\" data-id=\"170ccde\" data-element_type=\"widget\" data-e-type=\"widget\" data-widget_type=\"image.default\">\n\t\t\t\t<div class=\"elementor-widget-container\">\n\t\t\t\t\t\t\t\t\t\t\t\t<figure class=\"wp-caption\">\n\t\t\t\t\t\t\t\t\t\t<img loading=\"lazy\" decoding=\"async\" width=\"1024\" height=\"683\" src=\"https:\/\/select-agency.world\/wp-content\/uploads\/2025\/04\/nikki-beach-mallorca-bottle-service-1024x683.webp\" class=\"attachment-large size-large wp-image-24321\" alt=\"Bottle service at Nikki Beach Mallorca.\" srcset=\"https:\/\/select-agency.world\/wp-content\/uploads\/2025\/04\/nikki-beach-mallorca-bottle-service-1024x683.webp 1024w, https:\/\/select-agency.world\/wp-content\/uploads\/2025\/04\/nikki-beach-mallorca-bottle-service-300x200.webp 300w, https:\/\/select-agency.world\/wp-content\/uploads\/2025\/04\/nikki-beach-mallorca-bottle-service-768x512.webp 768w, https:\/\/select-agency.world\/wp-content\/uploads\/2025\/04\/nikki-beach-mallorca-bottle-service-1536x1024.webp 1536w, https:\/\/select-agency.world\/wp-content\/uploads\/2025\/04\/nikki-beach-mallorca-bottle-service-18x12.webp 18w, https:\/\/select-agency.world\/wp-content\/uploads\/2025\/04\/nikki-beach-mallorca-bottle-service-900x600.webp 900w, https:\/\/select-agency.world\/wp-content\/uploads\/2025\/04\/nikki-beach-mallorca-bottle-service-496x331.webp 496w, https:\/\/select-agency.world\/wp-content\/uploads\/2025\/04\/nikki-beach-mallorca-bottle-service.webp 1920w\" sizes=\"auto, (max-width: 1024px) 100vw, 1024px\" \/>\t\t\t\t\t\t\t\t\t\t\t<figcaption class=\"widget-image-caption wp-caption-text\">\u00a9 Nikki Beach Hospitality Group<\/figcaption>\n\t\t\t\t\t\t\t\t\t\t<\/figure>\n\t\t\t\t\t\t\t\t\t<\/div>\n\t\t\t\t<\/div>\n\t\t\t\t<div class=\"elementor-element elementor-element-919df48 animated-fast elementor-invisible elementor-widget elementor-widget-heading\" data-id=\"919df48\" data-element_type=\"widget\" data-e-type=\"widget\" data-settings=\"{&quot;_animation&quot;:&quot;fadeInUp&quot;}\" data-widget_type=\"heading.default\">\n\t\t\t\t<div class=\"elementor-widget-container\">\n\t\t\t\t\t<h2 class=\"elementor-heading-title elementor-size-default\">Momentos a su medida<\/h2>\t\t\t\t<\/div>\n\t\t\t\t<\/div>\n\t\t\t\t<div class=\"elementor-element elementor-element-b3e5746 elementor-widget__width-initial elementor-widget elementor-widget-text-editor\" data-id=\"b3e5746\" data-element_type=\"widget\" data-e-type=\"widget\" data-widget_type=\"text-editor.default\">\n\t\t\t\t<div class=\"elementor-widget-container\">\n\t\t\t\t\t\t\t\t\t<p>Cada ch\u00e1rter se dise\u00f1a en torno a sus preferencias. Ya sea que prefiera bebidas sencillas a bordo o una experiencia completamente organizada con catering, reservas en beach clubs o detalles especiales, nos encargamos de todo.<\/p><p>\u00bfPrefiere una cala tranquila para nadar o un ambiente m\u00e1s animado con una parada para almorzar en tierra? Planificamos el d\u00eda junto a usted.<\/p>\t\t\t\t\t\t\t\t<\/div>\n\t\t\t\t<\/div>\n\t\t\t\t<\/div>\n\t\t\t\t\t<\/div>\n\t\t\t\t<\/div>\n\t\t<div class=\"elementor-element elementor-element-0a1c768 e-flex e-con-boxed e-con e-parent\" data-id=\"0a1c768\" data-element_type=\"container\" data-e-type=\"container\" data-settings=\"{&quot;background_background&quot;:&quot;classic&quot;}\">\n\t\t\t\t\t<div class=\"e-con-inner\">\n\t\t<div class=\"elementor-element elementor-element-b4fe192 e-con-full e-flex e-con e-child\" data-id=\"b4fe192\" data-element_type=\"container\" data-e-type=\"container\">\n\t\t\t\t<div class=\"elementor-element elementor-element-66f5874 elementor-widget elementor-widget-image\" data-id=\"66f5874\" data-element_type=\"widget\" data-e-type=\"widget\" data-widget_type=\"image.default\">\n\t\t\t\t<div class=\"elementor-widget-container\">\n\t\t\t\t\t\t\t\t\t\t\t\t\t\t\t<img loading=\"lazy\" decoding=\"async\" width=\"1024\" height=\"683\" src=\"https:\/\/select-agency.world\/wp-content\/uploads\/2025\/06\/yacht-drinks-1024x683.webp\" class=\"attachment-large size-large wp-image-24976\" alt=\"Group of friends with champagne glasses.\" srcset=\"https:\/\/select-agency.world\/wp-content\/uploads\/2025\/06\/yacht-drinks-1024x683.webp 1024w, https:\/\/select-agency.world\/wp-content\/uploads\/2025\/06\/yacht-drinks-300x200.webp 300w, https:\/\/select-agency.world\/wp-content\/uploads\/2025\/06\/yacht-drinks-768x512.webp 768w, https:\/\/select-agency.world\/wp-content\/uploads\/2025\/06\/yacht-drinks-18x12.webp 18w, https:\/\/select-agency.world\/wp-content\/uploads\/2025\/06\/yacht-drinks-900x600.webp 900w, https:\/\/select-agency.world\/wp-content\/uploads\/2025\/06\/yacht-drinks-496x331.webp 496w, https:\/\/select-agency.world\/wp-content\/uploads\/2025\/06\/yacht-drinks.webp 1200w\" sizes=\"auto, (max-width: 1024px) 100vw, 1024px\" \/>\t\t\t\t\t\t\t\t\t\t\t\t\t\t\t<\/div>\n\t\t\t\t<\/div>\n\t\t\t\t<div class=\"elementor-element elementor-element-1bb1d1f animated-fast elementor-invisible elementor-widget elementor-widget-heading\" data-id=\"1bb1d1f\" data-element_type=\"widget\" data-e-type=\"widget\" data-settings=\"{&quot;_animation&quot;:&quot;fadeInUp&quot;}\" data-widget_type=\"heading.default\">\n\t\t\t\t<div class=\"elementor-widget-container\">\n\t\t\t\t\t<h2 class=\"elementor-heading-title elementor-size-default\">Ideal para celebraciones diurnas<\/h2>\t\t\t\t<\/div>\n\t\t\t\t<\/div>\n\t\t\t\t<div class=\"elementor-element elementor-element-76d05ca elementor-widget__width-initial elementor-widget elementor-widget-text-editor\" data-id=\"76d05ca\" data-element_type=\"widget\" data-e-type=\"widget\" data-widget_type=\"text-editor.default\">\n\t\t\t\t<div class=\"elementor-widget-container\">\n\t\t\t\t\t\t\t\t\t<p class=\"p1\">Un ch\u00e1rter de d\u00eda de lujo es ideal para cumplea\u00f1os, aniversarios o simplemente para disfrutar de un d\u00eda especial en el mar. Tambi\u00e9n es una opci\u00f3n muy solicitada para propuestas, sesiones de fotos o para recibir clientes en un entorno relajado y cuidado.<\/p>\t\t\t\t\t\t\t\t<\/div>\n\t\t\t\t<\/div>\n\t\t\t\t<\/div>\n\t\t<div class=\"elementor-element elementor-element-0b6d029 e-con-full e-flex e-con e-child\" data-id=\"0b6d029\" data-element_type=\"container\" data-e-type=\"container\">\n\t\t\t\t<div class=\"elementor-element elementor-element-d6d5979 elementor-widget elementor-widget-image\" data-id=\"d6d5979\" data-element_type=\"widget\" data-e-type=\"widget\" data-widget_type=\"image.default\">\n\t\t\t\t<div class=\"elementor-widget-container\">\n\t\t\t\t\t\t\t\t\t\t\t\t\t\t\t<img loading=\"lazy\" decoding=\"async\" width=\"1024\" height=\"683\" src=\"https:\/\/select-agency.world\/wp-content\/uploads\/2024\/12\/palma-mallorca-1024x683.jpg\" class=\"attachment-large size-large wp-image-19452\" alt=\"Cathedral of Palma de Mallorca.\" srcset=\"https:\/\/select-agency.world\/wp-content\/uploads\/2024\/12\/palma-mallorca-1024x683.jpg 1024w, https:\/\/select-agency.world\/wp-content\/uploads\/2024\/12\/palma-mallorca-300x200.jpg 300w, https:\/\/select-agency.world\/wp-content\/uploads\/2024\/12\/palma-mallorca-768x512.jpg 768w, https:\/\/select-agency.world\/wp-content\/uploads\/2024\/12\/palma-mallorca-1536x1024.jpg 1536w, https:\/\/select-agency.world\/wp-content\/uploads\/2024\/12\/palma-mallorca-2048x1365.jpg 2048w, https:\/\/select-agency.world\/wp-content\/uploads\/2024\/12\/palma-mallorca-900x600.jpg 900w, https:\/\/select-agency.world\/wp-content\/uploads\/2024\/12\/palma-mallorca-496x331.jpg 496w\" sizes=\"auto, (max-width: 1024px) 100vw, 1024px\" \/>\t\t\t\t\t\t\t\t\t\t\t\t\t\t\t<\/div>\n\t\t\t\t<\/div>\n\t\t\t\t<div class=\"elementor-element elementor-element-5de8510 animated-fast elementor-invisible elementor-widget elementor-widget-heading\" data-id=\"5de8510\" data-element_type=\"widget\" data-e-type=\"widget\" data-settings=\"{&quot;_animation&quot;:&quot;fadeInUp&quot;}\" data-widget_type=\"heading.default\">\n\t\t\t\t<div class=\"elementor-widget-container\">\n\t\t\t\t\t<h2 class=\"elementor-heading-title elementor-size-default\">Informaci\u00f3n pr\u00e1ctica<\/h2>\t\t\t\t<\/div>\n\t\t\t\t<\/div>\n\t\t\t\t<div class=\"elementor-element elementor-element-555ccf0 elementor-widget__width-initial elementor-widget elementor-widget-text-editor\" data-id=\"555ccf0\" data-element_type=\"widget\" data-e-type=\"widget\" data-widget_type=\"text-editor.default\">\n\t\t\t\t<div class=\"elementor-widget-container\">\n\t\t\t\t\t\t\t\t\t<p>La mayor\u00eda de los ch\u00e1rteres salen desde el suroeste de Mallorca, incluyendo Palma, Port Calanova, Puerto Portals, Port Adriano y Port d\u2019Andratx.<\/p><p>Los ch\u00e1rteres de d\u00eda completo suelen realizarse de 10:00 a 18:00, con horarios flexibles bajo petici\u00f3n.<\/p><p>Se pueden organizar con antelaci\u00f3n servicios de catering, paquetes de bebidas y juguetes acu\u00e1ticos (como Seabobs o inflables).<\/p>\t\t\t\t\t\t\t\t<\/div>\n\t\t\t\t<\/div>\n\t\t\t\t<\/div>\n\t\t\t\t\t<\/div>\n\t\t\t\t<\/div>\n\t\t<div class=\"elementor-element elementor-element-8a9dfe8 e-flex e-con-boxed e-con e-parent\" data-id=\"8a9dfe8\" data-element_type=\"container\" data-e-type=\"container\" data-settings=\"{&quot;background_background&quot;:&quot;classic&quot;}\">\n\t\t\t\t\t<div class=\"e-con-inner\">\n\t\t\t\t<div class=\"elementor-element elementor-element-80853c5 elementor-widget__width-initial elementor-invisible elementor-widget elementor-widget-heading\" data-id=\"80853c5\" data-element_type=\"widget\" data-e-type=\"widget\" data-settings=\"{&quot;_animation&quot;:&quot;fadeInUp&quot;}\" data-widget_type=\"heading.default\">\n\t\t\t\t<div class=\"elementor-widget-container\">\n\t\t\t\t\t<h2 class=\"elementor-heading-title elementor-size-default\">Yates Seleccionados<\/h2>\t\t\t\t<\/div>\n\t\t\t\t<\/div>\n\t\t\t\t<div class=\"elementor-element elementor-element-b7e5d22 elementor-widget elementor-widget-text-editor\" data-id=\"b7e5d22\" data-element_type=\"widget\" data-e-type=\"widget\" data-widget_type=\"text-editor.default\">\n\t\t\t\t<div class=\"elementor-widget-container\">\n\t\t\t\t\t\t\t\t\t<p>Elija entre una selecci\u00f3n de yates ideales para ch\u00e1rteres de d\u00eda de lujo y experiencias privadas en el mar.<\/p>\t\t\t\t\t\t\t\t<\/div>\n\t\t\t\t<\/div>\n\t\t\t\t<div class=\"elementor-element elementor-element-1bf0416 elementor-widget elementor-widget-houzez_elementor_properties_carousel_v1\" data-id=\"1bf0416\" data-element_type=\"widget\" data-e-type=\"widget\" data-widget_type=\"houzez_elementor_properties_carousel_v1.default\">\n\t\t\t\t<div class=\"elementor-widget-container\">\n\t\t\t\t\t        <div class=\"property-carousel-module property-carousel-module-v3 property-carousel-module-v3-3cols houzez-carousel-arrows-sfGZL\">\n            <div class=\"property-carousel-buttons-wrap property-carousel-arrow-buttons-bottom\">\n                                            <\/div><!-- property-carousel-buttons-wrap -->\n\n            <div class=\"listing-view grid-view\">\n                <div id=\"houzez-properties-carousel-sfGZL\" data-token=\"sfGZL\" class=\"houzez-properties-carousel-js houzez-all-slider-wrap property-carousel-wrap-v3-3cols\">\n                    <div class=\"item-listing-wrap hz-item-gallery-js item-wrap-v3 hz-map-trigger\" data-hz-id=\"25563\" >\n\t<div class=\"item-wrap\">\n\t\t<div class=\"item-header\">\n\t\t\t<div class=\"listing-image-wrap\">\n\t<div class=\"listing-thumb\">\n\t\t<a target=\"_blank\" href=\"https:\/\/select-agency.world\/es\/listing\/absolute-47-fly-tres-amigos\/\" class=\"listing-featured-thumb hover-effect image-wrap\" role=\"link\">\n\t\t\t<img loading=\"lazy\" decoding=\"async\" width=\"1170\" height=\"785\" src=\"https:\/\/select-agency.world\/wp-content\/uploads\/2025\/08\/yacht-charter-absolute-47-fly-tres-amigos-1170x785.webp\" class=\"img-fluid wp-post-image\" alt=\"Charter yacht Absolute 47 Fly Tres Amigos.\" srcset=\"https:\/\/select-agency.world\/wp-content\/uploads\/2025\/08\/yacht-charter-absolute-47-fly-tres-amigos-1170x785.webp 1170w, https:\/\/select-agency.world\/wp-content\/uploads\/2025\/08\/yacht-charter-absolute-47-fly-tres-amigos-18x12.webp 18w\" sizes=\"auto, (max-width: 1170px) 100vw, 1170px\" \/>\t\t<\/a><!-- hover-effect -->\n\t<\/div>\n<\/div>\t\t<\/div>\n\t\t<span class=\"label-featured label me-1\" role=\"status\">Featured<\/span>\t\t\t\t<div class=\"item-body w-100\">\n\t\t\t<div class=\"d-flex flex-column justify-content-end h-100\">\n\t\t\t\t<h2 class=\"item-title mb-2\">\n\t<a target=\"_blank\" href=\"https:\/\/select-agency.world\/es\/listing\/absolute-47-fly-tres-amigos\/\" role=\"link\">Absolute 47 Fly \u2022 Tres Amigos<\/a>\n<\/h2><!-- item-title -->\t\t\t\t<ul class=\"item-amenities d-flex flex-wrap align-items-center gap-2 mb-2 item-amenities-without-icons\" role=\"list\">\n\t<\/ul>\t\t\t\t<ul class=\"item-price-wrap d-flex flex-column gap-2\" role=\"list\">\n\t<li class=\"item-price\"><span class=\"price-prefix\">Desde <\/span><span class=\"price\">3.150\u20ac<\/span><span class=\"price-postfix\"> \/ d\u00eda<\/span><\/li><\/ul>\t\t\t<\/div>\n\t\t\t\t\t<\/div>\n\t\t<div class=\"preview_loader\"><\/div>\n\t<\/div>\n\t<div class=\"item-wrap-outside mt-2\">\n\t\t<h2 class=\"item-title mb-2\">\n\t<a target=\"_blank\" href=\"https:\/\/select-agency.world\/es\/listing\/absolute-47-fly-tres-amigos\/\" role=\"link\">Absolute 47 Fly \u2022 Tres Amigos<\/a>\n<\/h2><!-- item-title -->\t\t<ul class=\"item-amenities d-flex flex-wrap align-items-center gap-2 mb-2 item-amenities-without-icons\" role=\"list\">\n\t<\/ul>\t<\/div>\n<\/div><div class=\"item-listing-wrap hz-item-gallery-js item-wrap-v3 hz-map-trigger\" data-hz-id=\"18361\" >\n\t<div class=\"item-wrap\">\n\t\t<div class=\"item-header\">\n\t\t\t<div class=\"listing-image-wrap\">\n\t<div class=\"listing-thumb\">\n\t\t<a target=\"_blank\" href=\"https:\/\/select-agency.world\/es\/listing\/sunseeker-predator-57\/\" class=\"listing-featured-thumb hover-effect image-wrap\" role=\"link\">\n\t\t\t<img loading=\"lazy\" decoding=\"async\" width=\"1170\" height=\"785\" src=\"https:\/\/select-agency.world\/wp-content\/uploads\/2024\/12\/sunseeker-predator-57-yacht-exterior-view-1170x785.jpg\" class=\"img-fluid wp-post-image\" alt=\"Charter yacht Sunseeker Predator 57 Boefje II at sea.\" srcset=\"https:\/\/select-agency.world\/wp-content\/uploads\/2024\/12\/sunseeker-predator-57-yacht-exterior-view-1170x785.jpg 1170w, https:\/\/select-agency.world\/wp-content\/uploads\/2024\/12\/sunseeker-predator-57-yacht-exterior-view-300x200.jpg 300w\" sizes=\"auto, (max-width: 1170px) 100vw, 1170px\" \/>\t\t<\/a><!-- hover-effect -->\n\t<\/div>\n<\/div>\t\t<\/div>\n\t\t<span class=\"label-featured label me-1\" role=\"status\">Featured<\/span>\t\t\t\t<div class=\"item-body w-100\">\n\t\t\t<div class=\"d-flex flex-column justify-content-end h-100\">\n\t\t\t\t<h2 class=\"item-title mb-2\">\n\t<a target=\"_blank\" href=\"https:\/\/select-agency.world\/es\/listing\/sunseeker-predator-57\/\" role=\"link\">Sunseeker Predator 57 \u2022 Boefje II<\/a>\n<\/h2><!-- item-title -->\t\t\t\t<ul class=\"item-amenities d-flex flex-wrap align-items-center gap-2 mb-2 item-amenities-without-icons\" role=\"list\">\n\t<\/ul>\t\t\t\t<ul class=\"item-price-wrap d-flex flex-column gap-2\" role=\"list\">\n\t<li class=\"item-price\"><span class=\"price-prefix\">Desde <\/span><span class=\"price\">3.325\u20ac<\/span><span class=\"price-postfix\"> \/ d\u00eda<\/span><\/li><\/ul>\t\t\t<\/div>\n\t\t\t\t\t<\/div>\n\t\t<div class=\"preview_loader\"><\/div>\n\t<\/div>\n\t<div class=\"item-wrap-outside mt-2\">\n\t\t<h2 class=\"item-title mb-2\">\n\t<a target=\"_blank\" href=\"https:\/\/select-agency.world\/es\/listing\/sunseeker-predator-57\/\" role=\"link\">Sunseeker Predator 57 \u2022 Boefje II<\/a>\n<\/h2><!-- item-title -->\t\t<ul class=\"item-amenities d-flex flex-wrap align-items-center gap-2 mb-2 item-amenities-without-icons\" role=\"list\">\n\t<\/ul>\t<\/div>\n<\/div><div class=\"item-listing-wrap hz-item-gallery-js item-wrap-v3 hz-map-trigger\" data-hz-id=\"28161\" >\n\t<div class=\"item-wrap\">\n\t\t<div class=\"item-header\">\n\t\t\t<div class=\"listing-image-wrap\">\n\t<div class=\"listing-thumb\">\n\t\t<a target=\"_blank\" href=\"https:\/\/select-agency.world\/es\/listing\/pardo-43-loulou\/\" class=\"listing-featured-thumb hover-effect image-wrap\" role=\"link\">\n\t\t\t<img loading=\"lazy\" decoding=\"async\" width=\"1170\" height=\"785\" src=\"https:\/\/select-agency.world\/wp-content\/uploads\/2026\/04\/ibiza-pardo-43-loulou-1170x785.webp\" class=\"img-fluid wp-post-image\" alt=\"Charter yacht Pardo 43 Loulou in Ibiza\" srcset=\"https:\/\/select-agency.world\/wp-content\/uploads\/2026\/04\/ibiza-pardo-43-loulou-1170x785.webp 1170w, https:\/\/select-agency.world\/wp-content\/uploads\/2026\/04\/ibiza-pardo-43-loulou-18x12.webp 18w\" sizes=\"auto, (max-width: 1170px) 100vw, 1170px\" \/>\t\t<\/a><!-- hover-effect -->\n\t<\/div>\n<\/div>\t\t<\/div>\n\t\t\t\t\t\t<div class=\"item-body w-100\">\n\t\t\t<div class=\"d-flex flex-column justify-content-end h-100\">\n\t\t\t\t<h2 class=\"item-title mb-2\">\n\t<a target=\"_blank\" href=\"https:\/\/select-agency.world\/es\/listing\/pardo-43-loulou\/\" role=\"link\">Pardo 43 \u2022 Loulou<\/a>\n<\/h2><!-- item-title -->\t\t\t\t<ul class=\"item-amenities d-flex flex-wrap align-items-center gap-2 mb-2 item-amenities-without-icons\" role=\"list\">\n\t<\/ul>\t\t\t\t<ul class=\"item-price-wrap d-flex flex-column gap-2\" role=\"list\">\n\t<li class=\"item-price\"><span class=\"price-prefix\">Desde <\/span><span class=\"price\">2.599\u20ac<\/span><span class=\"price-postfix\"> \/ d\u00eda<\/span><\/li><\/ul>\t\t\t<\/div>\n\t\t\t\t\t<\/div>\n\t\t<div class=\"preview_loader\"><\/div>\n\t<\/div>\n\t<div class=\"item-wrap-outside mt-2\">\n\t\t<h2 class=\"item-title mb-2\">\n\t<a target=\"_blank\" href=\"https:\/\/select-agency.world\/es\/listing\/pardo-43-loulou\/\" role=\"link\">Pardo 43 \u2022 Loulou<\/a>\n<\/h2><!-- item-title -->\t\t<ul class=\"item-amenities d-flex flex-wrap align-items-center gap-2 mb-2 item-amenities-without-icons\" role=\"list\">\n\t<\/ul>\t<\/div>\n<\/div><div class=\"item-listing-wrap hz-item-gallery-js item-wrap-v3 hz-map-trigger\" data-hz-id=\"28033\" >\n\t<div class=\"item-wrap\">\n\t\t<div class=\"item-header\">\n\t\t\t<div class=\"listing-image-wrap\">\n\t<div class=\"listing-thumb\">\n\t\t<a target=\"_blank\" href=\"https:\/\/select-agency.world\/es\/listing\/sunseeker-88-junior\/\" class=\"listing-featured-thumb hover-effect image-wrap\" role=\"link\">\n\t\t\t<img loading=\"lazy\" decoding=\"async\" width=\"1170\" height=\"785\" src=\"https:\/\/select-agency.world\/wp-content\/uploads\/2026\/04\/motor-yacht-sunseeker-88-junior-1170x785.webp\" class=\"img-fluid wp-post-image\" alt=\"Motor yacht Sunseeker 88 Junior in Mallorca\" srcset=\"https:\/\/select-agency.world\/wp-content\/uploads\/2026\/04\/motor-yacht-sunseeker-88-junior-1170x785.webp 1170w, https:\/\/select-agency.world\/wp-content\/uploads\/2026\/04\/motor-yacht-sunseeker-88-junior-18x12.webp 18w\" sizes=\"auto, (max-width: 1170px) 100vw, 1170px\" \/>\t\t<\/a><!-- hover-effect -->\n\t<\/div>\n<\/div>\t\t<\/div>\n\t\t\t\t\t\t<div class=\"item-body w-100\">\n\t\t\t<div class=\"d-flex flex-column justify-content-end h-100\">\n\t\t\t\t<h2 class=\"item-title mb-2\">\n\t<a target=\"_blank\" href=\"https:\/\/select-agency.world\/es\/listing\/sunseeker-88-junior\/\" role=\"link\">Sunseeker 88 \u2022 Junior<\/a>\n<\/h2><!-- item-title -->\t\t\t\t<ul class=\"item-amenities d-flex flex-wrap align-items-center gap-2 mb-2 item-amenities-without-icons\" role=\"list\">\n\t<\/ul>\t\t\t\t<ul class=\"item-price-wrap d-flex flex-column gap-2\" role=\"list\">\n\t<li class=\"item-price\"><span class=\"price-prefix\">Desde <\/span><span class=\"price\">59.200\u20ac<\/span><span class=\"price-postfix\"> \/ semana (+ IVA)<\/span><\/li><\/ul>\t\t\t<\/div>\n\t\t\t\t\t<\/div>\n\t\t<div class=\"preview_loader\"><\/div>\n\t<\/div>\n\t<div class=\"item-wrap-outside mt-2\">\n\t\t<h2 class=\"item-title mb-2\">\n\t<a target=\"_blank\" href=\"https:\/\/select-agency.world\/es\/listing\/sunseeker-88-junior\/\" role=\"link\">Sunseeker 88 \u2022 Junior<\/a>\n<\/h2><!-- item-title -->\t\t<ul class=\"item-amenities d-flex flex-wrap align-items-center gap-2 mb-2 item-amenities-without-icons\" role=\"list\">\n\t<\/ul>\t<\/div>\n<\/div><div class=\"item-listing-wrap hz-item-gallery-js item-wrap-v3 hz-map-trigger\" data-hz-id=\"27194\" >\n\t<div class=\"item-wrap\">\n\t\t<div class=\"item-header\">\n\t\t\t<div class=\"listing-image-wrap\">\n\t<div class=\"listing-thumb\">\n\t\t<a target=\"_blank\" href=\"https:\/\/select-agency.world\/es\/listing\/princess-y72-prince-of-peace\/\" class=\"listing-featured-thumb hover-effect image-wrap\" role=\"link\">\n\t\t\t<img loading=\"lazy\" decoding=\"async\" width=\"1170\" height=\"785\" src=\"https:\/\/select-agency.world\/wp-content\/uploads\/2026\/03\/princess-y72-prince-of-peace-balearics-1170x785.webp\" class=\"img-fluid wp-post-image\" alt=\"Princess Y72 Prince of Peace in Mallorca\" srcset=\"https:\/\/select-agency.world\/wp-content\/uploads\/2026\/03\/princess-y72-prince-of-peace-balearics-1170x785.webp 1170w, https:\/\/select-agency.world\/wp-content\/uploads\/2026\/03\/princess-y72-prince-of-peace-balearics-18x12.webp 18w\" sizes=\"auto, (max-width: 1170px) 100vw, 1170px\" \/>\t\t<\/a><!-- hover-effect -->\n\t<\/div>\n<\/div>\t\t<\/div>\n\t\t\t\t\t\t<div class=\"item-body w-100\">\n\t\t\t<div class=\"d-flex flex-column justify-content-end h-100\">\n\t\t\t\t<h2 class=\"item-title mb-2\">\n\t<a target=\"_blank\" href=\"https:\/\/select-agency.world\/es\/listing\/princess-y72-prince-of-peace\/\" role=\"link\">Princess Y72 \u2022 Prince of Peace<\/a>\n<\/h2><!-- item-title -->\t\t\t\t<ul class=\"item-amenities d-flex flex-wrap align-items-center gap-2 mb-2 item-amenities-without-icons\" role=\"list\">\n\t<\/ul>\t\t\t\t<ul class=\"item-price-wrap d-flex flex-column gap-2\" role=\"list\">\n\t<li class=\"item-price\"><span class=\"price-prefix\">Desde <\/span><span class=\"price\">42.000\u20ac<\/span><span class=\"price-postfix\"> \/ semana (+ IVA)<\/span><\/li><\/ul>\t\t\t<\/div>\n\t\t\t\t\t<\/div>\n\t\t<div class=\"preview_loader\"><\/div>\n\t<\/div>\n\t<div class=\"item-wrap-outside mt-2\">\n\t\t<h2 class=\"item-title mb-2\">\n\t<a target=\"_blank\" href=\"https:\/\/select-agency.world\/es\/listing\/princess-y72-prince-of-peace\/\" role=\"link\">Princess Y72 \u2022 Prince of Peace<\/a>\n<\/h2><!-- item-title -->\t\t<ul class=\"item-amenities d-flex flex-wrap align-items-center gap-2 mb-2 item-amenities-without-icons\" role=\"list\">\n\t<\/ul>\t<\/div>\n<\/div><div class=\"item-listing-wrap hz-item-gallery-js item-wrap-v3 hz-map-trigger\" data-hz-id=\"27125\" >\n\t<div class=\"item-wrap\">\n\t\t<div class=\"item-header\">\n\t\t\t<div class=\"listing-image-wrap\">\n\t<div class=\"listing-thumb\">\n\t\t<a target=\"_blank\" href=\"https:\/\/select-agency.world\/es\/listing\/canados-gladiator-49-grand\/\" class=\"listing-featured-thumb hover-effect image-wrap\" role=\"link\">\n\t\t\t<img loading=\"lazy\" decoding=\"async\" width=\"1170\" height=\"785\" src=\"https:\/\/select-agency.world\/wp-content\/uploads\/2026\/03\/canados-gladiator-49-grand-aerial-view-1170x785.webp\" class=\"img-fluid wp-post-image\" alt=\"Canados Gladiator 49 Grand in Ibiza\" srcset=\"https:\/\/select-agency.world\/wp-content\/uploads\/2026\/03\/canados-gladiator-49-grand-aerial-view-1170x785.webp 1170w, https:\/\/select-agency.world\/wp-content\/uploads\/2026\/03\/canados-gladiator-49-grand-aerial-view-18x12.webp 18w\" sizes=\"auto, (max-width: 1170px) 100vw, 1170px\" \/>\t\t<\/a><!-- hover-effect -->\n\t<\/div>\n<\/div>\t\t<\/div>\n\t\t\t\t\t\t<div class=\"item-body w-100\">\n\t\t\t<div class=\"d-flex flex-column justify-content-end h-100\">\n\t\t\t\t<h2 class=\"item-title mb-2\">\n\t<a target=\"_blank\" href=\"https:\/\/select-agency.world\/es\/listing\/canados-gladiator-49-grand\/\" role=\"link\">Canados Gladiator 49 \u2022 Grand<\/a>\n<\/h2><!-- item-title -->\t\t\t\t<ul class=\"item-amenities d-flex flex-wrap align-items-center gap-2 mb-2 item-amenities-without-icons\" role=\"list\">\n\t<\/ul>\t\t\t\t<ul class=\"item-price-wrap d-flex flex-column gap-2\" role=\"list\">\n\t<li class=\"item-price\"><span class=\"price-prefix\">Desde <\/span><span class=\"price\">3.899\u20ac<\/span><span class=\"price-postfix\"> \/ d\u00eda<\/span><\/li><\/ul>\t\t\t<\/div>\n\t\t\t\t\t<\/div>\n\t\t<div class=\"preview_loader\"><\/div>\n\t<\/div>\n\t<div class=\"item-wrap-outside mt-2\">\n\t\t<h2 class=\"item-title mb-2\">\n\t<a target=\"_blank\" href=\"https:\/\/select-agency.world\/es\/listing\/canados-gladiator-49-grand\/\" role=\"link\">Canados Gladiator 49 \u2022 Grand<\/a>\n<\/h2><!-- item-title -->\t\t<ul class=\"item-amenities d-flex flex-wrap align-items-center gap-2 mb-2 item-amenities-without-icons\" role=\"list\">\n\t<\/ul>\t<\/div>\n<\/div><div class=\"item-listing-wrap hz-item-gallery-js item-wrap-v3 hz-map-trigger\" data-hz-id=\"27107\" >\n\t<div class=\"item-wrap\">\n\t\t<div class=\"item-header\">\n\t\t\t<div class=\"listing-image-wrap\">\n\t<div class=\"listing-thumb\">\n\t\t<a target=\"_blank\" href=\"https:\/\/select-agency.world\/es\/listing\/canados-gladiator-49-vibe\/\" class=\"listing-featured-thumb hover-effect image-wrap\" role=\"link\">\n\t\t\t<img loading=\"lazy\" decoding=\"async\" width=\"1170\" height=\"785\" src=\"https:\/\/select-agency.world\/wp-content\/uploads\/2026\/03\/canados-gladiator-49-vibe-charter-1170x785.webp\" class=\"img-fluid wp-post-image\" alt=\"Canados Gladiator 49 Vibe in Ibiza\" srcset=\"https:\/\/select-agency.world\/wp-content\/uploads\/2026\/03\/canados-gladiator-49-vibe-charter-1170x785.webp 1170w, https:\/\/select-agency.world\/wp-content\/uploads\/2026\/03\/canados-gladiator-49-vibe-charter-18x12.webp 18w\" sizes=\"auto, (max-width: 1170px) 100vw, 1170px\" \/>\t\t<\/a><!-- hover-effect -->\n\t<\/div>\n<\/div>\t\t<\/div>\n\t\t\t\t\t\t<div class=\"item-body w-100\">\n\t\t\t<div class=\"d-flex flex-column justify-content-end h-100\">\n\t\t\t\t<h2 class=\"item-title mb-2\">\n\t<a target=\"_blank\" href=\"https:\/\/select-agency.world\/es\/listing\/canados-gladiator-49-vibe\/\" role=\"link\">Canados Gladiator 49 \u2022 Vibe<\/a>\n<\/h2><!-- item-title -->\t\t\t\t<ul class=\"item-amenities d-flex flex-wrap align-items-center gap-2 mb-2 item-amenities-without-icons\" role=\"list\">\n\t<\/ul>\t\t\t\t<ul class=\"item-price-wrap d-flex flex-column gap-2\" role=\"list\">\n\t<li class=\"item-price\"><span class=\"price-prefix\">Desde <\/span><span class=\"price\">3.899\u20ac<\/span><span class=\"price-postfix\"> \/ d\u00eda<\/span><\/li><\/ul>\t\t\t<\/div>\n\t\t\t\t\t<\/div>\n\t\t<div class=\"preview_loader\"><\/div>\n\t<\/div>\n\t<div class=\"item-wrap-outside mt-2\">\n\t\t<h2 class=\"item-title mb-2\">\n\t<a target=\"_blank\" href=\"https:\/\/select-agency.world\/es\/listing\/canados-gladiator-49-vibe\/\" role=\"link\">Canados Gladiator 49 \u2022 Vibe<\/a>\n<\/h2><!-- item-title -->\t\t<ul class=\"item-amenities d-flex flex-wrap align-items-center gap-2 mb-2 item-amenities-without-icons\" role=\"list\">\n\t<\/ul>\t<\/div>\n<\/div><div class=\"item-listing-wrap hz-item-gallery-js item-wrap-v3 hz-map-trigger\" data-hz-id=\"27066\" >\n\t<div class=\"item-wrap\">\n\t\t<div class=\"item-header\">\n\t\t\t<div class=\"listing-image-wrap\">\n\t<div class=\"listing-thumb\">\n\t\t<a target=\"_blank\" href=\"https:\/\/select-agency.world\/es\/listing\/sunseeker-76-saahsa\/\" class=\"listing-featured-thumb hover-effect image-wrap\" role=\"link\">\n\t\t\t<img loading=\"lazy\" decoding=\"async\" width=\"1170\" height=\"785\" src=\"https:\/\/select-agency.world\/wp-content\/uploads\/2026\/03\/sunseeker-76-saahsa-yachting-ibiza-1170x785.webp\" class=\"img-fluid wp-post-image\" alt=\"Sunseeker 76 Saahsa in Ibiza\" srcset=\"https:\/\/select-agency.world\/wp-content\/uploads\/2026\/03\/sunseeker-76-saahsa-yachting-ibiza-1170x785.webp 1170w, https:\/\/select-agency.world\/wp-content\/uploads\/2026\/03\/sunseeker-76-saahsa-yachting-ibiza-18x12.webp 18w\" sizes=\"auto, (max-width: 1170px) 100vw, 1170px\" \/>\t\t<\/a><!-- hover-effect -->\n\t<\/div>\n<\/div>\t\t<\/div>\n\t\t\t\t\t\t<div class=\"item-body w-100\">\n\t\t\t<div class=\"d-flex flex-column justify-content-end h-100\">\n\t\t\t\t<h2 class=\"item-title mb-2\">\n\t<a target=\"_blank\" href=\"https:\/\/select-agency.world\/es\/listing\/sunseeker-76-saahsa\/\" role=\"link\">Sunseeker 76 \u2022 Saahsa<\/a>\n<\/h2><!-- item-title -->\t\t\t\t<ul class=\"item-amenities d-flex flex-wrap align-items-center gap-2 mb-2 item-amenities-without-icons\" role=\"list\">\n\t<\/ul>\t\t\t\t<ul class=\"item-price-wrap d-flex flex-column gap-2\" role=\"list\">\n\t<li class=\"item-price\"><span class=\"price-prefix\">Desde <\/span><span class=\"price\">8.000\u20ac<\/span><span class=\"price-postfix\"> \/ d\u00eda (+ IVA)<\/span><\/li><\/ul>\t\t\t<\/div>\n\t\t\t\t\t<\/div>\n\t\t<div class=\"preview_loader\"><\/div>\n\t<\/div>\n\t<div class=\"item-wrap-outside mt-2\">\n\t\t<h2 class=\"item-title mb-2\">\n\t<a target=\"_blank\" href=\"https:\/\/select-agency.world\/es\/listing\/sunseeker-76-saahsa\/\" role=\"link\">Sunseeker 76 \u2022 Saahsa<\/a>\n<\/h2><!-- item-title -->\t\t<ul class=\"item-amenities d-flex flex-wrap align-items-center gap-2 mb-2 item-amenities-without-icons\" role=\"list\">\n\t<\/ul>\t<\/div>\n<\/div><div class=\"item-listing-wrap hz-item-gallery-js item-wrap-v3 hz-map-trigger\" data-hz-id=\"27044\" >\n\t<div class=\"item-wrap\">\n\t\t<div class=\"item-header\">\n\t\t\t<div class=\"listing-image-wrap\">\n\t<div class=\"listing-thumb\">\n\t\t<a target=\"_blank\" href=\"https:\/\/select-agency.world\/es\/listing\/sunseeker-86-stardust-of-mary\/\" class=\"listing-featured-thumb hover-effect image-wrap\" role=\"link\">\n\t\t\t<img loading=\"lazy\" decoding=\"async\" width=\"1170\" height=\"785\" src=\"https:\/\/select-agency.world\/wp-content\/uploads\/2026\/03\/sunseeker-86-stardust-of-mary-balearics-1170x785.webp\" class=\"img-fluid wp-post-image\" alt=\"Sunseeker 86 Stardust of Mary in Mallorca\" srcset=\"https:\/\/select-agency.world\/wp-content\/uploads\/2026\/03\/sunseeker-86-stardust-of-mary-balearics-1170x785.webp 1170w, https:\/\/select-agency.world\/wp-content\/uploads\/2026\/03\/sunseeker-86-stardust-of-mary-balearics-18x12.webp 18w\" sizes=\"auto, (max-width: 1170px) 100vw, 1170px\" \/>\t\t<\/a><!-- hover-effect -->\n\t<\/div>\n<\/div>\t\t<\/div>\n\t\t\t\t\t\t<div class=\"item-body w-100\">\n\t\t\t<div class=\"d-flex flex-column justify-content-end h-100\">\n\t\t\t\t<h2 class=\"item-title mb-2\">\n\t<a target=\"_blank\" href=\"https:\/\/select-agency.world\/es\/listing\/sunseeker-86-stardust-of-mary\/\" role=\"link\">Sunseeker 86 \u2022 Stardust of Mary<\/a>\n<\/h2><!-- item-title -->\t\t\t\t<ul class=\"item-amenities d-flex flex-wrap align-items-center gap-2 mb-2 item-amenities-without-icons\" role=\"list\">\n\t<\/ul>\t\t\t\t<ul class=\"item-price-wrap d-flex flex-column gap-2\" role=\"list\">\n\t<li class=\"item-price\"><span class=\"price-prefix\">Desde <\/span><span class=\"price\">49.000\u20ac<\/span><span class=\"price-postfix\"> \/ semana (+ IVA)<\/span><\/li><\/ul>\t\t\t<\/div>\n\t\t\t\t\t<\/div>\n\t\t<div class=\"preview_loader\"><\/div>\n\t<\/div>\n\t<div class=\"item-wrap-outside mt-2\">\n\t\t<h2 class=\"item-title mb-2\">\n\t<a target=\"_blank\" href=\"https:\/\/select-agency.world\/es\/listing\/sunseeker-86-stardust-of-mary\/\" role=\"link\">Sunseeker 86 \u2022 Stardust of Mary<\/a>\n<\/h2><!-- item-title -->\t\t<ul class=\"item-amenities d-flex flex-wrap align-items-center gap-2 mb-2 item-amenities-without-icons\" role=\"list\">\n\t<\/ul>\t<\/div>\n<\/div>                <\/div><!-- carousel-wrap -->\n            <\/div><!-- listing-view grid-view -->\n            \n                    <\/div><!-- property-carousel-module -->\n        \t\t\t\t<\/div>\n\t\t\t\t<\/div>\n\t\t\t\t\t<\/div>\n\t\t\t\t<\/div>\n\t\t<div class=\"elementor-element elementor-element-73147c2 animated-slow e-flex e-con-boxed elementor-invisible e-con e-parent\" data-id=\"73147c2\" data-element_type=\"container\" data-e-type=\"container\" data-settings=\"{&quot;background_background&quot;:&quot;classic&quot;,&quot;animation&quot;:&quot;fadeIn&quot;}\">\n\t\t\t\t\t<div class=\"e-con-inner\">\n\t\t<div class=\"elementor-element elementor-element-0141334 e-con-full e-flex e-con e-child\" data-id=\"0141334\" data-element_type=\"container\" data-e-type=\"container\">\n\t\t\t\t<div class=\"elementor-element elementor-element-7a97868 elementor-widget elementor-widget-heading\" data-id=\"7a97868\" data-element_type=\"widget\" data-e-type=\"widget\" data-widget_type=\"heading.default\">\n\t\t\t\t<div class=\"elementor-widget-container\">\n\t\t\t\t\t<h4 class=\"elementor-heading-title elementor-size-default\">\u00bfListo para escapar?<\/h4>\t\t\t\t<\/div>\n\t\t\t\t<\/div>\n\t\t\t\t<div class=\"elementor-element elementor-element-d91c49d elementor-widget__width-initial elementor-widget elementor-widget-text-editor\" data-id=\"d91c49d\" data-element_type=\"widget\" data-e-type=\"widget\" data-widget_type=\"text-editor.default\">\n\t\t\t\t<div class=\"elementor-widget-container\">\n\t\t\t\t\t\t\t\t\t<p data-pm-slice=\"1 1 []\">\u00bfListo para disfrutar de un d\u00eda en el mar? Ind\u00edquenos la fecha, el tama\u00f1o del grupo y sus preferencias \u2014 le recomendaremos los mejores yates y nos encargaremos de cada detalle.<\/p>\t\t\t\t\t\t\t\t<\/div>\n\t\t\t\t<\/div>\n\t\t\t\t<div class=\"elementor-element elementor-element-997dc90 elementor-align-justify elementor-mobile-align-center elementor-invisible elementor-widget elementor-widget-button\" data-id=\"997dc90\" data-element_type=\"widget\" data-e-type=\"widget\" data-settings=\"{&quot;_animation&quot;:&quot;fadeIn&quot;}\" data-widget_type=\"button.default\">\n\t\t\t\t<div class=\"elementor-widget-container\">\n\t\t\t\t\t\t\t\t\t<div class=\"elementor-button-wrapper\">\n\t\t\t\t\t<a class=\"elementor-button elementor-button-link elementor-size-sm elementor-animation-grow\" href=\"#popmake-27596\">\n\t\t\t\t\t\t<span class=\"elementor-button-content-wrapper\">\n\t\t\t\t\t\t\t\t\t<span class=\"elementor-button-text\">P\u00f3ngase en contacto<\/span>\n\t\t\t\t\t<\/span>\n\t\t\t\t\t<\/a>\n\t\t\t\t<\/div>\n\t\t\t\t\t\t\t\t<\/div>\n\t\t\t\t<\/div>\n\t\t\t\t<\/div>\n\t\t\t\t\t<\/div>\n\t\t\t\t<\/div>\n\t\t\t\t<\/div>","protected":false},"excerpt":{"rendered":"<p>Luxury Day Charter Mallorca Effortless Escapes, Elevated A luxury day charter in Mallorca is the most effortless way to experience the island from the water \u2014 private, comfortable, and fully tailored to you. Spend the day cruising along the coastline, swimming in clear bays, enjoying drinks on deck, or stopping at a beach club for [&hellip;]<\/p>\n","protected":false},"author":1,"featured_media":24883,"parent":21130,"menu_order":0,"comment_status":"closed","ping_status":"closed","template":"elementor_header_footer","meta":{"footnotes":""},"class_list":["post-25046","page","type-page","status-publish","has-post-thumbnail","hentry"],"aioseo_notices":[],"_links":{"self":[{"href":"https:\/\/select-agency.world\/es\/wp-json\/wp\/v2\/pages\/25046","targetHints":{"allow":["GET"]}}],"collection":[{"href":"https:\/\/select-agency.world\/es\/wp-json\/wp\/v2\/pages"}],"about":[{"href":"https:\/\/select-agency.world\/es\/wp-json\/wp\/v2\/types\/page"}],"author":[{"embeddable":true,"href":"https:\/\/select-agency.world\/es\/wp-json\/wp\/v2\/users\/1"}],"replies":[{"embeddable":true,"href":"https:\/\/select-agency.world\/es\/wp-json\/wp\/v2\/comments?post=25046"}],"version-history":[{"count":0,"href":"https:\/\/select-agency.world\/es\/wp-json\/wp\/v2\/pages\/25046\/revisions"}],"up":[{"embeddable":true,"href":"https:\/\/select-agency.world\/es\/wp-json\/wp\/v2\/pages\/21130"}],"wp:featuredmedia":[{"embeddable":true,"href":"https:\/\/select-agency.world\/es\/wp-json\/wp\/v2\/media\/24883"}],"wp:attachment":[{"href":"https:\/\/select-agency.world\/es\/wp-json\/wp\/v2\/media?parent=25046"}],"curies":[{"name":"wp","href":"https:\/\/api.w.org\/{rel}","templated":true}]}}