{"id":25052,"date":"2025-06-09T13:39:51","date_gmt":"2025-06-09T12:39:51","guid":{"rendered":"https:\/\/select-agency.world\/?page_id=25052"},"modified":"2026-03-31T14:41:16","modified_gmt":"2026-03-31T13:41:16","slug":"yacht-charter-friends-mallorca","status":"publish","type":"page","link":"https:\/\/select-agency.world\/es\/yachting\/yacht-charter-friends-mallorca\/","title":{"rendered":"Yacht Charter for Groups of Friends in Mallorca"},"content":{"rendered":"<div data-elementor-type=\"wp-page\" data-elementor-id=\"25052\" class=\"elementor elementor-25052\">\n\t\t\t\t<div class=\"elementor-element elementor-element-6395f2e animated-slow e-flex e-con-boxed elementor-invisible e-con e-parent\" data-id=\"6395f2e\" data-element_type=\"container\" data-e-type=\"container\" data-settings=\"{&quot;background_background&quot;:&quot;classic&quot;,&quot;animation&quot;:&quot;fadeIn&quot;}\">\n\t\t\t\t\t<div class=\"e-con-inner\">\n\t\t<div class=\"elementor-element elementor-element-98e4146 e-con-full e-flex e-con e-child\" data-id=\"98e4146\" data-element_type=\"container\" data-e-type=\"container\">\n\t\t\t\t<div class=\"elementor-element elementor-element-03c051f elementor-invisible elementor-widget elementor-widget-heading\" data-id=\"03c051f\" data-element_type=\"widget\" data-e-type=\"widget\" data-settings=\"{&quot;_animation&quot;:&quot;fadeInDown&quot;}\" data-widget_type=\"heading.default\">\n\t\t\t\t<div class=\"elementor-widget-container\">\n\t\t\t\t\t<h1 class=\"elementor-heading-title elementor-size-default\">Ch\u00e1rter de Yate para Grupos de Amigos<\/h1>\t\t\t\t<\/div>\n\t\t\t\t<\/div>\n\t\t\t\t<\/div>\n\t\t\t\t\t<\/div>\n\t\t\t\t<\/div>\n\t\t<div class=\"elementor-element elementor-element-f5231d0 e-flex e-con-boxed elementor-invisible e-con e-parent\" data-id=\"f5231d0\" data-element_type=\"container\" data-e-type=\"container\" data-settings=\"{&quot;background_background&quot;:&quot;gradient&quot;,&quot;animation&quot;:&quot;fadeIn&quot;}\">\n\t\t\t\t\t<div class=\"e-con-inner\">\n\t\t<div class=\"elementor-element elementor-element-66b668a e-con-full e-flex e-con e-child\" data-id=\"66b668a\" data-element_type=\"container\" data-e-type=\"container\">\n\t\t<div class=\"elementor-element elementor-element-29218a0 e-con-full e-flex e-con e-child\" data-id=\"29218a0\" data-element_type=\"container\" data-e-type=\"container\">\n\t\t<div class=\"elementor-element elementor-element-a19a751 e-con-full e-flex e-con e-child\" data-id=\"a19a751\" data-element_type=\"container\" data-e-type=\"container\">\n\t\t\t\t<div class=\"elementor-element elementor-element-069e7b8 elementor-widget elementor-widget-image\" data-id=\"069e7b8\" data-element_type=\"widget\" data-e-type=\"widget\" data-widget_type=\"image.default\">\n\t\t\t\t<div class=\"elementor-widget-container\">\n\t\t\t\t\t\t\t\t\t\t\t\t\t\t\t<img loading=\"lazy\" decoding=\"async\" width=\"1024\" height=\"683\" src=\"https:\/\/select-agency.world\/wp-content\/uploads\/2025\/06\/friends-charter-yacht.webp\" class=\"attachment-large size-large wp-image-25054\" alt=\"Group of friends on charter yacht.\" srcset=\"https:\/\/select-agency.world\/wp-content\/uploads\/2025\/06\/friends-charter-yacht.webp 1200w, https:\/\/select-agency.world\/wp-content\/uploads\/2025\/06\/friends-charter-yacht-18x12.webp 18w\" sizes=\"auto, (max-width: 1024px) 100vw, 1024px\" \/>\t\t\t\t\t\t\t\t\t\t\t\t\t\t\t<\/div>\n\t\t\t\t<\/div>\n\t\t\t\t<\/div>\n\t\t<div class=\"elementor-element elementor-element-5f52739 e-con-full e-flex e-con e-child\" data-id=\"5f52739\" data-element_type=\"container\" data-e-type=\"container\">\n\t\t\t\t<div class=\"elementor-element elementor-element-b32a119 elementor-invisible elementor-widget elementor-widget-heading\" data-id=\"b32a119\" data-element_type=\"widget\" data-e-type=\"widget\" data-settings=\"{&quot;_animation&quot;:&quot;fadeInRight&quot;}\" data-widget_type=\"heading.default\">\n\t\t\t\t<div class=\"elementor-widget-container\">\n\t\t\t\t\t<h2 class=\"elementor-heading-title elementor-size-default\">Sol, mar y momentos compartidos en Mallorca<\/h2>\t\t\t\t<\/div>\n\t\t\t\t<\/div>\n\t\t\t\t<div class=\"elementor-element elementor-element-2f41dc3 elementor-invisible elementor-widget elementor-widget-text-editor\" data-id=\"2f41dc3\" data-element_type=\"widget\" data-e-type=\"widget\" data-settings=\"{&quot;_animation&quot;:&quot;fadeInRight&quot;}\" data-widget_type=\"text-editor.default\">\n\t\t\t\t<div class=\"elementor-widget-container\">\n\t\t\t\t\t\t\t\t\t<p>No hay nada como un d\u00eda en el mar con sus personas favoritas. Ya sea que est\u00e9 celebrando algo especial o simplemente disfrutando de tiempo juntos en Mallorca, un ch\u00e1rter privado de yate crea el entorno perfecto.<\/p><p>Ch\u00e1rteres privados de yate en Mallorca para grupos de amigos \u00b7 Ideal para 6\u201312 personas \u00b7 Opciones de medio d\u00eda y d\u00eda completo disponibles.<\/p><p>Nade en calas de aguas turquesas, disfrute de bebidas en cubierta o haga una parada en un beach club \u2014 le ayudamos a planificar el d\u00eda exactamente como su grupo lo desea.<\/p><p>Su d\u00eda puede comenzar con una navegaci\u00f3n relajada a lo largo de la costa, seguida de un ba\u00f1o en una cala tranquila. Despu\u00e9s, podr\u00e1 disfrutar de bebidas a bordo o almorzar en un beach club antes de continuar la tarde en el mar.<\/p>\t\t\t\t\t\t\t\t<\/div>\n\t\t\t\t<\/div>\n\t\t\t\t<div class=\"elementor-element elementor-element-be4c0c1 elementor-mobile-align-center elementor-invisible elementor-widget elementor-widget-button\" data-id=\"be4c0c1\" data-element_type=\"widget\" data-e-type=\"widget\" data-settings=\"{&quot;_animation&quot;:&quot;fadeIn&quot;}\" data-widget_type=\"button.default\">\n\t\t\t\t<div class=\"elementor-widget-container\">\n\t\t\t\t\t\t\t\t\t<div class=\"elementor-button-wrapper\">\n\t\t\t\t\t<a class=\"elementor-button elementor-button-link elementor-size-sm elementor-animation-grow\" href=\"#popmake-27596\">\n\t\t\t\t\t\t<span class=\"elementor-button-content-wrapper\">\n\t\t\t\t\t\t\t\t\t<span class=\"elementor-button-text\">Creen olas juntos<\/span>\n\t\t\t\t\t<\/span>\n\t\t\t\t\t<\/a>\n\t\t\t\t<\/div>\n\t\t\t\t\t\t\t\t<\/div>\n\t\t\t\t<\/div>\n\t\t\t\t<div class=\"elementor-element elementor-element-5bdd900 elementor-mobile-align-center elementor-invisible elementor-widget elementor-widget-button\" data-id=\"5bdd900\" data-element_type=\"widget\" data-e-type=\"widget\" data-settings=\"{&quot;_animation&quot;:&quot;fadeIn&quot;}\" data-widget_type=\"button.default\">\n\t\t\t\t<div class=\"elementor-widget-container\">\n\t\t\t\t\t\t\t\t\t<div class=\"elementor-button-wrapper\">\n\t\t\t\t\t<a class=\"elementor-button elementor-button-link elementor-size-sm elementor-animation-grow\" href=\"\/es\/yachting\/charter-yachts\/\">\n\t\t\t\t\t\t<span class=\"elementor-button-content-wrapper\">\n\t\t\t\t\t\t\t\t\t<span class=\"elementor-button-text\">Descubrir nuestra selecci\u00f3n de yates<\/span>\n\t\t\t\t\t<\/span>\n\t\t\t\t\t<\/a>\n\t\t\t\t<\/div>\n\t\t\t\t\t\t\t\t<\/div>\n\t\t\t\t<\/div>\n\t\t\t\t<\/div>\n\t\t\t\t<\/div>\n\t\t\t\t<\/div>\n\t\t\t\t\t<\/div>\n\t\t\t\t<\/div>\n\t\t<div class=\"elementor-element elementor-element-d11e26a e-flex e-con-boxed e-con e-parent\" data-id=\"d11e26a\" data-element_type=\"container\" data-e-type=\"container\" data-settings=\"{&quot;background_background&quot;:&quot;classic&quot;}\">\n\t\t\t\t\t<div class=\"e-con-inner\">\n\t\t\t\t<div class=\"elementor-element elementor-element-6e56edb elementor-widget elementor-widget-spacer\" data-id=\"6e56edb\" data-element_type=\"widget\" data-e-type=\"widget\" data-widget_type=\"spacer.default\">\n\t\t\t\t<div class=\"elementor-widget-container\">\n\t\t\t\t\t\t\t<div class=\"elementor-spacer\">\n\t\t\t<div class=\"elementor-spacer-inner\"><\/div>\n\t\t<\/div>\n\t\t\t\t\t\t<\/div>\n\t\t\t\t<\/div>\n\t\t\t\t\t<\/div>\n\t\t\t\t<\/div>\n\t\t<div class=\"elementor-element elementor-element-d1dafdb e-flex e-con-boxed e-con e-parent\" data-id=\"d1dafdb\" data-element_type=\"container\" data-e-type=\"container\" data-settings=\"{&quot;background_background&quot;:&quot;classic&quot;}\">\n\t\t\t\t\t<div class=\"e-con-inner\">\n\t\t<div class=\"elementor-element elementor-element-a2c740c e-con-full e-flex e-con e-child\" data-id=\"a2c740c\" data-element_type=\"container\" data-e-type=\"container\">\n\t\t\t\t<div class=\"elementor-element elementor-element-30337b6 elementor-widget elementor-widget-image\" data-id=\"30337b6\" data-element_type=\"widget\" data-e-type=\"widget\" data-widget_type=\"image.default\">\n\t\t\t\t<div class=\"elementor-widget-container\">\n\t\t\t\t\t\t\t\t\t\t\t\t\t\t\t<img loading=\"lazy\" decoding=\"async\" width=\"1024\" height=\"683\" src=\"https:\/\/select-agency.world\/wp-content\/uploads\/2025\/06\/bluegame-74-mallorca-1024x683.webp\" class=\"attachment-large size-large wp-image-24914\" alt=\"Charter yacht Bluegame 74 in Mallorca.\" srcset=\"https:\/\/select-agency.world\/wp-content\/uploads\/2025\/06\/bluegame-74-mallorca-1024x683.webp 1024w, https:\/\/select-agency.world\/wp-content\/uploads\/2025\/06\/bluegame-74-mallorca-300x200.webp 300w, https:\/\/select-agency.world\/wp-content\/uploads\/2025\/06\/bluegame-74-mallorca-768x512.webp 768w, https:\/\/select-agency.world\/wp-content\/uploads\/2025\/06\/bluegame-74-mallorca-18x12.webp 18w, https:\/\/select-agency.world\/wp-content\/uploads\/2025\/06\/bluegame-74-mallorca-900x600.webp 900w, https:\/\/select-agency.world\/wp-content\/uploads\/2025\/06\/bluegame-74-mallorca-496x331.webp 496w, https:\/\/select-agency.world\/wp-content\/uploads\/2025\/06\/bluegame-74-mallorca.webp 1200w\" sizes=\"auto, (max-width: 1024px) 100vw, 1024px\" \/>\t\t\t\t\t\t\t\t\t\t\t\t\t\t\t<\/div>\n\t\t\t\t<\/div>\n\t\t\t\t<div class=\"elementor-element elementor-element-c738753 animated-fast elementor-invisible elementor-widget elementor-widget-heading\" data-id=\"c738753\" data-element_type=\"widget\" data-e-type=\"widget\" data-settings=\"{&quot;_animation&quot;:&quot;fadeInUp&quot;}\" data-widget_type=\"heading.default\">\n\t\t\t\t<div class=\"elementor-widget-container\">\n\t\t\t\t\t<h2 class=\"elementor-heading-title elementor-size-default\">Yates espaciosos, ambiente relajado<\/h2>\t\t\t\t<\/div>\n\t\t\t\t<\/div>\n\t\t\t\t<div class=\"elementor-element elementor-element-79401fb elementor-widget__width-initial elementor-widget elementor-widget-text-editor\" data-id=\"79401fb\" data-element_type=\"widget\" data-e-type=\"widget\" data-widget_type=\"text-editor.default\">\n\t\t\t\t<div class=\"elementor-widget-container\">\n\t\t\t\t\t\t\t\t\t<p>Le ayudamos a encontrar el yate adecuado seg\u00fan el tama\u00f1o de su grupo y el ambiente que busca.<\/p><p>Muchos yates cuentan con amplias zonas para tomar el sol, \u00e1reas de sombra, sistemas de sonido y juguetes acu\u00e1ticos \u2014 ideales para grupos que desean relajarse, celebrar o simplemente disfrutar juntos.<\/p>\t\t\t\t\t\t\t\t<\/div>\n\t\t\t\t<\/div>\n\t\t\t\t<\/div>\n\t\t<div class=\"elementor-element elementor-element-1e3444b e-con-full e-flex e-con e-child\" data-id=\"1e3444b\" data-element_type=\"container\" data-e-type=\"container\">\n\t\t\t\t<div class=\"elementor-element elementor-element-170ccde elementor-widget elementor-widget-image\" data-id=\"170ccde\" data-element_type=\"widget\" data-e-type=\"widget\" data-widget_type=\"image.default\">\n\t\t\t\t<div class=\"elementor-widget-container\">\n\t\t\t\t\t\t\t\t\t\t\t\t<figure class=\"wp-caption\">\n\t\t\t\t\t\t\t\t\t\t<img loading=\"lazy\" decoding=\"async\" width=\"1024\" height=\"683\" src=\"https:\/\/select-agency.world\/wp-content\/uploads\/2025\/04\/nikki-beach-mallorca-music-1024x683.webp\" class=\"attachment-large size-large wp-image-24319\" alt=\"Musician at Nikki Beach Mallorca.\" srcset=\"https:\/\/select-agency.world\/wp-content\/uploads\/2025\/04\/nikki-beach-mallorca-music-1024x683.webp 1024w, https:\/\/select-agency.world\/wp-content\/uploads\/2025\/04\/nikki-beach-mallorca-music-300x200.webp 300w, https:\/\/select-agency.world\/wp-content\/uploads\/2025\/04\/nikki-beach-mallorca-music-768x512.webp 768w, https:\/\/select-agency.world\/wp-content\/uploads\/2025\/04\/nikki-beach-mallorca-music-1536x1024.webp 1536w, https:\/\/select-agency.world\/wp-content\/uploads\/2025\/04\/nikki-beach-mallorca-music-18x12.webp 18w, https:\/\/select-agency.world\/wp-content\/uploads\/2025\/04\/nikki-beach-mallorca-music-900x600.webp 900w, https:\/\/select-agency.world\/wp-content\/uploads\/2025\/04\/nikki-beach-mallorca-music-496x331.webp 496w, https:\/\/select-agency.world\/wp-content\/uploads\/2025\/04\/nikki-beach-mallorca-music.webp 1920w\" sizes=\"auto, (max-width: 1024px) 100vw, 1024px\" \/>\t\t\t\t\t\t\t\t\t\t\t<figcaption class=\"widget-image-caption wp-caption-text\">\u00a9 Nikki Beach Hospitality Group<\/figcaption>\n\t\t\t\t\t\t\t\t\t\t<\/figure>\n\t\t\t\t\t\t\t\t\t<\/div>\n\t\t\t\t<\/div>\n\t\t\t\t<div class=\"elementor-element elementor-element-919df48 animated-fast elementor-invisible elementor-widget elementor-widget-heading\" data-id=\"919df48\" data-element_type=\"widget\" data-e-type=\"widget\" data-settings=\"{&quot;_animation&quot;:&quot;fadeInUp&quot;}\" data-widget_type=\"heading.default\">\n\t\t\t\t<div class=\"elementor-widget-container\">\n\t\t\t\t\t<h2 class=\"elementor-heading-title elementor-size-default\"> Su d\u00eda, a su manera<\/h2>\t\t\t\t<\/div>\n\t\t\t\t<\/div>\n\t\t\t\t<div class=\"elementor-element elementor-element-b3e5746 elementor-widget__width-initial elementor-widget elementor-widget-text-editor\" data-id=\"b3e5746\" data-element_type=\"widget\" data-e-type=\"widget\" data-widget_type=\"text-editor.default\">\n\t\t\t\t<div class=\"elementor-widget-container\">\n\t\t\t\t\t\t\t\t\t<p>\u00bfQuiere m\u00fasica? Disponemos de altavoces Bluetooth a bordo. \u00bfLe gustar\u00eda catering o servicio de c\u00f3cteles? Nos encargamos de organizarlo.<\/p><p>Desde una navegaci\u00f3n relajada hasta tardes m\u00e1s animadas con paradas en lugares como Gran Folies o Nikki Beach, su itinerario se adapta completamente a su grupo.<\/p>\t\t\t\t\t\t\t\t<\/div>\n\t\t\t\t<\/div>\n\t\t\t\t<\/div>\n\t\t\t\t\t<\/div>\n\t\t\t\t<\/div>\n\t\t<div class=\"elementor-element elementor-element-0a1c768 e-flex e-con-boxed e-con e-parent\" data-id=\"0a1c768\" data-element_type=\"container\" data-e-type=\"container\" data-settings=\"{&quot;background_background&quot;:&quot;classic&quot;}\">\n\t\t\t\t\t<div class=\"e-con-inner\">\n\t\t<div class=\"elementor-element elementor-element-b4fe192 e-con-full e-flex e-con e-child\" data-id=\"b4fe192\" data-element_type=\"container\" data-e-type=\"container\">\n\t\t\t\t<div class=\"elementor-element elementor-element-66f5874 elementor-widget elementor-widget-image\" data-id=\"66f5874\" data-element_type=\"widget\" data-e-type=\"widget\" data-widget_type=\"image.default\">\n\t\t\t\t<div class=\"elementor-widget-container\">\n\t\t\t\t\t\t\t\t\t\t\t\t\t\t\t<img loading=\"lazy\" decoding=\"async\" width=\"1024\" height=\"683\" src=\"https:\/\/select-agency.world\/wp-content\/uploads\/2025\/06\/yacht-drinks-1024x683.webp\" class=\"attachment-large size-large wp-image-24976\" alt=\"Group of friends with champagne glasses.\" srcset=\"https:\/\/select-agency.world\/wp-content\/uploads\/2025\/06\/yacht-drinks-1024x683.webp 1024w, https:\/\/select-agency.world\/wp-content\/uploads\/2025\/06\/yacht-drinks-300x200.webp 300w, https:\/\/select-agency.world\/wp-content\/uploads\/2025\/06\/yacht-drinks-768x512.webp 768w, https:\/\/select-agency.world\/wp-content\/uploads\/2025\/06\/yacht-drinks-18x12.webp 18w, https:\/\/select-agency.world\/wp-content\/uploads\/2025\/06\/yacht-drinks-900x600.webp 900w, https:\/\/select-agency.world\/wp-content\/uploads\/2025\/06\/yacht-drinks-496x331.webp 496w, https:\/\/select-agency.world\/wp-content\/uploads\/2025\/06\/yacht-drinks.webp 1200w\" sizes=\"auto, (max-width: 1024px) 100vw, 1024px\" \/>\t\t\t\t\t\t\t\t\t\t\t\t\t\t\t<\/div>\n\t\t\t\t<\/div>\n\t\t\t\t<div class=\"elementor-element elementor-element-1bb1d1f animated-fast elementor-invisible elementor-widget elementor-widget-heading\" data-id=\"1bb1d1f\" data-element_type=\"widget\" data-e-type=\"widget\" data-settings=\"{&quot;_animation&quot;:&quot;fadeInUp&quot;}\" data-widget_type=\"heading.default\">\n\t\t\t\t<div class=\"elementor-widget-container\">\n\t\t\t\t\t<h2 class=\"elementor-heading-title elementor-size-default\">Cuantos m\u00e1s, mejor<\/h2>\t\t\t\t<\/div>\n\t\t\t\t<\/div>\n\t\t\t\t<div class=\"elementor-element elementor-element-76d05ca elementor-widget__width-initial elementor-widget elementor-widget-text-editor\" data-id=\"76d05ca\" data-element_type=\"widget\" data-e-type=\"widget\" data-widget_type=\"text-editor.default\">\n\t\t\t\t<div class=\"elementor-widget-container\">\n\t\t\t\t\t\t\t\t\t<p>Muchos yates est\u00e1n autorizados para 10 a 12 personas, lo que los hace ideales para cumplea\u00f1os, viajes en grupo o celebraciones con amigos.<\/p><p>Le asesoramos sobre las mejores opciones seg\u00fan el tama\u00f1o del grupo, el puerto de salida y el ambiente que busca.<\/p>\t\t\t\t\t\t\t\t<\/div>\n\t\t\t\t<\/div>\n\t\t\t\t<\/div>\n\t\t<div class=\"elementor-element elementor-element-0b6d029 e-con-full e-flex e-con e-child\" data-id=\"0b6d029\" data-element_type=\"container\" data-e-type=\"container\">\n\t\t\t\t<div class=\"elementor-element elementor-element-d6d5979 elementor-widget elementor-widget-image\" data-id=\"d6d5979\" data-element_type=\"widget\" data-e-type=\"widget\" data-widget_type=\"image.default\">\n\t\t\t\t<div class=\"elementor-widget-container\">\n\t\t\t\t\t\t\t\t\t\t\t\t\t\t\t<img loading=\"lazy\" decoding=\"async\" width=\"1024\" height=\"683\" src=\"https:\/\/select-agency.world\/wp-content\/uploads\/2025\/01\/mallorca-puerto-portals-1-1024x683.jpg\" class=\"attachment-large size-large wp-image-21566\" alt=\"Marina Puerto Portals in Mallorca, Spain.\" srcset=\"https:\/\/select-agency.world\/wp-content\/uploads\/2025\/01\/mallorca-puerto-portals-1-1024x683.jpg 1024w, https:\/\/select-agency.world\/wp-content\/uploads\/2025\/01\/mallorca-puerto-portals-1-300x200.jpg 300w, https:\/\/select-agency.world\/wp-content\/uploads\/2025\/01\/mallorca-puerto-portals-1-768x512.jpg 768w, https:\/\/select-agency.world\/wp-content\/uploads\/2025\/01\/mallorca-puerto-portals-1-1536x1024.jpg 1536w, https:\/\/select-agency.world\/wp-content\/uploads\/2025\/01\/mallorca-puerto-portals-1-18x12.jpg 18w, https:\/\/select-agency.world\/wp-content\/uploads\/2025\/01\/mallorca-puerto-portals-1-900x600.jpg 900w, https:\/\/select-agency.world\/wp-content\/uploads\/2025\/01\/mallorca-puerto-portals-1-496x331.jpg 496w, https:\/\/select-agency.world\/wp-content\/uploads\/2025\/01\/mallorca-puerto-portals-1.jpg 1920w\" sizes=\"auto, (max-width: 1024px) 100vw, 1024px\" \/>\t\t\t\t\t\t\t\t\t\t\t\t\t\t\t<\/div>\n\t\t\t\t<\/div>\n\t\t\t\t<div class=\"elementor-element elementor-element-5de8510 animated-fast elementor-invisible elementor-widget elementor-widget-heading\" data-id=\"5de8510\" data-element_type=\"widget\" data-e-type=\"widget\" data-settings=\"{&quot;_animation&quot;:&quot;fadeInUp&quot;}\" data-widget_type=\"heading.default\">\n\t\t\t\t<div class=\"elementor-widget-container\">\n\t\t\t\t\t<h2 class=\"elementor-heading-title elementor-size-default\">Informaci\u00f3n pr\u00e1ctica<\/h2>\t\t\t\t<\/div>\n\t\t\t\t<\/div>\n\t\t\t\t<div class=\"elementor-element elementor-element-555ccf0 elementor-widget__width-initial elementor-widget elementor-widget-text-editor\" data-id=\"555ccf0\" data-element_type=\"widget\" data-e-type=\"widget\" data-widget_type=\"text-editor.default\">\n\t\t\t\t<div class=\"elementor-widget-container\">\n\t\t\t\t\t\t\t\t\t<p>La mayor\u00eda de los ch\u00e1rteres salen desde el suroeste de Mallorca, incluyendo Palma, Port Calanova, Puerto Portals, Port Adriano y Port d\u2019Andratx.<\/p><p>Los ch\u00e1rteres de d\u00eda completo suelen realizarse de 10:00 a 18:00, con horarios flexibles bajo petici\u00f3n.<\/p><p>Se pueden organizar con antelaci\u00f3n servicios de catering, paquetes de bebidas y juguetes acu\u00e1ticos (como Seabobs o inflables).<\/p>\t\t\t\t\t\t\t\t<\/div>\n\t\t\t\t<\/div>\n\t\t\t\t<\/div>\n\t\t\t\t\t<\/div>\n\t\t\t\t<\/div>\n\t\t<div class=\"elementor-element elementor-element-f9ef20e e-flex e-con-boxed e-con e-parent\" data-id=\"f9ef20e\" data-element_type=\"container\" data-e-type=\"container\" data-settings=\"{&quot;background_background&quot;:&quot;classic&quot;}\">\n\t\t\t\t\t<div class=\"e-con-inner\">\n\t\t\t\t<div class=\"elementor-element elementor-element-d3bf066 elementor-widget__width-initial elementor-invisible elementor-widget elementor-widget-heading\" data-id=\"d3bf066\" data-element_type=\"widget\" data-e-type=\"widget\" data-settings=\"{&quot;_animation&quot;:&quot;fadeInUp&quot;}\" data-widget_type=\"heading.default\">\n\t\t\t\t<div class=\"elementor-widget-container\">\n\t\t\t\t\t<h2 class=\"elementor-heading-title elementor-size-default\">Yates Seleccionados<\/h2>\t\t\t\t<\/div>\n\t\t\t\t<\/div>\n\t\t\t\t<div class=\"elementor-element elementor-element-0c4083f elementor-widget elementor-widget-text-editor\" data-id=\"0c4083f\" data-element_type=\"widget\" data-e-type=\"widget\" data-widget_type=\"text-editor.default\">\n\t\t\t\t<div class=\"elementor-widget-container\">\n\t\t\t\t\t\t\t\t\t<blockquote><p>Elija entre una selecci\u00f3n de yates ideales para grupos de amigos y experiencias compartidas en el mar.<\/p><\/blockquote>\t\t\t\t\t\t\t\t<\/div>\n\t\t\t\t<\/div>\n\t\t\t\t<div class=\"elementor-element elementor-element-fdc635c elementor-widget elementor-widget-houzez_elementor_properties_carousel_v1\" data-id=\"fdc635c\" data-element_type=\"widget\" data-e-type=\"widget\" data-widget_type=\"houzez_elementor_properties_carousel_v1.default\">\n\t\t\t\t<div class=\"elementor-widget-container\">\n\t\t\t\t\t        <div class=\"property-carousel-module property-carousel-module-v3 property-carousel-module-v3-3cols houzez-carousel-arrows-UkW7E\">\n            <div class=\"property-carousel-buttons-wrap property-carousel-arrow-buttons-bottom\">\n                                            <\/div><!-- property-carousel-buttons-wrap -->\n\n            <div class=\"listing-view grid-view\">\n                <div id=\"houzez-properties-carousel-UkW7E\" data-token=\"UkW7E\" class=\"houzez-properties-carousel-js houzez-all-slider-wrap property-carousel-wrap-v3-3cols\">\n                    <div class=\"item-listing-wrap hz-item-gallery-js item-wrap-v3 hz-map-trigger\" data-hz-id=\"25563\" >\n\t<div class=\"item-wrap\">\n\t\t<div class=\"item-header\">\n\t\t\t<div class=\"listing-image-wrap\">\n\t<div class=\"listing-thumb\">\n\t\t<a target=\"_blank\" href=\"https:\/\/select-agency.world\/es\/listing\/absolute-47-fly-tres-amigos\/\" class=\"listing-featured-thumb hover-effect image-wrap\" role=\"link\">\n\t\t\t<img loading=\"lazy\" decoding=\"async\" width=\"1170\" height=\"785\" src=\"https:\/\/select-agency.world\/wp-content\/uploads\/2025\/08\/yacht-charter-absolute-47-fly-tres-amigos-1170x785.webp\" class=\"img-fluid wp-post-image\" alt=\"Charter yacht Absolute 47 Fly Tres Amigos.\" srcset=\"https:\/\/select-agency.world\/wp-content\/uploads\/2025\/08\/yacht-charter-absolute-47-fly-tres-amigos-1170x785.webp 1170w, https:\/\/select-agency.world\/wp-content\/uploads\/2025\/08\/yacht-charter-absolute-47-fly-tres-amigos-18x12.webp 18w\" sizes=\"auto, (max-width: 1170px) 100vw, 1170px\" \/>\t\t<\/a><!-- hover-effect -->\n\t<\/div>\n<\/div>\t\t<\/div>\n\t\t<span class=\"label-featured label me-1\" role=\"status\">Featured<\/span>\t\t\t\t<div class=\"item-body w-100\">\n\t\t\t<div class=\"d-flex flex-column justify-content-end h-100\">\n\t\t\t\t<h2 class=\"item-title mb-2\">\n\t<a target=\"_blank\" href=\"https:\/\/select-agency.world\/es\/listing\/absolute-47-fly-tres-amigos\/\" role=\"link\">Absolute 47 Fly \u2022 Tres Amigos<\/a>\n<\/h2><!-- item-title -->\t\t\t\t<ul class=\"item-amenities d-flex flex-wrap align-items-center gap-2 mb-2 item-amenities-without-icons\" role=\"list\">\n\t<\/ul>\t\t\t\t<ul class=\"item-price-wrap d-flex flex-column gap-2\" role=\"list\">\n\t<li class=\"item-price\"><span class=\"price-prefix\">Desde <\/span><span class=\"price\">3.150\u20ac<\/span><span class=\"price-postfix\"> \/ d\u00eda<\/span><\/li><\/ul>\t\t\t<\/div>\n\t\t\t\t\t<\/div>\n\t\t<div class=\"preview_loader\"><\/div>\n\t<\/div>\n\t<div class=\"item-wrap-outside mt-2\">\n\t\t<h2 class=\"item-title mb-2\">\n\t<a target=\"_blank\" href=\"https:\/\/select-agency.world\/es\/listing\/absolute-47-fly-tres-amigos\/\" role=\"link\">Absolute 47 Fly \u2022 Tres Amigos<\/a>\n<\/h2><!-- item-title -->\t\t<ul class=\"item-amenities d-flex flex-wrap align-items-center gap-2 mb-2 item-amenities-without-icons\" role=\"list\">\n\t<\/ul>\t<\/div>\n<\/div><div class=\"item-listing-wrap hz-item-gallery-js item-wrap-v3 hz-map-trigger\" data-hz-id=\"18361\" >\n\t<div class=\"item-wrap\">\n\t\t<div class=\"item-header\">\n\t\t\t<div class=\"listing-image-wrap\">\n\t<div class=\"listing-thumb\">\n\t\t<a target=\"_blank\" href=\"https:\/\/select-agency.world\/es\/listing\/sunseeker-predator-57\/\" class=\"listing-featured-thumb hover-effect image-wrap\" role=\"link\">\n\t\t\t<img loading=\"lazy\" decoding=\"async\" width=\"1170\" height=\"785\" src=\"https:\/\/select-agency.world\/wp-content\/uploads\/2024\/12\/sunseeker-predator-57-yacht-exterior-view-1170x785.jpg\" class=\"img-fluid wp-post-image\" alt=\"Charter yacht Sunseeker Predator 57 Boefje II at sea.\" srcset=\"https:\/\/select-agency.world\/wp-content\/uploads\/2024\/12\/sunseeker-predator-57-yacht-exterior-view-1170x785.jpg 1170w, https:\/\/select-agency.world\/wp-content\/uploads\/2024\/12\/sunseeker-predator-57-yacht-exterior-view-300x200.jpg 300w\" sizes=\"auto, (max-width: 1170px) 100vw, 1170px\" \/>\t\t<\/a><!-- hover-effect -->\n\t<\/div>\n<\/div>\t\t<\/div>\n\t\t<span class=\"label-featured label me-1\" role=\"status\">Featured<\/span>\t\t\t\t<div class=\"item-body w-100\">\n\t\t\t<div class=\"d-flex flex-column justify-content-end h-100\">\n\t\t\t\t<h2 class=\"item-title mb-2\">\n\t<a target=\"_blank\" href=\"https:\/\/select-agency.world\/es\/listing\/sunseeker-predator-57\/\" role=\"link\">Sunseeker Predator 57 \u2022 Boefje II<\/a>\n<\/h2><!-- item-title -->\t\t\t\t<ul class=\"item-amenities d-flex flex-wrap align-items-center gap-2 mb-2 item-amenities-without-icons\" role=\"list\">\n\t<\/ul>\t\t\t\t<ul class=\"item-price-wrap d-flex flex-column gap-2\" role=\"list\">\n\t<li class=\"item-price\"><span class=\"price-prefix\">Desde <\/span><span class=\"price\">3.325\u20ac<\/span><span class=\"price-postfix\"> \/ d\u00eda<\/span><\/li><\/ul>\t\t\t<\/div>\n\t\t\t\t\t<\/div>\n\t\t<div class=\"preview_loader\"><\/div>\n\t<\/div>\n\t<div class=\"item-wrap-outside mt-2\">\n\t\t<h2 class=\"item-title mb-2\">\n\t<a target=\"_blank\" href=\"https:\/\/select-agency.world\/es\/listing\/sunseeker-predator-57\/\" role=\"link\">Sunseeker Predator 57 \u2022 Boefje II<\/a>\n<\/h2><!-- item-title -->\t\t<ul class=\"item-amenities d-flex flex-wrap align-items-center gap-2 mb-2 item-amenities-without-icons\" role=\"list\">\n\t<\/ul>\t<\/div>\n<\/div><div class=\"item-listing-wrap hz-item-gallery-js item-wrap-v3 hz-map-trigger\" data-hz-id=\"28161\" >\n\t<div class=\"item-wrap\">\n\t\t<div class=\"item-header\">\n\t\t\t<div class=\"listing-image-wrap\">\n\t<div class=\"listing-thumb\">\n\t\t<a target=\"_blank\" href=\"https:\/\/select-agency.world\/es\/listing\/pardo-43-loulou\/\" class=\"listing-featured-thumb hover-effect image-wrap\" role=\"link\">\n\t\t\t<img loading=\"lazy\" decoding=\"async\" width=\"1170\" height=\"785\" src=\"https:\/\/select-agency.world\/wp-content\/uploads\/2026\/04\/ibiza-pardo-43-loulou-1170x785.webp\" class=\"img-fluid wp-post-image\" alt=\"Charter yacht Pardo 43 Loulou in Ibiza\" srcset=\"https:\/\/select-agency.world\/wp-content\/uploads\/2026\/04\/ibiza-pardo-43-loulou-1170x785.webp 1170w, https:\/\/select-agency.world\/wp-content\/uploads\/2026\/04\/ibiza-pardo-43-loulou-18x12.webp 18w\" sizes=\"auto, (max-width: 1170px) 100vw, 1170px\" \/>\t\t<\/a><!-- hover-effect -->\n\t<\/div>\n<\/div>\t\t<\/div>\n\t\t\t\t\t\t<div class=\"item-body w-100\">\n\t\t\t<div class=\"d-flex flex-column justify-content-end h-100\">\n\t\t\t\t<h2 class=\"item-title mb-2\">\n\t<a target=\"_blank\" href=\"https:\/\/select-agency.world\/es\/listing\/pardo-43-loulou\/\" role=\"link\">Pardo 43 \u2022 Loulou<\/a>\n<\/h2><!-- item-title -->\t\t\t\t<ul class=\"item-amenities d-flex flex-wrap align-items-center gap-2 mb-2 item-amenities-without-icons\" role=\"list\">\n\t<\/ul>\t\t\t\t<ul class=\"item-price-wrap d-flex flex-column gap-2\" role=\"list\">\n\t<li class=\"item-price\"><span class=\"price-prefix\">Desde <\/span><span class=\"price\">2.599\u20ac<\/span><span class=\"price-postfix\"> \/ d\u00eda<\/span><\/li><\/ul>\t\t\t<\/div>\n\t\t\t\t\t<\/div>\n\t\t<div class=\"preview_loader\"><\/div>\n\t<\/div>\n\t<div class=\"item-wrap-outside mt-2\">\n\t\t<h2 class=\"item-title mb-2\">\n\t<a target=\"_blank\" href=\"https:\/\/select-agency.world\/es\/listing\/pardo-43-loulou\/\" role=\"link\">Pardo 43 \u2022 Loulou<\/a>\n<\/h2><!-- item-title -->\t\t<ul class=\"item-amenities d-flex flex-wrap align-items-center gap-2 mb-2 item-amenities-without-icons\" role=\"list\">\n\t<\/ul>\t<\/div>\n<\/div><div class=\"item-listing-wrap hz-item-gallery-js item-wrap-v3 hz-map-trigger\" data-hz-id=\"28033\" >\n\t<div class=\"item-wrap\">\n\t\t<div class=\"item-header\">\n\t\t\t<div class=\"listing-image-wrap\">\n\t<div class=\"listing-thumb\">\n\t\t<a target=\"_blank\" href=\"https:\/\/select-agency.world\/es\/listing\/sunseeker-88-junior\/\" class=\"listing-featured-thumb hover-effect image-wrap\" role=\"link\">\n\t\t\t<img loading=\"lazy\" decoding=\"async\" width=\"1170\" height=\"785\" src=\"https:\/\/select-agency.world\/wp-content\/uploads\/2026\/04\/motor-yacht-sunseeker-88-junior-1170x785.webp\" class=\"img-fluid wp-post-image\" alt=\"Motor yacht Sunseeker 88 Junior in Mallorca\" srcset=\"https:\/\/select-agency.world\/wp-content\/uploads\/2026\/04\/motor-yacht-sunseeker-88-junior-1170x785.webp 1170w, https:\/\/select-agency.world\/wp-content\/uploads\/2026\/04\/motor-yacht-sunseeker-88-junior-18x12.webp 18w\" sizes=\"auto, (max-width: 1170px) 100vw, 1170px\" \/>\t\t<\/a><!-- hover-effect -->\n\t<\/div>\n<\/div>\t\t<\/div>\n\t\t\t\t\t\t<div class=\"item-body w-100\">\n\t\t\t<div class=\"d-flex flex-column justify-content-end h-100\">\n\t\t\t\t<h2 class=\"item-title mb-2\">\n\t<a target=\"_blank\" href=\"https:\/\/select-agency.world\/es\/listing\/sunseeker-88-junior\/\" role=\"link\">Sunseeker 88 \u2022 Junior<\/a>\n<\/h2><!-- item-title -->\t\t\t\t<ul class=\"item-amenities d-flex flex-wrap align-items-center gap-2 mb-2 item-amenities-without-icons\" role=\"list\">\n\t<\/ul>\t\t\t\t<ul class=\"item-price-wrap d-flex flex-column gap-2\" role=\"list\">\n\t<li class=\"item-price\"><span class=\"price-prefix\">Desde <\/span><span class=\"price\">59.200\u20ac<\/span><span class=\"price-postfix\"> \/ semana (+ IVA)<\/span><\/li><\/ul>\t\t\t<\/div>\n\t\t\t\t\t<\/div>\n\t\t<div class=\"preview_loader\"><\/div>\n\t<\/div>\n\t<div class=\"item-wrap-outside mt-2\">\n\t\t<h2 class=\"item-title mb-2\">\n\t<a target=\"_blank\" href=\"https:\/\/select-agency.world\/es\/listing\/sunseeker-88-junior\/\" role=\"link\">Sunseeker 88 \u2022 Junior<\/a>\n<\/h2><!-- item-title -->\t\t<ul class=\"item-amenities d-flex flex-wrap align-items-center gap-2 mb-2 item-amenities-without-icons\" role=\"list\">\n\t<\/ul>\t<\/div>\n<\/div><div class=\"item-listing-wrap hz-item-gallery-js item-wrap-v3 hz-map-trigger\" data-hz-id=\"27194\" >\n\t<div class=\"item-wrap\">\n\t\t<div class=\"item-header\">\n\t\t\t<div class=\"listing-image-wrap\">\n\t<div class=\"listing-thumb\">\n\t\t<a target=\"_blank\" href=\"https:\/\/select-agency.world\/es\/listing\/princess-y72-prince-of-peace\/\" class=\"listing-featured-thumb hover-effect image-wrap\" role=\"link\">\n\t\t\t<img loading=\"lazy\" decoding=\"async\" width=\"1170\" height=\"785\" src=\"https:\/\/select-agency.world\/wp-content\/uploads\/2026\/03\/princess-y72-prince-of-peace-balearics-1170x785.webp\" class=\"img-fluid wp-post-image\" alt=\"Princess Y72 Prince of Peace in Mallorca\" srcset=\"https:\/\/select-agency.world\/wp-content\/uploads\/2026\/03\/princess-y72-prince-of-peace-balearics-1170x785.webp 1170w, https:\/\/select-agency.world\/wp-content\/uploads\/2026\/03\/princess-y72-prince-of-peace-balearics-18x12.webp 18w\" sizes=\"auto, (max-width: 1170px) 100vw, 1170px\" \/>\t\t<\/a><!-- hover-effect -->\n\t<\/div>\n<\/div>\t\t<\/div>\n\t\t\t\t\t\t<div class=\"item-body w-100\">\n\t\t\t<div class=\"d-flex flex-column justify-content-end h-100\">\n\t\t\t\t<h2 class=\"item-title mb-2\">\n\t<a target=\"_blank\" href=\"https:\/\/select-agency.world\/es\/listing\/princess-y72-prince-of-peace\/\" role=\"link\">Princess Y72 \u2022 Prince of Peace<\/a>\n<\/h2><!-- item-title -->\t\t\t\t<ul class=\"item-amenities d-flex flex-wrap align-items-center gap-2 mb-2 item-amenities-without-icons\" role=\"list\">\n\t<\/ul>\t\t\t\t<ul class=\"item-price-wrap d-flex flex-column gap-2\" role=\"list\">\n\t<li class=\"item-price\"><span class=\"price-prefix\">Desde <\/span><span class=\"price\">42.000\u20ac<\/span><span class=\"price-postfix\"> \/ semana (+ IVA)<\/span><\/li><\/ul>\t\t\t<\/div>\n\t\t\t\t\t<\/div>\n\t\t<div class=\"preview_loader\"><\/div>\n\t<\/div>\n\t<div class=\"item-wrap-outside mt-2\">\n\t\t<h2 class=\"item-title mb-2\">\n\t<a target=\"_blank\" href=\"https:\/\/select-agency.world\/es\/listing\/princess-y72-prince-of-peace\/\" role=\"link\">Princess Y72 \u2022 Prince of Peace<\/a>\n<\/h2><!-- item-title -->\t\t<ul class=\"item-amenities d-flex flex-wrap align-items-center gap-2 mb-2 item-amenities-without-icons\" role=\"list\">\n\t<\/ul>\t<\/div>\n<\/div><div class=\"item-listing-wrap hz-item-gallery-js item-wrap-v3 hz-map-trigger\" data-hz-id=\"27125\" >\n\t<div class=\"item-wrap\">\n\t\t<div class=\"item-header\">\n\t\t\t<div class=\"listing-image-wrap\">\n\t<div class=\"listing-thumb\">\n\t\t<a target=\"_blank\" href=\"https:\/\/select-agency.world\/es\/listing\/canados-gladiator-49-grand\/\" class=\"listing-featured-thumb hover-effect image-wrap\" role=\"link\">\n\t\t\t<img loading=\"lazy\" decoding=\"async\" width=\"1170\" height=\"785\" src=\"https:\/\/select-agency.world\/wp-content\/uploads\/2026\/03\/canados-gladiator-49-grand-aerial-view-1170x785.webp\" class=\"img-fluid wp-post-image\" alt=\"Canados Gladiator 49 Grand in Ibiza\" srcset=\"https:\/\/select-agency.world\/wp-content\/uploads\/2026\/03\/canados-gladiator-49-grand-aerial-view-1170x785.webp 1170w, https:\/\/select-agency.world\/wp-content\/uploads\/2026\/03\/canados-gladiator-49-grand-aerial-view-18x12.webp 18w\" sizes=\"auto, (max-width: 1170px) 100vw, 1170px\" \/>\t\t<\/a><!-- hover-effect -->\n\t<\/div>\n<\/div>\t\t<\/div>\n\t\t\t\t\t\t<div class=\"item-body w-100\">\n\t\t\t<div class=\"d-flex flex-column justify-content-end h-100\">\n\t\t\t\t<h2 class=\"item-title mb-2\">\n\t<a target=\"_blank\" href=\"https:\/\/select-agency.world\/es\/listing\/canados-gladiator-49-grand\/\" role=\"link\">Canados Gladiator 49 \u2022 Grand<\/a>\n<\/h2><!-- item-title -->\t\t\t\t<ul class=\"item-amenities d-flex flex-wrap align-items-center gap-2 mb-2 item-amenities-without-icons\" role=\"list\">\n\t<\/ul>\t\t\t\t<ul class=\"item-price-wrap d-flex flex-column gap-2\" role=\"list\">\n\t<li class=\"item-price\"><span class=\"price-prefix\">Desde <\/span><span class=\"price\">3.899\u20ac<\/span><span class=\"price-postfix\"> \/ d\u00eda<\/span><\/li><\/ul>\t\t\t<\/div>\n\t\t\t\t\t<\/div>\n\t\t<div class=\"preview_loader\"><\/div>\n\t<\/div>\n\t<div class=\"item-wrap-outside mt-2\">\n\t\t<h2 class=\"item-title mb-2\">\n\t<a target=\"_blank\" href=\"https:\/\/select-agency.world\/es\/listing\/canados-gladiator-49-grand\/\" role=\"link\">Canados Gladiator 49 \u2022 Grand<\/a>\n<\/h2><!-- item-title -->\t\t<ul class=\"item-amenities d-flex flex-wrap align-items-center gap-2 mb-2 item-amenities-without-icons\" role=\"list\">\n\t<\/ul>\t<\/div>\n<\/div><div class=\"item-listing-wrap hz-item-gallery-js item-wrap-v3 hz-map-trigger\" data-hz-id=\"27107\" >\n\t<div class=\"item-wrap\">\n\t\t<div class=\"item-header\">\n\t\t\t<div class=\"listing-image-wrap\">\n\t<div class=\"listing-thumb\">\n\t\t<a target=\"_blank\" href=\"https:\/\/select-agency.world\/es\/listing\/canados-gladiator-49-vibe\/\" class=\"listing-featured-thumb hover-effect image-wrap\" role=\"link\">\n\t\t\t<img loading=\"lazy\" decoding=\"async\" width=\"1170\" height=\"785\" src=\"https:\/\/select-agency.world\/wp-content\/uploads\/2026\/03\/canados-gladiator-49-vibe-charter-1170x785.webp\" class=\"img-fluid wp-post-image\" alt=\"Canados Gladiator 49 Vibe in Ibiza\" srcset=\"https:\/\/select-agency.world\/wp-content\/uploads\/2026\/03\/canados-gladiator-49-vibe-charter-1170x785.webp 1170w, https:\/\/select-agency.world\/wp-content\/uploads\/2026\/03\/canados-gladiator-49-vibe-charter-18x12.webp 18w\" sizes=\"auto, (max-width: 1170px) 100vw, 1170px\" \/>\t\t<\/a><!-- hover-effect -->\n\t<\/div>\n<\/div>\t\t<\/div>\n\t\t\t\t\t\t<div class=\"item-body w-100\">\n\t\t\t<div class=\"d-flex flex-column justify-content-end h-100\">\n\t\t\t\t<h2 class=\"item-title mb-2\">\n\t<a target=\"_blank\" href=\"https:\/\/select-agency.world\/es\/listing\/canados-gladiator-49-vibe\/\" role=\"link\">Canados Gladiator 49 \u2022 Vibe<\/a>\n<\/h2><!-- item-title -->\t\t\t\t<ul class=\"item-amenities d-flex flex-wrap align-items-center gap-2 mb-2 item-amenities-without-icons\" role=\"list\">\n\t<\/ul>\t\t\t\t<ul class=\"item-price-wrap d-flex flex-column gap-2\" role=\"list\">\n\t<li class=\"item-price\"><span class=\"price-prefix\">Desde <\/span><span class=\"price\">3.899\u20ac<\/span><span class=\"price-postfix\"> \/ d\u00eda<\/span><\/li><\/ul>\t\t\t<\/div>\n\t\t\t\t\t<\/div>\n\t\t<div class=\"preview_loader\"><\/div>\n\t<\/div>\n\t<div class=\"item-wrap-outside mt-2\">\n\t\t<h2 class=\"item-title mb-2\">\n\t<a target=\"_blank\" href=\"https:\/\/select-agency.world\/es\/listing\/canados-gladiator-49-vibe\/\" role=\"link\">Canados Gladiator 49 \u2022 Vibe<\/a>\n<\/h2><!-- item-title -->\t\t<ul class=\"item-amenities d-flex flex-wrap align-items-center gap-2 mb-2 item-amenities-without-icons\" role=\"list\">\n\t<\/ul>\t<\/div>\n<\/div><div class=\"item-listing-wrap hz-item-gallery-js item-wrap-v3 hz-map-trigger\" data-hz-id=\"27066\" >\n\t<div class=\"item-wrap\">\n\t\t<div class=\"item-header\">\n\t\t\t<div class=\"listing-image-wrap\">\n\t<div class=\"listing-thumb\">\n\t\t<a target=\"_blank\" href=\"https:\/\/select-agency.world\/es\/listing\/sunseeker-76-saahsa\/\" class=\"listing-featured-thumb hover-effect image-wrap\" role=\"link\">\n\t\t\t<img loading=\"lazy\" decoding=\"async\" width=\"1170\" height=\"785\" src=\"https:\/\/select-agency.world\/wp-content\/uploads\/2026\/03\/sunseeker-76-saahsa-yachting-ibiza-1170x785.webp\" class=\"img-fluid wp-post-image\" alt=\"Sunseeker 76 Saahsa in Ibiza\" srcset=\"https:\/\/select-agency.world\/wp-content\/uploads\/2026\/03\/sunseeker-76-saahsa-yachting-ibiza-1170x785.webp 1170w, https:\/\/select-agency.world\/wp-content\/uploads\/2026\/03\/sunseeker-76-saahsa-yachting-ibiza-18x12.webp 18w\" sizes=\"auto, (max-width: 1170px) 100vw, 1170px\" \/>\t\t<\/a><!-- hover-effect -->\n\t<\/div>\n<\/div>\t\t<\/div>\n\t\t\t\t\t\t<div class=\"item-body w-100\">\n\t\t\t<div class=\"d-flex flex-column justify-content-end h-100\">\n\t\t\t\t<h2 class=\"item-title mb-2\">\n\t<a target=\"_blank\" href=\"https:\/\/select-agency.world\/es\/listing\/sunseeker-76-saahsa\/\" role=\"link\">Sunseeker 76 \u2022 Saahsa<\/a>\n<\/h2><!-- item-title -->\t\t\t\t<ul class=\"item-amenities d-flex flex-wrap align-items-center gap-2 mb-2 item-amenities-without-icons\" role=\"list\">\n\t<\/ul>\t\t\t\t<ul class=\"item-price-wrap d-flex flex-column gap-2\" role=\"list\">\n\t<li class=\"item-price\"><span class=\"price-prefix\">Desde <\/span><span class=\"price\">8.000\u20ac<\/span><span class=\"price-postfix\"> \/ d\u00eda (+ IVA)<\/span><\/li><\/ul>\t\t\t<\/div>\n\t\t\t\t\t<\/div>\n\t\t<div class=\"preview_loader\"><\/div>\n\t<\/div>\n\t<div class=\"item-wrap-outside mt-2\">\n\t\t<h2 class=\"item-title mb-2\">\n\t<a target=\"_blank\" href=\"https:\/\/select-agency.world\/es\/listing\/sunseeker-76-saahsa\/\" role=\"link\">Sunseeker 76 \u2022 Saahsa<\/a>\n<\/h2><!-- item-title -->\t\t<ul class=\"item-amenities d-flex flex-wrap align-items-center gap-2 mb-2 item-amenities-without-icons\" role=\"list\">\n\t<\/ul>\t<\/div>\n<\/div><div class=\"item-listing-wrap hz-item-gallery-js item-wrap-v3 hz-map-trigger\" data-hz-id=\"27044\" >\n\t<div class=\"item-wrap\">\n\t\t<div class=\"item-header\">\n\t\t\t<div class=\"listing-image-wrap\">\n\t<div class=\"listing-thumb\">\n\t\t<a target=\"_blank\" href=\"https:\/\/select-agency.world\/es\/listing\/sunseeker-86-stardust-of-mary\/\" class=\"listing-featured-thumb hover-effect image-wrap\" role=\"link\">\n\t\t\t<img loading=\"lazy\" decoding=\"async\" width=\"1170\" height=\"785\" src=\"https:\/\/select-agency.world\/wp-content\/uploads\/2026\/03\/sunseeker-86-stardust-of-mary-balearics-1170x785.webp\" class=\"img-fluid wp-post-image\" alt=\"Sunseeker 86 Stardust of Mary in Mallorca\" srcset=\"https:\/\/select-agency.world\/wp-content\/uploads\/2026\/03\/sunseeker-86-stardust-of-mary-balearics-1170x785.webp 1170w, https:\/\/select-agency.world\/wp-content\/uploads\/2026\/03\/sunseeker-86-stardust-of-mary-balearics-18x12.webp 18w\" sizes=\"auto, (max-width: 1170px) 100vw, 1170px\" \/>\t\t<\/a><!-- hover-effect -->\n\t<\/div>\n<\/div>\t\t<\/div>\n\t\t\t\t\t\t<div class=\"item-body w-100\">\n\t\t\t<div class=\"d-flex flex-column justify-content-end h-100\">\n\t\t\t\t<h2 class=\"item-title mb-2\">\n\t<a target=\"_blank\" href=\"https:\/\/select-agency.world\/es\/listing\/sunseeker-86-stardust-of-mary\/\" role=\"link\">Sunseeker 86 \u2022 Stardust of Mary<\/a>\n<\/h2><!-- item-title -->\t\t\t\t<ul class=\"item-amenities d-flex flex-wrap align-items-center gap-2 mb-2 item-amenities-without-icons\" role=\"list\">\n\t<\/ul>\t\t\t\t<ul class=\"item-price-wrap d-flex flex-column gap-2\" role=\"list\">\n\t<li class=\"item-price\"><span class=\"price-prefix\">Desde <\/span><span class=\"price\">49.000\u20ac<\/span><span class=\"price-postfix\"> \/ semana (+ IVA)<\/span><\/li><\/ul>\t\t\t<\/div>\n\t\t\t\t\t<\/div>\n\t\t<div class=\"preview_loader\"><\/div>\n\t<\/div>\n\t<div class=\"item-wrap-outside mt-2\">\n\t\t<h2 class=\"item-title mb-2\">\n\t<a target=\"_blank\" href=\"https:\/\/select-agency.world\/es\/listing\/sunseeker-86-stardust-of-mary\/\" role=\"link\">Sunseeker 86 \u2022 Stardust of Mary<\/a>\n<\/h2><!-- item-title -->\t\t<ul class=\"item-amenities d-flex flex-wrap align-items-center gap-2 mb-2 item-amenities-without-icons\" role=\"list\">\n\t<\/ul>\t<\/div>\n<\/div>                <\/div><!-- carousel-wrap -->\n            <\/div><!-- listing-view grid-view -->\n            \n                    <\/div><!-- property-carousel-module -->\n        \t\t\t\t<\/div>\n\t\t\t\t<\/div>\n\t\t\t\t\t<\/div>\n\t\t\t\t<\/div>\n\t\t<div class=\"elementor-element elementor-element-f333027 animated-slow e-flex e-con-boxed elementor-invisible e-con e-parent\" data-id=\"f333027\" data-element_type=\"container\" data-e-type=\"container\" data-settings=\"{&quot;background_background&quot;:&quot;classic&quot;,&quot;animation&quot;:&quot;fadeIn&quot;}\">\n\t\t\t\t\t<div class=\"e-con-inner\">\n\t\t<div class=\"elementor-element elementor-element-61bb284 e-con-full e-flex e-con e-child\" data-id=\"61bb284\" data-element_type=\"container\" data-e-type=\"container\">\n\t\t\t\t<div class=\"elementor-element elementor-element-bcd9350 elementor-widget elementor-widget-heading\" data-id=\"bcd9350\" data-element_type=\"widget\" data-e-type=\"widget\" data-widget_type=\"heading.default\">\n\t\t\t\t<div class=\"elementor-widget-container\">\n\t\t\t\t\t<h4 class=\"elementor-heading-title elementor-size-default\">\u00bfListo para escapar?<\/h4>\t\t\t\t<\/div>\n\t\t\t\t<\/div>\n\t\t\t\t<div class=\"elementor-element elementor-element-b836e33 elementor-widget__width-initial elementor-widget elementor-widget-text-editor\" data-id=\"b836e33\" data-element_type=\"widget\" data-e-type=\"widget\" data-widget_type=\"text-editor.default\">\n\t\t\t\t<div class=\"elementor-widget-container\">\n\t\t\t\t\t\t\t\t\t<p data-pm-slice=\"1 1 []\">\u00bfEst\u00e1 planeando un d\u00eda en el mar con amigos? Ind\u00edquenos la fecha, el tama\u00f1o del grupo y su idea \u2014 le recomendaremos los mejores yates y nos encargaremos del resto.<\/p>\t\t\t\t\t\t\t\t<\/div>\n\t\t\t\t<\/div>\n\t\t\t\t<div class=\"elementor-element elementor-element-684ada5 elementor-align-justify elementor-mobile-align-center elementor-invisible elementor-widget elementor-widget-button\" data-id=\"684ada5\" data-element_type=\"widget\" data-e-type=\"widget\" data-settings=\"{&quot;_animation&quot;:&quot;fadeIn&quot;}\" data-widget_type=\"button.default\">\n\t\t\t\t<div class=\"elementor-widget-container\">\n\t\t\t\t\t\t\t\t\t<div class=\"elementor-button-wrapper\">\n\t\t\t\t\t<a class=\"elementor-button elementor-button-link elementor-size-sm elementor-animation-grow\" href=\"#popmake-27596\">\n\t\t\t\t\t\t<span class=\"elementor-button-content-wrapper\">\n\t\t\t\t\t\t\t\t\t<span class=\"elementor-button-text\">P\u00f3ngase en contacto<\/span>\n\t\t\t\t\t<\/span>\n\t\t\t\t\t<\/a>\n\t\t\t\t<\/div>\n\t\t\t\t\t\t\t\t<\/div>\n\t\t\t\t<\/div>\n\t\t\t\t<\/div>\n\t\t\t\t\t<\/div>\n\t\t\t\t<\/div>\n\t\t\t\t<\/div>","protected":false},"excerpt":{"rendered":"<p>Yacht Charter for Groups of Friends Sun, Sea &amp; Shared Moments in Mallorca There\u2019s nothing quite like a day at sea with your favourite people. Whether you\u2019re celebrating something special or simply spending time together in Mallorca, a private yacht charter creates the perfect setting. Private yacht charters for groups of friends in Mallorca \u00b7 [&hellip;]<\/p>\n","protected":false},"author":1,"featured_media":25054,"parent":21130,"menu_order":0,"comment_status":"closed","ping_status":"closed","template":"elementor_header_footer","meta":{"footnotes":""},"class_list":["post-25052","page","type-page","status-publish","has-post-thumbnail","hentry"],"aioseo_notices":[],"_links":{"self":[{"href":"https:\/\/select-agency.world\/es\/wp-json\/wp\/v2\/pages\/25052","targetHints":{"allow":["GET"]}}],"collection":[{"href":"https:\/\/select-agency.world\/es\/wp-json\/wp\/v2\/pages"}],"about":[{"href":"https:\/\/select-agency.world\/es\/wp-json\/wp\/v2\/types\/page"}],"author":[{"embeddable":true,"href":"https:\/\/select-agency.world\/es\/wp-json\/wp\/v2\/users\/1"}],"replies":[{"embeddable":true,"href":"https:\/\/select-agency.world\/es\/wp-json\/wp\/v2\/comments?post=25052"}],"version-history":[{"count":0,"href":"https:\/\/select-agency.world\/es\/wp-json\/wp\/v2\/pages\/25052\/revisions"}],"up":[{"embeddable":true,"href":"https:\/\/select-agency.world\/es\/wp-json\/wp\/v2\/pages\/21130"}],"wp:featuredmedia":[{"embeddable":true,"href":"https:\/\/select-agency.world\/es\/wp-json\/wp\/v2\/media\/25054"}],"wp:attachment":[{"href":"https:\/\/select-agency.world\/es\/wp-json\/wp\/v2\/media?parent=25052"}],"curies":[{"name":"wp","href":"https:\/\/api.w.org\/{rel}","templated":true}]}}