{"id":25664,"date":"2025-08-21T10:58:23","date_gmt":"2025-08-21T09:58:23","guid":{"rendered":"https:\/\/select-agency.world\/?page_id=25664"},"modified":"2026-03-31T10:44:24","modified_gmt":"2026-03-31T09:44:24","slug":"mallorca-ibiza-formentera","status":"publish","type":"page","link":"https:\/\/select-agency.world\/es\/yachting\/itineraries\/mallorca-ibiza-formentera\/","title":{"rendered":"Itinerary Mallorca &#8211; Ibiza &#8211; Formentera"},"content":{"rendered":"<div data-elementor-type=\"wp-page\" data-elementor-id=\"25664\" class=\"elementor elementor-25664\">\n\t\t\t\t<div class=\"elementor-element elementor-element-6395f2e animated-slow e-flex e-con-boxed elementor-invisible e-con e-parent\" data-id=\"6395f2e\" data-element_type=\"container\" data-e-type=\"container\" data-settings=\"{&quot;background_background&quot;:&quot;classic&quot;,&quot;animation&quot;:&quot;fadeIn&quot;}\">\n\t\t\t\t\t<div class=\"e-con-inner\">\n\t\t<div class=\"elementor-element elementor-element-98e4146 e-con-full e-flex e-con e-child\" data-id=\"98e4146\" data-element_type=\"container\" data-e-type=\"container\">\n\t\t\t\t<div class=\"elementor-element elementor-element-03c051f elementor-invisible elementor-widget elementor-widget-heading\" data-id=\"03c051f\" data-element_type=\"widget\" data-e-type=\"widget\" data-settings=\"{&quot;_animation&quot;:&quot;fadeInDown&quot;}\" data-widget_type=\"heading.default\">\n\t\t\t\t<div class=\"elementor-widget-container\">\n\t\t\t\t\t<h1 class=\"elementor-heading-title elementor-size-default\">Un viaje entre vida nocturna y tranquilidad<\/h1>\t\t\t\t<\/div>\n\t\t\t\t<\/div>\n\t\t\t\t<\/div>\n\t\t\t\t\t<\/div>\n\t\t\t\t<\/div>\n\t\t<div class=\"elementor-element elementor-element-ff2847f e-flex e-con-boxed e-con e-parent\" data-id=\"ff2847f\" data-element_type=\"container\" data-e-type=\"container\" data-settings=\"{&quot;background_background&quot;:&quot;classic&quot;}\">\n\t\t\t\t\t<div class=\"e-con-inner\">\n\t\t\t\t<div class=\"elementor-element elementor-element-8d21595 elementor-widget__width-initial elementor-invisible elementor-widget elementor-widget-heading\" data-id=\"8d21595\" data-element_type=\"widget\" data-e-type=\"widget\" data-settings=\"{&quot;_animation&quot;:&quot;fadeInUp&quot;}\" data-widget_type=\"heading.default\">\n\t\t\t\t<div class=\"elementor-widget-container\">\n\t\t\t\t\t<h2 class=\"elementor-heading-title elementor-size-default\">Mallorca \u2013 Ibiza \u2013 Formentera<br>Ch\u00e1rter de yate de aventura<\/h2>\t\t\t\t<\/div>\n\t\t\t\t<\/div>\n\t\t\t\t<div class=\"elementor-element elementor-element-6ae15fb6 elementor-widget__width-initial elementor-invisible elementor-widget elementor-widget-text-editor\" data-id=\"6ae15fb6\" data-element_type=\"widget\" data-e-type=\"widget\" data-settings=\"{&quot;_animation&quot;:&quot;fadeInUp&quot;}\" data-widget_type=\"text-editor.default\">\n\t\t\t\t<div class=\"elementor-widget-container\">\n\t\t\t\t\t\t\t\t\t<p class=\"p1\">Un ch\u00e1rter de yate desde Mallorca hacia Ibiza y Formentera es la escapada balear definitiva. En solo unos d\u00edas podr\u00e1 combinar la serenidad del Parque Nacional de Cabrera, los legendarios atardeceres de Ibiza y el lujo descalzo de las playas de Formentera.\n\nYa sea que le atraiga la energ\u00eda vibrante de la vida nocturna o la calma de fondeos tranquilos, este itinerario de 3\u20135 d\u00edas ofrece lo mejor de ambos mundos.<\/p><p class=\"p1\"><em>Noches vibrantes | Calas turquesas | Gastronom\u00eda ic\u00f3nica<\/em><\/p>\t\t\t\t\t\t\t\t<\/div>\n\t\t\t\t<\/div>\n\t\t\t\t<div class=\"elementor-element elementor-element-fbf1597 elementor-mobile-align-center elementor-invisible elementor-widget elementor-widget-button\" data-id=\"fbf1597\" data-element_type=\"widget\" data-e-type=\"widget\" data-settings=\"{&quot;_animation&quot;:&quot;fadeIn&quot;}\" data-widget_type=\"button.default\">\n\t\t\t\t<div class=\"elementor-widget-container\">\n\t\t\t\t\t\t\t\t\t<div class=\"elementor-button-wrapper\">\n\t\t\t\t\t<a class=\"elementor-button elementor-button-link elementor-size-sm elementor-animation-grow\" href=\"https:\/\/select-agency.world\/es\/contact\/\">\n\t\t\t\t\t\t<span class=\"elementor-button-content-wrapper\">\n\t\t\t\t\t\t\t\t\t<span class=\"elementor-button-text\">Planifique su ch\u00e1rter de aventura<\/span>\n\t\t\t\t\t<\/span>\n\t\t\t\t\t<\/a>\n\t\t\t\t<\/div>\n\t\t\t\t\t\t\t\t<\/div>\n\t\t\t\t<\/div>\n\t\t\t\t\t<\/div>\n\t\t\t\t<\/div>\n\t\t<div class=\"elementor-element elementor-element-d8f471a e-flex e-con-boxed e-con e-parent\" data-id=\"d8f471a\" data-element_type=\"container\" data-e-type=\"container\" data-settings=\"{&quot;background_background&quot;:&quot;classic&quot;}\">\n\t\t\t\t\t<div class=\"e-con-inner\">\n\t\t<div class=\"elementor-element elementor-element-0f35318 e-con-full e-flex e-con e-child\" data-id=\"0f35318\" data-element_type=\"container\" data-e-type=\"container\">\n\t\t\t\t<div class=\"elementor-element elementor-element-cd0704d elementor-widget elementor-widget-image\" data-id=\"cd0704d\" data-element_type=\"widget\" data-e-type=\"widget\" data-widget_type=\"image.default\">\n\t\t\t\t<div class=\"elementor-widget-container\">\n\t\t\t\t\t\t\t\t\t\t\t\t\t\t\t<img loading=\"lazy\" decoding=\"async\" width=\"1920\" height=\"1280\" src=\"https:\/\/select-agency.world\/wp-content\/uploads\/2025\/03\/es-vedra-ibiza-1.webp\" class=\"attachment-full size-full wp-image-23270\" alt=\"Es Vedra in Ibiza.\" srcset=\"https:\/\/select-agency.world\/wp-content\/uploads\/2025\/03\/es-vedra-ibiza-1.webp 1920w, https:\/\/select-agency.world\/wp-content\/uploads\/2025\/03\/es-vedra-ibiza-1-300x200.webp 300w, https:\/\/select-agency.world\/wp-content\/uploads\/2025\/03\/es-vedra-ibiza-1-1024x683.webp 1024w, https:\/\/select-agency.world\/wp-content\/uploads\/2025\/03\/es-vedra-ibiza-1-768x512.webp 768w, https:\/\/select-agency.world\/wp-content\/uploads\/2025\/03\/es-vedra-ibiza-1-1536x1024.webp 1536w, https:\/\/select-agency.world\/wp-content\/uploads\/2025\/03\/es-vedra-ibiza-1-18x12.webp 18w, https:\/\/select-agency.world\/wp-content\/uploads\/2025\/03\/es-vedra-ibiza-1-900x600.webp 900w, https:\/\/select-agency.world\/wp-content\/uploads\/2025\/03\/es-vedra-ibiza-1-496x331.webp 496w\" sizes=\"auto, (max-width: 1920px) 100vw, 1920px\" \/>\t\t\t\t\t\t\t\t\t\t\t\t\t\t\t<\/div>\n\t\t\t\t<\/div>\n\t\t\t\t<\/div>\n\t\t<div class=\"elementor-element elementor-element-b856e5a e-con-full e-flex e-con e-child\" data-id=\"b856e5a\" data-element_type=\"container\" data-e-type=\"container\">\n\t\t\t\t<div class=\"elementor-element elementor-element-9d997a4 elementor-widget elementor-widget-heading\" data-id=\"9d997a4\" data-element_type=\"widget\" data-e-type=\"widget\" data-widget_type=\"heading.default\">\n\t\t\t\t<div class=\"elementor-widget-container\">\n\t\t\t\t\t<h2 class=\"elementor-heading-title elementor-size-default\">D\u00eda 1: Rumbo a Ibiza \u2013 Donde el viaje se encuentra con Es Vedr\u00e0<\/h2>\t\t\t\t<\/div>\n\t\t\t\t<\/div>\n\t\t\t\t<div class=\"elementor-element elementor-element-aeea7a8 elementor-widget elementor-widget-text-editor\" data-id=\"aeea7a8\" data-element_type=\"widget\" data-e-type=\"widget\" data-widget_type=\"text-editor.default\">\n\t\t\t\t<div class=\"elementor-widget-container\">\n\t\t\t\t\t\t\t\t\t<p>Su aventura balear comienza con una emocionante traves\u00eda desde Palma hacia Ibiza. Mientras el yate deja atr\u00e1s la costa de Mallorca, sentir\u00e1 c\u00f3mo crece la expectaci\u00f3n mientras se relaja en cubierta o disfruta de la primera parada para un ba\u00f1o refrescante.\n\nPor la tarde, llegada a Cala d\u2019Hort, donde la imponente silueta de Es Vedr\u00e0 emerge del mar. Pocos lugares en el Mediterr\u00e1neo son tan ic\u00f3nicos como esta roca misteriosa iluminada por la luz del atardecer.\n\nTras disfrutar de los deportes acu\u00e1ticos \u2014 quiz\u00e1 una emocionante salida en el Seabob F9 o deslizarse sobre la bah\u00eda en un eFoil \u2014 la noche le invita a descubrir el lado m\u00e1s vibrante de Ibiza.\n\nDisfrute de c\u00f3cteles y cena en el famoso Blue Marlin Ibiza, donde m\u00fasica, gastronom\u00eda y glamour isle\u00f1o marcan el tono de una noche inolvidable.\n\nFinalice el d\u00eda fondeado en una bah\u00eda protegida o amarrado en una de las elegantes marinas de Ibiza.<\/p>\t\t\t\t\t\t\t\t<\/div>\n\t\t\t\t<\/div>\n\t\t\t\t<\/div>\n\t\t\t\t\t<\/div>\n\t\t\t\t<\/div>\n\t\t<div class=\"elementor-element elementor-element-93cdae9 e-flex e-con-boxed e-con e-parent\" data-id=\"93cdae9\" data-element_type=\"container\" data-e-type=\"container\" data-settings=\"{&quot;background_background&quot;:&quot;classic&quot;}\">\n\t\t\t\t\t<div class=\"e-con-inner\">\n\t\t<div class=\"elementor-element elementor-element-9db54df e-con-full e-flex e-con e-child\" data-id=\"9db54df\" data-element_type=\"container\" data-e-type=\"container\">\n\t\t\t\t<div class=\"elementor-element elementor-element-523f104 elementor-widget elementor-widget-heading\" data-id=\"523f104\" data-element_type=\"widget\" data-e-type=\"widget\" data-widget_type=\"heading.default\">\n\t\t\t\t<div class=\"elementor-widget-container\">\n\t\t\t\t\t<h2 class=\"elementor-heading-title elementor-size-default\">D\u00eda 2: Ibiza de d\u00eda y de noche \u2013 Calas turquesas y ritmos isle\u00f1os<\/h2>\t\t\t\t<\/div>\n\t\t\t\t<\/div>\n\t\t\t\t<div class=\"elementor-element elementor-element-fe7a5a5 elementor-widget elementor-widget-text-editor\" data-id=\"fe7a5a5\" data-element_type=\"widget\" data-e-type=\"widget\" data-widget_type=\"text-editor.default\">\n\t\t\t\t<div class=\"elementor-widget-container\">\n\t\t\t\t\t\t\t\t\t<p>Despierte con el suave balanceo del yate y dedique la ma\u00f1ana a explorar la costa suroeste de Ibiza.\n\nLas bah\u00edas de Cala Conta y Cala Bassa son mundialmente conocidas por sus aguas turquesas y arenas doradas \u2014 el entorno perfecto para practicar paddle surf, snorkel o simplemente sumergirse en un ba\u00f1o revitalizante.\n\nA bordo, la tripulaci\u00f3n puede preparar un almuerzo relajado, o puede optar por un restaurante frente al mar con los pies en la arena.\n\nLa tarde invita a bajar el ritmo: tomar el sol en la proa, leer a la sombra o disfrutar de m\u00e1s adrenalina con los water toys.\n\nAl caer la noche, Ibiza cobra vida. Puede elegir entre una velada tranquila en cubierta con cena preparada por su chef o desembarcar para volver a disfrutar de la gastronom\u00eda y la vida nocturna de clase mundial de la isla.<\/p>\t\t\t\t\t\t\t\t<\/div>\n\t\t\t\t<\/div>\n\t\t\t\t<\/div>\n\t\t<div class=\"elementor-element elementor-element-c0383d9 e-con-full e-flex e-con e-child\" data-id=\"c0383d9\" data-element_type=\"container\" data-e-type=\"container\">\n\t\t\t\t<div class=\"elementor-element elementor-element-129dff4 elementor-widget elementor-widget-image\" data-id=\"129dff4\" data-element_type=\"widget\" data-e-type=\"widget\" data-widget_type=\"image.default\">\n\t\t\t\t<div class=\"elementor-widget-container\">\n\t\t\t\t\t\t\t\t\t\t\t\t\t\t\t<img loading=\"lazy\" decoding=\"async\" width=\"1920\" height=\"1280\" src=\"https:\/\/select-agency.world\/wp-content\/uploads\/2025\/03\/cala-bassa-ibiza.webp\" class=\"attachment-full size-full wp-image-23269\" alt=\"Cala Bassa in Ibiza.\" srcset=\"https:\/\/select-agency.world\/wp-content\/uploads\/2025\/03\/cala-bassa-ibiza.webp 1920w, https:\/\/select-agency.world\/wp-content\/uploads\/2025\/03\/cala-bassa-ibiza-300x200.webp 300w, https:\/\/select-agency.world\/wp-content\/uploads\/2025\/03\/cala-bassa-ibiza-1024x683.webp 1024w, https:\/\/select-agency.world\/wp-content\/uploads\/2025\/03\/cala-bassa-ibiza-768x512.webp 768w, https:\/\/select-agency.world\/wp-content\/uploads\/2025\/03\/cala-bassa-ibiza-1536x1024.webp 1536w, https:\/\/select-agency.world\/wp-content\/uploads\/2025\/03\/cala-bassa-ibiza-18x12.webp 18w, https:\/\/select-agency.world\/wp-content\/uploads\/2025\/03\/cala-bassa-ibiza-900x600.webp 900w, https:\/\/select-agency.world\/wp-content\/uploads\/2025\/03\/cala-bassa-ibiza-496x331.webp 496w\" sizes=\"auto, (max-width: 1920px) 100vw, 1920px\" \/>\t\t\t\t\t\t\t\t\t\t\t\t\t\t\t<\/div>\n\t\t\t\t<\/div>\n\t\t\t\t<\/div>\n\t\t\t\t\t<\/div>\n\t\t\t\t<\/div>\n\t\t<div class=\"elementor-element elementor-element-e5ad687 e-flex e-con-boxed e-con e-parent\" data-id=\"e5ad687\" data-element_type=\"container\" data-e-type=\"container\" data-settings=\"{&quot;background_background&quot;:&quot;classic&quot;}\">\n\t\t\t\t\t<div class=\"e-con-inner\">\n\t\t<div class=\"elementor-element elementor-element-1c26c52 e-con-full e-flex e-con e-child\" data-id=\"1c26c52\" data-element_type=\"container\" data-e-type=\"container\">\n\t\t\t\t<div class=\"elementor-element elementor-element-fa06701 elementor-widget elementor-widget-image\" data-id=\"fa06701\" data-element_type=\"widget\" data-e-type=\"widget\" data-widget_type=\"image.default\">\n\t\t\t\t<div class=\"elementor-widget-container\">\n\t\t\t\t\t\t\t\t\t\t\t\t\t\t\t<img loading=\"lazy\" decoding=\"async\" width=\"1920\" height=\"1280\" src=\"https:\/\/select-agency.world\/wp-content\/uploads\/2025\/03\/cala-saona-formentera.webp\" class=\"attachment-full size-full wp-image-23295\" alt=\"Cala Saona in Formentera.\" srcset=\"https:\/\/select-agency.world\/wp-content\/uploads\/2025\/03\/cala-saona-formentera.webp 1920w, https:\/\/select-agency.world\/wp-content\/uploads\/2025\/03\/cala-saona-formentera-300x200.webp 300w, https:\/\/select-agency.world\/wp-content\/uploads\/2025\/03\/cala-saona-formentera-1024x683.webp 1024w, https:\/\/select-agency.world\/wp-content\/uploads\/2025\/03\/cala-saona-formentera-768x512.webp 768w, https:\/\/select-agency.world\/wp-content\/uploads\/2025\/03\/cala-saona-formentera-1536x1024.webp 1536w, https:\/\/select-agency.world\/wp-content\/uploads\/2025\/03\/cala-saona-formentera-18x12.webp 18w, https:\/\/select-agency.world\/wp-content\/uploads\/2025\/03\/cala-saona-formentera-900x600.webp 900w, https:\/\/select-agency.world\/wp-content\/uploads\/2025\/03\/cala-saona-formentera-496x331.webp 496w\" sizes=\"auto, (max-width: 1920px) 100vw, 1920px\" \/>\t\t\t\t\t\t\t\t\t\t\t\t\t\t\t<\/div>\n\t\t\t\t<\/div>\n\t\t\t\t<\/div>\n\t\t<div class=\"elementor-element elementor-element-5efca89 e-con-full e-flex e-con e-child\" data-id=\"5efca89\" data-element_type=\"container\" data-e-type=\"container\">\n\t\t\t\t<div class=\"elementor-element elementor-element-c9b22a4 elementor-widget elementor-widget-heading\" data-id=\"c9b22a4\" data-element_type=\"widget\" data-e-type=\"widget\" data-widget_type=\"heading.default\">\n\t\t\t\t<div class=\"elementor-widget-container\">\n\t\t\t\t\t<h2 class=\"elementor-heading-title elementor-size-default\">D\u00eda 3: Formentera \u2013 Lujo descalzo en Playa de Illetes<\/h2>\t\t\t\t<\/div>\n\t\t\t\t<\/div>\n\t\t\t\t<div class=\"elementor-element elementor-element-aa4f611 elementor-widget elementor-widget-text-editor\" data-id=\"aa4f611\" data-element_type=\"widget\" data-e-type=\"widget\" data-widget_type=\"text-editor.default\">\n\t\t\t\t<div class=\"elementor-widget-container\">\n\t\t\t\t\t\t\t\t\t<p>Una breve navegaci\u00f3n le llevar\u00e1 a Formentera, la joya de las Baleares y un destino que enamora por su sencillez y belleza natural.\n\nEl yate fondea en Playa de Illetes, donde la arena blanca y el agua cristalina evocan el Caribe.\n\nEs el momento de desconectar por completo: flotar en el mar en calma, explorar la bah\u00eda con el Seabob o disfrutar de una relajada sesi\u00f3n de paddle surf.\n\nA la hora del almuerzo, la elecci\u00f3n es suya: saborear una larga y exquisita comida en el legendario Juan y Andrea, donde el pescado fresco se sirve con brisa marina, o dejarse llevar por el ambiente animado y despreocupado de Beso Beach Formentera, donde la m\u00fasica y el baile descalzo en la arena marcan el ritmo.\n\nLa tarde puede transcurrir navegando entre calas escondidas, practicando snorkel en rincones tranquilos o simplemente relaj\u00e1ndose con una copa de rosado mientras el sol comienza a descender.<\/p>\t\t\t\t\t\t\t\t<\/div>\n\t\t\t\t<\/div>\n\t\t\t\t<\/div>\n\t\t\t\t\t<\/div>\n\t\t\t\t<\/div>\n\t\t<div class=\"elementor-element elementor-element-2e692f0 e-flex e-con-boxed e-con e-parent\" data-id=\"2e692f0\" data-element_type=\"container\" data-e-type=\"container\" data-settings=\"{&quot;background_background&quot;:&quot;classic&quot;}\">\n\t\t\t\t\t<div class=\"e-con-inner\">\n\t\t<div class=\"elementor-element elementor-element-f319f51 e-con-full e-flex e-con e-child\" data-id=\"f319f51\" data-element_type=\"container\" data-e-type=\"container\">\n\t\t\t\t<div class=\"elementor-element elementor-element-2c24699 elementor-widget elementor-widget-heading\" data-id=\"2c24699\" data-element_type=\"widget\" data-e-type=\"widget\" data-widget_type=\"heading.default\">\n\t\t\t\t<div class=\"elementor-widget-container\">\n\t\t\t\t\t<h2 class=\"elementor-heading-title elementor-size-default\">D\u00edas 4\u20135: Navegaci\u00f3n entre islas y despedida \u2013 Una \u00faltima inmersi\u00f3n en el para\u00edso<\/h2>\t\t\t\t<\/div>\n\t\t\t\t<\/div>\n\t\t\t\t<div class=\"elementor-element elementor-element-a7136cb elementor-widget elementor-widget-text-editor\" data-id=\"a7136cb\" data-element_type=\"widget\" data-e-type=\"widget\" data-widget_type=\"text-editor.default\">\n\t\t\t\t<div class=\"elementor-widget-container\">\n\t\t\t\t\t\t\t\t\t<p>Seg\u00fan el ritmo de su viaje, los \u00faltimos d\u00edas quedan a su elecci\u00f3n.\n\nPuede prolongar su estancia en Formentera y descubrir calas menos conocidas donde el agua es a\u00fan m\u00e1s clara y tranquila que en Illetes.\n\nAproveche por \u00faltima vez los water toys del yate: surcar las olas en el Seabob F9, perfeccionar el equilibrio en el eFoil o simplemente flotar en aguas poco profundas con una tabla de paddle.\n\nSi desea volver a Ibiza, a\u00fan quedan tesoros por descubrir: bah\u00edas escondidas, marinas elegantes y nuevos rincones por explorar.\n\nCuando llegue el momento de regresar a Mallorca, la traves\u00eda de vuelta ser\u00e1 relajante y gratificante, ofreci\u00e9ndole una \u00faltima oportunidad para disfrutar de las vistas, la brisa marina y los recuerdos inolvidables de su aventura balear.<\/p>\t\t\t\t\t\t\t\t<\/div>\n\t\t\t\t<\/div>\n\t\t\t\t<\/div>\n\t\t<div class=\"elementor-element elementor-element-4d69007 e-con-full e-flex e-con e-child\" data-id=\"4d69007\" data-element_type=\"container\" data-e-type=\"container\">\n\t\t\t\t<div class=\"elementor-element elementor-element-25081f3 elementor-widget elementor-widget-image\" data-id=\"25081f3\" data-element_type=\"widget\" data-e-type=\"widget\" data-widget_type=\"image.default\">\n\t\t\t\t<div class=\"elementor-widget-container\">\n\t\t\t\t\t\t\t\t\t\t\t\t\t\t\t<img loading=\"lazy\" decoding=\"async\" width=\"1920\" height=\"1280\" src=\"https:\/\/select-agency.world\/wp-content\/uploads\/2025\/03\/la-savina-formentera.webp\" class=\"attachment-full size-full wp-image-23297\" alt=\"\" srcset=\"https:\/\/select-agency.world\/wp-content\/uploads\/2025\/03\/la-savina-formentera.webp 1920w, https:\/\/select-agency.world\/wp-content\/uploads\/2025\/03\/la-savina-formentera-300x200.webp 300w, https:\/\/select-agency.world\/wp-content\/uploads\/2025\/03\/la-savina-formentera-1024x683.webp 1024w, https:\/\/select-agency.world\/wp-content\/uploads\/2025\/03\/la-savina-formentera-768x512.webp 768w, https:\/\/select-agency.world\/wp-content\/uploads\/2025\/03\/la-savina-formentera-1536x1024.webp 1536w, https:\/\/select-agency.world\/wp-content\/uploads\/2025\/03\/la-savina-formentera-18x12.webp 18w, https:\/\/select-agency.world\/wp-content\/uploads\/2025\/03\/la-savina-formentera-900x600.webp 900w, https:\/\/select-agency.world\/wp-content\/uploads\/2025\/03\/la-savina-formentera-496x331.webp 496w\" sizes=\"auto, (max-width: 1920px) 100vw, 1920px\" \/>\t\t\t\t\t\t\t\t\t\t\t\t\t\t\t<\/div>\n\t\t\t\t<\/div>\n\t\t\t\t<\/div>\n\t\t\t\t\t<\/div>\n\t\t\t\t<\/div>\n\t\t<div class=\"elementor-element elementor-element-fb8680f animated-slow e-flex e-con-boxed elementor-invisible e-con e-parent\" data-id=\"fb8680f\" data-element_type=\"container\" data-e-type=\"container\" data-settings=\"{&quot;background_background&quot;:&quot;classic&quot;,&quot;animation&quot;:&quot;fadeIn&quot;}\">\n\t\t\t\t\t<div class=\"e-con-inner\">\n\t\t<div class=\"elementor-element elementor-element-9938a17 e-con-full e-flex e-con e-child\" data-id=\"9938a17\" data-element_type=\"container\" data-e-type=\"container\">\n\t\t\t\t<div class=\"elementor-element elementor-element-bf27389 elementor-widget elementor-widget-heading\" data-id=\"bf27389\" data-element_type=\"widget\" data-e-type=\"widget\" data-widget_type=\"heading.default\">\n\t\t\t\t<div class=\"elementor-widget-container\">\n\t\t\t\t\t<h4 class=\"elementor-heading-title elementor-size-default\">Cree su propia aventura balear<\/h4>\t\t\t\t<\/div>\n\t\t\t\t<\/div>\n\t\t\t\t<div class=\"elementor-element elementor-element-a8eb06d elementor-widget elementor-widget-text-editor\" data-id=\"a8eb06d\" data-element_type=\"widget\" data-e-type=\"widget\" data-widget_type=\"text-editor.default\">\n\t\t\t\t<div class=\"elementor-widget-container\">\n\t\t\t\t\t\t\t\t\t<p class=\"p1\">En SELECT Boutique Agency, cada ch\u00e1rter de yate se dise\u00f1a en torno a sus deseos.\n\nEste itinerario es solo el punto de partida \u2014 ya sea que quiera a\u00f1adir m\u00e1s vida nocturna, explorar calas secretas o centrarse en deportes acu\u00e1ticos, adaptaremos el viaje completamente a usted.<\/p>\t\t\t\t\t\t\t\t<\/div>\n\t\t\t\t<\/div>\n\t\t\t\t<div class=\"elementor-element elementor-element-87add1e elementor-align-justify elementor-mobile-align-center elementor-invisible elementor-widget elementor-widget-button\" data-id=\"87add1e\" data-element_type=\"widget\" data-e-type=\"widget\" data-settings=\"{&quot;_animation&quot;:&quot;fadeIn&quot;}\" data-widget_type=\"button.default\">\n\t\t\t\t<div class=\"elementor-widget-container\">\n\t\t\t\t\t\t\t\t\t<div class=\"elementor-button-wrapper\">\n\t\t\t\t\t<a class=\"elementor-button elementor-button-link elementor-size-sm elementor-animation-grow\" href=\"https:\/\/select-agency.world\/es\/contact\/\">\n\t\t\t\t\t\t<span class=\"elementor-button-content-wrapper\">\n\t\t\t\t\t\t\t\t\t<span class=\"elementor-button-text\">CONT\u00c1CTENOS<\/span>\n\t\t\t\t\t<\/span>\n\t\t\t\t\t<\/a>\n\t\t\t\t<\/div>\n\t\t\t\t\t\t\t\t<\/div>\n\t\t\t\t<\/div>\n\t\t\t\t<\/div>\n\t\t\t\t\t<\/div>\n\t\t\t\t<\/div>\n\t\t\t\t<\/div>","protected":false},"excerpt":{"rendered":"<p>A Journey Between Nightlife and Tranquility Mallorca \u2013 Ibiza \u2013 FormenteraAdventure Yacht Charter A yacht charter from Mallorca to Ibiza and Formentera is the ultimate Balearic escape. In just a few days, you can combine the serenity of Cabrera\u2019s natural park, the legendary sunsets of Ibiza, and the barefoot luxury of Formentera\u2019s beaches. Whether you\u2019re [&hellip;]<\/p>\n","protected":false},"author":1,"featured_media":23273,"parent":23410,"menu_order":0,"comment_status":"closed","ping_status":"closed","template":"elementor_header_footer","meta":{"footnotes":""},"class_list":["post-25664","page","type-page","status-publish","has-post-thumbnail","hentry"],"aioseo_notices":[],"_links":{"self":[{"href":"https:\/\/select-agency.world\/es\/wp-json\/wp\/v2\/pages\/25664","targetHints":{"allow":["GET"]}}],"collection":[{"href":"https:\/\/select-agency.world\/es\/wp-json\/wp\/v2\/pages"}],"about":[{"href":"https:\/\/select-agency.world\/es\/wp-json\/wp\/v2\/types\/page"}],"author":[{"embeddable":true,"href":"https:\/\/select-agency.world\/es\/wp-json\/wp\/v2\/users\/1"}],"replies":[{"embeddable":true,"href":"https:\/\/select-agency.world\/es\/wp-json\/wp\/v2\/comments?post=25664"}],"version-history":[{"count":0,"href":"https:\/\/select-agency.world\/es\/wp-json\/wp\/v2\/pages\/25664\/revisions"}],"up":[{"embeddable":true,"href":"https:\/\/select-agency.world\/es\/wp-json\/wp\/v2\/pages\/23410"}],"wp:featuredmedia":[{"embeddable":true,"href":"https:\/\/select-agency.world\/es\/wp-json\/wp\/v2\/media\/23273"}],"wp:attachment":[{"href":"https:\/\/select-agency.world\/es\/wp-json\/wp\/v2\/media?parent=25664"}],"curies":[{"name":"wp","href":"https:\/\/api.w.org\/{rel}","templated":true}]}}