{"id":25804,"date":"2025-08-22T15:22:13","date_gmt":"2025-08-22T14:22:13","guid":{"rendered":"https:\/\/select-agency.world\/?page_id=25804"},"modified":"2026-03-31T10:44:44","modified_gmt":"2026-03-31T09:44:44","slug":"mallorca-menorca","status":"publish","type":"page","link":"https:\/\/select-agency.world\/es\/yachting\/itineraries\/mallorca-menorca\/","title":{"rendered":"Itinerary Mallorca &#8211; Menorca"},"content":{"rendered":"<div data-elementor-type=\"wp-page\" data-elementor-id=\"25804\" class=\"elementor elementor-25804\">\n\t\t\t\t<div class=\"elementor-element elementor-element-6395f2e animated-slow e-flex e-con-boxed elementor-invisible e-con e-parent\" data-id=\"6395f2e\" data-element_type=\"container\" data-e-type=\"container\" data-settings=\"{&quot;background_background&quot;:&quot;classic&quot;,&quot;animation&quot;:&quot;fadeIn&quot;}\">\n\t\t\t\t\t<div class=\"e-con-inner\">\n\t\t<div class=\"elementor-element elementor-element-98e4146 e-con-full e-flex e-con e-child\" data-id=\"98e4146\" data-element_type=\"container\" data-e-type=\"container\">\n\t\t\t\t<div class=\"elementor-element elementor-element-03c051f elementor-invisible elementor-widget elementor-widget-heading\" data-id=\"03c051f\" data-element_type=\"widget\" data-e-type=\"widget\" data-settings=\"{&quot;_animation&quot;:&quot;fadeInDown&quot;}\" data-widget_type=\"heading.default\">\n\t\t\t\t<div class=\"elementor-widget-container\">\n\t\t\t\t\t<h1 class=\"elementor-heading-title elementor-size-default\">Un viaje balear de descubrimiento<\/h1>\t\t\t\t<\/div>\n\t\t\t\t<\/div>\n\t\t\t\t<\/div>\n\t\t\t\t\t<\/div>\n\t\t\t\t<\/div>\n\t\t<div class=\"elementor-element elementor-element-ff2847f e-flex e-con-boxed e-con e-parent\" data-id=\"ff2847f\" data-element_type=\"container\" data-e-type=\"container\" data-settings=\"{&quot;background_background&quot;:&quot;classic&quot;}\">\n\t\t\t\t\t<div class=\"e-con-inner\">\n\t\t\t\t<div class=\"elementor-element elementor-element-8d21595 elementor-widget__width-initial elementor-invisible elementor-widget elementor-widget-heading\" data-id=\"8d21595\" data-element_type=\"widget\" data-e-type=\"widget\" data-settings=\"{&quot;_animation&quot;:&quot;fadeInUp&quot;}\" data-widget_type=\"heading.default\">\n\t\t\t\t<div class=\"elementor-widget-container\">\n\t\t\t\t\t<h2 class=\"elementor-heading-title elementor-size-default\">Ch\u00e1rter de yate de 7 d\u00edas<br>De Mallorca a Menorca y regreso<\/h2>\t\t\t\t<\/div>\n\t\t\t\t<\/div>\n\t\t\t\t<div class=\"elementor-element elementor-element-6ae15fb6 elementor-widget__width-initial elementor-invisible elementor-widget elementor-widget-text-editor\" data-id=\"6ae15fb6\" data-element_type=\"widget\" data-e-type=\"widget\" data-settings=\"{&quot;_animation&quot;:&quot;fadeInUp&quot;}\" data-widget_type=\"text-editor.default\">\n\t\t\t\t<div class=\"elementor-widget-container\">\n\t\t\t\t\t\t\t\t\t<p class=\"p1\">Emb\u00e1rquese en un ch\u00e1rter de yate de 7 d\u00edas desde Palma de Mallorca hasta Menorca y de vuelta. Este itinerario combina encantadores puertos hist\u00f3ricos, la costa norte virgen de Menorca, sus deslumbrantes calas turquesas del sur y el aut\u00e9ntico placer de la vida en el mar.<\/p><p class=\"p1\"><em>Puertos con encanto | Paisajes salvajes | Playas turquesas<\/em><\/p>\t\t\t\t\t\t\t\t<\/div>\n\t\t\t\t<\/div>\n\t\t\t\t<div class=\"elementor-element elementor-element-fbf1597 elementor-mobile-align-center elementor-invisible elementor-widget elementor-widget-button\" data-id=\"fbf1597\" data-element_type=\"widget\" data-e-type=\"widget\" data-settings=\"{&quot;_animation&quot;:&quot;fadeIn&quot;}\" data-widget_type=\"button.default\">\n\t\t\t\t<div class=\"elementor-widget-container\">\n\t\t\t\t\t\t\t\t\t<div class=\"elementor-button-wrapper\">\n\t\t\t\t\t<a class=\"elementor-button elementor-button-link elementor-size-sm elementor-animation-grow\" href=\"https:\/\/select-agency.world\/es\/contact\/\">\n\t\t\t\t\t\t<span class=\"elementor-button-content-wrapper\">\n\t\t\t\t\t\t\t\t\t<span class=\"elementor-button-text\">Planifique su ch\u00e1rter de yate<\/span>\n\t\t\t\t\t<\/span>\n\t\t\t\t\t<\/a>\n\t\t\t\t<\/div>\n\t\t\t\t\t\t\t\t<\/div>\n\t\t\t\t<\/div>\n\t\t\t\t\t<\/div>\n\t\t\t\t<\/div>\n\t\t<div class=\"elementor-element elementor-element-d8f471a e-flex e-con-boxed e-con e-parent\" data-id=\"d8f471a\" data-element_type=\"container\" data-e-type=\"container\" data-settings=\"{&quot;background_background&quot;:&quot;classic&quot;}\">\n\t\t\t\t\t<div class=\"e-con-inner\">\n\t\t<div class=\"elementor-element elementor-element-0f35318 e-con-full e-flex e-con e-child\" data-id=\"0f35318\" data-element_type=\"container\" data-e-type=\"container\">\n\t\t\t\t<div class=\"elementor-element elementor-element-cd0704d elementor-widget elementor-widget-image\" data-id=\"cd0704d\" data-element_type=\"widget\" data-e-type=\"widget\" data-widget_type=\"image.default\">\n\t\t\t\t<div class=\"elementor-widget-container\">\n\t\t\t\t\t\t\t\t\t\t\t\t\t\t\t<img loading=\"lazy\" decoding=\"async\" width=\"1500\" height=\"1000\" src=\"https:\/\/select-agency.world\/wp-content\/uploads\/2025\/08\/mallorca-cala-ratjada.webp\" class=\"attachment-full size-full wp-image-25806\" alt=\"Cala Ratjada in Mallorca.\" srcset=\"https:\/\/select-agency.world\/wp-content\/uploads\/2025\/08\/mallorca-cala-ratjada.webp 1500w, https:\/\/select-agency.world\/wp-content\/uploads\/2025\/08\/mallorca-cala-ratjada-18x12.webp 18w\" sizes=\"auto, (max-width: 1500px) 100vw, 1500px\" \/>\t\t\t\t\t\t\t\t\t\t\t\t\t\t\t<\/div>\n\t\t\t\t<\/div>\n\t\t\t\t<\/div>\n\t\t<div class=\"elementor-element elementor-element-b856e5a e-con-full e-flex e-con e-child\" data-id=\"b856e5a\" data-element_type=\"container\" data-e-type=\"container\">\n\t\t\t\t<div class=\"elementor-element elementor-element-9d997a4 elementor-widget elementor-widget-heading\" data-id=\"9d997a4\" data-element_type=\"widget\" data-e-type=\"widget\" data-widget_type=\"heading.default\">\n\t\t\t\t<div class=\"elementor-widget-container\">\n\t\t\t\t\t<h2 class=\"elementor-heading-title elementor-size-default\">D\u00eda 1: De Palma a Cala Ratjada \u2013 Escapada de tarde<\/h2>\t\t\t\t<\/div>\n\t\t\t\t<\/div>\n\t\t\t\t<div class=\"elementor-element elementor-element-aeea7a8 elementor-widget elementor-widget-text-editor\" data-id=\"aeea7a8\" data-element_type=\"widget\" data-e-type=\"widget\" data-widget_type=\"text-editor.default\">\n\t\t\t\t<div class=\"elementor-widget-container\">\n\t\t\t\t\t\t\t\t\t<p>Su aventura comienza a las 12:00 h en Palma, donde la tripulaci\u00f3n le dar\u00e1 la bienvenida a bordo. Tras acomodarse, el yate zarpa y pone rumbo al este siguiendo la costa de Mallorca.\n\nSeg\u00fan las condiciones, habr\u00e1 tiempo para una primera parada para nadar en una cala tranquila \u2014 la forma perfecta de comenzar sus vacaciones.\n\nPase la tarde disfrutando del yate, tomando el sol en cubierta o relaj\u00e1ndose con una bebida en la mano mientras navega hacia el noreste de la isla.<\/p><p>Al atardecer, llegada a Cala Ratjada, un animado puerto con un encantador paseo mar\u00edtimo. Aqu\u00ed podr\u00e1 pasear por el puerto y elegir entre varios excelentes restaurantes para su primera cena en tierra.\n\nNoche en Cala Ratjada, prepar\u00e1ndose para la traves\u00eda hacia Menorca al d\u00eda siguiente.<\/p>\t\t\t\t\t\t\t\t<\/div>\n\t\t\t\t<\/div>\n\t\t\t\t<\/div>\n\t\t\t\t\t<\/div>\n\t\t\t\t<\/div>\n\t\t<div class=\"elementor-element elementor-element-93cdae9 e-flex e-con-boxed e-con e-parent\" data-id=\"93cdae9\" data-element_type=\"container\" data-e-type=\"container\" data-settings=\"{&quot;background_background&quot;:&quot;classic&quot;}\">\n\t\t\t\t\t<div class=\"e-con-inner\">\n\t\t<div class=\"elementor-element elementor-element-9db54df e-con-full e-flex e-con e-child\" data-id=\"9db54df\" data-element_type=\"container\" data-e-type=\"container\">\n\t\t\t\t<div class=\"elementor-element elementor-element-523f104 elementor-widget elementor-widget-heading\" data-id=\"523f104\" data-element_type=\"widget\" data-e-type=\"widget\" data-widget_type=\"heading.default\">\n\t\t\t\t<div class=\"elementor-widget-container\">\n\t\t\t\t\t<h2 class=\"elementor-heading-title elementor-size-default\">D\u00eda 2: Traves\u00eda a Menorca \u2013 Llegada a Ciutadella<\/h2>\t\t\t\t<\/div>\n\t\t\t\t<\/div>\n\t\t\t\t<div class=\"elementor-element elementor-element-fe7a5a5 elementor-widget elementor-widget-text-editor\" data-id=\"fe7a5a5\" data-element_type=\"widget\" data-e-type=\"widget\" data-widget_type=\"text-editor.default\">\n\t\t\t\t<div class=\"elementor-widget-container\">\n\t\t\t\t\t\t\t\t\t<p>Tras el desayuno a bordo, es momento de dejar Mallorca atr\u00e1s y cruzar hacia Menorca, una traves\u00eda de aproximadamente 20 millas n\u00e1uticas.\n\nA medida que se aproxima a la isla, el paisaje cambia: m\u00e1s bajo, m\u00e1s salvaje y salpicado de calas escondidas.\n\nAl mediod\u00eda, llegada a Ciutadella, antigua capital de Menorca y una de las ciudades m\u00e1s bellas de la isla.<\/p><p>Sus estrechas calles empedradas, palacios elegantes y la imponente catedral le confieren un car\u00e1cter \u00fanico. El puerto es pintoresco y animado, lleno de restaurantes donde podr\u00e1 disfrutar de un largo almuerzo mediterr\u00e1neo o una cena de tapas al caer la noche.\n\nExplorar el casco antiguo es una experiencia en s\u00ed misma, y pasar la noche aqu\u00ed le permitir\u00e1 disfrutar plenamente del ambiente de este puerto hist\u00f3rico.<\/p>\t\t\t\t\t\t\t\t<\/div>\n\t\t\t\t<\/div>\n\t\t\t\t<\/div>\n\t\t<div class=\"elementor-element elementor-element-c0383d9 e-con-full e-flex e-con e-child\" data-id=\"c0383d9\" data-element_type=\"container\" data-e-type=\"container\">\n\t\t\t\t<div class=\"elementor-element elementor-element-129dff4 elementor-widget elementor-widget-image\" data-id=\"129dff4\" data-element_type=\"widget\" data-e-type=\"widget\" data-widget_type=\"image.default\">\n\t\t\t\t<div class=\"elementor-widget-container\">\n\t\t\t\t\t\t\t\t\t\t\t\t\t\t\t<img loading=\"lazy\" decoding=\"async\" width=\"1500\" height=\"1000\" src=\"https:\/\/select-agency.world\/wp-content\/uploads\/2025\/08\/ciutadella-menorca.webp\" class=\"attachment-full size-full wp-image-25807\" alt=\"Ciutadella in Menorca.\" srcset=\"https:\/\/select-agency.world\/wp-content\/uploads\/2025\/08\/ciutadella-menorca.webp 1500w, https:\/\/select-agency.world\/wp-content\/uploads\/2025\/08\/ciutadella-menorca-18x12.webp 18w\" sizes=\"auto, (max-width: 1500px) 100vw, 1500px\" \/>\t\t\t\t\t\t\t\t\t\t\t\t\t\t\t<\/div>\n\t\t\t\t<\/div>\n\t\t\t\t<\/div>\n\t\t\t\t\t<\/div>\n\t\t\t\t<\/div>\n\t\t<div class=\"elementor-element elementor-element-e5ad687 e-flex e-con-boxed e-con e-parent\" data-id=\"e5ad687\" data-element_type=\"container\" data-e-type=\"container\" data-settings=\"{&quot;background_background&quot;:&quot;classic&quot;}\">\n\t\t\t\t\t<div class=\"e-con-inner\">\n\t\t<div class=\"elementor-element elementor-element-1c26c52 e-con-full e-flex e-con e-child\" data-id=\"1c26c52\" data-element_type=\"container\" data-e-type=\"container\">\n\t\t\t\t<div class=\"elementor-element elementor-element-fa06701 elementor-widget elementor-widget-image\" data-id=\"fa06701\" data-element_type=\"widget\" data-e-type=\"widget\" data-widget_type=\"image.default\">\n\t\t\t\t<div class=\"elementor-widget-container\">\n\t\t\t\t\t\t\t\t\t\t\t\t\t\t\t<img loading=\"lazy\" decoding=\"async\" width=\"1500\" height=\"1000\" src=\"https:\/\/select-agency.world\/wp-content\/uploads\/2025\/08\/sailing-yacht-menorca.webp\" class=\"attachment-full size-full wp-image-25808\" alt=\"Sailing yacht in Menorca.\" srcset=\"https:\/\/select-agency.world\/wp-content\/uploads\/2025\/08\/sailing-yacht-menorca.webp 1500w, https:\/\/select-agency.world\/wp-content\/uploads\/2025\/08\/sailing-yacht-menorca-18x12.webp 18w\" sizes=\"auto, (max-width: 1500px) 100vw, 1500px\" \/>\t\t\t\t\t\t\t\t\t\t\t\t\t\t\t<\/div>\n\t\t\t\t<\/div>\n\t\t\t\t<\/div>\n\t\t<div class=\"elementor-element elementor-element-5efca89 e-con-full e-flex e-con e-child\" data-id=\"5efca89\" data-element_type=\"container\" data-e-type=\"container\">\n\t\t\t\t<div class=\"elementor-element elementor-element-c9b22a4 elementor-widget elementor-widget-heading\" data-id=\"c9b22a4\" data-element_type=\"widget\" data-e-type=\"widget\" data-widget_type=\"heading.default\">\n\t\t\t\t<div class=\"elementor-widget-container\">\n\t\t\t\t\t<h2 class=\"elementor-heading-title elementor-size-default\">D\u00eda 3: Norte salvaje \u2013 Arenas doradas y calas escondidas<\/h2>\t\t\t\t<\/div>\n\t\t\t\t<\/div>\n\t\t\t\t<div class=\"elementor-element elementor-element-aa4f611 elementor-widget elementor-widget-text-editor\" data-id=\"aa4f611\" data-element_type=\"widget\" data-e-type=\"widget\" data-widget_type=\"text-editor.default\">\n\t\t\t\t<div class=\"elementor-widget-container\">\n\t\t\t\t\t\t\t\t\t<p>Hoy el protagonista es la naturaleza. Navegue hacia el este por la escarpada costa norte de Menorca, donde paisajes v\u00edrgenes y belleza intacta definen el entorno.\n\nFondee en Cala Algaiarens, una amplia bah\u00eda de arena rodeada de pinares, o en Cala Pregonda, famosa por sus arenas doradas rojizas y aguas cristalinas.<\/p><p>La costa norte es ideal para deportes acu\u00e1ticos y ba\u00f1os relajados, con fondeos tranquilos que parecen alejados del mundo.\n\nPase el d\u00eda explorando en paddle surf, practicando snorkel en aguas calmadas o simplemente disfrutando de la serenidad del yate fondeado.\n\nPor la noche, dir\u00edjase a Fornells, un tranquilo pueblo pesquero con una bah\u00eda protegida, perfecto para pasar la noche.<\/p>\t\t\t\t\t\t\t\t<\/div>\n\t\t\t\t<\/div>\n\t\t\t\t<\/div>\n\t\t\t\t\t<\/div>\n\t\t\t\t<\/div>\n\t\t<div class=\"elementor-element elementor-element-2e692f0 e-flex e-con-boxed e-con e-parent\" data-id=\"2e692f0\" data-element_type=\"container\" data-e-type=\"container\" data-settings=\"{&quot;background_background&quot;:&quot;classic&quot;}\">\n\t\t\t\t\t<div class=\"e-con-inner\">\n\t\t<div class=\"elementor-element elementor-element-f319f51 e-con-full e-flex e-con e-child\" data-id=\"f319f51\" data-element_type=\"container\" data-e-type=\"container\">\n\t\t\t\t<div class=\"elementor-element elementor-element-2c24699 elementor-widget elementor-widget-heading\" data-id=\"2c24699\" data-element_type=\"widget\" data-e-type=\"widget\" data-widget_type=\"heading.default\">\n\t\t\t\t<div class=\"elementor-widget-container\">\n\t\t\t\t\t<h2 class=\"elementor-heading-title elementor-size-default\">D\u00eda 4: De Fornells a Mah\u00f3n \u2013 Grandeza portuaria<\/h2>\t\t\t\t<\/div>\n\t\t\t\t<\/div>\n\t\t\t\t<div class=\"elementor-element elementor-element-a7136cb elementor-widget elementor-widget-text-editor\" data-id=\"a7136cb\" data-element_type=\"widget\" data-e-type=\"widget\" data-widget_type=\"text-editor.default\">\n\t\t\t\t<div class=\"elementor-widget-container\">\n\t\t\t\t\t\t\t\t\t<p>Comience el d\u00eda con un desayuno relajado en cubierta y quiz\u00e1 un ba\u00f1o en las tranquilas aguas de la bah\u00eda de Fornells.\n\nDespu\u00e9s, navegue hacia el este hasta Mah\u00f3n (Ma\u00f3), capital de Menorca y hogar de uno de los puertos naturales m\u00e1s grandes del mundo.<\/p><p>La entrada en Mah\u00f3n en yate es espectacular: el amplio puerto se adentra en la isla, flanqueado por elegantes villas, fortalezas e islotes.\n\nDedique la tarde a explorar la ciudad, donde historia y vida contempor\u00e1nea se entrelazan con naturalidad.\n\nDesde bares de tapas hasta restaurantes de alta cocina, Mah\u00f3n ofrece m\u00faltiples opciones para una noche memorable en tierra.\n\nNoche en el puerto.<\/p>\t\t\t\t\t\t\t\t<\/div>\n\t\t\t\t<\/div>\n\t\t\t\t<\/div>\n\t\t<div class=\"elementor-element elementor-element-4d69007 e-con-full e-flex e-con e-child\" data-id=\"4d69007\" data-element_type=\"container\" data-e-type=\"container\">\n\t\t\t\t<div class=\"elementor-element elementor-element-25081f3 elementor-widget elementor-widget-image\" data-id=\"25081f3\" data-element_type=\"widget\" data-e-type=\"widget\" data-widget_type=\"image.default\">\n\t\t\t\t<div class=\"elementor-widget-container\">\n\t\t\t\t\t\t\t\t\t\t\t\t\t\t\t<img loading=\"lazy\" decoding=\"async\" width=\"1500\" height=\"1000\" src=\"https:\/\/select-agency.world\/wp-content\/uploads\/2025\/08\/mahon-menorca.webp\" class=\"attachment-full size-full wp-image-25809\" alt=\"Mahon in Menorca.\" srcset=\"https:\/\/select-agency.world\/wp-content\/uploads\/2025\/08\/mahon-menorca.webp 1500w, https:\/\/select-agency.world\/wp-content\/uploads\/2025\/08\/mahon-menorca-18x12.webp 18w\" sizes=\"auto, (max-width: 1500px) 100vw, 1500px\" \/>\t\t\t\t\t\t\t\t\t\t\t\t\t\t\t<\/div>\n\t\t\t\t<\/div>\n\t\t\t\t<\/div>\n\t\t\t\t\t<\/div>\n\t\t\t\t<\/div>\n\t\t<div class=\"elementor-element elementor-element-4fe989a e-flex e-con-boxed e-con e-parent\" data-id=\"4fe989a\" data-element_type=\"container\" data-e-type=\"container\" data-settings=\"{&quot;background_background&quot;:&quot;classic&quot;}\">\n\t\t\t\t\t<div class=\"e-con-inner\">\n\t\t<div class=\"elementor-element elementor-element-9bdffb1 e-con-full e-flex e-con e-child\" data-id=\"9bdffb1\" data-element_type=\"container\" data-e-type=\"container\">\n\t\t\t\t<div class=\"elementor-element elementor-element-67f62c7 elementor-widget elementor-widget-image\" data-id=\"67f62c7\" data-element_type=\"widget\" data-e-type=\"widget\" data-widget_type=\"image.default\">\n\t\t\t\t<div class=\"elementor-widget-container\">\n\t\t\t\t\t\t\t\t\t\t\t\t\t\t\t<img loading=\"lazy\" decoding=\"async\" width=\"1500\" height=\"1000\" src=\"https:\/\/select-agency.world\/wp-content\/uploads\/2025\/08\/yachting-menorca.webp\" class=\"attachment-full size-full wp-image-25810\" alt=\"Yachts in Menorca.\" srcset=\"https:\/\/select-agency.world\/wp-content\/uploads\/2025\/08\/yachting-menorca.webp 1500w, https:\/\/select-agency.world\/wp-content\/uploads\/2025\/08\/yachting-menorca-18x12.webp 18w\" sizes=\"auto, (max-width: 1500px) 100vw, 1500px\" \/>\t\t\t\t\t\t\t\t\t\t\t\t\t\t\t<\/div>\n\t\t\t\t<\/div>\n\t\t\t\t<\/div>\n\t\t<div class=\"elementor-element elementor-element-532f384 e-con-full e-flex e-con e-child\" data-id=\"532f384\" data-element_type=\"container\" data-e-type=\"container\">\n\t\t\t\t<div class=\"elementor-element elementor-element-15b0f12 elementor-widget elementor-widget-heading\" data-id=\"15b0f12\" data-element_type=\"widget\" data-e-type=\"widget\" data-widget_type=\"heading.default\">\n\t\t\t\t<div class=\"elementor-widget-container\">\n\t\t\t\t\t<h2 class=\"elementor-heading-title elementor-size-default\">D\u00eda 5: Belleza del sur \u2013 Calas turquesas<\/h2>\t\t\t\t<\/div>\n\t\t\t\t<\/div>\n\t\t\t\t<div class=\"elementor-element elementor-element-6a9a787 elementor-widget elementor-widget-text-editor\" data-id=\"6a9a787\" data-element_type=\"widget\" data-e-type=\"widget\" data-widget_type=\"text-editor.default\">\n\t\t\t\t<div class=\"elementor-widget-container\">\n\t\t\t\t\t\t\t\t\t<p>Hoy navegar\u00e1 hacia el sur para descubrir algunas de las playas m\u00e1s emblem\u00e1ticas de Menorca.\n\nFondee en Cala Macarella o Cala Turqueta, ambas famosas por sus aguas turquesas y arena blanca y suave.\n\nEstas calas son perfectas para un d\u00eda relajado al fondeo: nadar, practicar snorkel o disfrutar de los water toys como las tablas de paddle.<\/p><p>La costa sur de Menorca es digna de postal, con calas enmarcadas por acantilados y pinares.\n\nPase la tarde navegando entre playas, disfrutando de largos ba\u00f1os o tomando el sol en cubierta con el sonido del mar de fondo.\n\nAl caer la noche, podr\u00e1 elegir entre pasar la noche fondeado bajo las estrellas o regresar a la seguridad y el encanto del puerto de Mah\u00f3n.<\/p>\t\t\t\t\t\t\t\t<\/div>\n\t\t\t\t<\/div>\n\t\t\t\t<\/div>\n\t\t\t\t\t<\/div>\n\t\t\t\t<\/div>\n\t\t<div class=\"elementor-element elementor-element-3943376 e-flex e-con-boxed e-con e-parent\" data-id=\"3943376\" data-element_type=\"container\" data-e-type=\"container\" data-settings=\"{&quot;background_background&quot;:&quot;classic&quot;}\">\n\t\t\t\t\t<div class=\"e-con-inner\">\n\t\t<div class=\"elementor-element elementor-element-27a225d e-con-full e-flex e-con e-child\" data-id=\"27a225d\" data-element_type=\"container\" data-e-type=\"container\">\n\t\t\t\t<div class=\"elementor-element elementor-element-c06e3f4 elementor-widget elementor-widget-heading\" data-id=\"c06e3f4\" data-element_type=\"widget\" data-e-type=\"widget\" data-widget_type=\"heading.default\">\n\t\t\t\t<div class=\"elementor-widget-container\">\n\t\t\t\t\t<h2 class=\"elementor-heading-title elementor-size-default\">D\u00eda 6: Regreso a Mallorca \u2013 Cala Galdana &amp; Cala Ratjada<\/h2>\t\t\t\t<\/div>\n\t\t\t\t<\/div>\n\t\t\t\t<div class=\"elementor-element elementor-element-6287ef7 elementor-widget elementor-widget-text-editor\" data-id=\"6287ef7\" data-element_type=\"widget\" data-e-type=\"widget\" data-widget_type=\"text-editor.default\">\n\t\t\t\t<div class=\"elementor-widget-container\">\n\t\t\t\t\t\t\t\t\t<p>Antes de dejar Menorca, disfrute de un ba\u00f1o matutino en Cala Galdana, una de las bah\u00edas m\u00e1s pintorescas y familiares de la isla.\n\nA continuaci\u00f3n, inicie la traves\u00eda de regreso hacia Mallorca. La navegaci\u00f3n en mar abierto le ofrece tiempo para relajarse y recordar el viaje, quiz\u00e1 disfrutando de un almuerzo a bordo durante la traves\u00eda.<\/p><p>Llegada a Cala Ratjada por la tarde, donde podr\u00e1 estirar las piernas en tierra, cenar en el puerto o simplemente disfrutar una \u00faltima noche relajada a bordo.\n\nNoche en Cala Ratjada.<\/p>\t\t\t\t\t\t\t\t<\/div>\n\t\t\t\t<\/div>\n\t\t\t\t<\/div>\n\t\t<div class=\"elementor-element elementor-element-2cd8d9e e-con-full e-flex e-con e-child\" data-id=\"2cd8d9e\" data-element_type=\"container\" data-e-type=\"container\">\n\t\t\t\t<div class=\"elementor-element elementor-element-7851795 elementor-widget elementor-widget-image\" data-id=\"7851795\" data-element_type=\"widget\" data-e-type=\"widget\" data-widget_type=\"image.default\">\n\t\t\t\t<div class=\"elementor-widget-container\">\n\t\t\t\t\t\t\t\t\t\t\t\t\t\t\t<img loading=\"lazy\" decoding=\"async\" width=\"1500\" height=\"1000\" src=\"https:\/\/select-agency.world\/wp-content\/uploads\/2025\/08\/cala-ratjada-mallorca.webp\" class=\"attachment-full size-full wp-image-25811\" alt=\"\" srcset=\"https:\/\/select-agency.world\/wp-content\/uploads\/2025\/08\/cala-ratjada-mallorca.webp 1500w, https:\/\/select-agency.world\/wp-content\/uploads\/2025\/08\/cala-ratjada-mallorca-18x12.webp 18w\" sizes=\"auto, (max-width: 1500px) 100vw, 1500px\" \/>\t\t\t\t\t\t\t\t\t\t\t\t\t\t\t<\/div>\n\t\t\t\t<\/div>\n\t\t\t\t<\/div>\n\t\t\t\t\t<\/div>\n\t\t\t\t<\/div>\n\t\t<div class=\"elementor-element elementor-element-a4d28e5 e-flex e-con-boxed e-con e-parent\" data-id=\"a4d28e5\" data-element_type=\"container\" data-e-type=\"container\" data-settings=\"{&quot;background_background&quot;:&quot;classic&quot;}\">\n\t\t\t\t\t<div class=\"e-con-inner\">\n\t\t<div class=\"elementor-element elementor-element-894f9f8 e-con-full e-flex e-con e-child\" data-id=\"894f9f8\" data-element_type=\"container\" data-e-type=\"container\">\n\t\t\t\t<div class=\"elementor-element elementor-element-a228345 elementor-widget elementor-widget-image\" data-id=\"a228345\" data-element_type=\"widget\" data-e-type=\"widget\" data-widget_type=\"image.default\">\n\t\t\t\t<div class=\"elementor-widget-container\">\n\t\t\t\t\t\t\t\t\t\t\t\t\t\t\t<img loading=\"lazy\" decoding=\"async\" width=\"2560\" height=\"1707\" src=\"https:\/\/select-agency.world\/wp-content\/uploads\/2024\/12\/palma-mallorca-scaled.jpg\" class=\"attachment-full size-full wp-image-19452\" alt=\"Cathedral of Palma de Mallorca.\" srcset=\"https:\/\/select-agency.world\/wp-content\/uploads\/2024\/12\/palma-mallorca-scaled.jpg 2560w, https:\/\/select-agency.world\/wp-content\/uploads\/2024\/12\/palma-mallorca-300x200.jpg 300w, https:\/\/select-agency.world\/wp-content\/uploads\/2024\/12\/palma-mallorca-1024x683.jpg 1024w, https:\/\/select-agency.world\/wp-content\/uploads\/2024\/12\/palma-mallorca-768x512.jpg 768w, https:\/\/select-agency.world\/wp-content\/uploads\/2024\/12\/palma-mallorca-1536x1024.jpg 1536w, https:\/\/select-agency.world\/wp-content\/uploads\/2024\/12\/palma-mallorca-2048x1365.jpg 2048w, https:\/\/select-agency.world\/wp-content\/uploads\/2024\/12\/palma-mallorca-900x600.jpg 900w, https:\/\/select-agency.world\/wp-content\/uploads\/2024\/12\/palma-mallorca-496x331.jpg 496w\" sizes=\"auto, (max-width: 2560px) 100vw, 2560px\" \/>\t\t\t\t\t\t\t\t\t\t\t\t\t\t\t<\/div>\n\t\t\t\t<\/div>\n\t\t\t\t<\/div>\n\t\t<div class=\"elementor-element elementor-element-fea5dd8 e-con-full e-flex e-con e-child\" data-id=\"fea5dd8\" data-element_type=\"container\" data-e-type=\"container\">\n\t\t\t\t<div class=\"elementor-element elementor-element-2f19880 elementor-widget elementor-widget-heading\" data-id=\"2f19880\" data-element_type=\"widget\" data-e-type=\"widget\" data-widget_type=\"heading.default\">\n\t\t\t\t<div class=\"elementor-widget-container\">\n\t\t\t\t\t<h2 class=\"elementor-heading-title elementor-size-default\">D\u00eda 7: De Cala Ratjada a Palma \u2013 Navegaci\u00f3n de despedida<\/h2>\t\t\t\t<\/div>\n\t\t\t\t<\/div>\n\t\t\t\t<div class=\"elementor-element elementor-element-0c61742 elementor-widget elementor-widget-text-editor\" data-id=\"0c61742\" data-element_type=\"widget\" data-e-type=\"widget\" data-widget_type=\"text-editor.default\">\n\t\t\t\t<div class=\"elementor-widget-container\">\n\t\t\t\t\t\t\t\t\t<p>Una salida temprana le llevar\u00e1 de regreso por la costa este de Mallorca rumbo a Palma.\n\nSeg\u00fan el tiempo y las condiciones, habr\u00e1 oportunidad para una \u00faltima parada para nadar en una cala como Cala Varques, conocida por sus aguas cristalinas y sus cuevas.\n\nAl mediod\u00eda, el yate regresa a Palma para el desembarque a las 12 h, marcando el final de su inolvidable aventura balear.<\/p>\t\t\t\t\t\t\t\t<\/div>\n\t\t\t\t<\/div>\n\t\t\t\t<\/div>\n\t\t\t\t\t<\/div>\n\t\t\t\t<\/div>\n\t\t<div class=\"elementor-element elementor-element-fb8680f animated-slow e-flex e-con-boxed elementor-invisible e-con e-parent\" data-id=\"fb8680f\" data-element_type=\"container\" data-e-type=\"container\" data-settings=\"{&quot;background_background&quot;:&quot;classic&quot;,&quot;animation&quot;:&quot;fadeIn&quot;}\">\n\t\t\t\t\t<div class=\"e-con-inner\">\n\t\t<div class=\"elementor-element elementor-element-9938a17 e-con-full e-flex e-con e-child\" data-id=\"9938a17\" data-element_type=\"container\" data-e-type=\"container\">\n\t\t\t\t<div class=\"elementor-element elementor-element-bf27389 elementor-widget elementor-widget-heading\" data-id=\"bf27389\" data-element_type=\"widget\" data-e-type=\"widget\" data-widget_type=\"heading.default\">\n\t\t\t\t<div class=\"elementor-widget-container\">\n\t\t\t\t\t<h4 class=\"elementor-heading-title elementor-size-default\">Listo cuando usted lo est\u00e9<\/h4>\t\t\t\t<\/div>\n\t\t\t\t<\/div>\n\t\t\t\t<div class=\"elementor-element elementor-element-a8eb06d elementor-widget elementor-widget-text-editor\" data-id=\"a8eb06d\" data-element_type=\"widget\" data-e-type=\"widget\" data-widget_type=\"text-editor.default\">\n\t\t\t\t<div class=\"elementor-widget-container\">\n\t\t\t\t\t\t\t\t\t<p class=\"p1\">Este itinerario de 7 d\u00edas captura la esencia de Menorca: puertos hist\u00f3ricos, paisajes v\u00edrgenes del norte y las ic\u00f3nicas calas turquesas del sur que han hecho famosa a la isla.\n\nEn SELECT Boutique Agency, adaptamos cada traves\u00eda a su ritmo y preferencias, asegurando que su tiempo en el mar sea tan \u00fanico como usted.<\/p>\t\t\t\t\t\t\t\t<\/div>\n\t\t\t\t<\/div>\n\t\t\t\t<div class=\"elementor-element elementor-element-87add1e elementor-align-justify elementor-mobile-align-center elementor-invisible elementor-widget elementor-widget-button\" data-id=\"87add1e\" data-element_type=\"widget\" data-e-type=\"widget\" data-settings=\"{&quot;_animation&quot;:&quot;fadeIn&quot;}\" data-widget_type=\"button.default\">\n\t\t\t\t<div class=\"elementor-widget-container\">\n\t\t\t\t\t\t\t\t\t<div class=\"elementor-button-wrapper\">\n\t\t\t\t\t<a class=\"elementor-button elementor-button-link elementor-size-sm elementor-animation-grow\" href=\"https:\/\/select-agency.world\/es\/contact\/\">\n\t\t\t\t\t\t<span class=\"elementor-button-content-wrapper\">\n\t\t\t\t\t\t\t\t\t<span class=\"elementor-button-text\">Solicite su propuesta personalizada<\/span>\n\t\t\t\t\t<\/span>\n\t\t\t\t\t<\/a>\n\t\t\t\t<\/div>\n\t\t\t\t\t\t\t\t<\/div>\n\t\t\t\t<\/div>\n\t\t\t\t<\/div>\n\t\t\t\t\t<\/div>\n\t\t\t\t<\/div>\n\t\t\t\t<\/div>","protected":false},"excerpt":{"rendered":"<p>A Balearic Voyage of Discovery 7-Day Yacht CharterMallorca to Menorca and Back Embark on a 7-day yacht charter from Palma de Mallorca to Menorca and back. This itinerary combines historic harbour towns, Menorca\u2019s untouched northern coast, its dazzling turquoise southern bays, and the joy of life at sea. With check-in at noon on the first [&hellip;]<\/p>\n","protected":false},"author":1,"featured_media":25807,"parent":23410,"menu_order":0,"comment_status":"closed","ping_status":"closed","template":"elementor_header_footer","meta":{"footnotes":""},"class_list":["post-25804","page","type-page","status-publish","has-post-thumbnail","hentry"],"aioseo_notices":[],"_links":{"self":[{"href":"https:\/\/select-agency.world\/es\/wp-json\/wp\/v2\/pages\/25804","targetHints":{"allow":["GET"]}}],"collection":[{"href":"https:\/\/select-agency.world\/es\/wp-json\/wp\/v2\/pages"}],"about":[{"href":"https:\/\/select-agency.world\/es\/wp-json\/wp\/v2\/types\/page"}],"author":[{"embeddable":true,"href":"https:\/\/select-agency.world\/es\/wp-json\/wp\/v2\/users\/1"}],"replies":[{"embeddable":true,"href":"https:\/\/select-agency.world\/es\/wp-json\/wp\/v2\/comments?post=25804"}],"version-history":[{"count":0,"href":"https:\/\/select-agency.world\/es\/wp-json\/wp\/v2\/pages\/25804\/revisions"}],"up":[{"embeddable":true,"href":"https:\/\/select-agency.world\/es\/wp-json\/wp\/v2\/pages\/23410"}],"wp:featuredmedia":[{"embeddable":true,"href":"https:\/\/select-agency.world\/es\/wp-json\/wp\/v2\/media\/25807"}],"wp:attachment":[{"href":"https:\/\/select-agency.world\/es\/wp-json\/wp\/v2\/media?parent=25804"}],"curies":[{"name":"wp","href":"https:\/\/api.w.org\/{rel}","templated":true}]}}